{"id":2299,"date":"2023-08-22T16:06:27","date_gmt":"2023-08-22T16:06:27","guid":{"rendered":"https:\/\/www.ensemblekuraia.es\/project\/mitoen-sinfonia\/"},"modified":"2023-09-03T16:36:39","modified_gmt":"2023-09-03T16:36:39","slug":"mitoen-sinfonia","status":"publish","type":"project","link":"https:\/\/www.ensemblekuraia.es\/eu\/project\/mitoen-sinfonia\/","title":{"rendered":"Mitoen Sinfonia"},"content":{"rendered":"<p>[et_pb_section fb_built=&#8221;1&#8243; admin_label=&#8221;Header&#8221; _builder_version=&#8221;4.21.0&#8243; _module_preset=&#8221;default&#8221; background_color=&#8221;#000000&#8243; use_background_color_gradient=&#8221;on&#8221; background_color_gradient_stops=&#8221;#aba119 0%|#ffffff 100%&#8221; background_enable_mask_style=&#8221;on&#8221; background_mask_style=&#8221;diagonal-bars&#8221; background_mask_transform=&#8221;rotate_90_degree&#8221; background_mask_size=&#8221;cover&#8221; background_mask_position=&#8221;top_center&#8221; collapsed=&#8221;off&#8221; global_colors_info=&#8221;{}&#8221;][et_pb_row _builder_version=&#8221;4.20.0&#8243; _module_preset=&#8221;default&#8221; global_colors_info=&#8221;{}&#8221;][et_pb_column type=&#8221;4_4&#8243; _builder_version=&#8221;4.20.0&#8243; _module_preset=&#8221;default&#8221; global_colors_info=&#8221;{}&#8221;][et_pb_text admin_label=&#8221;T\u00cdTULO&#8221; _builder_version=&#8221;4.21.0&#8243; _module_preset=&#8221;4e7d8f30-364a-4965-a3b0-7f82d9ef62ab&#8221; header_font=&#8221;Cormorant Garamond|600||on|||||&#8221; header_text_color=&#8221;#000000&#8243; header_font_size=&#8221;68px&#8221; header_letter_spacing=&#8221;0em&#8221; custom_margin=&#8221;||10px||false|false&#8221; header_font_tablet=&#8221;Cormorant Garamond|700||on|||||&#8221; header_font_phone=&#8221;Cormorant Garamond|700||on|||||&#8221; header_font_last_edited=&#8221;on|phone&#8221; header_font_size_tablet=&#8221;40px&#8221; header_font_size_phone=&#8221;30px&#8221; header_font_size_last_edited=&#8221;on|desktop&#8221; global_colors_info=&#8221;{}&#8221;]<\/p>\n<h1><strong>Mitoen Sinfonia<\/strong><\/h1>\n<p>[\/et_pb_text][\/et_pb_column][\/et_pb_row][et_pb_row column_structure=&#8221;2_5,3_5&#8243; _builder_version=&#8221;4.20.0&#8243; _module_preset=&#8221;default&#8221; global_colors_info=&#8221;{}&#8221;][et_pb_column type=&#8221;2_5&#8243; _builder_version=&#8221;4.20.0&#8243; _module_preset=&#8221;default&#8221; global_colors_info=&#8221;{}&#8221;][et_pb_gallery _builder_version=&#8221;4.21.0&#8243; _module_preset=&#8221;default&#8221; gallery_ids=&#8221;1666,1664,1660&#8243; hover_enabled=&#8221;0&#8243; sticky_enabled=&#8221;0&#8243;][\/et_pb_gallery][\/et_pb_column][et_pb_column type=&#8221;3_5&#8243; _builder_version=&#8221;4.20.0&#8243; _module_preset=&#8221;default&#8221; global_colors_info=&#8221;{}&#8221;][et_pb_text admin_label=&#8221;Texto 1&#8243; _builder_version=&#8221;4.21.0&#8243; _module_preset=&#8221;ed1517fa-aa14-4962-ac88-5488177289ee&#8221; text_font_size=&#8221;16px&#8221; text_line_height=&#8221;1.8em&#8221; hover_enabled=&#8221;0&#8243; text_font_size_tablet=&#8221;15px&#8221; text_font_size_phone=&#8221;14px&#8221; text_font_size_last_edited=&#8221;on|desktop&#8221; global_colors_info=&#8221;{}&#8221; sticky_enabled=&#8221;0&#8243;]<\/p>\n<h2>3. Sinfonia \u201cMitoen Sinfonia\u201d<\/h2>\n<p>Francisco Escudero [1912\u20132002] [1912\u20132002]<\/p>\n<h3><strong>AURKEZPENA<\/strong><\/h3>\n<p>Mitoen Sinfonia Jose Migel Barandiaran antropologo eta etnologoak bildutako euskal kondaira eta mitoetan oinarritutako maisulana da.<br \/>Mitoen sinfonia 1993ko martxoan amaitu zen, eta 1994ko azaroaren 20an estreinatu zen.<\/p>\n<p>Ondorengo hitzekin deskribatu zuen obra hau konpositoreak berak, estreinatu aurretik: \u201cJose Maria Aierdi Gipuzkoako Abesbatzen Federazioko lehendakariaren enkargua izan zen. Bertan, Jose Migel Barandiarani omenaldi bat egitea proposatu zen, eta bere ipuin mitikoak eskaini zizkidaten testu gisa. Nik hiru aukeratu nituen: Lamin, Tartalo eta Mateo Txistu\u201d.<\/p>\n<p>Sinfonia lau mugimendutan egituratzen da.<\/p>\n<p>Lehen mugimendua, \u201cEskaintza\u201d, testuen egile mitikoari, on Joxemiel Barandiarani, egindako amodiozko kantua da. Haur abesbatza handiak euskal kulturaren alde egindako lana eskertzen dion laudoriozko ereserkia abesten du. Agur-kanta batekin amaitzen da. <\/p>\n<p>Bigarren mugimenduak, Laminek, gizon bat jateko gauez bahitzen duen lamia bati buruz hitz egiten du. Gizona salbatuko da sorgina distraituz egunsentira arte iraungo duen kontakizunarekin. Oilarraren kantuak bere gatibualdiaren eta salbazioaren amaiera ospatuko du.  <\/p>\n<p>Hirugarren mugimendua, \u201cTartalo\u201d kontakizuna, Jose Migel Barandiaranek Mundua euskal herrigogamenean liburuan jasoa, Homeroren ziklopearen antzekoa da. Kondaira horri buruzko hipotesien artean, bada bat euskal itsasgizonek greziar itsasgizonekin harremanak izan zitzaketela eta, horrela, beren lurraldera ekarri zutela dioena. <\/p>\n<p>Laugarren mugimendua, \u201cMateo Txistu\u201d edo ehiztari alderraia, ehiztariaren elezaharrean oinarritzen da. Ehiztaria, bere zaletasun desordenatuaren zigorrean, etenik eta atsedenik gabe doa munduan zehar, bere txakurrekin batera, kontakizun mitikoetan agertzen den aireko eta gaueko ehiza-ziklo erraldoiaren parte izanik, Jose Migel Barandiaranek bere Euskal mitologiaren hiztegian dioen bezala.<\/p>\n<h3><strong>IKUSKIZUNAREN FITXA<\/strong><\/h3>\n<p><strong>-EGITARUA-<\/strong><\/p>\n<p><strong>MITOEN SINFONIA<\/strong><br \/><strong>1 &#8211; ESKAINTZA<\/strong><br \/><strong>2 &#8211; LAMIN<\/strong><br \/><strong>3 &#8211; TARTALO<\/strong><br \/><strong>4 &#8211; MATEO TXISTU<\/strong><\/p>\n<p>Narratzaile, haur abesbatza eta bederatzi instrumentistako ganbera orkestra (flauta, klarinetea, tronpeta, tronboia, pianoa, akordeoia, biolina, biolontxeloa eta perkusioak).<\/p>\n<p><strong>Musika: Francisco Escudero<\/strong><br \/><strong>Testuak: Jos\u00e9 Miguel de Barandiar\u00e1n<\/strong><br \/><strong>Hizkuntza: euskera<\/strong><br \/><strong>Iraupena: 50\u2019<\/strong><br \/><strong>Kalifikazioa: para todo p\u00fablico.<\/strong><\/p>\n<p><strong>-INTERPRETEAK-<\/strong><\/p>\n<p><strong>Ensemble Kuraia<\/strong> [Xabier Calzada, flauta; Sergio Barranco, klarinetea; Nicol\u00e1s Zubia, tronpeta; Iker Mara\u00f1on, tronboia; Garazi Navas, soinua; Berta Fresco, pianoa; Elur Arrieta, perkusioa; Luis Ibiricu, biolina; Bel\u00e9n Fern\u00e1ndez, biolontxeloa]<br \/><strong>Bilboko Koral Elkartearen haurren korua<\/strong> [Jos\u00e9 Luis Ormazabal, zuzendaria]<br \/><strong>Andoni Aleman<\/strong> [narrador]<br \/><strong>Andrea Cazzaniga<\/strong> [direcci\u00f3n musical]<\/p>\n<p>[\/et_pb_text][\/et_pb_column][\/et_pb_row][et_pb_row column_structure=&#8221;1_5,3_5,1_5&#8243; _builder_version=&#8221;4.21.0&#8243; _module_preset=&#8221;default&#8221; background_color=&#8221;#000000&#8243; global_colors_info=&#8221;{}&#8221;][et_pb_column type=&#8221;1_5&#8243; _builder_version=&#8221;4.20.0&#8243; _module_preset=&#8221;default&#8221; global_colors_info=&#8221;{}&#8221;][\/et_pb_column][et_pb_column type=&#8221;3_5&#8243; _builder_version=&#8221;4.20.0&#8243; _module_preset=&#8221;default&#8221; global_colors_info=&#8221;{}&#8221;][et_pb_video_slider _builder_version=&#8221;4.21.0&#8243; _module_preset=&#8221;default&#8221; global_colors_info=&#8221;{}&#8221;][et_pb_video_slider_item src=&#8221;https:\/\/www.youtube.com\/watch?v=G5Vk23QOm3s&#8221; _builder_version=&#8221;4.21.0&#8243; _module_preset=&#8221;default&#8221; global_colors_info=&#8221;{}&#8221; show_image_overlay=&#8221;off&#8221;][\/et_pb_video_slider_item][et_pb_video_slider_item src=&#8221;https:\/\/www.youtube.com\/watch?v=v4U2n3LWtgo&#8221; image_src=&#8221;\/\/i.ytimg.com\/vi\/v4U2n3LWtgo\/hqdefault.jpg&#8221; _builder_version=&#8221;4.21.0&#8243; _module_preset=&#8221;default&#8221; global_colors_info=&#8221;{}&#8221; show_image_overlay=&#8221;off&#8221;][\/et_pb_video_slider_item][\/et_pb_video_slider][\/et_pb_column][et_pb_column type=&#8221;1_5&#8243; _builder_version=&#8221;4.20.0&#8243; _module_preset=&#8221;default&#8221; global_colors_info=&#8221;{}&#8221;][\/et_pb_column][\/et_pb_row][et_pb_row _builder_version=&#8221;4.21.0&#8243; _module_preset=&#8221;default&#8221; disabled_on=&#8221;on|on|on&#8221; disabled=&#8221;on&#8221;][et_pb_column _builder_version=&#8221;4.21.0&#8243; _module_preset=&#8221;default&#8221; type=&#8221;4_4&#8243;][et_pb_text admin_label=&#8221;Texto 2&#8243; _builder_version=&#8221;4.21.0&#8243; _module_preset=&#8221;ed1517fa-aa14-4962-ac88-5488177289ee&#8221; text_font_size=&#8221;16px&#8221; text_line_height=&#8221;1.8em&#8221; hover_enabled=&#8221;0&#8243; text_font_size_tablet=&#8221;15px&#8221; text_font_size_phone=&#8221;14px&#8221; text_font_size_last_edited=&#8221;on|desktop&#8221; global_colors_info=&#8221;{}&#8221; sticky_enabled=&#8221;0&#8243;]<\/p>\n<p>texto adicional<\/p>\n<p>[\/et_pb_text][et_pb_gallery _builder_version=&#8221;4.21.0&#8243; _module_preset=&#8221;default&#8221; gallery_ids=&#8221;1666,1664,1660&#8243; hover_enabled=&#8221;0&#8243; sticky_enabled=&#8221;0&#8243; admin_label=&#8221;Galer\u00eda 2&#8243;][\/et_pb_gallery][\/et_pb_column][\/et_pb_row][et_pb_row column_structure=&#8221;1_2,1_2&#8243; disabled_on=&#8221;on|on|on&#8221; _builder_version=&#8221;4.20.0&#8243; _module_preset=&#8221;default&#8221; custom_padding=&#8221;0px||0px|||&#8221; disabled=&#8221;on&#8221; locked=&#8221;off&#8221; global_colors_info=&#8221;{}&#8221;][et_pb_column type=&#8221;1_2&#8243; _builder_version=&#8221;4.20.0&#8243; _module_preset=&#8221;default&#8221; global_colors_info=&#8221;{}&#8221;][et_pb_text admin_label=&#8221;A\u00d1O&#8221; _builder_version=&#8221;4.21.0&#8243; _module_preset=&#8221;97d39b46-e6f8-4d9c-8c1b-a2c2e80380ac&#8221; header_4_font=&#8221;Inter|600||on|||||&#8221; header_4_font_size=&#8221;12px&#8221; header_4_letter_spacing=&#8221;0em&#8221; header_4_line_height=&#8221;1.4em&#8221; custom_margin=&#8221;||10px||false|false&#8221; locked=&#8221;off&#8221; global_colors_info=&#8221;{}&#8221;]<\/p>\n<h4>2008<\/h4>\n<p>[\/et_pb_text][\/et_pb_column][et_pb_column type=&#8221;1_2&#8243; _builder_version=&#8221;4.20.0&#8243; _module_preset=&#8221;default&#8221; global_colors_info=&#8221;{}&#8221;][et_pb_button button_url=&#8221;http:\/\/www.kaiservonatlantis.blogspot.com\/&#8221; url_new_window=&#8221;on&#8221; button_text=&#8221;M\u00c1S INFORMACI\u00d3N&#8221; button_alignment=&#8221;right&#8221; button_alignment_tablet=&#8221;center&#8221; button_alignment_phone=&#8221;center&#8221; button_alignment_last_edited=&#8221;on|tablet&#8221; _builder_version=&#8221;4.21.0&#8243; _module_preset=&#8221;f53dac6a-f342-4163-b115-dcd327bbef39&#8243; custom_button=&#8221;on&#8221; button_text_size=&#8221;14px&#8221; button_text_color=&#8221;#ffffff&#8221; button_bg_color=&#8221;#ABA119&#8243; button_border_width=&#8221;0px&#8221; button_border_radius=&#8221;0px&#8221; button_letter_spacing=&#8221;0.2em&#8221; button_font=&#8221;Cormorant Garamond|700||on|||||&#8221; custom_padding=&#8221;16px|24px|16px|24px|true|true&#8221; locked=&#8221;off&#8221; global_colors_info=&#8221;{}&#8221;][\/et_pb_button][\/et_pb_column][\/et_pb_row][\/et_pb_section][et_pb_section fb_built=&#8221;1&#8243; admin_label=&#8221;OTROS PROYECTOS&#8221; _builder_version=&#8221;4.21.0&#8243; _module_preset=&#8221;default&#8221; custom_padding=&#8221;0px|||||&#8221; collapsed=&#8221;on&#8221; global_colors_info=&#8221;{}&#8221;][et_pb_row _builder_version=&#8221;4.21.0&#8243; _module_preset=&#8221;default&#8221; global_colors_info=&#8221;{}&#8221;][et_pb_column type=&#8221;4_4&#8243; _builder_version=&#8221;4.21.0&#8243; _module_preset=&#8221;default&#8221; global_colors_info=&#8221;{}&#8221;][et_pb_text _builder_version=&#8221;4.21.0&#8243; _module_preset=&#8221;afd346ae-a729-4f2e-aeb3-d500b62481e5&#8243; header_2_font=&#8221;Cormorant Garamond|||on|||||&#8221; header_2_font_size=&#8221;48px&#8221; header_2_letter_spacing=&#8221;0.2em&#8221; header_2_line_height=&#8221;1.2em&#8221; text_orientation=&#8221;center&#8221; custom_margin=&#8221;62px||34px|||&#8221; header_2_font_size_tablet=&#8221;32px&#8221; header_2_font_size_phone=&#8221;20px&#8221; header_2_font_size_last_edited=&#8221;on|desktop&#8221; global_colors_info=&#8221;{}&#8221;]<\/p>\n<h2>Beste proiektu batzuk<\/h2>\n<p>[\/et_pb_text][et_pb_portfolio fullwidth=&#8221;off&#8221; posts_number=&#8221;4&#8243; include_categories=&#8221;25&#8243; show_categories=&#8221;off&#8221; _builder_version=&#8221;4.21.0&#8243; _module_preset=&#8221;default&#8221; global_colors_info=&#8221;{}&#8221;][\/et_pb_portfolio][\/et_pb_column][\/et_pb_row][\/et_pb_section]<\/p>\n","protected":false},"excerpt":{"rendered":"<p>Mitoen Sinfonia3. Sinfonia \u201cMitoen Sinfonia\u201d Francisco Escudero [1912\u20132002] [1912\u20132002] AURKEZPENA Mitoen Sinfonia Jose Migel Barandiaran antropologo eta etnologoak bildutako euskal kondaira eta mitoetan oinarritutako maisulana da.Mitoen sinfonia 1993ko martxoan amaitu zen, eta 1994ko azaroaren 20an estreinatu zen. Ondorengo hitzekin deskribatu zuen obra hau konpositoreak berak, estreinatu aurretik: \u201cJose Maria Aierdi Gipuzkoako Abesbatzen Federazioko lehendakariaren enkargua [&hellip;]<\/p>\n","protected":false},"author":4,"featured_media":2300,"comment_status":"closed","ping_status":"closed","template":"","meta":{"_et_pb_use_builder":"on","_et_pb_old_content":"","_et_gb_content_width":"","footnotes":""},"project_category":[33],"project_tag":[],"class_list":["post-2299","project","type-project","status-publish","has-post-thumbnail","hentry","project_category-artes-escenicas-eu"],"yoast_head":"<!-- This site is optimized with the Yoast SEO plugin v27.1.1 - https:\/\/yoast.com\/product\/yoast-seo-wordpress\/ -->\n<title>Mitoen Sinfonia - Ensemble Kuraia<\/title>\n<meta name=\"robots\" content=\"noindex, follow\" \/>\n<meta property=\"og:locale\" content=\"eu_ES\" \/>\n<meta property=\"og:type\" content=\"article\" \/>\n<meta property=\"og:title\" content=\"Mitoen Sinfonia - Ensemble Kuraia\" \/>\n<meta property=\"og:description\" content=\"Mitoen Sinfonia3. Sinfonia \u201cMitoen Sinfonia\u201d Francisco Escudero [1912\u20132002] [1912\u20132002] AURKEZPENA Mitoen Sinfonia Jose Migel Barandiaran antropologo eta etnologoak bildutako euskal kondaira eta mitoetan oinarritutako maisulana da.Mitoen sinfonia 1993ko martxoan amaitu zen, eta 1994ko azaroaren 20an estreinatu zen. Ondorengo hitzekin deskribatu zuen obra hau konpositoreak berak, estreinatu aurretik: \u201cJose Maria Aierdi Gipuzkoako Abesbatzen Federazioko lehendakariaren enkargua [&hellip;]\" \/>\n<meta property=\"og:url\" content=\"https:\/\/www.ensemblekuraia.es\/eu\/project\/mitoen-sinfonia\/\" \/>\n<meta property=\"og:site_name\" content=\"Ensemble Kuraia\" \/>\n<meta property=\"article:publisher\" content=\"https:\/\/www.facebook.com\/EnsembleKuraia\" \/>\n<meta property=\"article:modified_time\" content=\"2023-09-03T16:36:39+00:00\" \/>\n<meta property=\"og:image\" content=\"https:\/\/www.ensemblekuraia.es\/wp-content\/uploads\/2023\/08\/IMG-20220925-WA0007.jpg\" \/>\n\t<meta property=\"og:image:width\" content=\"1500\" \/>\n\t<meta property=\"og:image:height\" content=\"2000\" \/>\n\t<meta property=\"og:image:type\" content=\"image\/jpeg\" \/>\n<meta name=\"twitter:card\" content=\"summary_large_image\" \/>\n<meta name=\"twitter:label1\" content=\"Est. reading time\" \/>\n\t<meta name=\"twitter:data1\" content=\"6 minutes\" \/>\n<script type=\"application\/ld+json\" class=\"yoast-schema-graph\">{\"@context\":\"https:\/\/schema.org\",\"@graph\":[{\"@type\":\"WebPage\",\"@id\":\"https:\/\/www.ensemblekuraia.es\/eu\/project\/mitoen-sinfonia\/\",\"url\":\"https:\/\/www.ensemblekuraia.es\/eu\/project\/mitoen-sinfonia\/\",\"name\":\"Mitoen Sinfonia - Ensemble Kuraia\",\"isPartOf\":{\"@id\":\"https:\/\/www.ensemblekuraia.es\/#website\"},\"primaryImageOfPage\":{\"@id\":\"https:\/\/www.ensemblekuraia.es\/eu\/project\/mitoen-sinfonia\/#primaryimage\"},\"image\":{\"@id\":\"https:\/\/www.ensemblekuraia.es\/eu\/project\/mitoen-sinfonia\/#primaryimage\"},\"thumbnailUrl\":\"https:\/\/www.ensemblekuraia.es\/wp-content\/uploads\/2023\/08\/IMG-20220925-WA0007.jpg\",\"datePublished\":\"2023-08-22T16:06:27+00:00\",\"dateModified\":\"2023-09-03T16:36:39+00:00\",\"breadcrumb\":{\"@id\":\"https:\/\/www.ensemblekuraia.es\/eu\/project\/mitoen-sinfonia\/#breadcrumb\"},\"inLanguage\":\"eu-ES\",\"potentialAction\":[{\"@type\":\"ReadAction\",\"target\":[\"https:\/\/www.ensemblekuraia.es\/eu\/project\/mitoen-sinfonia\/\"]}]},{\"@type\":\"ImageObject\",\"inLanguage\":\"eu-ES\",\"@id\":\"https:\/\/www.ensemblekuraia.es\/eu\/project\/mitoen-sinfonia\/#primaryimage\",\"url\":\"https:\/\/www.ensemblekuraia.es\/wp-content\/uploads\/2023\/08\/IMG-20220925-WA0007.jpg\",\"contentUrl\":\"https:\/\/www.ensemblekuraia.es\/wp-content\/uploads\/2023\/08\/IMG-20220925-WA0007.jpg\",\"width\":1500,\"height\":2000},{\"@type\":\"BreadcrumbList\",\"@id\":\"https:\/\/www.ensemblekuraia.es\/eu\/project\/mitoen-sinfonia\/#breadcrumb\",\"itemListElement\":[{\"@type\":\"ListItem\",\"position\":1,\"name\":\"Portada\",\"item\":\"https:\/\/www.ensemblekuraia.es\/eu\/\"},{\"@type\":\"ListItem\",\"position\":2,\"name\":\"Proyectos\",\"item\":\"https:\/\/www.ensemblekuraia.es\/project\/\"},{\"@type\":\"ListItem\",\"position\":3,\"name\":\"Artes Esc\u00e9nicas\",\"item\":\"https:\/\/www.ensemblekuraia.es\/project_category\/artes-escenicas\/\"},{\"@type\":\"ListItem\",\"position\":4,\"name\":\"Mitoen Sinfonia\"}]},{\"@type\":\"WebSite\",\"@id\":\"https:\/\/www.ensemblekuraia.es\/#website\",\"url\":\"https:\/\/www.ensemblekuraia.es\/\",\"name\":\"Ensemble Kuraia\",\"description\":\"Ensemble Kuraia - Grupo de m\u00fasica contempor\u00e1nea de Bilbao \/ Bilboko musika garaikide taldea\",\"publisher\":{\"@id\":\"https:\/\/www.ensemblekuraia.es\/#organization\"},\"alternateName\":\"Ensemble Kuraia\",\"potentialAction\":[{\"@type\":\"SearchAction\",\"target\":{\"@type\":\"EntryPoint\",\"urlTemplate\":\"https:\/\/www.ensemblekuraia.es\/?s={search_term_string}\"},\"query-input\":{\"@type\":\"PropertyValueSpecification\",\"valueRequired\":true,\"valueName\":\"search_term_string\"}}],\"inLanguage\":\"eu-ES\"},{\"@type\":\"Organization\",\"@id\":\"https:\/\/www.ensemblekuraia.es\/#organization\",\"name\":\"Ensemble Kuraia\",\"alternateName\":\"Kuraia\",\"url\":\"https:\/\/www.ensemblekuraia.es\/\",\"logo\":{\"@type\":\"ImageObject\",\"inLanguage\":\"eu-ES\",\"@id\":\"https:\/\/www.ensemblekuraia.es\/#\/schema\/logo\/image\/\",\"url\":\"https:\/\/www.ensemblekuraia.es\/wp-content\/uploads\/2023\/08\/Logo-ensemble-kuaria-ng.png\",\"contentUrl\":\"https:\/\/www.ensemblekuraia.es\/wp-content\/uploads\/2023\/08\/Logo-ensemble-kuaria-ng.png\",\"width\":317,\"height\":43,\"caption\":\"Ensemble Kuraia\"},\"image\":{\"@id\":\"https:\/\/www.ensemblekuraia.es\/#\/schema\/logo\/image\/\"},\"sameAs\":[\"https:\/\/www.facebook.com\/EnsembleKuraia\",\"https:\/\/www.youtube.com\/@EnsembleKuraia\",\"https:\/\/soundcloud.com\/user-672186296\"]}]}<\/script>\n<!-- \/ Yoast SEO plugin. -->","yoast_head_json":{"title":"Mitoen Sinfonia - Ensemble Kuraia","robots":{"index":"noindex","follow":"follow"},"og_locale":"eu_ES","og_type":"article","og_title":"Mitoen Sinfonia - Ensemble Kuraia","og_description":"Mitoen Sinfonia3. Sinfonia \u201cMitoen Sinfonia\u201d Francisco Escudero [1912\u20132002] [1912\u20132002] AURKEZPENA Mitoen Sinfonia Jose Migel Barandiaran antropologo eta etnologoak bildutako euskal kondaira eta mitoetan oinarritutako maisulana da.Mitoen sinfonia 1993ko martxoan amaitu zen, eta 1994ko azaroaren 20an estreinatu zen. Ondorengo hitzekin deskribatu zuen obra hau konpositoreak berak, estreinatu aurretik: \u201cJose Maria Aierdi Gipuzkoako Abesbatzen Federazioko lehendakariaren enkargua [&hellip;]","og_url":"https:\/\/www.ensemblekuraia.es\/eu\/project\/mitoen-sinfonia\/","og_site_name":"Ensemble Kuraia","article_publisher":"https:\/\/www.facebook.com\/EnsembleKuraia","article_modified_time":"2023-09-03T16:36:39+00:00","og_image":[{"width":1500,"height":2000,"url":"https:\/\/www.ensemblekuraia.es\/wp-content\/uploads\/2023\/08\/IMG-20220925-WA0007.jpg","type":"image\/jpeg"}],"twitter_card":"summary_large_image","twitter_misc":{"Est. reading time":"6 minutes"},"schema":{"@context":"https:\/\/schema.org","@graph":[{"@type":"WebPage","@id":"https:\/\/www.ensemblekuraia.es\/eu\/project\/mitoen-sinfonia\/","url":"https:\/\/www.ensemblekuraia.es\/eu\/project\/mitoen-sinfonia\/","name":"Mitoen Sinfonia - Ensemble Kuraia","isPartOf":{"@id":"https:\/\/www.ensemblekuraia.es\/#website"},"primaryImageOfPage":{"@id":"https:\/\/www.ensemblekuraia.es\/eu\/project\/mitoen-sinfonia\/#primaryimage"},"image":{"@id":"https:\/\/www.ensemblekuraia.es\/eu\/project\/mitoen-sinfonia\/#primaryimage"},"thumbnailUrl":"https:\/\/www.ensemblekuraia.es\/wp-content\/uploads\/2023\/08\/IMG-20220925-WA0007.jpg","datePublished":"2023-08-22T16:06:27+00:00","dateModified":"2023-09-03T16:36:39+00:00","breadcrumb":{"@id":"https:\/\/www.ensemblekuraia.es\/eu\/project\/mitoen-sinfonia\/#breadcrumb"},"inLanguage":"eu-ES","potentialAction":[{"@type":"ReadAction","target":["https:\/\/www.ensemblekuraia.es\/eu\/project\/mitoen-sinfonia\/"]}]},{"@type":"ImageObject","inLanguage":"eu-ES","@id":"https:\/\/www.ensemblekuraia.es\/eu\/project\/mitoen-sinfonia\/#primaryimage","url":"https:\/\/www.ensemblekuraia.es\/wp-content\/uploads\/2023\/08\/IMG-20220925-WA0007.jpg","contentUrl":"https:\/\/www.ensemblekuraia.es\/wp-content\/uploads\/2023\/08\/IMG-20220925-WA0007.jpg","width":1500,"height":2000},{"@type":"BreadcrumbList","@id":"https:\/\/www.ensemblekuraia.es\/eu\/project\/mitoen-sinfonia\/#breadcrumb","itemListElement":[{"@type":"ListItem","position":1,"name":"Portada","item":"https:\/\/www.ensemblekuraia.es\/eu\/"},{"@type":"ListItem","position":2,"name":"Proyectos","item":"https:\/\/www.ensemblekuraia.es\/project\/"},{"@type":"ListItem","position":3,"name":"Artes Esc\u00e9nicas","item":"https:\/\/www.ensemblekuraia.es\/project_category\/artes-escenicas\/"},{"@type":"ListItem","position":4,"name":"Mitoen Sinfonia"}]},{"@type":"WebSite","@id":"https:\/\/www.ensemblekuraia.es\/#website","url":"https:\/\/www.ensemblekuraia.es\/","name":"Ensemble Kuraia","description":"Ensemble Kuraia - Grupo de m\u00fasica contempor\u00e1nea de Bilbao \/ Bilboko musika garaikide taldea","publisher":{"@id":"https:\/\/www.ensemblekuraia.es\/#organization"},"alternateName":"Ensemble Kuraia","potentialAction":[{"@type":"SearchAction","target":{"@type":"EntryPoint","urlTemplate":"https:\/\/www.ensemblekuraia.es\/?s={search_term_string}"},"query-input":{"@type":"PropertyValueSpecification","valueRequired":true,"valueName":"search_term_string"}}],"inLanguage":"eu-ES"},{"@type":"Organization","@id":"https:\/\/www.ensemblekuraia.es\/#organization","name":"Ensemble Kuraia","alternateName":"Kuraia","url":"https:\/\/www.ensemblekuraia.es\/","logo":{"@type":"ImageObject","inLanguage":"eu-ES","@id":"https:\/\/www.ensemblekuraia.es\/#\/schema\/logo\/image\/","url":"https:\/\/www.ensemblekuraia.es\/wp-content\/uploads\/2023\/08\/Logo-ensemble-kuaria-ng.png","contentUrl":"https:\/\/www.ensemblekuraia.es\/wp-content\/uploads\/2023\/08\/Logo-ensemble-kuaria-ng.png","width":317,"height":43,"caption":"Ensemble Kuraia"},"image":{"@id":"https:\/\/www.ensemblekuraia.es\/#\/schema\/logo\/image\/"},"sameAs":["https:\/\/www.facebook.com\/EnsembleKuraia","https:\/\/www.youtube.com\/@EnsembleKuraia","https:\/\/soundcloud.com\/user-672186296"]}]}},"_links":{"self":[{"href":"https:\/\/www.ensemblekuraia.es\/eu\/wp-json\/wp\/v2\/project\/2299","targetHints":{"allow":["GET"]}}],"collection":[{"href":"https:\/\/www.ensemblekuraia.es\/eu\/wp-json\/wp\/v2\/project"}],"about":[{"href":"https:\/\/www.ensemblekuraia.es\/eu\/wp-json\/wp\/v2\/types\/project"}],"author":[{"embeddable":true,"href":"https:\/\/www.ensemblekuraia.es\/eu\/wp-json\/wp\/v2\/users\/4"}],"replies":[{"embeddable":true,"href":"https:\/\/www.ensemblekuraia.es\/eu\/wp-json\/wp\/v2\/comments?post=2299"}],"version-history":[{"count":0,"href":"https:\/\/www.ensemblekuraia.es\/eu\/wp-json\/wp\/v2\/project\/2299\/revisions"}],"wp:featuredmedia":[{"embeddable":true,"href":"https:\/\/www.ensemblekuraia.es\/eu\/wp-json\/wp\/v2\/media\/2300"}],"wp:attachment":[{"href":"https:\/\/www.ensemblekuraia.es\/eu\/wp-json\/wp\/v2\/media?parent=2299"}],"wp:term":[{"taxonomy":"project_category","embeddable":true,"href":"https:\/\/www.ensemblekuraia.es\/eu\/wp-json\/wp\/v2\/project_category?post=2299"},{"taxonomy":"project_tag","embeddable":true,"href":"https:\/\/www.ensemblekuraia.es\/eu\/wp-json\/wp\/v2\/project_tag?post=2299"}],"curies":[{"name":"wp","href":"https:\/\/api.w.org\/{rel}","templated":true}]}}