{"id":1900,"date":"2023-08-15T10:32:45","date_gmt":"2023-08-15T10:32:45","guid":{"rendered":"https:\/\/www.ensemblekuraia.es\/project\/luis-de-pablo-transito-y-evolucion-hacia-el-siglo-xxi\/"},"modified":"2023-08-31T16:25:57","modified_gmt":"2023-08-31T16:25:57","slug":"luis-de-pablo-transito-y-evolucion-hacia-el-siglo-xxi","status":"publish","type":"project","link":"https:\/\/www.ensemblekuraia.es\/eu\/project\/luis-de-pablo-transito-y-evolucion-hacia-el-siglo-xxi\/","title":{"rendered":"Luis de Pablo: Tr\u00e1nsito y evoluci\u00f3n hacia el siglo XXI"},"content":{"rendered":"<p>[et_pb_section fb_built=&#8221;1&#8243; admin_label=&#8221;Header&#8221; _builder_version=&#8221;4.21.0&#8243; _module_preset=&#8221;default&#8221; background_color=&#8221;#000000&#8243; use_background_color_gradient=&#8221;on&#8221; background_color_gradient_stops=&#8221;#aba119 0%|#ffffff 100%&#8221; background_enable_mask_style=&#8221;on&#8221; background_mask_style=&#8221;diagonal-bars&#8221; background_mask_transform=&#8221;rotate_90_degree&#8221; background_mask_size=&#8221;cover&#8221; background_mask_position=&#8221;top_center&#8221; collapsed=&#8221;off&#8221; global_colors_info=&#8221;{}&#8221;][et_pb_row _builder_version=&#8221;4.20.0&#8243; _module_preset=&#8221;default&#8221; global_colors_info=&#8221;{}&#8221;][et_pb_column type=&#8221;4_4&#8243; _builder_version=&#8221;4.20.0&#8243; _module_preset=&#8221;default&#8221; global_colors_info=&#8221;{}&#8221;][et_pb_text _builder_version=&#8221;4.21.0&#8243; _module_preset=&#8221;4e7d8f30-364a-4965-a3b0-7f82d9ef62ab&#8221; header_font=&#8221;Cormorant Garamond|600||on|||||&#8221; header_text_color=&#8221;#000000&#8243; header_font_size=&#8221;68px&#8221; header_letter_spacing=&#8221;0em&#8221; custom_margin=&#8221;||10px||false|false&#8221; header_font_tablet=&#8221;Cormorant Garamond|700||on|||||&#8221; header_font_phone=&#8221;Cormorant Garamond|700||on|||||&#8221; header_font_last_edited=&#8221;on|phone&#8221; header_font_size_tablet=&#8221;40px&#8221; header_font_size_phone=&#8221;30px&#8221; header_font_size_last_edited=&#8221;on|desktop&#8221; global_colors_info=&#8221;{}&#8221;]<\/p>\n<h1>Luis de Pablo: Tr\u00e1nsito y evoluci\u00f3n hacia el siglo XXI<\/h1>\n<p>[\/et_pb_text][\/et_pb_column][\/et_pb_row][et_pb_row column_structure=&#8221;2_5,3_5&#8243; _builder_version=&#8221;4.20.0&#8243; _module_preset=&#8221;default&#8221; global_colors_info=&#8221;{}&#8221;][et_pb_column type=&#8221;2_5&#8243; _builder_version=&#8221;4.20.0&#8243; _module_preset=&#8221;default&#8221; global_colors_info=&#8221;{}&#8221;][et_pb_image src=&#8221;https:\/\/www.ensemblekuraia.es\/wp-content\/uploads\/2023\/08\/luisdepablo.jpg&#8221; alt=&#8221;CD Homenaje a Luis De Pablo&#8221; title_text=&#8221;luisdepablo&#8221; show_in_lightbox=&#8221;on&#8221; use_overlay=&#8221;on&#8221; overlay_icon_color=&#8221;#000000&#8243; hover_overlay_color=&#8221;RGBA(255,255,255,0)&#8221; hover_icon=&#8221;&#xf00e;||fa||900&#8243; align=&#8221;center&#8221; force_fullwidth=&#8221;on&#8221; _builder_version=&#8221;4.21.0&#8243; _module_preset=&#8221;default&#8221; background_color=&#8221;rgba(0,0,0,0.04)&#8221; box_shadow_style=&#8221;preset4&#8243; box_shadow_horizontal=&#8221;0px&#8221; box_shadow_vertical=&#8221;0px&#8221; box_shadow_color=&#8221;rgba(0,0,0,0.05)&#8221; locked=&#8221;off&#8221; global_colors_info=&#8221;{}&#8221; transform_styles__hover_enabled=&#8221;on|hover&#8221; transform_scale__hover=&#8221;90%|90%&#8221; transform_scale__hover_enabled=&#8221;on|hover&#8221; transform_translate__hover_enabled=&#8221;on|desktop&#8221; transform_rotate__hover_enabled=&#8221;on|desktop&#8221; transform_skew__hover_enabled=&#8221;on|desktop&#8221; transform_origin__hover_enabled=&#8221;on|desktop&#8221; box_shadow_spread__hover=&#8221;30px&#8221; box_shadow_spread__hover_enabled=&#8221;on|hover&#8221;][\/et_pb_image][et_pb_image src=&#8221;https:\/\/www.ensemblekuraia.es\/wp-content\/uploads\/2023\/08\/museo.jpg&#8221; alt=&#8221;CD Homenaje a Luis De Pablo&#8221; title_text=&#8221;museo&#8221; show_in_lightbox=&#8221;on&#8221; use_overlay=&#8221;on&#8221; overlay_icon_color=&#8221;#000000&#8243; hover_overlay_color=&#8221;RGBA(255,255,255,0)&#8221; hover_icon=&#8221;&#xf00e;||fa||900&#8243; align=&#8221;center&#8221; force_fullwidth=&#8221;on&#8221; _builder_version=&#8221;4.21.0&#8243; _module_preset=&#8221;default&#8221; background_color=&#8221;rgba(0,0,0,0.04)&#8221; box_shadow_style=&#8221;preset4&#8243; box_shadow_horizontal=&#8221;0px&#8221; box_shadow_vertical=&#8221;0px&#8221; box_shadow_color=&#8221;rgba(0,0,0,0.05)&#8221; locked=&#8221;off&#8221; global_colors_info=&#8221;{}&#8221; transform_styles__hover_enabled=&#8221;on|hover&#8221; transform_scale__hover=&#8221;90%|90%&#8221; transform_scale__hover_enabled=&#8221;on|hover&#8221; transform_translate__hover_enabled=&#8221;on|desktop&#8221; transform_rotate__hover_enabled=&#8221;on|desktop&#8221; transform_skew__hover_enabled=&#8221;on|desktop&#8221; transform_origin__hover_enabled=&#8221;on|desktop&#8221; box_shadow_spread__hover=&#8221;30px&#8221; box_shadow_spread__hover_enabled=&#8221;on|hover&#8221;][\/et_pb_image][\/et_pb_column][et_pb_column type=&#8221;3_5&#8243; _builder_version=&#8221;4.20.0&#8243; _module_preset=&#8221;default&#8221; global_colors_info=&#8221;{}&#8221;][et_pb_text _builder_version=&#8221;4.21.0&#8243; _module_preset=&#8221;ed1517fa-aa14-4962-ac88-5488177289ee&#8221; text_font_size=&#8221;16px&#8221; text_line_height=&#8221;1.8em&#8221; hover_enabled=&#8221;0&#8243; text_font_size_tablet=&#8221;15px&#8221; text_font_size_phone=&#8221;14px&#8221; text_font_size_last_edited=&#8221;on|desktop&#8221; global_colors_info=&#8221;{}&#8221; sticky_enabled=&#8221;0&#8243;]<strong>BIDEO DOKUMENTALA (2000)<\/strong><\/p>\n<p>KURAIA Elkarteak, Egile Fundazioaren laguntzarekin batera, bere hirurogeita hamargarren urteurrena dela eta, 2000. urtean Luis de Pablo. XX. <em><strong>menderako bilakaera eta transitoa izeneko dokumentala gauzatu du. <\/strong><\/em>  .<\/p>\n<p>Luis de Pablori egindako omenaldi hau beste erakunde batzuen laguntzari esker burutu ahal izan da, esate baterako, Bizkaiko Foru Aldundia, Eusko Jaurlaritzako Kultura Saila, Bilboko Udala, Euskal Telebista (EITB), Guggenheim-Bilbao Museoa, Musika Garaikidea hedatzeko Zentroa (CDMC), BBK Fundazioa eta Tonos eta Suvini Zerboni argitaletxeak.<\/p>\n<p><em>KURAIA Ensembleak<\/em> Bideo honetarako hautatutako bi lan antzezten ditu. Bietako bat De Pablo maisuaren gaztetako ekoizpenari dagokio. Bestea, berriz, bere sortze-heldutasunari. Lan hauen bidez, konpositoreak bere musika-ekoizpena eta bere bizitzari buruzko alderdi inportanteenetan oinarritutako elkarrizketa garatzen du. <\/p>\n<p>Dokumentu honen bidez, KURAIA Taldeak Luis de Pabloren lanaren gaineko ikuspuntu orokorra, eta aldi berean espezifikoa, eman nahi du. Horrela, espezialistei interesgarri suertatuko zaie eta ikus-entzuleei oro har arina eta ulergarria egingo zaie. Hau lortzeko, bere lan-ekoizpenaren bi lan nabarmen, eta beraz gaur egungo musika espainolakoak, aintzat hartu dira.<\/p>\n<p>Dokumentalaren zati bakoitza bukatzen da aukeratutako lanak osoki eta kontzertu eran jo eta gero.<\/p>\n<p><strong>Contenidos:<\/strong><\/p>\n<ul>\n<li>Lehenengo zatia \u25ba POLAR (1962)<br \/>\n&nbsp;<br \/>\nMusika espainolaren arloan eta bereziki De Pablo maisuaren lan-ekoizpenean, POLAR izeneko lan honek garrantzi handia du. <strong>POLAR<\/strong> Darmstadteko batzarretan estreinatutako lehenengo obra espainola izan zen. Orduan, Bruno Madernak zuzendu zuen. Entseiuetatik zuzenean hartutako adibide praktikoen bitartez, berrikuntzak erakutsiko dira. Berrikuntza hauek hirurogei hamarkadako Europako abangoardiaren musikaren arloan kokatzen dute lan hau.&nbsp;<\/p>\n<p>Konpositoreak zenbait gai jorratuko ditu, adibidez, bere garai hartako musika, ze nolako zailtasun eta arrakastak izan zituen pertsona ospetsua izatea lortzeko eta nola bilatu zuen hizkuntza propio eta berria.<br \/>\n&nbsp;<br \/>\n<\/li>\n<li>Bigarren zatia \u25ba KIUren ZATIAK (Bibolina eta Pianorako)<br \/>\n&nbsp;<\/p>\n<p style=\"text-align: center;\">Fantasia<br \/>\nAria<br \/>\nBurletta<br \/>\nAndante. Adagio. Final<\/p>\n<p>Azken urte hauetan idatzitako ganbera-lana da. Lan honetan, De Pabloren sortze-heldutasunaren ezaugarri nagusienak islatzen dira.  <\/p>\n<p>\u201c<em>Dokumentalaren atal honetan, urteek ematen duten eskarmentua kontuan hartuta, konpositoreak hainbat gairi buruz hitz egiten du, hala nola, bere aldaketak, hirurogeiko hamarkadatik gaur egun arte bere poetika musikalak jasan duen garapena, konpositoreen belaunaldi berriekin izan dituen harremanak, bere proiektuak, etab.   <\/em>\u201d<\/p>\n<p>Argudioak bideoaren lehengo zatian bezala aurkeztuko dira: elkarrizketa bat. Hau entseguetan izandako une nagusienekin tartekatuko da, eta konpositoreak zein interpretatzaileek zuzenean parte hartuko dute.<\/li>\n<\/ul>\n<p><strong>INTERPRETATZAILEAK<\/strong>: <em>Ensemble KURAIA<\/em><\/p>\n<p><strong>ZUZENDARITZA:<\/strong> Juanjo Mena<\/p>\n<p><strong>ELKARRIZKETA:<\/strong> Mar\u00eda Eugenia Luc<\/p>\n<p>-[\/et_pb_text][\/et_pb_column][\/et_pb_row][et_pb_row column_structure=&#8221;1_2,1_2&#8243; _builder_version=&#8221;4.20.0&#8243; _module_preset=&#8221;default&#8221; custom_padding=&#8221;0px||0px|||&#8221; locked=&#8221;off&#8221; global_colors_info=&#8221;{}&#8221;][et_pb_column type=&#8221;1_2&#8243; _builder_version=&#8221;4.20.0&#8243; _module_preset=&#8221;default&#8221; global_colors_info=&#8221;{}&#8221;][et_pb_text _builder_version=&#8221;4.21.0&#8243; _module_preset=&#8221;97d39b46-e6f8-4d9c-8c1b-a2c2e80380ac&#8221; header_4_font=&#8221;Inter|600||on|||||&#8221; header_4_font_size=&#8221;12px&#8221; header_4_letter_spacing=&#8221;0em&#8221; header_4_line_height=&#8221;1.4em&#8221; custom_margin=&#8221;||10px||false|false&#8221; locked=&#8221;off&#8221; global_colors_info=&#8221;{}&#8221;]<\/p>\n<h4>2000<\/h4>\n<p>[\/et_pb_text][\/et_pb_column][et_pb_column type=&#8221;1_2&#8243; _builder_version=&#8221;4.20.0&#8243; _module_preset=&#8221;default&#8221; global_colors_info=&#8221;{}&#8221;][et_pb_button button_text=&#8221;EROSI&#8221; button_alignment=&#8221;right&#8221; button_alignment_tablet=&#8221;center&#8221; button_alignment_phone=&#8221;center&#8221; button_alignment_last_edited=&#8221;on|tablet&#8221; disabled_on=&#8221;on|on|on&#8221; _builder_version=&#8221;4.21.0&#8243; _module_preset=&#8221;f53dac6a-f342-4163-b115-dcd327bbef39&#8243; custom_button=&#8221;on&#8221; button_text_size=&#8221;14px&#8221; button_text_color=&#8221;#ffffff&#8221; button_bg_color=&#8221;#ABA119&#8243; button_border_width=&#8221;0px&#8221; button_border_radius=&#8221;0px&#8221; button_letter_spacing=&#8221;0.2em&#8221; button_font=&#8221;Cormorant Garamond|700||on|||||&#8221; custom_padding=&#8221;16px|24px|16px|24px|true|true&#8221; disabled=&#8221;on&#8221; locked=&#8221;off&#8221; global_colors_info=&#8221;{}&#8221;][\/et_pb_button][\/et_pb_column][\/et_pb_row][\/et_pb_section][et_pb_section fb_built=&#8221;1&#8243; _builder_version=&#8221;4.21.0&#8243; _module_preset=&#8221;default&#8221; custom_padding=&#8221;0px|||||&#8221; global_colors_info=&#8221;{}&#8221;][et_pb_row _builder_version=&#8221;4.21.0&#8243; _module_preset=&#8221;default&#8221; global_colors_info=&#8221;{}&#8221;][et_pb_column type=&#8221;4_4&#8243; _builder_version=&#8221;4.21.0&#8243; _module_preset=&#8221;default&#8221; global_colors_info=&#8221;{}&#8221;][et_pb_text _builder_version=&#8221;4.21.0&#8243; _module_preset=&#8221;afd346ae-a729-4f2e-aeb3-d500b62481e5&#8243; header_2_font=&#8221;Cormorant Garamond|||on|||||&#8221; header_2_font_size=&#8221;48px&#8221; header_2_letter_spacing=&#8221;0.2em&#8221; header_2_line_height=&#8221;1.2em&#8221; text_orientation=&#8221;center&#8221; custom_margin=&#8221;62px||34px|||&#8221; header_2_font_size_tablet=&#8221;32px&#8221; header_2_font_size_phone=&#8221;20px&#8221; header_2_font_size_last_edited=&#8221;on|desktop&#8221; global_colors_info=&#8221;{}&#8221;]<\/p>\n<h2>Beste proiektu batzuk<\/h2>\n<p>[\/et_pb_text][et_pb_portfolio fullwidth=&#8221;off&#8221; posts_number=&#8221;4&#8243; include_categories=&#8221;23&#8243; show_categories=&#8221;off&#8221; _builder_version=&#8221;4.21.0&#8243; _module_preset=&#8221;default&#8221; global_colors_info=&#8221;{}&#8221;][\/et_pb_portfolio][\/et_pb_column][\/et_pb_row][\/et_pb_section]<\/p>\n","protected":false},"excerpt":{"rendered":"<p>Luis de Pablo: Tr\u00e1nsito y evoluci\u00f3n hacia el siglo XXIBIDEO DOKUMENTALA (2000) KURAIA Elkarteak, Egile Fundazioaren laguntzarekin batera, bere hirurogeita hamargarren urteurrena dela eta, 2000. urtean Luis de Pablo. XX. menderako bilakaera eta transitoa izeneko dokumentala gauzatu du. . Luis de Pablori egindako omenaldi hau beste erakunde batzuen laguntzari esker burutu ahal izan da, esate [&hellip;]<\/p>\n","protected":false},"author":4,"featured_media":1902,"comment_status":"closed","ping_status":"closed","template":"","meta":{"_et_pb_use_builder":"on","_et_pb_old_content":"","_et_gb_content_width":"","footnotes":""},"project_category":[31],"project_tag":[],"class_list":["post-1900","project","type-project","status-publish","has-post-thumbnail","hentry","project_category-diskografia"],"yoast_head":"<!-- This site is optimized with the Yoast SEO plugin v27.1.1 - https:\/\/yoast.com\/product\/yoast-seo-wordpress\/ -->\n<title>Luis de Pablo: Tr\u00e1nsito y evoluci\u00f3n hacia el siglo XXI - Ensemble Kuraia<\/title>\n<meta name=\"robots\" content=\"noindex, follow\" \/>\n<meta property=\"og:locale\" content=\"eu_ES\" \/>\n<meta property=\"og:type\" content=\"article\" \/>\n<meta property=\"og:title\" content=\"Luis de Pablo: Tr\u00e1nsito y evoluci\u00f3n hacia el siglo XXI - Ensemble Kuraia\" \/>\n<meta property=\"og:description\" content=\"Luis de Pablo: Tr\u00e1nsito y evoluci\u00f3n hacia el siglo XXIBIDEO DOKUMENTALA (2000) KURAIA Elkarteak, Egile Fundazioaren laguntzarekin batera, bere hirurogeita hamargarren urteurrena dela eta, 2000. urtean Luis de Pablo. XX. menderako bilakaera eta transitoa izeneko dokumentala gauzatu du. . Luis de Pablori egindako omenaldi hau beste erakunde batzuen laguntzari esker burutu ahal izan da, esate [&hellip;]\" \/>\n<meta property=\"og:url\" content=\"https:\/\/www.ensemblekuraia.es\/eu\/project\/luis-de-pablo-transito-y-evolucion-hacia-el-siglo-xxi\/\" \/>\n<meta property=\"og:site_name\" content=\"Ensemble Kuraia\" \/>\n<meta property=\"article:publisher\" content=\"https:\/\/www.facebook.com\/EnsembleKuraia\" \/>\n<meta property=\"article:modified_time\" content=\"2023-08-31T16:25:57+00:00\" \/>\n<meta property=\"og:image\" content=\"https:\/\/www.ensemblekuraia.es\/wp-content\/uploads\/2023\/08\/luisdepablo.jpg\" \/>\n\t<meta property=\"og:image:width\" content=\"291\" \/>\n\t<meta property=\"og:image:height\" content=\"319\" \/>\n\t<meta property=\"og:image:type\" content=\"image\/jpeg\" \/>\n<meta name=\"twitter:card\" content=\"summary_large_image\" \/>\n<meta name=\"twitter:label1\" content=\"Est. reading time\" \/>\n\t<meta name=\"twitter:data1\" content=\"6 minutes\" \/>\n<script type=\"application\/ld+json\" class=\"yoast-schema-graph\">{\"@context\":\"https:\/\/schema.org\",\"@graph\":[{\"@type\":\"WebPage\",\"@id\":\"https:\/\/www.ensemblekuraia.es\/eu\/project\/luis-de-pablo-transito-y-evolucion-hacia-el-siglo-xxi\/\",\"url\":\"https:\/\/www.ensemblekuraia.es\/eu\/project\/luis-de-pablo-transito-y-evolucion-hacia-el-siglo-xxi\/\",\"name\":\"Luis de Pablo: Tr\u00e1nsito y evoluci\u00f3n hacia el siglo XXI - Ensemble Kuraia\",\"isPartOf\":{\"@id\":\"https:\/\/www.ensemblekuraia.es\/#website\"},\"primaryImageOfPage\":{\"@id\":\"https:\/\/www.ensemblekuraia.es\/eu\/project\/luis-de-pablo-transito-y-evolucion-hacia-el-siglo-xxi\/#primaryimage\"},\"image\":{\"@id\":\"https:\/\/www.ensemblekuraia.es\/eu\/project\/luis-de-pablo-transito-y-evolucion-hacia-el-siglo-xxi\/#primaryimage\"},\"thumbnailUrl\":\"https:\/\/www.ensemblekuraia.es\/wp-content\/uploads\/2023\/08\/luisdepablo.jpg\",\"datePublished\":\"2023-08-15T10:32:45+00:00\",\"dateModified\":\"2023-08-31T16:25:57+00:00\",\"breadcrumb\":{\"@id\":\"https:\/\/www.ensemblekuraia.es\/eu\/project\/luis-de-pablo-transito-y-evolucion-hacia-el-siglo-xxi\/#breadcrumb\"},\"inLanguage\":\"eu-ES\",\"potentialAction\":[{\"@type\":\"ReadAction\",\"target\":[\"https:\/\/www.ensemblekuraia.es\/eu\/project\/luis-de-pablo-transito-y-evolucion-hacia-el-siglo-xxi\/\"]}]},{\"@type\":\"ImageObject\",\"inLanguage\":\"eu-ES\",\"@id\":\"https:\/\/www.ensemblekuraia.es\/eu\/project\/luis-de-pablo-transito-y-evolucion-hacia-el-siglo-xxi\/#primaryimage\",\"url\":\"https:\/\/www.ensemblekuraia.es\/wp-content\/uploads\/2023\/08\/luisdepablo.jpg\",\"contentUrl\":\"https:\/\/www.ensemblekuraia.es\/wp-content\/uploads\/2023\/08\/luisdepablo.jpg\",\"width\":291,\"height\":319},{\"@type\":\"BreadcrumbList\",\"@id\":\"https:\/\/www.ensemblekuraia.es\/eu\/project\/luis-de-pablo-transito-y-evolucion-hacia-el-siglo-xxi\/#breadcrumb\",\"itemListElement\":[{\"@type\":\"ListItem\",\"position\":1,\"name\":\"Portada\",\"item\":\"https:\/\/www.ensemblekuraia.es\/eu\/\"},{\"@type\":\"ListItem\",\"position\":2,\"name\":\"Proyectos\",\"item\":\"https:\/\/www.ensemblekuraia.es\/project\/\"},{\"@type\":\"ListItem\",\"position\":3,\"name\":\"Diskografia\",\"item\":\"https:\/\/www.ensemblekuraia.es\/eu\/project_category\/diskografia\/\"},{\"@type\":\"ListItem\",\"position\":4,\"name\":\"Luis de Pablo: Tr\u00e1nsito y evoluci\u00f3n hacia el siglo XXI\"}]},{\"@type\":\"WebSite\",\"@id\":\"https:\/\/www.ensemblekuraia.es\/#website\",\"url\":\"https:\/\/www.ensemblekuraia.es\/\",\"name\":\"Ensemble Kuraia\",\"description\":\"Ensemble Kuraia - Grupo de m\u00fasica contempor\u00e1nea de Bilbao \/ Bilboko musika garaikide taldea\",\"publisher\":{\"@id\":\"https:\/\/www.ensemblekuraia.es\/#organization\"},\"alternateName\":\"Ensemble Kuraia\",\"potentialAction\":[{\"@type\":\"SearchAction\",\"target\":{\"@type\":\"EntryPoint\",\"urlTemplate\":\"https:\/\/www.ensemblekuraia.es\/?s={search_term_string}\"},\"query-input\":{\"@type\":\"PropertyValueSpecification\",\"valueRequired\":true,\"valueName\":\"search_term_string\"}}],\"inLanguage\":\"eu-ES\"},{\"@type\":\"Organization\",\"@id\":\"https:\/\/www.ensemblekuraia.es\/#organization\",\"name\":\"Ensemble Kuraia\",\"alternateName\":\"Kuraia\",\"url\":\"https:\/\/www.ensemblekuraia.es\/\",\"logo\":{\"@type\":\"ImageObject\",\"inLanguage\":\"eu-ES\",\"@id\":\"https:\/\/www.ensemblekuraia.es\/#\/schema\/logo\/image\/\",\"url\":\"https:\/\/www.ensemblekuraia.es\/wp-content\/uploads\/2023\/08\/Logo-ensemble-kuaria-ng.png\",\"contentUrl\":\"https:\/\/www.ensemblekuraia.es\/wp-content\/uploads\/2023\/08\/Logo-ensemble-kuaria-ng.png\",\"width\":317,\"height\":43,\"caption\":\"Ensemble Kuraia\"},\"image\":{\"@id\":\"https:\/\/www.ensemblekuraia.es\/#\/schema\/logo\/image\/\"},\"sameAs\":[\"https:\/\/www.facebook.com\/EnsembleKuraia\",\"https:\/\/www.youtube.com\/@EnsembleKuraia\",\"https:\/\/soundcloud.com\/user-672186296\"]}]}<\/script>\n<!-- \/ Yoast SEO plugin. -->","yoast_head_json":{"title":"Luis de Pablo: Tr\u00e1nsito y evoluci\u00f3n hacia el siglo XXI - Ensemble Kuraia","robots":{"index":"noindex","follow":"follow"},"og_locale":"eu_ES","og_type":"article","og_title":"Luis de Pablo: Tr\u00e1nsito y evoluci\u00f3n hacia el siglo XXI - Ensemble Kuraia","og_description":"Luis de Pablo: Tr\u00e1nsito y evoluci\u00f3n hacia el siglo XXIBIDEO DOKUMENTALA (2000) KURAIA Elkarteak, Egile Fundazioaren laguntzarekin batera, bere hirurogeita hamargarren urteurrena dela eta, 2000. urtean Luis de Pablo. XX. menderako bilakaera eta transitoa izeneko dokumentala gauzatu du. . Luis de Pablori egindako omenaldi hau beste erakunde batzuen laguntzari esker burutu ahal izan da, esate [&hellip;]","og_url":"https:\/\/www.ensemblekuraia.es\/eu\/project\/luis-de-pablo-transito-y-evolucion-hacia-el-siglo-xxi\/","og_site_name":"Ensemble Kuraia","article_publisher":"https:\/\/www.facebook.com\/EnsembleKuraia","article_modified_time":"2023-08-31T16:25:57+00:00","og_image":[{"width":291,"height":319,"url":"https:\/\/www.ensemblekuraia.es\/wp-content\/uploads\/2023\/08\/luisdepablo.jpg","type":"image\/jpeg"}],"twitter_card":"summary_large_image","twitter_misc":{"Est. reading time":"6 minutes"},"schema":{"@context":"https:\/\/schema.org","@graph":[{"@type":"WebPage","@id":"https:\/\/www.ensemblekuraia.es\/eu\/project\/luis-de-pablo-transito-y-evolucion-hacia-el-siglo-xxi\/","url":"https:\/\/www.ensemblekuraia.es\/eu\/project\/luis-de-pablo-transito-y-evolucion-hacia-el-siglo-xxi\/","name":"Luis de Pablo: Tr\u00e1nsito y evoluci\u00f3n hacia el siglo XXI - Ensemble Kuraia","isPartOf":{"@id":"https:\/\/www.ensemblekuraia.es\/#website"},"primaryImageOfPage":{"@id":"https:\/\/www.ensemblekuraia.es\/eu\/project\/luis-de-pablo-transito-y-evolucion-hacia-el-siglo-xxi\/#primaryimage"},"image":{"@id":"https:\/\/www.ensemblekuraia.es\/eu\/project\/luis-de-pablo-transito-y-evolucion-hacia-el-siglo-xxi\/#primaryimage"},"thumbnailUrl":"https:\/\/www.ensemblekuraia.es\/wp-content\/uploads\/2023\/08\/luisdepablo.jpg","datePublished":"2023-08-15T10:32:45+00:00","dateModified":"2023-08-31T16:25:57+00:00","breadcrumb":{"@id":"https:\/\/www.ensemblekuraia.es\/eu\/project\/luis-de-pablo-transito-y-evolucion-hacia-el-siglo-xxi\/#breadcrumb"},"inLanguage":"eu-ES","potentialAction":[{"@type":"ReadAction","target":["https:\/\/www.ensemblekuraia.es\/eu\/project\/luis-de-pablo-transito-y-evolucion-hacia-el-siglo-xxi\/"]}]},{"@type":"ImageObject","inLanguage":"eu-ES","@id":"https:\/\/www.ensemblekuraia.es\/eu\/project\/luis-de-pablo-transito-y-evolucion-hacia-el-siglo-xxi\/#primaryimage","url":"https:\/\/www.ensemblekuraia.es\/wp-content\/uploads\/2023\/08\/luisdepablo.jpg","contentUrl":"https:\/\/www.ensemblekuraia.es\/wp-content\/uploads\/2023\/08\/luisdepablo.jpg","width":291,"height":319},{"@type":"BreadcrumbList","@id":"https:\/\/www.ensemblekuraia.es\/eu\/project\/luis-de-pablo-transito-y-evolucion-hacia-el-siglo-xxi\/#breadcrumb","itemListElement":[{"@type":"ListItem","position":1,"name":"Portada","item":"https:\/\/www.ensemblekuraia.es\/eu\/"},{"@type":"ListItem","position":2,"name":"Proyectos","item":"https:\/\/www.ensemblekuraia.es\/project\/"},{"@type":"ListItem","position":3,"name":"Diskografia","item":"https:\/\/www.ensemblekuraia.es\/eu\/project_category\/diskografia\/"},{"@type":"ListItem","position":4,"name":"Luis de Pablo: Tr\u00e1nsito y evoluci\u00f3n hacia el siglo XXI"}]},{"@type":"WebSite","@id":"https:\/\/www.ensemblekuraia.es\/#website","url":"https:\/\/www.ensemblekuraia.es\/","name":"Ensemble Kuraia","description":"Ensemble Kuraia - Grupo de m\u00fasica contempor\u00e1nea de Bilbao \/ Bilboko musika garaikide taldea","publisher":{"@id":"https:\/\/www.ensemblekuraia.es\/#organization"},"alternateName":"Ensemble Kuraia","potentialAction":[{"@type":"SearchAction","target":{"@type":"EntryPoint","urlTemplate":"https:\/\/www.ensemblekuraia.es\/?s={search_term_string}"},"query-input":{"@type":"PropertyValueSpecification","valueRequired":true,"valueName":"search_term_string"}}],"inLanguage":"eu-ES"},{"@type":"Organization","@id":"https:\/\/www.ensemblekuraia.es\/#organization","name":"Ensemble Kuraia","alternateName":"Kuraia","url":"https:\/\/www.ensemblekuraia.es\/","logo":{"@type":"ImageObject","inLanguage":"eu-ES","@id":"https:\/\/www.ensemblekuraia.es\/#\/schema\/logo\/image\/","url":"https:\/\/www.ensemblekuraia.es\/wp-content\/uploads\/2023\/08\/Logo-ensemble-kuaria-ng.png","contentUrl":"https:\/\/www.ensemblekuraia.es\/wp-content\/uploads\/2023\/08\/Logo-ensemble-kuaria-ng.png","width":317,"height":43,"caption":"Ensemble Kuraia"},"image":{"@id":"https:\/\/www.ensemblekuraia.es\/#\/schema\/logo\/image\/"},"sameAs":["https:\/\/www.facebook.com\/EnsembleKuraia","https:\/\/www.youtube.com\/@EnsembleKuraia","https:\/\/soundcloud.com\/user-672186296"]}]}},"_links":{"self":[{"href":"https:\/\/www.ensemblekuraia.es\/eu\/wp-json\/wp\/v2\/project\/1900","targetHints":{"allow":["GET"]}}],"collection":[{"href":"https:\/\/www.ensemblekuraia.es\/eu\/wp-json\/wp\/v2\/project"}],"about":[{"href":"https:\/\/www.ensemblekuraia.es\/eu\/wp-json\/wp\/v2\/types\/project"}],"author":[{"embeddable":true,"href":"https:\/\/www.ensemblekuraia.es\/eu\/wp-json\/wp\/v2\/users\/4"}],"replies":[{"embeddable":true,"href":"https:\/\/www.ensemblekuraia.es\/eu\/wp-json\/wp\/v2\/comments?post=1900"}],"version-history":[{"count":0,"href":"https:\/\/www.ensemblekuraia.es\/eu\/wp-json\/wp\/v2\/project\/1900\/revisions"}],"wp:featuredmedia":[{"embeddable":true,"href":"https:\/\/www.ensemblekuraia.es\/eu\/wp-json\/wp\/v2\/media\/1902"}],"wp:attachment":[{"href":"https:\/\/www.ensemblekuraia.es\/eu\/wp-json\/wp\/v2\/media?parent=1900"}],"wp:term":[{"taxonomy":"project_category","embeddable":true,"href":"https:\/\/www.ensemblekuraia.es\/eu\/wp-json\/wp\/v2\/project_category?post=1900"},{"taxonomy":"project_tag","embeddable":true,"href":"https:\/\/www.ensemblekuraia.es\/eu\/wp-json\/wp\/v2\/project_tag?post=1900"}],"curies":[{"name":"wp","href":"https:\/\/api.w.org\/{rel}","templated":true}]}}