{"id":2438,"date":"2023-09-03T17:20:46","date_gmt":"2023-09-03T17:20:46","guid":{"rendered":"https:\/\/www.ensemblekuraia.es\/historico-2\/"},"modified":"2025-07-16T20:32:12","modified_gmt":"2025-07-16T20:32:12","slug":"historico","status":"publish","type":"page","link":"https:\/\/www.ensemblekuraia.es\/eu\/historico\/","title":{"rendered":"Hist\u00f3rico"},"content":{"rendered":"<p>[et_pb_section fb_built=&#8221;1&#8243; admin_label=&#8221;Header&#8221; _builder_version=&#8221;4.21.0&#8243; _module_preset=&#8221;default&#8221; use_background_color_gradient=&#8221;on&#8221; background_color_gradient_stops=&#8221;rgba(0,0,0,0.5) 0%|rgba(0,0,0,0.5) 100%&#8221; background_color_gradient_overlays_image=&#8221;on&#8221; background_image=&#8221;https:\/\/www.ensemblekuraia.es\/wp-content\/uploads\/2023\/09\/2208870.jpg&#8221; custom_padding=&#8221;4vw||4vw||true|false&#8221; collapsed=&#8221;off&#8221; global_colors_info=&#8221;{}&#8221;][et_pb_row _builder_version=&#8221;4.20.0&#8243; _module_preset=&#8221;default&#8221; global_colors_info=&#8221;{}&#8221;][et_pb_column type=&#8221;4_4&#8243; _builder_version=&#8221;4.20.0&#8243; _module_preset=&#8221;default&#8221; global_colors_info=&#8221;{}&#8221;][et_pb_text _builder_version=&#8221;4.21.0&#8243; _module_preset=&#8221;0691634e-971c-4f20-b84e-f7af88ca7aa6&#8243; header_font=&#8221;Cormorant Garamond|||on|||||&#8221; header_text_color=&#8221;#FFFFFF&#8221; header_font_size=&#8221;75px&#8221; header_letter_spacing=&#8221;0.2em&#8221; header_line_height=&#8221;1.2em&#8221; text_orientation=&#8221;center&#8221; custom_margin=&#8221;||-2px|||&#8221; header_font_size_tablet=&#8221;40px&#8221; header_font_size_phone=&#8221;24px&#8221; header_font_size_last_edited=&#8221;on|desktop&#8221; global_colors_info=&#8221;{}&#8221;]<\/p>\n<h1>Hist\u00f3rico<\/h1>\n<p>[\/et_pb_text][\/et_pb_column][\/et_pb_row][\/et_pb_section][et_pb_section fb_built=&#8221;1&#8243; admin_label=&#8221;HIST\u00d3RICO&#8221; _builder_version=&#8221;4.21.0&#8243; _module_preset=&#8221;default&#8221; saved_tabs=&#8221;all&#8221; global_colors_info=&#8221;{}&#8221;][et_pb_row _builder_version=&#8221;4.21.0&#8243; _module_preset=&#8221;default&#8221; global_colors_info=&#8221;{}&#8221;][et_pb_column type=&#8221;4_4&#8243; _builder_version=&#8221;4.21.0&#8243; _module_preset=&#8221;default&#8221; global_colors_info=&#8221;{}&#8221;][et_pb_tabs active_tab_background_color=&#8221;#FFFFFF&#8221; inactive_tab_background_color=&#8221;#f4f4f4&#8243; active_tab_text_color=&#8221;#807914&#8243; admin_label=&#8221;A\u00d1OS EN PESTA\u00d1AS&#8221; _builder_version=&#8221;4.27.4&#8243; _module_preset=&#8221;default&#8221; tab_text_color=&#8221;#000000&#8243; tab_font=&#8221;|600||on|||||&#8221; tab_font_size=&#8221;15px&#8221; tab_letter_spacing=&#8221;1px&#8221; tab_line_height=&#8221;1.9em&#8221; hover_enabled=&#8221;0&#8243; border_width_all=&#8221;4px&#8221; border_color_all=&#8221;#000000&#8243; global_colors_info=&#8221;{}&#8221; sticky_enabled=&#8221;0&#8243;][et_pb_tab title=&#8221;2025&#8243; _builder_version=&#8221;4.27.4&#8243; _module_preset=&#8221;default&#8221; body_link_text_color=&#8221;#ABA119&#8243; hover_enabled=&#8221;0&#8243; global_colors_info=&#8221;{}&#8221; sticky_enabled=&#8221;0&#8243;]<\/p>\n<h3>Estreinaldiak<\/h3>\n<p>F\u00e9lix Ibarrondo: Ortzadarra<br \/>Francisco Dom\u00ednguez: Igurtzi<br \/>Eduardo Mar\u00edn: Peau-P\u00e9rist\u00e0se<br \/>Izaro Txapartegi: Aldakor<br \/>Andrea Cazzaniga: Tres piezas para Kuraia<\/p>\n<h3>Egindako jarduerak<\/h3>\n<p>&#8211; Klarinete master classa Sergio Barrancorekin.<br \/>Bilboko \u201cJ. C. Arriaga\u201d Kontserbatorioa, urtarrilak 23-24<br \/>&#8211; Konpositoreen tailerra Ensemble Kuraiarekin<br \/>Leioako Kontserbatorioa, otsailak 8-9<br \/>&#8211; Flauta master classa Mario Carolirekin<br \/>Bilboko \u201cJ. C. Arriaga\u201d Kontserbatorioa, martxoaren 18an<br \/>&#8211; Kontzertua Bilboko Aste Nagusian, abuztuaren 20an. Iglesia de la Encarnaci\u00f3n.<br \/>&#8211; Kuraia 2025\/26-32. Musika Garaikidearen Topaketa. 2025eko irailaren 6tik 2026ko otsailaren 28ra. 12 kontzertuko zikloa Bilbon, Gasteizen, Iru\u00f1ean eta Hernanin.<\/p>\n<p>[\/et_pb_tab][et_pb_tab title=&#8221;2024&#8243; _builder_version=&#8221;4.27.4&#8243; _module_preset=&#8221;default&#8221; body_link_text_color=&#8221;#ABA119&#8243; global_colors_info=&#8221;{}&#8221;]<\/p>\n<h3>Estreinaldiak<\/h3>\n<p>F\u00e9lix Ibarrondo: Volutas<br \/>Jagoba Astiazaran: Jota<br \/>Eduardo Mar\u00edn: In attesa<br \/>Izaro Txapartegi: Dial\u00e9ctica<br \/>Javier P\u00e9rez Garrido: Niebla<\/p>\n<h3>Egindako jarduerak<\/h3>\n<p><strong>-Konposizioko master classa, Javier Torres Maldonadoren (irakaslea)<\/strong><br \/>Nafarroako Goi Mailako Kontserbatorioa, Iru\u00f1a 2024ko otsailaren 22a eta 23\u00aa<\/p>\n<p><strong>-Flenbasque Contemporary Music<\/strong><br \/>Kontzertua: Muziekcentrum De Bijloke (Gante, Belgika). Apirila 21, 11 etan<\/p>\n<p><strong>-Italiara bira. Festival Storie dell\u2019 Appennino eta Museo San Giovanni (Fivizzano)<\/strong><br \/>Lekuak: Castelnovo ne\u2019 Monti, Santo Stefano di Pineto, Villa Minozzo, Fivizzano Uztaila 5, 6, 7<\/p>\n<p><strong>-Kuraia 2024\/25- Musika Garaikideko 31<\/strong><br \/>Topaketak. 2024ko irailaren 28tik 2025ko martxoaren 17ra arte. 12 kontzertuko zikloa Bilbon, Gasteizen eta Iru\u00f1ean.<\/p>\n<p>[\/et_pb_tab][et_pb_tab title=&#8221;2023&#8243; _builder_version=&#8221;4.25.0&#8243; _module_preset=&#8221;default&#8221; body_link_text_color=&#8221;#ABA119&#8243; global_colors_info=&#8221;{}&#8221;]<\/p>\n<h3>Estreinaldiak<\/h3>\n<p>Mikel Chamizo: Di l\u00ed a sei giorni<br \/>\nDavid Del Puerto: \u00c1gora<br \/>\nAndr\u00e9s Valero-Castells: Cuatro miniaturas<br \/>\nNicol\u00e1s Iribas: Babel<br \/>\nAnne P\u00e9rez De Azpeitia: Polar<\/p>\n<h3>Egindako jarduerak<\/h3>\n<p><strong>-Kuraia 2023\/24- Musika Garaikideko 30. Topaketak . 2023ko irailaren 18tik 2024ko otsailaren 24ra<\/strong><br \/>\n12 kontzertuko zikloa Bilbon, Gasteizen eta Iru\u00f1ean.<\/p>\n<p><strong>-Festival Diacron\u00edas (Las Rozas, Madrid).<\/strong><br \/>\nUrria 7, 20 etan<\/p>\n<p><strong>-Biolontxeloko master classa, Milena Marena Umiglia, irakaslea<\/strong><br \/>\nBilboko \u201cJ.C.Arriaga\u201d Kontserbatorioa<br \/>\nUrria 10.<\/p>\n<p><strong>-Harpa master classa, Marion Desjacques (irakaslea)<\/strong><br \/>\nBilboko \u201cJ.C.Arriaga\u201d Kontserbatorioa<br \/>\nAzaroa 18<\/p>\n<p><strong>-Entsegu irekia. Ensemble Kuraia<\/strong><br \/>\nLeioako Kontserb[\/et_pb_tab][et_pb_tab title=&#8221;2022&#8243; _builder_version=&#8221;4.21.0&#8243; _module_preset=&#8221;default&#8221; global_colors_info=&#8221;{}&#8221;]<\/p>\n<h3>Estrenos realizados<\/h3>\n<p>Jagoba Astiazaran: Aise<br \/>I\u00f1aki Carcavilla: Leben<br \/>David Enrique: Sombras de arena<br \/>Jon S\u00e1enz Rubio: Azalak<br \/>Anne P\u00e9rez de Azpeitia: Vacuum<br \/>I\u00f1igo Legasa: La voz de Kronos<\/p>\n<h3>Actividades realizadas<\/h3>\n<p><strong>Kuraia 2021\/22-29\u00ba Encuentro de M\u00fasica Contempor\u00e1nea.<\/strong> Desde el 19 de septiembre de 2021 y el 25 de marzo de\u00ad 2022. Ciclo de 12 concierto en Bilbao, Donostia, Vitoria y Pamplona.<br \/><strong>Festival Loraldia<\/strong>, 23 de marzo.<br \/><strong>\u201cHamar, m\u00fasica para el Guggenheim\u201d<\/strong> de Gabriel Erkoreka. D\u00eda 30 de abril y 1 de mayo.<br \/><strong>Festival Musikaste<\/strong>, 26 de mayo.<br \/><strong>Bernaola Zikloa<\/strong>, 22 de octubre<br \/><strong>Festival COMA\u201922.<\/strong> 17 de Diciembre, auditorio del RCSMM.<\/p>\n<p>[\/et_pb_tab][et_pb_tab title=&#8221;2021&#8243; _builder_version=&#8221;4.21.0&#8243; _module_preset=&#8221;default&#8221; global_colors_info=&#8221;{}&#8221;]<\/p>\n<h3>Estrenos realizados<\/h3>\n<p>\u201cZer duzu Laika?\u201d de David Azurza (m\u00fasica) y Bernardo Atxaga (texto)<br \/>\u201cLa noche-B\u201d de Francisco Dom\u00ednguez.<br \/>Zhou Tian: Viaje (estreno en Espa\u00f1a)<\/p>\n<p>Actividades realizadas<\/p>\n<p><strong>1- Festival de M\u00fasica Contempor\u00e1nea de C\u00f3rdoba<\/strong><br \/>Fecha: 20 de Marzo de 2021<br \/>Hora: a las 20,30 horas.<br \/>Lugar: Auditorio del Conservatorio Superior \u201cR.Orozco\u201d<\/p>\n<p>Scherzo. Cr\u00edtica del concierto en C\u00f3rdoba (20 de marzo de 2021)<br \/><a href=\"https:\/\/scherzo.es\/cordoba-ensemble-kuraia-analitica-interpretacion\/\" target=\"_blank\" rel=\"noopener\">https:\/\/scherzo.es\/cordoba-ensemble-kuraia-analitica-interpretacion\/<\/a><\/p>\n<p><strong>Grabaci\u00f3n del CD \u201cMar\u00eda Eugenia Luc solo &amp; chamber music\u201d<\/strong> para el sello Orpheus Classical.<br \/><strong>Ciclo 28\u00ba Encuentro de M\u00fasica Contempor\u00e1nea-Kuraia 2021\/22:<\/strong> desde el 27 de septiembre de 2021 hasta el 31 de Marzo 2022. Ciclo de 12 conciertos.<br \/><strong>Concierto en el Certamen Coral de Tolosa<\/strong>.1 de noviembre.<br \/><strong>Concierto en el Teatro Arriaga de Bilbao<\/strong>.29 de diciembre.<\/p>\n<p><strong style=\"text-decoration: underline;\">Actividades canceladas por la declaraci\u00f3n del estado de alarma y otras causas derivadas del covid-19. <\/strong><\/p>\n<ul>\n<li>1. Curso de composici\u00f3n de Gabriele Manca en Musikene (8 y 9 de enero de 2021)<\/li>\n<li>2. Concierto del Ensemble Kuraia en Sevilla (15 de enero de 2021).<\/li>\n<li>3. Concierto del Ensemble Kuraia y curso de composici\u00f3n de Alessandro Melchiorre en el Conservatorio Superior de Pamplona (15 de marzo de 2021).<\/li>\n<\/ul>\n<p>&nbsp;<\/p>\n<p>&nbsp;<\/p>\n<h2>&#8220;28\u00ba ENCUENTROS DE M\u00daSICA CONTEMPOR\u00c1NEA&#8221;<\/h2>\n<p>&nbsp;<\/p>\n<h3>CONCIERTO DE APERTURA<\/h3>\n<p>Lunes 27 de Septiembre a las 19,00 horas. Conservatorio &#8220;J.C.Arriaga&#8221; de Bilbao, plaza Ibarrekolanda n\u00ba1<\/p>\n<p><strong>I\u00f1aki Alberdi (acorde\u00f3n), Ensemble Kuraia, Andrea Cazzaniga (director)<\/strong><\/p>\n<p>Obras de Dom\u00ednguez, Erkoreka, Luc, Torres.<\/p>\n<p><strong>Entrada libre, aforo reducido.<\/strong><\/p>\n<h3>CONCIERTO 2<\/h3>\n<p>y proyecci\u00f3n del documental &#8220;2020: soinuen hiria&#8221;, de Joseba Lopezortega<strong style=\"font-size: 12px;\">\u00a0\u00a0<\/strong><\/p>\n<p>Lunes 4 de Octubre a las 19 horas. Conservatorio &#8220;J.C.Arriaga&#8221; de Bilbao, plaza Ibarrekolanda n\u00ba1<\/p>\n<p>Obras de Villa-Lobos, Iturregi<\/p>\n<p><strong>Entrada libre, aforo reducido.<\/strong><\/p>\n<h3>CONCIERTO 3<\/h3>\n<p>S\u00e1bado 16 de octubre. Conservatorio &#8220;J. Guridi&#8221; de Vitoria, a las 19,30 horas.<\/p>\n<p><strong>Ensemble Kuraia<\/strong>. Obras de Riisager, Guinjoan,\u00a0 Luc, Mart\u00ednez, Chamizo, Costa.<\/p>\n<p><strong>Entrada libre, aforo reducido.<\/strong><\/p>\n<h3>CONCIERTO 4<\/h3>\n<p>Lunes 18 de octubre\u00a0 a las 19 horas. Conservatorio &#8220;J.C.Arriaga&#8221; de Bilbao, plaza Ibarrekolanda n\u00ba1<\/p>\n<p><strong>Tr\u00edo Musicalis<\/strong>. Obras de Schumann, Kurtag, Halffter, Mu\u00f1oz,\u00a0 S\u00e1nchez Verd\u00fa.<\/p>\n<p><strong>Entrada libre, aforo reducido.<br \/><\/strong><\/p>\n<h3>CONCIERTO 5<span style=\"color: #ff0000;\">\u00a0<\/span><\/h3>\n<p>Domingo 1 de noviembre a las 11 horas. Leidor Antzokia de Tolosa.<\/p>\n<p><strong>&#8220;Laika&#8221; y &#8220;Hurkus errementeria&#8221;<\/strong><\/p>\n<p>Dos cuentos musicales en euskera de David Azurza sobre textos de Bernardo Atxaga y Joxemari Iturralde.<\/p>\n<p>Gaudeamus Korala (Julia Foruria, directora)<\/p>\n<p>Andoni Alem\u00e1n, narrador<\/p>\n<p>Ensemble Kuraia<\/p>\n<p>David Azurza, director<\/p>\n<p>En colaboraci\u00f3n con el Certamen Coral de Tolosa.<\/p>\n<p><strong>Entrada de pago<\/strong><\/p>\n<h3>CONCIERTO 6<\/h3>\n<p>Lunes 8 de Noviembre a las 19 horas. Conservatorio &#8220;J.C.Arriaga&#8221; de Bilbao<\/p>\n<p><strong>Orquesta de c\u00e1mara de Zaragoza\/Grupo Enigma. Asier Puga<\/strong>, director<\/p>\n<p><strong>Entrada libre, aforo reducido.<br \/><\/strong><\/p>\n<h3>CONCIERTO 7<\/h3>\n<p>Lunes 15 de noviembre a las 19 horas. Conservatorio &#8220;J.C.Arriaga&#8221; de Bilbao.<\/p>\n<p><strong>Stratos Project. <\/strong>Naiara De La Puente (acorde\u00f3n) e Iv\u00e1n Casado (violonchelo)<\/p>\n<p><strong>Entrada libre, aforo reducido<\/strong><\/p>\n<h3>CONCIERTO 8<\/h3>\n<p>S\u00e1bado 20 de noviembre a las 19 horas. Museo Guggenheim Bilbao, avenida Abandoibarra 2.<\/p>\n<p><strong>Ensemble Kuraia.<\/strong><\/p>\n<p>Obras de Riisager, Luc, Mart\u00ednez, Chamizo, Costa<\/p>\n<p>En colaboraci\u00f3n con TopARTE y el Museo Guggenheim Bilbao<\/p>\n<p><strong>Entrada de pago\u00a0<\/strong><\/p>\n<h3>CONCIERTO 9<\/h3>\n<p>Lunes 17 de enero a las 19 horas.Conservatorio &#8220;J.C.Arriaga&#8221; de Bilbao<\/p>\n<p><strong>Sinkro Ensemble<\/strong>.<\/p>\n<p>Obras de Garc\u00eda de la Torre, Guti\u00e9rrez, Mart\u00ednez, Lauzurika.<\/p>\n<p><strong>Entrada libre, aforo reducido<\/strong><strong><br \/><\/strong><\/p>\n<h3>CONCIERTO 10<\/h3>\n<p>S\u00e1bado 19 de febrero a las 19 horas. Musikene- Centro Superior de M\u00fasica del Pa\u00eds Vasco. Europa plaza n\u00ba2, Donostia-S.Sebasti\u00e1n.<\/p>\n<p><strong>Ensemble Kuraia<\/strong><\/p>\n<p>En colaboraci\u00f3n con Musikene<\/p>\n<p><strong>Entrada libre, aforo reducido<\/strong><\/p>\n<h3><span style=\"text-align: justify;\">CONCIERTO 11<\/span><\/h3>\n<div style=\"text-align: justify;\">\n<p><span style=\"font-size: small;\">Mi\u00e9rcoles 16 de marzo a las 19 horas. Teatro. Arriaga de Bilbao.<\/span><\/p>\n<p><strong>&#8220;LABOA&#8221;<\/strong><\/p>\n<p><strong>Ensemble Kuraia, Elektrart y Maddi Oihenart<\/strong><\/p>\n<p>Obras de\u00a0 Laboa, Luc, Gernabarrena<\/p>\n<p>En colaboraci\u00f3n con Loraldia<\/p>\n<p><strong>Entrada de pago<\/strong><\/p>\n<h3>CONCIERTO 12<\/h3>\n<p>S\u00e1bado 26 de marzo a las 19 horas. Museo de S.Telmo, Donostia.<\/p>\n<p><strong>&#8220;Mitoen sinfonia&#8221;\u00a0<\/strong>de Francisco Escudero<\/p>\n<p>Sociedad Coral de Bilbao, Ensemble Kuraia, Andrea Cazzaniga (director)<\/p>\n<p>En colaboraci\u00f3n con Musikagileak<\/p>\n<p><strong>Entrada de pago<\/strong><\/p>\n<\/div>\n<p>&nbsp;<\/p>\n<hr \/>\n<p>&nbsp;<\/p>\n<h3><strong><span style=\"font-size: 16.848px;\">\u00a0ACTIVIDADES PARALELAS<\/span><\/strong><\/h3>\n<p><strong>1-Mindfulness para m\u00fasicos.<\/strong><\/p>\n<p>Taller a cargo de Elur Arrieta, percusionista y docente<\/p>\n<p>Conservatorio &#8220;J.C.Arriaga&#8221; de Bilbao<\/p>\n<p><strong>2-Master class de clarinete a cargo de Sergio Barranco\u00a0<\/strong><\/p>\n<p>Conservatorio &#8220;J.C.Arriaga&#8221; de Bilbao.<\/p>\n<p>&nbsp;<\/p>\n<p>[\/et_pb_tab][et_pb_tab title=&#8221;2020&#8243; _builder_version=&#8221;4.21.0&#8243; _module_preset=&#8221;default&#8221; global_colors_info=&#8221;{}&#8221;]<\/p>\n<h3>Estrenos realizados<\/h3>\n<p><strong>Mercedes Zavala: <\/strong>Wings &amp; peaks (Miniaturas de confinamiento, Facebook de Kuraia)<br \/>\n<strong>Eduardo Costa:<\/strong> Horizontes (Festival COMA&rsquo;20)<br \/>\n<strong>Carlos Mario Gonz&aacute;lez Portela<\/strong>: Trifariam (Festival COMA&rsquo;20)<br \/>\n<strong>&Aacute;ngela Gallego<\/strong>: Tanka (Festival COMA&rsquo;20)<br \/>\n<strong>Alejandro Moreno<\/strong>: Tres piezas (Festival COMA&rsquo;20)<br \/>\n<strong>Juan Pag&aacute;n:<\/strong> Capricho n&ordm; 4 (Festival COMA&rsquo;20)<br \/>\n<strong>David Azurza<\/strong>: Laika (27&ordm; Encuentro de M&uacute;sica Contempor&aacute;nea Kuraia)<\/p>\n<h3>Compositoras programadas<\/h3>\n<p>Mercedes Zavala, Mar&iacute;a Eugenia Luc, Zuri&ntilde;e F. Gerenabarrena, Sof&iacute;a Mart&iacute;nez, &Aacute;ngela Gallego.<\/p>\n<h3>Miniaturas de confinamiento<\/h3>\n<p>Las obras se grabaron, en pleno confinamiento domiciliario, entre mediados de abril y mediados de mayo de 2020. La grabaci&oacute;n se realiz&oacute; en los domicilios de los m&uacute;sicos con los medios disponibles (m&oacute;viles, c&aacute;maras y grabadora no profesionales).<br \/>\nNos pareci&oacute; apropiada la miniatura porque es un g&eacute;nero musical que bien refleja una vida reducida a lo esencial (como hemos sufrido en el confinamiento) y que fueran de compositoras porque, a lo largo de la historia, la mujer ha sido la protagonista de otros tipos de confinamientos.<br \/>\nSe han programado tres miniaturas de la compositora Mercedes Zavala y una pieza de Sof&iacute;a Mart&iacute;nez que nos hablan de jaulas, libertad y esperanza con un lenguaje sobrio e inmediato.<br \/>\nLas piezas se publicaron en el Facebook del Ensemble Kuraia, previa autorizaci&oacute;n de las compositoras.<br \/>\n<u><a href=\"https:\/\/www.facebook.com\/EnsembleKuraia\/videos\">https:\/\/www.facebook.com\/EnsembleKuraia\/videos<\/a><\/u><br \/>\n<strong>Programa<\/strong><br \/>\n<strong>Mercedes Zavala<\/strong>: Haiku 8 (nieve sobre nieve). Berta Fresco, piano.<br \/>\nMicrocages. Xabier Calzada (flauta) y Andrea Cazzaniga (viol&iacute;n)<br \/>\nWings &amp; peaks. Andrea Cazzaniga, viol&iacute;n<br \/>\n<strong>Sof&iacute;a Mart&iacute;nez<\/strong>: Meditaci&oacute;n azul. Andrea Cazzaniga, viol&iacute;n.<\/p>\n<h3>Gira por Espa&ntilde;a<\/h3>\n<p><strong style=\"text-decoration:underline;\">Actividades canceladas por la declaraci\u00f3n del estado de alarma y otras causas derivadas del covid-19. <\/strong><\/p>\n<ol>\n<li>\nConcierto del Ensemble Kuraia en el Festival de M&uacute;sica Contempor&aacute;nea de C&oacute;rdoba (28 de marzo de 2020).\n<\/li>\n<li>\nConcierto del Ensemble Kuraia y master class de composici&oacute;n de Mar&iacute;a Eugenia Luc\n<\/li>\n<li>\nen el ciclo de m&uacute;sica contempor&aacute;nea del Conservatorio Superior de Badajoz. (20 de abril de 2020).\n<\/li>\n<li>\nCurso de composici&oacute;n de Gabriele Manca en Musikene (8 y 9 de enero de 2021)\n<\/li>\n<li>\nConcierto del Ensemble Kuraia en Sevilla (15 de enero de 2021).\n<\/li>\n<li>\nConcierto del Ensemble Kuraia y curso de composici&oacute;n de Alessandro Melchiorre en el Conservatorio Superior de Pamplona (15 de marzo de 2021).\n<\/li>\n<\/ol>\n<p><u><strong>Actividades realizadas<\/strong><\/u><br \/>\n<strong>1- Conservatorio Superior de Navarra<\/strong><br \/>\nFecha: 27 de Enero<br \/>\nHora: a las 19<br \/>\nLugar: Sala Guelbenzu del Conservatorio Superior de Navarra. Pamplona<br \/>\n<strong>2-Ciclo &ldquo;Disidencias. La voces de la voz&rdquo;<\/strong><br \/>\nFecha: 11 de Febrero<br \/>\nHora: a las 19.<br \/>\nLugar: Auditorio de Centro Centro. Madrid<br \/>\n<strong>3- Festival COMA&rsquo;20<\/strong><br \/>\nFecha: 14 de Noviembre<br \/>\nHora: a las 19 h.<br \/>\nLugar: Sala Berlanga, Madrid<br \/>\n<strong>4- XI Jornadas de M&uacute;sica Contempor&aacute;nea Espa&ntilde;ola <\/strong><br \/>\nFecha: 15 de Noviembre<br \/>\nHora: concierto 4 a las 20 horas\/concierto 5 a las 21:15<br \/>\nLugar: Auditorio de Zaragoza<br \/>\n&nbsp;<br \/>\n<strong>PRENSA<\/strong><br \/>\n&nbsp;<br \/>\n<img decoding=\"async\" src=\"https:\/\/www.ensemblekuraia.es\/wp-content\/uploads\/2023\/08\/critica.png\"<\/img><br \/>\n&nbsp;<\/p>\n<h3>Actividades en el Pa&iacute;s Vasco<\/h3>\n<p><strong>27&ordm; Encuentro de M&uacute;sica Contempor&aacute;nea Kuraia <\/strong><br \/>\nCiclo de 14 conciertos realizados en Bilbao, S. Sebasti&aacute;n, Vitoria y Lazkao.<br \/>\nEn esta edici&oacute;n han participado (a parte el Ensemble Kuraia, organizador y grupo residente del ciclo) Neopercusi&oacute;n, la Gaudeamus Korala de Gernika, Jabi Alonso y Sinkro Ensemble de Vitoria, Tr&iacute;o Zukan, CMC Garaikideak de Pamplona, David Azurza, Orquesta de c&aacute;mara de Zaragoza, la saxofonista Bera Romairone (Suiza) y el flautista Mario Caroli (Italia).<br \/>\n<strong>27 de septiembre 2020: Concierto en la Sociedad Filarm&oacute;nica de Bilbao<\/strong><br \/>\n<strong>23 de octubre de 2020: Concierto en el Ciclo Bernaola de Vitoria<\/strong>[\/et_pb_tab][et_pb_tab title=&#8221;2019&#8243; _builder_version=&#8221;4.21.0&#8243; _module_preset=&#8221;default&#8221; global_colors_info=&#8221;{}&#8221;]<\/p>\n<h3>Estrenos realizados<\/h3>\n<p><strong>Alejandro de la Barrera:<\/strong> Complementos (Festival COMA\u201919)<br \/>\n<strong>Ignacio Fern\u00e1ndez:<\/strong> Akr\u00e1sia (Jornadas de m\u00fasica contempor\u00e1nea de Segovia)<br \/>\n<strong>Mikel Chamizo:<\/strong> Monotone de notre nuit (Jornadas de m\u00fasica contempor\u00e1nea de Segovia)<br \/>\n<strong>Juan De Dios Garc\u00eda Aguilera:<\/strong> A vista de p\u00e1jaro (Jornadas de m\u00fasica contempor\u00e1nea de Segovia)- estreno de encargo Kuraia\/INAEM<br \/>\n<strong>Jagoba Astiazaran:<\/strong> Eate. Ciclo Fundaci\u00f3n BBVA de Bilbao<br \/>\n<strong>Irati Alonso:<\/strong> Bedatse. Festival Musikaste de Renter\u00eda<br \/>\n<strong>Ra\u00fal S\u00faarez:<\/strong> Birds in the night. Festival Musikaste de Renter\u00eda<br \/>\n<strong>Paloma Virseda:<\/strong> Grave. Festival Musikaste de Renter\u00eda<br \/>\n<strong>Alejandro Gwynn:<\/strong> Raijin\u2019s Loss. Festival Musikaste de Renter\u00eda<\/p>\n<h3>Compositoras programadas<\/h3>\n<p>Liza Lim, Mar\u00eda Eugenia Luc, Irati Alonso, Paloma V\u00edrseda, Zuri\u00f1e F. Gerenabarrena, Mariaceleste De Rosa, Lilia Aurora Carrillo Madrigal.<\/p>\n<h3>Conciertos internacionales<\/h3>\n<p><strong>Gira a Italia<\/strong><br \/>\n<strong>\u201cLABIRINTI SONORI\u201d VI\u00aa Edici\u00f3n<\/strong><br \/>\n<strong>D\u00eda 7 y 9 de Diciembre<\/strong><br \/>\nLugar: Parma, Conservatorio \u201cA. Boito\u201d, auditorio<br \/>\n<strong>D\u00eda 10 de Diciembre<\/strong><br \/>\nLugar: Mil\u00e1n, Conservatorio \u201cG.Verdi\u201d, Sala Puccini<br \/>\nObras de compositores espa\u00f1oles e internacionales<\/p>\n<h3>Gira por Espa\u00f1a<\/h3>\n<p><strong>1-Ciclo Perturbaciones Peri\u00f3dicas<\/strong><br \/>\nFecha: 20 de Abril<br \/>\nHora: a las 20,30<br \/>\nLugar: Auditorio  del centro cultural Conde Duque<\/p>\n<p><strong>2-Festival COMA\u201919<\/strong><br \/>\nFecha:  29 de Septiembre<br \/>\nHora: a las 12.<br \/>\nLugar: Teatros del Canal, sala verde. Madrid<\/p>\n<p><strong>3-Jornadas de M\u00fasica Contempor\u00e1nea de Segovia <\/strong><br \/>\nFecha: 3 de Noviembre<br \/>\nHora: concierto 3 a las 19\/concierto 4 a las 20.30<br \/>\nLugar:La C\u00e1rcel- Segovia centro de creaci\u00f3n<\/p>\n<p><strong>4-X Jornadas de M\u00fasica Contempor\u00e1nea Espa\u00f1ola<\/strong><br \/>\nFecha: 17 de Noviembre<br \/>\nHora: concierto 5 a las 20 horas\/concierto 6 a las 21:15<br \/>\nLugar: Auditorio de Zaragoza<\/p>\n<p><strong>5-Encuentros Sonoros de Sevilla.<\/strong><br \/>\nFecha: 29 de Noviembre<br \/>\nHora: a las 20,30 horas.<br \/>\nLugar: Sala Joaqu\u00edn Turina (Centro Cultural Cajasol)  <\/p>\n<h3>Actividades en el Pa\u00eds Vasco<\/h3>\n<p><strong>Concierto en la Fundaci\u00f3n BBVA de Bilbao,<\/strong><br \/>\nFecha: 30 de Abril<strong><br \/>\nHora: a las 19 horas.<br \/>\nObras de Lim, Astiazaran, Haas, Kagel, Fern\u00e1ndez Guerra, Daugherty.<\/p>\n<p><strong>Concierto en el Festival Musikaste de Renter\u00eda<\/strong><br \/>\nFecha:  17 de Mayo<br \/>\nHora: a las 20 horas.<br \/>\nObras de Alonso, Iturregi, Suarez, V\u00edrseda, Gwynn, Astiazaran<\/p>\n<p><strong>Organizaci\u00f3n del 26\u00ba Encuentro de M\u00fasica Contempor\u00e1nea Kuraia en Bilbao,<\/strong> desde el 7 de Octubre de 2019 hasta el 3 de Febrero de 2020. Conciertos, master clases y otros eventos dedicados a la m\u00fasica contempor\u00e1nea.<br \/>\nArtistas invitados: Mario Caroli, Doina Rotaru, OCAZ\/Enigma, Taller Sonoro, Nuevo ensemble de Segovia, David Azurza[\/et_pb_tab][et_pb_tab title=&#8221;2018&#8243; _builder_version=&#8221;4.21.0&#8243; _module_preset=&#8221;default&#8221; global_colors_info=&#8221;{}&#8221;]<\/p>\n<h3>Estrenos realizados<\/h3>\n<p><strong>Mari Luz Ortiz:<\/strong> Susurros de una noche tr\u00e9mula<br \/>\n<strong>Tom\u00e1s Boh\u00f3rquez:<\/strong> Del Atlas a la B\u00e9tica &#8211; diario de un migrante (el gran salto<br \/>\n<strong>Sergio Blardony:<\/strong> Un soplo que vac\u00eda el pecho (2018)- 11&#8242; (sobre textos de Pilar Mart\u00edn Gila). Estreno de encargo<\/p>\n<p>Los estrenos se han realizados en el marco del Festival COMA\u201918 organizado por la Asociaci\u00f3n Madrile\u00f1a de Compositores.<\/p>\n<h3>Compositoras programadas<\/h3>\n<p>Zulema de la Cruz, Sonia Megias, Mar\u00eda Luz Ortiz, Zuri\u00f1e F. Guerenabarrena,  Mar\u00eda Eugenia Luc<\/p>\n<h3>CONCIERTOS INTERNACIONALES<\/h3>\n<p>17 de Noviembre: Ciclo Sound Around.  Sala Espace K, Strasbourg (Francia)<br \/>\nObras de Erkoreka, Eslava, Chamizo, Otaolea, Luc, Lazkano, Guerenabarrena.<\/p>\n<h3>GIRA POR ESPA\u00d1A<\/h3>\n<p><strong>XXI Festival de M\u00fasica Contempor\u00e1nea de C\u00f3rdoba<\/strong><br \/>\nFecha: 17 de Marzo<br \/>\nHora: a las 20,00<br \/>\nLugar: Auditorio del Conservatorio Superior \u201cR.Orozco\u201d de C\u00f3rdoba<br \/>\nObras de Kagel, Luc, Grela, Chamizo, Daugherty<\/p>\n<p><strong>Festival COMA\u201918, organizado por la Asociaci\u00f3n Madrile\u00f1a de Compositores (AMCC), en Madrid.<\/strong><br \/>\nFecha: 16 de Septiembre<br \/>\nHora: a las 12.<br \/>\nLugar: Teatros del Canal, sala verde. Madrid<br \/>\nObras de Ortiz, Mateos, Bohorquez, Blardony, Solana y De La Cruz<\/p>\n<p><strong>Festival NAK de Pamplona<\/strong><br \/>\n Fecha: 22 de Septiembre<br \/>\nHora: a las 20<br \/>\nLugar: Teatro Baluarte, Pamplona<br \/>\nObras de Megias, Blardony Luc<\/p>\n<p><strong>Festival After Cage V<\/strong><br \/>\nFecha: 9 de Octubre<br \/>\nHora: a las 20<br \/>\nLugar: Teatro Gayarre, Pamplona<br \/>\nObras de Eslava, Gerenabarrena, Luc, Lazkano<\/p>\n<p><strong>Festival de Ensembles-IX Jornadas de M\u00fasica Contempor\u00e1nea Espa\u00f1ola. Zaragoza (Dos conciertos).<\/strong><br \/>\nFecha: 22 de Noviembre<br \/>\nHora: a las 20 horas.<br \/>\nLugar: Auditorio de Zaragoza<br \/>\nObras de Luc, Ortiz, Mateos (Concierto 1) y Messiaen (concierto 2)<\/p>\n<h3>ACTIVIDADES EN EL PA\u00cdS VASCO<\/h3>\n<p><strong>Concierto en Auditorio de la  Casa de Cultura de Zaratamo<\/strong><br \/>\nFecha: 10 de Noviembre<br \/>\nHora: a las 19 horas.<br \/>\nObras de Mozart, Strauss, Lanner y Laboa<\/p>\n<p><strong>Festival Kuraia, 25\u00ba Encuentro de m\u00fasica contempor\u00e1nea<\/strong><br \/>\nDesde el 8 de Octubre hasta el 20 de Noviembre. Cinco conciertos, dos master clases, dos conferencias y una instalaci\u00f3n. Realizado en el Conservatorio \u201cJ.C.Arriaga\u201d de Bilbao y Musikene de S. Sebasti\u00e1n.<br \/>\nGrupo residente: Ensemble Kuraia<br \/>\nGrupos y artistas invitados: OCAZ\/Grupo Enigma, Ensemble du Bout du Monde, Tr\u00edo Zukan, Guillermo Pastrasna, Mikel Arce, Josu Rekalde[\/et_pb_tab][et_pb_tab title=&#8221;2017&#8243; _builder_version=&#8221;4.21.0&#8243; _module_preset=&#8221;default&#8221; global_colors_info=&#8221;{}&#8221;]<\/p>\n<h3>Estrenos realizados<\/h3>\n<ol>\n<li>Eduardo Costa:\u00a0\u00a1Kuraia!<\/li>\n<li>Marisa Manchado: El rayo que no cesa<\/li>\n<li>Hermes Luaces:\u00a0Mil Auroras Florecen sobre tus Manos<\/li>\n<li>Jorge M\u00aa Gonz\u00e1lez: 4 pinturas de Tomory Dodge<\/li>\n<li>Pablo Moras: Un jard\u00edn que se aleja<\/li>\n<li>Daniel Apodaka: Riflessi sul ghiaccio<\/li>\n<li>In\u00e9s Badalo: Estelas transl\u00facidas<\/li>\n<li>Alonso Monreal: Greenlight<\/li>\n<li>Brais Novoa: Las diferencias repetidas<\/li>\n<li>Luis F. Ba\u00f1uelos: Il tempo<\/li>\n<li>Jos\u00e9 \u00c1ngel Babiano: Impromptu blu<\/li>\n<li>Diego P. Amigo:Meditaciones metaf\u00edsicas en torno a la tortilla espa\u00f1ola<\/li>\n<li>Paloma Virseda: Sbozzi II<\/li>\n<li>Jos\u00e9 Ram\u00f3n Garc\u00eda: \u00c9xodo<\/li>\n<li>Mikel Chamizo: Burrunba<\/li>\n<\/ol>\n<p>Los estrenos se realizaron en el marco del Festival Musikaste de Renter\u00eda, Festival COMA\u201917 de Madrid, concierto realizado en Mons (B\u00e9lgica) y Final de los Premios de J\u00f3venes Compositores Fundaci\u00f3n SGAE-CNDM. Los estrenos de Apodaka, Moras badalo y Monreal han sido grabado por RNE y editados en CD.<\/p>\n<h3>CONCIERTOS INTERNACIONALES<\/h3>\n<p>18 de Octubre: temporada Mons arts de la sc\u00e8ne. Sala Arsonic de Mons (B\u00e9lgica).<\/p>\n<p>Obras de Erkoreka, Eslava, Chamizo, Otaolea, Luc, Lazkano, Guerenabarrena.<\/p>\n<h3>GIRA POR ESPA\u00d1A<\/h3>\n<p><strong>18 de Abril<\/strong><\/p>\n<p>Ciclo: \u201cLos l\u00edmites de la identidad\u201d.<\/p>\n<p>Hora: a las 19,30<\/p>\n<p>Lugar:Centro Centro Cibeles, Madrid<\/p>\n<p>Obras de Manziarly, Bofill Levi, Mart\u00ednez, Luc<\/p>\n<p><strong>13 de Mayo<\/strong><\/p>\n<p>13\u00aa Mostra sonora de Sueca, Comunidad valenciana<\/p>\n<p>Hora: a las 20,45<\/p>\n<p>Lugar: Centro Municipal \u201cBernat i Baldov\u00ed\u201d<\/p>\n<p>Obras de manziarly, Maresz, Luc, Erkoreka, Fern\u00e1ndez Guerra<\/p>\n<p><strong>17 de Septiembre<\/strong><\/p>\n<p>Festival COMA\u201917, Madrid<\/p>\n<p>Hora: a las 12<\/p>\n<p>Lugar: Teatros del Canal, sala verde<\/p>\n<p>Obras de L\u00f3pez de Rego, Gonz\u00e1lez, Manchado, Luaces, Costa<\/p>\n<p><strong>19 y 20 de Noviembre<\/strong><\/p>\n<p>Premio J\u00f3venes compositores 2017 Fundaci\u00f3n SGAE-CNDM, Madrid.<\/p>\n<p>Lugar: Auditorio 400 MNCARS<\/p>\n<p>Obras de Apodaka, Moras, Badalo, Monreal<\/p>\n<p>Ensayos con los compositores, audici\u00f3n a puertas cerradas con el jurado del concurso y concierto p\u00fablico de obras finalistas.<\/p>\n<p><strong>3 de Diciembre<\/strong><\/p>\n<p>8\u00ba Festival de Ensembles, NJU S\u00e9ries, Valencia<\/p>\n<p>Hora: a las 19<\/p>\n<p>Lugar: Palau de la M\u00fasica, sala Rodrigo<\/p>\n<p>Concierto 1: obras de Erkoreka, Lazkano, Luc, Chamizo<\/p>\n<p>Concierto2: obras Eslava, Manchado, L\u00f3pez de Rego y Costa<\/p>\n<h3>ACTIVIDADES EN EL PA\u00cdS VASCO<\/h3>\n<p><strong>14 de Febrero, <\/strong> Ciclo de la Fundaci\u00f3n BBVA en Bilbao. Obras de Garc\u00eda Aguilera, Otaolea, Garc\u00eda, Gourzi, Grisey y Torres Maldonados.<\/p>\n<p><strong>Desde el 4 de febrero hasta el 29 de Abril<\/strong>: taller de m\u00fasica contempor\u00e1nea para los alumnos del conservatorio \u201cJ.C.Arriaga\u201d<\/p>\n<p><strong>19 de Mayo:<\/strong> Festival Musikaste en Renter\u00eda (Guip\u00fazcoa)<\/p>\n<p><strong>Desde el 4 de Noviembre hasta el 17 de Diciembre<\/strong>: Festival Kuraia 2017. Auditorio del Conservatorio \u201cJ.C.Arriaga\u201d de Bilbao y auditorio de Musikene (Donostia): 5 conciertos y 3 clases magistrales.<\/p>\n<p>\u00a0 <\/p>\n<h2>\u00a0&#8220;24\u00ba Encuentro de M\u00fasica Contempor\u00e1nea&#8221;<\/h2>\n<p>&nbsp;<\/p>\n<h3>1. Concierto- espect\u00e1culo: Huellas digitales sobre r\u00edos lejanos (estreno mundial)<\/h3>\n<p>A cargo del d\u00fao Oscar Edelstein (piano) y Deborah Claire Procter<br \/>Fecha: 6 de Noviembre<br \/>Hora: a las 19,30<br \/>Lugar: MUSIKENE -Centro Superior de M\u00fasica del Pa\u00eds Vasco (Plaza Europa 2, Donostia)<\/p>\n<h3>2.\u00a0Concierto del Ensemble Kuraia. Andrea Cazzaniga, director<\/h3>\n<p>Obras de Dante Grela, Sergio Santi, Juan Jos\u00e9 Eslava, Mikel Chamizo<br \/>Fecha: 13 de Noviembre<br \/>Hora:\u00a0a las 19<br \/>Lugar:\u00a0Auditorio del Conservatorio &#8220;J.C.Arriaga&#8221; de Bilbao (Plaza Ibarrekolanda 1, Bilbao)<\/p>\n<h3>3. &#8220;SYNCHRESIS&#8221;. Instalaci\u00f3n audiovisual comisariada por Stefano Scarani y Julia Chiner<\/h3>\n<p>Proyecciones de obras de autores internacionales<br \/>Fecha:\u00a0desde el 7 hasta el14 de Noviembre<br \/>Lugar:\u00a0Aula de \u00f3rgano de\u00a0MUSIKENE &#8211; Centro Superior de M\u00fasica del Pa\u00eds Vasco (Plaza Europa 2, Donostia)<\/p>\n<h3>4. Estreno mundial de \u201cApokalypsis, s\u00edmbolo de una revelaci\u00f3n\u201d, \u00f3pera multimedia<\/h3>\n<p>M\u00fasica de Mar\u00eda Eugenia Luc<br \/>Libretto de Juan Kruz Igerabide y Mar\u00eda Eugenia Luc<br \/>Direcci\u00f3n esc\u00e9nica de Josu Rekalde<br \/>V\u00eddeos de Josu Rekalde, Juan Crego y Pietro Cazzaniga<br \/>Direcci\u00f3n de coro: Enrique Azurza<br \/>Direcci\u00f3n Musical Andrea Cazzaniga<br \/>Grupo vocal KEA y\u00a0Ensemble Kuraia<br \/>Fecha:\u00a027 de Noviembre<br \/>Hora:\u00a0a las 19<br \/>Lugar:\u00a0Auditorio del Conservatorio &#8220;J.C.Arriaga&#8221; de Bilbao (Plaza Ibarrekolanda 1, Bilbao)<\/p>\n<h3>5.Concierto del Grup Instrumental de Valencia. Joan Cerver\u00f3, director<\/h3>\n<p>ALLA RICERCA DISPERATA DEL SOLE<br \/>Obras de N\u00fa\u00f1ez, Blardony, \u00c1vila, Escudero, Murillo, Garc\u00eda-Tom\u00e1s, Soutullo<br \/>M\u00fasica, electr\u00f3nica, imagen: direcciones de la m\u00fasica espa\u00f1ola actual<br \/>Fecha:\u00a01 de Diciembre<br \/>Hora:\u00a0a las 19<br \/>Lugar:\u00a0Auditorio del Conservatorio &#8220;J.C.Arriaga&#8221; de Bilbao (Plaza Ibarrekolanda 1, Bilbao)<\/p>\n<h3>6.Concierto del Cuarteto UNTREF (Buenos Aires, Argentina)<\/h3>\n<p>Obras de Grela, Lazkano, Ajubita y Lachenmann<br \/>Hora:\u00a0a las 19<br \/>Fecha:\u00a016 de Diciembre<br \/>Lugar:\u00a0Auditorio del Museo Guggenheim de Bilbao<\/p>\n<p>&nbsp;<\/p>\n<h2>ACTIVIDADES DID\u00c1CTICAS: &#8220;Jornadas de m\u00fasica contempor\u00e1nea&#8221;<\/h2>\n<h3>Fecha: 4 de de Noviembre<\/h3>\n<p>MASTERCLASS del compositor, investigador y docente Oscar Edelstein (Universidad de Buenos Aires, Argentina)<br \/>&#8220;El teatro ac\u00fastico\u201d<br \/>Lugar: MUSIKENE -Centro Superior de M\u00fasica del Pa\u00eds Vasco (Plaza Europa 2, Donostia)<br \/>Hora: ma\u00f1ana de 10 a 14. Tarde de 16 a 20.<\/p>\n<h3>Fecha: 11 de Noviembre<\/h3>\n<p>MASTERCLASS del compositor y docente Dante Grela (Universidad Nacional de Rosario, Argentina)<br \/>\u201cLa hibridaci\u00f3n de lenguajes en mi trabajo compositivo: conceptos y procedimientos\u201d<br \/>Lugar: MUSIKENE -Centro Superior de M\u00fasica del Pa\u00eds Vasco (Plaza Europa 2, Donostia)<br \/>Hora: ma\u00f1ana de 10 a 14. Tarde de 16 a 20.<\/p>\n<h3>Fecha: 17 de Diciembre<\/h3>\n<p>Masterclass del cuarteto UNTREF<br \/>&#8220;Introducci\u00f3n a las t\u00e9cnicas extendidas para los instrumentos de cuerdas&#8221;<br \/>Lugar: Conservatorio &#8220;J.C.Arriaga&#8221; de Bilbao (Plaza Ibarrekolanda 1, Bilbao)<br \/>Hora: de 10 a 14<\/p>\n<p>[\/et_pb_tab][et_pb_tab title=&#8221;2016&#8243; _builder_version=&#8221;4.21.0&#8243; _module_preset=&#8221;default&#8221; global_colors_info=&#8221;{}&#8221;]<\/p>\n<h3>Estrenos realizados<\/h3>\n<p><strong>1. &Aacute;ngela Gallego<\/strong>: Tres im&aacute;genes del mundo flotante: Hokusai<br \/>\nRama de ciruelo 8&rsquo;-Viol&iacute;n y violonchelo.<br \/>\n<strong>2. Voro Garc&iacute;a:<\/strong> Jard&iacute;n de sue&ntilde;os (delicias y tentaciones)- 10&rsquo; (2016, ayuda de encargo vinculado a estreno del INAEM)<br \/>\nEstrenos grabados por RNE-Radio Cl&aacute;sica.<\/p>\n<h3>Actividades realizadas<\/h3>\n<p><strong>6 de Diciembre<\/strong><br \/>\n37&ordm; Festival Encontre de Compositors de Mallorca, Inca, Mallorca<br \/>\nHora: a las 20 h.<br \/>\nLugar: Auditorio del Conservatorio Superior de Baleares<br \/>\nObras de Mart&iacute;nez Burgos, Carro, Luc, Garc&iacute;a, Gerenabarrena, Fern&aacute;ndez Guerra<br \/>\n<strong>Desde el 11 hasta el 23 de Noviembre<\/strong><br \/>\nFestival Kuraia 2016.Seis conciertos y dos talleres con la participaci&oacute;n del Ensemble Alter Face, Grup instrumental de Valencia, Die Ordnung der Ding, Grupo Vocal Kea, Ensemble des arts, Ensemble Kuraia<br \/>\n<strong>14 de Noviembre<\/strong><br \/>\nTaller para los alumnos de composici&oacute;n de Musikene, Centro Superior de M&uacute;sica del Pa&iacute;s Vasco.<br \/>\n<strong>5 de Noviembre <\/strong><br \/>\nFestival M&uacute;siques de Nova Creaci&oacute;, Valencia<br \/>\nHora: a las 20 h.<br \/>\nLugar: IVAM; Instituto Valenciano de Arte Moderno<br \/>\nObras de Mart&iacute;nez Burgos, Carro, Luc, Garc&iacute;a, Gerenabarrena, Fern&aacute;ndez Guerra<br \/>\n<strong>22 de Octubre<\/strong><br \/>\nXVI&ordm; Festival de Tres Cantos (Madrid)<br \/>\nHora: a las 20h.<br \/>\nLugar: Casa de cultura de Tres Cantos<br \/>\nObras de Gallego. Erkoreka, Carro, Luc, Garc&iacute;a, Fern&aacute;ndez Guerra<br \/>\n<strong>21 de octubre <\/strong><br \/>\nFestival COMA&rsquo;16<br \/>\nHora:a las 19.<br \/>\nLugar: auditorio del Centro Cibeles, Madrid<br \/>\nObras de Grundman, Carro, Meg&iacute;as, Gallego, Mart&iacute;nez Burgos<br \/>\n<strong>29 de Junio<\/strong><br \/>\nXXXVIII FESTIVAL INTERNACIONAL DE M&Uacute;SICA CONTEMPOR&Aacute;NEA ENSEMS<br \/>\nHora: a las 20,00<br \/>\nLugar:Valencia, Palau de la M&uacute;sica<br \/>\nObras de Luc, Urquiza, Erkoreka, Del Puerto, Daugherty, Fern&aacute;ndez Guerra<br \/>\n<strong>7 de Junio<\/strong>, Ciclo de la Fundaci&oacute;n BBVA en Bilbao.<br \/>\nObras de Estrada, Erkoreka, Urquiza, Urrutia, Gerenabarrena, Lazkano, Luc<br \/>\n&nbsp;<br \/>\n&nbsp;<br \/>\n&nbsp;<br \/>\n&nbsp;<\/p>\n<h2>23\u00ba Encuentro de M\u00fasica Contempor\u00e1nea<\/h2>\n<p>&nbsp;<\/p>\n<h3>Concierto: \u00ab<em>\u00a0String Piano\u00a0<\/em>\u00bb ensemble <strong>Alter Face<\/strong> (Baleares)<\/h3>\n<p>Viernes 11 de Noviembre A las 18,30<br \/>Auditorio del conservatorio \u201cJ.C. Arriaga\u201d de Bilbao\u00a0<\/p>\n<h3>Conferencia y taller de Tomeu Moll (pianista)<\/h3>\n<p>S\u00e1bado 12 de Noviembre<br \/>De 10 a 14 h.<br \/>Conservatorio \u201cJ.C. Arriaga\u201d de Bilbao\u00a0<\/p>\n<h3>Concierto: <strong>Ensemble Kuraia<\/strong> (Vizcaya)<\/h3>\n<p>S\u00e1bado 12 de Noviembre<br \/>A las 19<br \/>Casa de Cultura de Zaratamo\u00a0<\/p>\n<h3>Concierto: <strong>Ensemble d\u2019arts <\/strong>(Valencia)<\/h3>\n<p>Domingo 13 de Noviembre<br \/>A las 19<br \/>Auditorio del Museo Guggenheim\u00a0<\/p>\n<h3>Concierto: \u00a0Grup Instrumental de Valencia<\/h3>\n<p>Lunes 14 de Noviembre<br \/>A las 19<br \/>Auditorio del conservatorio \u201cJ.C. Arriaga\u201d de Bilbao\u00a0<\/p>\n<h3>Concierto:\u201c<em>If you know what I mean\u201d <\/em><strong>Die Ordnung der Dinge<\/strong> (Berl\u00edn, Alemania)<\/h3>\n<p>Jueves 17 de Noviembre<br \/>A las 19<br \/>Auditorio del Museo Guggenheim\u00a0<\/p>\n<h3>Taller del Ensemble Kuraia<\/h3>\n<p>18 y 19 de Noviembre<br \/>De 10 a 13 h. y de 16 a 21 h.<br \/>Musikene. S. Sebasti\u00e1n\u00a0<\/p>\n<h3>Concierto: <strong>Grupo Vocal Kea<\/strong><\/h3>\n<p>Mi\u00e9rcoles 23 de Noviembre<br \/>A las 19 h.\u00a0<\/p>\n<p>Auditorio del conservatorio \u201cJ.C. Arriaga\u201d de Bilbao<\/p>\n<p>[\/et_pb_tab][et_pb_tab title=&#8221;2015&#8243; _builder_version=&#8221;4.21.0&#8243; _module_preset=&#8221;default&#8221; global_colors_info=&#8221;{}&#8221;]<\/p>\n<h3>Estrenos realizados<\/h3>\n<ol>\n<li><strong>Jorge Fern\u00e1ndez Guerra: <\/strong>P\u00e1nico en Wall Street (encargo vinculado a estreno INAEM)<\/li>\n<li><strong>David Del Puerto<\/strong>: Espejo<\/li>\n<li><strong>Michael Daugherty<\/strong>: Sinatra Shag (estreno en Espa\u00f1a)<\/li>\n<li><strong>C\u00c9SAR ALIAJ<\/strong>: Le vent d\u2019automne souffl\u00e9\u00a0<\/li>\n<li><strong>Isabel Urrutia: <\/strong>Lili batzuk<\/li>\n<li><strong>Mikel Urquiza:<\/strong> Isiltzen Denak<\/li>\n<li><strong>I\u00f1aki Estrada:<\/strong> Laboa<\/li>\n<li><strong>Juan De Dios Garc\u00eda Aguilera: <\/strong>formas y figuras<\/li>\n<\/ol>\n<h3>Actividades realizadas<\/h3>\n<p><strong>Edici\u00f3n del CD \u201cDe aire y luz\u201d monogr\u00e1fico de Mar\u00eda Eugenia Luc. Presentaci\u00f3n p\u00fablica efectuada el 13 de Noviembre 2015 en Madrid (C\u00edrculo de BBAA y la quinta de Mahler).<\/strong><\/p>\n<p><strong>Mel\u00f3mano de oro (febrero 2016), cr\u00edticas en las revistas Mel\u00f3mano, Ritmo y Operaworld.<\/strong><\/p>\n<p><img decoding=\"async\" src=\"https:\/\/www.ensemblekuraia.es\/wp-content\/uploads\/2023\/08\/2015.jpg\" alt=\"\" \/><\/p>\n<p><strong>10-11 de diciembre<\/strong><\/p>\n<p>Barcelona. Conservatorio Superior del Liceu.<\/p>\n<p>Taller para compositores.<\/p>\n<p>Conferencia de Mar\u00eda Eugenia Luc<\/p>\n<p>Concierto del Ensemble Kuraia. Obras de Fern\u00e1ndez Guerra, Kagel, Luc<\/p>\n<p><strong>5-8 de diciembre<\/strong><\/p>\n<p>Berl\u00edn. Klangzeitort (UdK- HfM Hanns Eisler)<\/p>\n<p>Taller para compositores<\/p>\n<p>Conferencias de Gabriel Erkoreka y Mar\u00eda Eugenia Luc<\/p>\n<p>Concierto del Ensemble Kuraia. Obras de Erkoreka, Hosokawa, Kagel, Luc<\/p>\n<p><strong>27 de noviembre a las 20 h.<\/strong><\/p>\n<p>C\u00f3rdoba. Auditorio del Conservatorio Superior &#8220;R.Orozco&#8221;. Ciclo de Oto\u00f1o.<\/p>\n<p>Ensemble Kuraia. Andrea Cazzaniga (director)<\/p>\n<p>Concierto. Obras de Erkoreka, Fern\u00e1ndez Guerra, Hosokawa, Kagel, Luc\u00a0<\/p>\n<p><strong>16 de noviembre a las 19h.<\/strong><\/p>\n<p>Bilbao. Auditorio del Conservatorio &#8220;J.C.Arriaga&#8221;. Festival Kuraia<\/p>\n<p>Ensemble Kuraia. Andrea Cazzaniga (director)<\/p>\n<p>Obras de De Dios, Urquiza, Urrutia<\/p>\n<p><strong>14 de noviembre a las 12 h.<\/strong><\/p>\n<p>Santander. Auditorio del Conservatorio &#8220;Jesus De Monasterio&#8221;.<\/p>\n<p>Concierto did\u00e1ctico. &#8220;Rag, Pop y Vanguardia&#8221;. Obras de Kagel, Luc, Fern\u00e1ndez Guerra<\/p>\n<p><strong>14 de octubre, a las 20 h.<\/strong><\/p>\n<p>San Sebasti\u00e1n. Sala Club del Teatro Victoria Eugenia. VI\u00ba Ciclo Musikagileak<\/p>\n<p>Ensemble Kuraia. Andrea Cazzaniga (director)<\/p>\n<p>Concierto. Obras de\u00a0Erkoreka,\u00a0Estrada, Lazkano, Luc, Urquiza, Urrutia\u00a0<\/p>\n<p><strong>27 de septiembre, a las 12h.<\/strong><\/p>\n<p>Madrid. Teatros del Canal. Festival COMA&#8217;15.\u00a0<\/p>\n<p>Ensemble Kuraia. Andrea Cazzaniga (director)<\/p>\n<p>Concierto. Obras de\u00a0Aliaj, Angulo, Duran Loriga, Nu\u00f1ez, Ruiz\u00a0<\/p>\n<p><strong>10 de mayo a las 19h.<\/strong><\/p>\n<p>Getxo. Festival Mujeres en la M\u00fasica.<\/p>\n<p>Ensemble Kuraia. Pedro Vela (flauta), Eugenio Tobalina (guitarra)<\/p>\n<p>Concierto. Obras de Izarra, Zavala, Diez, Luc, Manchado, Piazzolla<\/p>\n<p><strong>29 de abril a las 19,30 h.<\/strong><\/p>\n<p>Madrid. Fundaci\u00f3n Juan March.<\/p>\n<p>Ensemble Kuraia. Eugenio Tobalina (guitarra solista), Andrea Cazzaniga (director)<\/p>\n<p>Concierto. Obras de Erkoreka, Luc, Del Puerto, Fern\u00e1ndez, Daugherty<\/p>\n<p><strong>21 de febrero a las 20 h.<\/strong><\/p>\n<p>C\u00f3rdoba. XVIII Festival de M\u00fasica Contempor\u00e1nea.<\/p>\n<p>Ensemble Kuraia. Andrea Cazzaniga (director)<\/p>\n<p>Concierto. Obras de Hosokawa, Luc, Lazkano, Casablancas<\/p>\n<p><strong>17 de febrero a las 20 h.<\/strong><\/p>\n<p>Bilbao. V\u00ba Ciclo de M\u00fasica Contempor\u00e1nea Fundaci\u00f3n BBVA.<\/p>\n<p>Ensemble Kuraia. Andrea Cazzaniga (director)<\/p>\n<p>Concierto. Obras de Hosokawa, Mendoza, Luc, Casablancas<\/p>\n<p>\u00a0<\/p>\n<p>\u00a0<\/p>\n<h2>22\u00ba Encuentro de M\u00fasica Contempor\u00e1nea<\/h2>\n<p>&nbsp;<\/p>\n<h3>1. &#8220;Der Kaiser von Atlantis&#8221; de Victor Ullmann. Proyecci\u00f3n de la \u00f3pera.<\/h3>\n<p>Lugar: Auditorio del Conservatorio de Bilbao<\/p>\n<p>Fecha: 9 de Noviembre<\/p>\n<p>Hora: a las 19<\/p>\n<h3>2. &#8220;Resonancias: el piano del siglo XX&#8221;. Recital de F\u00e9lix Ardanaz.<\/h3>\n<p>Obras: de Ravel, Debussy, Cage, Crumb, Erkoreka<\/p>\n<p>Lugar: auditorio del Museo Guggenheim Bilbao<\/p>\n<p>Fecha : 11 de Noviembre<\/p>\n<p>Hora: a las 19<\/p>\n<h3>3. &#8220;De C\u00f3rdoba a Bilbao&#8221;. Concierto del Ensemble Kuraia.<\/h3>\n<p>Compositor invitado: Juan De Dios Garc\u00eda Aguilera (Director del Conservatorio Superior &#8220;R.Orozco&#8221; de C\u00f3rdoba)<\/p>\n<p>Obras de Garc\u00eda Aguilera, Urrutia, Urquiza, Fern\u00e1ndez Guerra<\/p>\n<p>Lugar: Auditorio del Conservatorio &#8220;J.C.Arriaga&#8221; de Bilbao<\/p>\n<p>Fecha: 16 de Noviembre<\/p>\n<h3>4. Clase magistral para j\u00f3venes clarinetistas impartida por Sergio Barranco (docente de Musikene)<\/h3>\n<p>Lugar: Conservatorio &#8220;J.C.Arriaga&#8221; de Bilbao<\/p>\n<p>Fecha: 13 y 14 de Diciembre<\/p>\n<h3>5. Concierto de la Sinfonietta de Musikene. Jos\u00e9 Luis Estell\u00e9s, director<\/h3>\n<p>Solistas: Elisa D\u00edaz (mezzosoprano) y Mar\u00eda Zubimendi (acorde\u00f3n)<\/p>\n<p>Obras de Torres y Falla<\/p>\n<p>Lugar: auditorio del Conservatorio &#8220;J.C.Arriaga&#8221; de Bilbao<\/p>\n<p>Fecha:19 de Diciembre<\/p>\n<p>Hora: a las 19<\/p>\n<h3>OTRAS ACTIVIDADES<\/h3>\n<h3>&#8220;Homenaje a Mikel Laboa&#8221;<\/h3>\n<p>Estrenos de obras dedicada e inspiradas al legado del cantautor<\/p>\n<p>programa: obras de Estrada, Urrutia, Luc, Lazkano, Urquiza, Erkoreka y Laboa<\/p>\n<p>Lugar: Teatro Victoria Eugenia, Sala Club<\/p>\n<p>Fecha: 14 de Octubre<\/p>\n<p>Hora: a las 20<\/p>\n<p>Coproducci\u00f3n con Mikel Laboa Katedra y Musikagileak<\/p>\n<p>[\/et_pb_tab][et_pb_tab title=&#8221;2014&#8243; _builder_version=&#8221;4.21.0&#8243; _module_preset=&#8221;default&#8221; global_colors_info=&#8221;{}&#8221;]<\/p>\n<h3>Estrenos realizados<\/h3>\n<p><strong>Mario Carro<\/strong>(1979): Como viento a lo largo de la noche\u2026 (obra encargo de INAEM y Colegio de Espa\u00f1a en Par\u00eds)<\/p>\n<p><strong>Eduardo\u00a0Lorenzo:<\/strong> Luoghi del silenzio, para tr\u00edo de cuerdas<\/p>\n<p><strong>Jos\u00e9 M\u00aa Garc\u00eda Laborda:<\/strong> \u201cMetamorfosis\u00a0del\u00a0zortziko\u201d para conjunto instrumental<\/p>\n<p><strong>Zuri\u00f1e F. Gerenabarrena: \u201c<\/strong>Txori erraria\u201d, para flauta, clarinete, viol\u00edn, violonchelo, piano percusi\u00f3n<\/p>\n<p><strong>Ram\u00f3n Lazkano: <\/strong>\u201c<em>Izarren Hautsa\u201d<\/em> para flauta, clarinete bajo, piano, percusi\u00f3n, viol\u00edn, violoncello<\/p>\n<p><strong>Mar\u00eda Eugenia Luc<\/strong><\/p>\n<p>T\u00edtulo: \u201c<em>Eta hostoz hosto\u201d<\/em> para flauta, clarinete, viol\u00edn, violonchelo, piano<\/p>\n<p><strong>Gabriel Erkoreka<\/strong><em> \u201cOrreaga\u201d<\/em> para flauta, clarinete, viol\u00edn, violonchelo, guitarra, percusi\u00f3n, piano<\/p>\n<h3><\/h3>\n<h3>Actividades realizadas<\/h3>\n<h4>Diciembre<\/h4>\n<p><strong>Festival Ensemble Kuraia- 21\u00ba encuentros de m\u00fasica contempor\u00e1nea (Bilbao)<\/strong><\/p>\n<p>-15 de diciembre: concierto del Ensemble Kuraia. Obras de Hosokawa, Erkoreka, Luc, De Pablo<\/p>\n<p>A las 19 horas. Conservatorio J.C.Arriaga de Bilbao<\/p>\n<p>-1 de diciembre: concierto de Manuel Guill\u00e9n. Obras de Legido, Seco, Schnittke, Per\u00f3n, Ozaita, Ysa\u00ffe. A las 19 horas. Conservatorio J.C.Arriaga de Bilbao<\/p>\n<h4>Noviembre<\/h4>\n<p><strong>Festival Ensemble Kuraia- 21\u00ba encuentros de m\u00fasica contempor\u00e1nea (Bilbao)<\/strong><\/p>\n<p>-24 de noviembre: concierto del Nou Ensemble. Obras de Bag\u00e9s, Kagel, Polo.<\/p>\n<p>A las 19 horas. Museo Guggenheim Bilbao<\/p>\n<p>-17 de noviembre: proyecci\u00f3n del documental \u201cLuis De Pablo, evoluci\u00f3n hacia el siglo XXI\u201d<\/p>\n<p>A las 19 horas. Conservatorio J.C.Arriaga de Bilbao<\/p>\n<p><strong>XXXV Encontre de Compositors de Mallorca. Fundaci\u00f3 ACA<\/strong><\/p>\n<p>-3 de Noviembre de 2014: Concierto del Ensemble Kuraia. Obras de Kagel, Lazkano, Luc, Blardony, Erkoreka, Schoenberg<\/p>\n<p>a las 20:00. Auditorio del conservatorio superior de Baleares<\/p>\n<p>-3 de Noviembre de 2014: Mesa redonda a cargo de los compositores <strong>Ram\u00f3n Lazkano<\/strong>, <strong>Mar\u00eda Eugenia Luc y Mateu Malondra<\/strong><\/p>\n<p>Fecha: 3 de Noviembre de 2014 a las 19:00, Auditorio del conservatorio superior de Baleares<\/p>\n<h4>Octubre<\/h4>\n<p><strong>V Circuito de M\u00fasica Contempor\u00e1nea Musikagileak (Pamplona, S.Sebasti\u00e1n)<\/strong><\/p>\n<p>-21 de octubre: Concierto del Ensemble Kuraia. Obras de Gerenabarrena, Luc, Lazkano, Erkoreka, a las 20:00. Teatro Gayarre, Pamplona<\/p>\n<p>-19 de octubre: Concierto del Ensemble Kuraia. Obras de Gerenabarrena, Luc, Lazkano, Erkoreka. A las 20:00. Teatro Victoria Eugenia, Sala Club.<\/p>\n<h4>Septiembre<\/h4>\n<p><strong>Festival COMA\u201914 (Madrid)<\/strong><\/p>\n<p>Domingo 7 de Septiembre. Concierto del Ensemble Kuraia. Obras compositores socias de la AMCC . A las 12,00 h. Teatros del Canal, Madrid .<\/p>\n<h4>Marzo<\/h4>\n<p><strong>XXIII Festival Internacional de Primavera de M\u00fasica de los Siglos XX y XXI, organizado por la Universidad de Salamanca<\/strong><\/p>\n<p>31 de marzo de 2014 a las 20,30Teatro Juan del Enzina, Salamanca<\/p>\n<p>Concierto del Ensemble Kuraia: obras de Marin\u00e9. Brouwer, Luc, Gonz\u00e1lez<\/p>\n<p>12 de marzo a las 18 horas. Museo Guggenheim Bilbao.<\/p>\n<p>Performance con Yoko Ono: a piece of sky for JC<\/p>\n<h4>Febrero<\/h4>\n<p>Ciclo de la Fundaci\u00f3n BBVA en Bilbao.<\/p>\n<p><strong>11 de febrero<\/strong>, sede de la FBBVA de Bilbao a las 20 horas<\/p>\n<p>Concierto del Ensemble Kuraia. Obras de Balada, Paredes, Estrada, Lluan y Kagel<\/p>\n<h4>Enero<\/h4>\n<p>III Ciclo Circuitos-Alicante actual del CNDM<\/p>\n<p>Fecha: 14 de enero de 2014<\/p>\n<p>Hora: a las 20,30<\/p>\n<p>Lugar: sala de c\u00e1mara del Auditorio Provincial de Alicante (ADDA)<\/p>\n<p>Concierto del Ensemble Kuraia. Obras de Carro, Schnittke, Bach_Maxwell Davies, Schoenberg<\/p>\n<p>\u00a0<\/p>\n<h2>21\u00ba encuentro de M\u00fasica Contempor\u00e1nea<\/h2>\n<p>&nbsp;<\/p>\n<h3>&#8220;Homenaje a Luis De Pablo&#8221;<\/h3>\n<p>17 de Noviembre<\/p>\n<p>proyecci\u00f3n de documental. Conservatorio &#8220;J.C.Arriaga&#8221; de Bilbao a las 19 horas<\/p>\n<h3>&#8220;Technics&#8221;, concierto del Nou Ensemble<\/h3>\n<p>24 de Noviembre<\/p>\n<p>Museo Guggenheim Bilbao, a las 19 horas<\/p>\n<h3>&#8220;Entre Ysa\u00ffe y Schnittke&#8221;. Recital de manuel Guill\u00e9n (Viol\u00edn)<\/h3>\n<p>1 de Diciembre<\/p>\n<p>Conservatorio &#8220;J.C.Arriaga&#8221; de Bilbao, a las 19 horas<\/p>\n<h3>&#8220;Nuestra m\u00fasica&#8221;, concierto del Ensemble Kuraia<\/h3>\n<p>15 de Diciembre<\/p>\n<p>Conservatorio &#8220;J.C.Arriaga&#8221;<\/p>\n<p>[\/et_pb_tab][et_pb_tab title=&#8221;2013&#8243; _builder_version=&#8221;4.21.0&#8243; _module_preset=&#8221;default&#8221; global_colors_info=&#8221;{}&#8221;]<\/p>\n<h3>Diciembre<\/h3>\n<p>Festival Ensemble Kuraia- 20\u00ba encuentros de m\u00fasica contempor\u00e1nea<\/p>\n<p>Desde el 5 hasta el 16 de diciembre<\/p>\n<p>Lugar: Bilbao y San Sebasti\u00e1n<\/p>\n<p>Conciertos y conferencia realizados en el Museo Guggenheim Bilbao, Musikene, Conservatorio J.C.Arriaga de Bilbao<\/p>\n<p>Participantes: Ensemble Kuraia, Trio Musicalis, Daniel Ott, Sigma Project<\/p>\n<h3>Octubre<\/h3>\n<p>Festival de Tres Cantos<\/p>\n<p>Lugar: Tres Cantos (Madrid)<\/p>\n<p>Fecha: 20 de octubre<\/p>\n<p>Concierto del Ensemble Kuraia, Andrea Cazzaniga (director)<\/p>\n<p>Obras de Balada, Schoenberg, De Dios++, Luc<\/p>\n<h3>Septiembre<\/h3>\n<p>Festival COMA \u201813<\/p>\n<p>Lugar: Madrid, teatros del Canal<\/p>\n<p>Fecha: 14 de septiembre<\/p>\n<p>Concierto del Ensemble Kuraia, Andrea Cazzaniga (director)<\/p>\n<p>Obras de Blardony++, Jacinto++, Alonso++, Lorenzo++, Hernaez++, Susi,++ Cerrato++<\/p>\n<h3>Agosto<\/h3>\n<p>Quincena Musical<\/p>\n<p>Lugar: San Sebasti\u00e1n, sala de c\u00e1mara del Kursaal<\/p>\n<p>Fecha: 20 de agosto<\/p>\n<p>Concierto del Ensemble Kuraia, Andrea Cazzaniga (director)<\/p>\n<p>Obras de Chamizo, L\u00f3pez, Cage, Haas, \u00c7abalette++<\/p>\n<h3>Julio<\/h3>\n<p>Lugar: Berl\u00edn (Alemania), Universit\u00e4t der Kunste y Hochschule f\u00fcr Musik \u201cHans Heissler\u201d<\/p>\n<p>Fecha: desde el 1 hasta el 4 de Julio<\/p>\n<p>Taller, conferencia y conciertos<\/p>\n<p>Obras de D\u00edaz++, Luc, Guerenabarrena, Schoenberg y j\u00f3venes compositores europeos<\/p>\n<h3>Febrero<\/h3>\n<p>Fecha: 5 de febrero<\/p>\n<p>Lugar: BBVA sede de S. Nicol\u00e1s en Bilbao<\/p>\n<p>Concierto del Ensemble Kuraia, Andrea Cazzaniga (director)<\/p>\n<p>Obras de Chamizo, L\u00f3pez, Gonz\u00e1lez++, Guerrero, Guinjoan<\/p>\n<p><strong>++estreno de obra<\/strong><\/p>\n<p>\u00a0<\/p>\n<h2>20\u00ba Encuentro de M\u00fasica Contempor\u00e1nea<\/h2>\n<p>&nbsp;<\/p>\n<h3>&#8220;Homenaje a F\u00e9lix Ibarrondo en su 70 aniversario&#8221;<\/h3>\n<p>Jueves 5 de Diciembre<\/p>\n<p>Proyecci\u00f3n de documental Conservatorio &#8220;J.C.Arriaga&#8221; de Bilbao, a las 19 horas.<\/p>\n<h3>Encuentro de j\u00f3venes compositores, alumnos de la UdK de Berl\u00edn y Musikene de S.Sebasti\u00e1n<\/h3>\n<p>Desde el 7 hasta el 8 de Diciembre<\/p>\n<p>Conservatorio &#8220;J.C.Arriaga&#8221; de Bilbao<\/p>\n<h3>Conferencia de Daniel Ott, compositor y docente de la UdK<\/h3>\n<p>Martes 10 de Diciembre<\/p>\n<p>Musikene, de 15 a 18 horas<\/p>\n<h3>Concierto del Ensemble Kuraia. Obras de Veloce, Matamoro, Astiazaran, Cotallo, Giesen, \u00c1lvarez<\/h3>\n<p>Martes 10 de Diciembre<\/p>\n<p>Musikene, a las 20 horas.<\/p>\n<h3>Concierto de Sigma Project. Obras de L\u00f3pez, Luc, Torres-Maldonado, Klartag, Ibarrondo<\/h3>\n<p>Jueves 12 de Diciembre<\/p>\n<p>Museo Guggenheim Bilbao, a las 18,30 horas<\/p>\n<h3>Concierto del Tr\u00edo Musicalis. Obras de De Man, Ibarrondo, Ruders, Paus, Bart\u00f3k<\/h3>\n<p>Lunes 16 de Diciembre<\/p>\n<p>Conservatorio &#8220;J.C.Arriaga&#8221; de Bilbao, a las 19 horas.<\/p>\n<p>[\/et_pb_tab][et_pb_tab title=&#8221;2012&#8243; _builder_version=&#8221;4.21.0&#8243; _module_preset=&#8221;default&#8221; global_colors_info=&#8221;{}&#8221;]<\/p>\n<p><strong>Diciembre<\/strong><\/p>\n<p><strong>Fecha: 15 de Diciembre de 2012<\/strong><\/p>\n<p><strong>Lugar: Barcelona, l\u2019 Auditori<\/strong><\/p>\n<p>Concierto del Ensemble Kuraia, Andrea Cazzaniga (director)<\/p>\n<p>Obras de Ramos, Luc, Guerenabarrena, Escudero, Schoenberg<\/p>\n<p><strong>Noviembre <\/strong><\/p>\n<p><strong>Fecha: 10 de Noviembre, a las 18 horas.<\/strong><\/p>\n<p><strong>Lugar: <\/strong><strong>Auditorio del Museo Guggenheim Bilbao<\/strong><\/p>\n<p>Ciclo Abrazos desde la m\u00fasica<\/p>\n<p>\u201cExpresionismo: Schiele-Sch\u00f6nberg\u201d<\/p>\n<p>Ensemble Kuraia, Jos\u00e9 Luis Garc\u00eda Del Busto (conferenciante), Andrea Cazzaniga (director)<\/p>\n<p><strong>Octubre<\/strong><\/p>\n<p><strong>Fecha: 18 de Octubre<\/strong><\/p>\n<p><strong>Lugar: Francia,Brest. <\/strong><strong>Th\u00eaatre Le Quartz<\/strong><\/p>\n<p>Ensemble Kuraia, Andrea Cazzaniga (director)<\/p>\n<p>Concierto con obras de Gerhard, Luc, Chamizo, Guinjoan<\/p>\n<p>Conferencia de Mar\u00eda Eugenia Luc \u201cLa creaci\u00f3n musical en Espa\u00f1a\u201d<\/p>\n<p><strong>Fecha: 10, 11, 12 y 13 de Octubre.<\/strong><\/p>\n<p><strong>Lugar: Per\u00fa, Lima. <\/strong><\/p>\n<p>X\u00aa edici\u00f3n del Festival de M\u00fasica Contempor\u00e1nea de Lima.<\/p>\n<p>Se han realizado cuatro actividades:<\/p>\n<p>1. Concierto con obras de Ramos, Escudero, Guerenabarrena, Luc, Sch\u00f6nberg, Casas.<\/p>\n<p>2. Concierto did\u00e1ctico de Mar\u00eda Eugenia Luc<\/p>\n<p>3. Conferencia \u201cLa funcionalidad de la m\u00fasica en la creaci\u00f3n interdisciplinaria\u201d a cargo de Mar\u00eda Eugenia Luc.<\/p>\n<p>4. Clases magistrales de interpretaci\u00f3n de los integrantes del ensemble Kuraia<\/p>\n<p><strong>Septiembre<\/strong><\/p>\n<p><strong>19\u00ba Encuentros de m\u00fasica Contempor\u00e1nea: desde el 21 de septiembre hasta el 10 de noviembre<\/strong><\/p>\n<p><strong>Fecha: 24 de septiembre, a las 19 horas<\/strong><\/p>\n<p><strong>Lugar: <\/strong><strong>Bilbao, Auditorio del Conservatorio \u201cJ.C.Arriaga\u201d<\/strong><\/p>\n<p>Ensemble Kuraia, Andrea Cazzaniga (director)<\/p>\n<p>Obras de Sch\u00f6nberg, Chamizo*, Luc<\/p>\n<p><strong>Junio<\/strong><\/p>\n<p><strong>Fecha y hora: 21 de Junio, a las 18 horas.<\/strong><\/p>\n<p><strong>Lugar: <\/strong><strong>Bilbao, Auditorio del Conservatorio \u201cJ.C.Arriaga\u201d<\/strong><\/p>\n<p>\u201cD\u00eda Europeo de la M\u00fasica\u201d<\/p>\n<p>Ensemble Kuraia, Andrea Cazzaniga (director)<\/p>\n<p>Obras de Brouwer, Bach, Strauss<\/p>\n<p><strong>Mayo<\/strong><\/p>\n<p><strong>Fecha y hora: <\/strong>25 de Mayo a las 20 horas<\/p>\n<p><strong>Lugar: Teatro Lliure de Barcelona<\/strong><\/p>\n<p>Ensemble Kuraia colabora con la compa\u00f1\u00eda de danza Gelabert Azzopardi (Barcelona). La m\u00fasica que el compositor Borja Ramos ha escrito para el nuevo espect\u00e1culo de danza \u201cCesc Gelabert V.O+\u201d es interpretada y grabada por el Ensemble Kuraia: Entrop\u00eda*, Still Life*, Metam\u00f3rfosis* Pr\u00f3ximas funciones: Santander (8\/8, Teatro Casyc), Badalona (5\/10, Teatro Zorrilla), Granollers (11\/11 Teatre Auditori), Milan (29\/11 Teatro Elfo Puccini).<\/p>\n<p><strong>Fecha y hora: 14 de Mayo a las 20 horas.<\/strong><\/p>\n<p><strong>Lugar:<\/strong> Renter\u00eda, Festival Musikaste<\/p>\n<p>Ensemble Kuraia, Andrea Cazzaniga (director)<\/p>\n<p>Concierto de estrenos: obras de Bregel*, Fern\u00e1ndez*, Trujillo*, Matamoros*, Cid*, Ferrando*<\/p>\n<p><strong>Febrero<\/strong><\/p>\n<p><strong>Fecha y hora: 14 de Febrero a las 20 horas.<\/strong><\/p>\n<p><strong>Lugar: Bilbao, Ciclo de M\u00fasica Contempor\u00e1nea Fundaci\u00f3n BBVA<\/strong><\/p>\n<p>Ensemble Kuraia, Elema Gragera (mezzosoprano), Andrea Cazzaniga (director)<\/p>\n<p>Obras de Strawinski , Gubaidulina, Giner,Erkoreka.<\/p>\n<p><strong>* <\/strong><strong>Estreno de obra<\/strong><\/p>\n<p>\u00a0 <\/p>\n<h2>\u201c19\u00ba Encuentro de M\u00fasica Contempor\u00e1nea\u201d<\/h2>\n<p>&nbsp;<\/p>\n<h3>Viernes 21 de Septiembre<\/h3>\n<p>&#8220;M\u00fasica Francesa del siglo XXI&#8221;, concierto a cargo del Ensemble Sillage (Brest, Francia)<\/p>\n<p>Auditorio del Conservatorio &#8220;J.C.Arriaga&#8221;, a las 19 horas.<\/p>\n<p>Programa: obras de Falla, Sotelo, Grisey, Herv\u00e9, Chauris, Leroux.<\/p>\n<h3>Lunes 24 de Septiembre<\/h3>\n<p>&#8220;Estrenos y extremos&#8221;, concierto a cargo del Ensemble Kuraia de Bilbao<\/p>\n<p>Auditorio del Conservatorio &#8220;J.C.Arriaga&#8221;, a las 19 horas.<\/p>\n<p>Programa: obras de Brouwer, Chamizo (estreno de encargo), Sch\u00f6nberg<\/p>\n<h3>Mi\u00e9rcoles 26 de Septiembre<\/h3>\n<p>&#8220;Teatro musical&#8221;, conferencia a cargo del compositor I\u00f1igo Giner<\/p>\n<p>Musikene, Palacio Miramar, s.Sebasti\u00e1n. A las 14,30 horas<\/p>\n<h3>Jueves 27 de Septiembre<\/h3>\n<p>Teatro Musical: &#8220;musique d&#8217;interieurs&#8221;. A cargo del grupo &#8220;Die Ordnung der Dinge&#8221; (Berl\u00edn, Alemania)<\/p>\n<p>Auditorio del Museo Guggenheim Bilbao, a las 18,30 horas.<\/p>\n<p>Programa: obras de Arditto, Marino, Giner<\/p>\n<h3>Viernes 28 de Septiembre<\/h3>\n<p>&#8220;De norte a Sur&#8221;, concierto a cargo de Taller Sonoro (Sevilla)<\/p>\n<p>Auditorio de Conservatorio &#8220;J.C.Arriaga&#8221;, a las 19 horas<\/p>\n<p>Programa: obras de Luc, Rappoport, A\u00f1on, L\u00f3pez, Alla<\/p>\n<h3>Domingo 30 de Septiembre<\/h3>\n<p>&#8220;Opus 8&#8221;, concierto a cargo de Sigma Project (Madrid)<\/p>\n<p>Sala Rekalde, a las 12 horas<\/p>\n<p>Programa: obras de Ibarrondo, Lazkano, Torres, Erkoreka, Alonso<\/p>\n<h3>Lunes 1 de Octubre<\/h3>\n<p>&#8220;M\u00fasica catalana e italiana del siglo XXI&#8221;, concierto a carco del grupo Barcelona 216<\/p>\n<p>Auditorio del Conservatorio &#8220;J.C.Arriaga&#8221;, a las 19 horas<\/p>\n<p>Programa: obras de Montsalvatge, Scelsi, Sciarrino, Magran\u00e9, Soler<\/p>\n<h3>S\u00e1bado 10 de Noviembre<\/h3>\n<p>&#8220;Schiele-Sch\u00f6nberg&#8221;, charla-concierto a cargo de Jos\u00e9 Luis Garc\u00eda Del Busto (conferenciante) y Ensemble Kuraia .<\/p>\n<p>Auditorio del Museo Guggenheim Bilbao a las 18 horas.<\/p>\n<p>Programa: Sinfon\u00eda de c\u00e1mara op.9 n\u00ba 1 de A. Sch\u00f6nberg<\/p>\n<p>[\/et_pb_tab][et_pb_tab title=&#8221;2011&#8243; _builder_version=&#8221;4.21.0&#8243; _module_preset=&#8221;default&#8221; global_colors_info=&#8221;{}&#8221;]<\/p>\n<h3>Diciembre<\/h3>\n<p><strong>Fecha<\/strong>:7-8-9 de Diciembre<\/p>\n<p><strong>Lugar: <\/strong>Berl\u00edn, Universit\u00e4t der K\u00fcnst\/ Hochschule f\u00fcr Musik<\/p>\n<p><strong>Actividades: <\/strong><\/p>\n<p>1-Taller para compositores \u201cT\u00e9cnicas de direcci\u00f3n y ensayo de m\u00fasica contempor\u00e1nea\u201d, a cargo del Ensemble Kuraia<\/p>\n<p>2- Seminario -concierto de la compositora Mar\u00eda Eugenia Luc: obras \u201cRed\u201d, \u201cYou\u201d<\/p>\n<p>3<strong>&#8211;<\/strong>Concierto de clausura del Ensemble Kuraia:obras de Luc, Del Puerto, Erkoreka, Gerhard, L\u00f3pez L\u00f3pez, Giner y alumnos del taller<\/p>\n<h3>Noviembre<\/h3>\n<p><strong>Fecha: <\/strong>d\u00eda22<\/p>\n<p><strong>Lugar: <\/strong>Cullera(Valencia), Auditorio del Conservatorio<\/p>\n<p><strong>Actividad: <\/strong>Concierto programado en losEncontres-Multaqa<\/p>\n<p><strong>Programa: <\/strong>obras de Luc, Del Puerto, Gerhard, L\u00f3pez L\u00f3pez, Giner<\/p>\n<p><strong>Fecha: <\/strong>d\u00eda21<\/p>\n<p><strong>Lugar: <\/strong>Sevilla, sala Turina de la Fundaci\u00f3n Cajasol<\/p>\n<p><strong>Actividad: <\/strong>Concierto. III Ciclo organizado por el Ensemble Zahir<\/p>\n<p><strong>Programa<\/strong>:obras de Luc, Del Puerto, Gerhard, L\u00f3pez L\u00f3pez, Giner, Velarde<\/p>\n<h3>Octubre<\/h3>\n<p><strong>Fecha: <\/strong>d\u00eda20<\/p>\n<p><strong>Lugar: <\/strong>Conservatorio \u201cJesus Guridi\u201d de Vitoria, Aula Magna<\/p>\n<p><strong>Actividad: <\/strong>Concierto. II Circuito de M\u00fasica Contempor\u00e1nea del Pa\u00eds Vasco<\/p>\n<p><strong>Programa<\/strong>:obras de Adrien, Erkoreka, Luc, Guerenabarrena, Gerhard, Giner<\/p>\n<h3>Septiembre<\/h3>\n<p><strong>Fecha: <\/strong>D\u00eda 21<\/p>\n<p><strong>Lugar: <\/strong>Alicante<\/p>\n<p><strong>Actividad: <\/strong>Concierto. Festival de M\u00fasica de Alicante- \u201cRusia-Espa\u00f1a\u201d<\/p>\n<p><strong>Programa: <\/strong>obras de Giner, Guinjoan, Luc, Erkoreka, Gubaidulina<\/p>\n<p><strong>Fecha: <\/strong>D\u00eda 19<\/p>\n<p><strong>Lugar: <\/strong>Bilbao, auditorio del Conservatorio \u201cJ.C.Arriaga\u201d<\/p>\n<p><strong>Actividad: <\/strong>Concierto de apertura de los 18\u00ba Encuentros de M\u00fasica Contempor\u00e1nea organizados por Kuraia<\/p>\n<p><strong>Programa: <\/strong>obras de Luc, Gubaidulina, Guinjoan<\/p>\n<h3>Junio<\/h3>\n<p><strong>Fecha: <\/strong>d\u00eda 14<\/p>\n<p><strong>Lugar: <\/strong>Bilbao, sede del BBVA en S.Nicol\u00e1s 4<\/p>\n<p><strong>Actividad: <\/strong>Concierto de clausura del Ciclo de M\u00fasica Contempor\u00e1nea Fundaci\u00f3n BBVA<\/p>\n<p><strong>Programa: <\/strong>obrasde Bach- Maxwell Davies, De Pablo, Schnittke, Kagel<\/p>\n<h3>Febrero<\/h3>\n<p><strong>Fecha: <\/strong>d\u00eda 22<\/p>\n<p><strong>Lugar: <\/strong>Bilbao, sede del BBVA en S.Nicol\u00e1s 4<\/p>\n<p><strong>Actividad: <\/strong>Concierto Ciclo de M\u00fasica Contempor\u00e1nea Fundaci\u00f3n BBVA<\/p>\n<p><strong>Programa: <\/strong>obras de Sch\u00f6nberg, Gerhard, Luc, Cage, L\u00f3pez L\u00f3pez<\/p>\n<p><strong>Estreno mundial<\/strong> de la obra \u201cCuaderno de notas\u201d de I\u00f1igo Giner (obra encargo de INAEM)<\/p>\n<p><strong>Estrenos en Espa\u00f1a<\/strong> de las obras: \u201cDetto II\u201d de Gubaidulina, \u201c<em>Trance<\/em>\u201d de Erkoreka, \u201c<em>Seven<\/em>\u201d de Cage.<\/p>\n<p>\u00a0<\/p>\n<h2>\u201c18\u00ba Encuentro de M\u00fasica Contempor\u00e1nea\u201d<\/h2>\n<p>&nbsp;<\/p>\n<h3>Lunes 19 de Septiembre<\/h3>\n<p>Concierto del Ensemble Kuraia. Mikel Chamizo (compositor y cr\u00edtico musical), presentador<\/p>\n<p>Auditorio del Conservatorio \u201cJ.C.Arriaga\u201d, a las 19 horas. Entrada libre.<\/p>\n<p>Programa: obras de Luc, Gubaidulina, Guinjoan<\/p>\n<h3>S\u00e1bado 24 de Septiembre<\/h3>\n<p>Concierto del d\u00fao Requejo-Alonso, clarinete y piano.<\/p>\n<p>\u201cEl clarinete contempor\u00e1neo\u201d<\/p>\n<p>Auditorio del Museo Guggenheim-Bilbao a las 19 h.<\/p>\n<p>Programa: obras de Arnold,Simicek,Miluccio, Montsalvatge, Luc, Kovacs, Pantaleoni, Poulenc<\/p>\n<h3>Viernes 21 de Octubre<\/h3>\n<p>Concierto del Zahir Ensemble de Sevilla<\/p>\n<p>Auditorio del Conservatorio \u201cJ.C.Arriaga\u201d, a las 19 horas. Entrada libre.<\/p>\n<p>Programa: obras de Garc\u00eda, Malek, Vadillo, Sanchez-Verd\u00fa, Camarero<\/p>\n<h3>Lunes 28 de Noviembre<\/h3>\n<p>Concierto del Ensemble Espai Sonor (Valencia)<\/p>\n<p>Auditorio del Conservatorio \u201cJ.C.Arriaga\u201d, a las 19 horas. Entrada libre.<\/p>\n<p>Programa: obras de Mendoza, Parra, Farias, Garc\u00eda, P\u00e9rez, Cattaneo<\/p>\n<p>[\/et_pb_tab][et_pb_tab title=&#8221;2010&#8243; _builder_version=&#8221;4.21.0&#8243; _module_preset=&#8221;default&#8221; global_colors_info=&#8221;{}&#8221;]<\/p>\n<h3>Diciembre<\/h3>\n<p><strong>Festival Klem-Kuraia<\/strong><br \/>\nEn Bilbao, desde el 9 hasta el 15 de Diciembre<\/p>\n<h3>Noviembre<\/h3>\n<p><strong>Gira a Per&uacute;<\/strong><br \/>\n8&ordm; Festival Internacional de M&uacute;sica Contempor&aacute;nea de Lima<br \/>\nOrganizado por: AECID, Embajada de Espa&ntilde;a, Conservatorio Superior de Lima.<br \/>\nDesde el 14 hasta el 17 de Noviembre<br \/>\n<strong>Actividades :<\/strong><\/p>\n<ol>\n<li>\n<u>Concierto de compositores espa&ntilde;oles y latinoamericanos<\/u>\n<\/li>\n<li>\n<u>Taller para compositores con el Kuraia Ensemble<\/u>\n<\/li>\n<\/ol>\n<h3>Junio<\/h3>\n<p><strong>Gira a Argentina<\/strong><br \/>\nDesde el 25 hasta el 30 de Junio.<br \/>\nCiudad de Rosario<br \/>\nCiclo: <strong>M&Uacute;SICAS OSCURAS &#8211; M&Uacute;SICAS LUMINOSAS<\/strong><br \/>\n26-06-2010:<u><strong>Conferencia<\/strong><\/u><strong> &ldquo;La Funcionalidad de la M&uacute;sica en la Creaci&oacute;n Interdisciplinaria&rdquo;.- Profesora Mar&iacute;a Eugenia LUC<\/strong><br \/>\n27-06-2010:<u><strong>Concierto<\/strong><\/u><strong> de Cuerdas, Clave, Electroac&uacute;stica y V&iacute;deo<\/strong><br \/>\n28 y 29-06-2010:<u><strong>Curso<\/strong><\/u><strong> &#8220;La realizaci&oacute;n musical del texto po&eacute;tico de MOnteverdi a Sciarrino&#8221;<\/strong> en la Universidad Nacional de Rosario-Argentina<\/p>\n<h3>Mayo<\/h3>\n<p><strong>Temporada CDMC 2009-2010 &#8211; Auditorio 400 &ndash; Centro de Arte Reina Sof&iacute;a<\/strong><br \/>\n10 de MAYO<br \/>\nProgramas: obras de Guerenabarrena, Erkoreka, Luc, De Pablo, Camarero, Belcastro<\/p>\n<h3>Abril<\/h3>\n<p><strong>Gira Italia<\/strong><br \/>\nDesde el 17 hasta el 21 de Abril de 2010, en la programaci&oacute;n del la temporada Rond&oacute;, director art&iacute;stico Sandro Gorli.<br \/>\nCiudades: Monza y Mil&aacute;n<br \/>\nPrograma: obras de <strong> Guerenabarrena, Erkoreka, Luc, Fern&aacute;ndez Guerra, De Pablo, Camarero<\/strong><br \/>\n<strong>Conciertos Did&aacute;cticos &ldquo;Los secretos de la m&uacute;sica&rdquo;<\/strong><br \/>\nTodos los viernes desde el 16 de abril hasta el 14 de mayo de 2010<br \/>\nCompositores invitados: <strong>G.Erkoreka, X.Adrien, M.E.Luc, O.L&oacute;pez, Z.F.Guerenabarrena.<\/strong><\/p>\n<h3>Febrero-Marzo<\/h3>\n<p><strong>Gira Am&eacute;rica Central<\/strong><br \/>\nDesde el 22 de Febrero hasta el 1 de marzo de 2010.<br \/>\nPa&iacute;ses: Ciudad de M&eacute;xico, Puebla, Morelia (M&eacute;xico) y El Salvador<br \/>\nPrograma: Obras de <strong> Velarde, Camarero, Fern&aacute;ndez Guerra, Luc, Erkoreka, Belcastro, De Pablo <\/strong><br \/>\n<strong>Encargos e estreno mundial<\/strong> de las obras &ldquo;<em>C&oacute;ndores, peces y dioses olvidados<\/em>&rdquo; de Claudio Lluan, &ldquo;<em>Hegoa&rdquo;<\/em> de Xabier Adrien, <em>&ldquo;You 2&rdquo;<\/em> de Mar&iacute;a Eugenia Luc<br \/>\n&nbsp;<br \/>\n&nbsp;<br \/>\n&nbsp;<br \/>\n&nbsp;<\/p>\n<h2> \u201c17\u00ba Encuentro de M\u00fasica Contempor\u00e1nea\u201d<\/h2>\n<p>&nbsp;<\/p>\n<h3>Jueves 9  de Diciembre<\/h3>\n<p>\u201cSolo una flauta\u201d,  concierto del flautista Mario Caroli.<br \/>\nAuditorio del Museo Guggenheim, a las 19 horas.<br \/>\nPrograma: obras de Rotaru, Erkoreka, Lazkano, Luc, De Pablo, Mantovani<\/p>\n<h3>Viernes 10  de Diciembre<\/h3>\n<p>Clases magistral de flauta a cargo de Mario Caroli. De 10 a 13 h. y de 15 a 19 horas. Conservatorio \u201cJ.C.Arriaga\u201d de Bilbao.<br \/>\n\u201cConcierto Encargos 2010\u201d del grupo Barcelona 216. Dir. Ernest Martinez Izquierdo.<br \/>\nAuditorio del Conservatorio \u201cJ.C.Arriaga\u201d de Bilbao, a las 19 h. Entrada libre.<br \/>\nPrograma: obras de Lazkano, Humet, Charles, Luc, Parra<\/p>\n<h3>Lunes 13 de Diciembre<\/h3>\n<p>Conferencia de Guy Vivien (fot\u00f3grafo, Paris)<br \/>\n\u201cArte y fotograf\u00eda\u201d<br \/>\nUPV -Facultad de BBAA a las 11 h. Entrada libre.<br \/>\nConcierto del Ensemble  Kuraia. Dir. Andrea Cazzaniga.<br \/>\nAuditorio del Conservatorio \u201cJ.C.Arriaga\u201d de Bilbao, a las 19 h. Entrada libre.<br \/>\nPrograma: obras de Adrien, Guerenabarrena, Gerhard, De Pablo, Lluan, L\u00f3pez L\u00f3pez<\/p>\n<h3>Martes 14 de Diciembre<\/h3>\n<p>Master class de composici\u00f3n de Claudio Lluan:<br \/>\n\u201cDesde la po\u00e9tica\u201d<br \/>\nMusikene, Palacio Miramar, Donostia-san Sebasti\u00e1n. A las 11 h.<br \/>\n\u201cFusil\u201d- Espect\u00e1culo Multimedia. A cargo de Klem y Anglia Ruskin University (Cambridge). Creaci\u00f3n y direcci\u00f3n art\u00edstica de Julio D\u2019Escriv\u00e1n e I\u00f1igo Ibaibarriaga<br \/>\nTeatro Arteria Campos El\u00edseos a las 19 h. Entrada libre.<\/p>\n<h3>Mi\u00e9rcoles 15 de Diciembre<\/h3>\n<p>Simposio: \u201cM\u00fasica, arte sonoro y  creaci\u00f3n interdisciplinaria\u201d<br \/>\nFacultad de BBAA (sal\u00f3n de grados), Campus de la UPV, Leioa, a las 11 h. Entrada libre.<br \/>\n&nbsp;<br \/>\nSimposio de creadores  acerca de la situaci\u00f3n actual del arte interdisciplinario. Participantes:<br \/>\nCLAUDIO LLUAN (Universidad Nacional de Rosario)<br \/>\nJOSE MANUEL BERENGUER (Director de Orquesta del Caos)<br \/>\nJULIO D\u00b4ESCRIVAN  (Anglia University de Cambridge)<br \/>\nGUY VIVIEN (fot\u00f3grafo, Paris)<br \/>\nJOSU REKALDE (UPV- facultad de BBAA)<br \/>\nMIKEL ARCE (UPV- facultad de BBAA)<br \/>\nM\u00aaEUGENIA LUC (Musikene, Centro Superior de M\u00fasica del Pa\u00eds Vasco)<br \/>\n&nbsp;<br \/>\nEspect\u00e1culo multimedia de j\u00f3venes creadores. A cargo de Klem: I\u00f1igo Ibaibarriaga, saxof\u00f3n.<br \/>\nAuditorio del Conservatorio \u201cJ.C.Arriaga\u201d de Bilbao, a las 19 h. Entrada libre.<br \/>\nPrograma: obras de Lozano, Zabalegui, Amezaga, Astiz, Cid Gorostidi Llorente Maner, Trujillo.<br \/>\n &nbsp;<br \/>\n\u201cCanto de Piedra\u201d de J.M. Berenguer. Instalaci\u00f3n. Estreno en Bilbao<br \/>\nSala Rekalde, del 3 al 15 de diciembre Entrada libre.<br \/>\n&nbsp;<br \/>\n\u201cPagus disoluto 3\u201d.  Instalaci\u00f3n de M.J.Cueto, I.Jim\u00e9nez, C.Miranda, M.E.Luc<br \/>\nc\/Banco de Espa\u00f1a 2, del 3 al 15 de diciembre.[\/et_pb_tab][et_pb_tab title=&#8221;2009&#8243; _builder_version=&#8221;4.21.0&#8243; _module_preset=&#8221;default&#8221; global_colors_info=&#8221;{}&#8221;]<strong>1. Festival Klem-Kuraia<\/strong><\/p>\n<p>Auditorio del Conservatorio de Bilbao, 11 de Diciembre de 2009, 19,30 hs.<br \/>\nM&uacute;sicas de Europa y Am&eacute;rica latina<br \/>\nPrograma: obras de <strong>Velarde,Arce, Erkoreka, Luc, L&oacute;pez, Belcastro<\/strong>.<br \/>\nInt&eacute;rpretes: <strong>KURAIA Ensemble<\/strong><\/p>\n<p><strong>2. Festival MUSIKASTE de Renter&iacute;a (Guip&uacute;zcoa)<\/strong><\/p>\n<p>Auditorio del Archivo Eresbil, 18 de Mayo de 2009, 19,30 hs.<br \/>\nM&uacute;sicas de Europa y Am&eacute;rica latina<br \/>\nPrograma: obras de <strong>F. Gerenabarrena, Erkoreka, Luc, Lazkano, Giner,adrien, de Pablo, Belcastro<\/strong>.<br \/>\nInt&eacute;rpretes: <strong>KURAIA Ensemble<\/strong><\/p>\n<p><strong>3. Encargos y estrenos<\/strong><\/p>\n<p>A los compositores Nilo Velarde (Per&uacute;)- &ldquo;Del mar y sus orillas&rdquo;, Gast&oacute;n Arce (Bolivia)- &ldquo;Ritual, ofrenda y perd&oacute;n&rdquo; y Xabier Adrien (Espa&ntilde;a)- &ldquo;Queda m&aacute;s&rdquo;.<br \/>\n&nbsp;<br \/>\n&nbsp;<br \/>\n&nbsp;<br \/>\n&nbsp;<\/p>\n<h2>\u201c16\u00ba Encuentro de M\u00fasica Contempor\u00e1nea\u201d<\/h2>\n<p>&nbsp;<\/p>\n<h3>9 de diciembre<\/h3>\n<p>Auditorio del conservatorio de Bilbao, a las 19,30 h.<br \/>\nDivertimento Ensemble ( Milano, Italia). Sandro Gorli, director.<br \/>\nPrograma: obras de Sannicandro, Di Bari, Gorli, Manca, Solbiati.<\/p>\n<h3>10 de diciembre<\/h3>\n<p>Auditorio del conservatorio de Vitoria, a las 19,30 h.<br \/>\nDuo Levent<br \/>\nPrograma: obras de Man, Grella-Mozejko, Ceccarelli, Baca-Lobera, Fidemraizer, Luc<\/p>\n<h3>11 de diciembre<\/h3>\n<p>Auditorio del conservatorio de Bilbao, a las 19,30 h..<br \/>\nEnsemble Kuraia. Andrea Cazzaniga, director.<br \/>\nPrograma: obras de Luc, Adrien, L\u00f3pez, Belcastro, Erkoreka, Velarde, Arce.<\/p>\n<h3>15 de diciembre<\/h3>\n<p>Auditorio del conservatorio de Bilbao, a las 19,30 h..<br \/>\nTaller Sonoro (Sevilla)<br \/>\nPrograma: obras de Criton,Jodlowsky, L\u00f3pez L\u00f3pez, Parra, Humet, Mendoza<\/p>\n<h3>17 de diciembre<\/h3>\n<p>Auditorio del conservatorio de Bilbao, a las 19,30 h..<br \/>\nF\u00e1tima Miranda . Concierto-performance<br \/>\n&nbsp;<\/p>\n<h3>CONFERENCIAS<\/h3>\n<p>&nbsp;<\/p>\n<h3>9 de diciembre<\/h3>\n<p>Lugar: Facultad de Bellas Artes. UPV. Sal\u00f3n de Grados.  De 11 a 12 horas<br \/>\nDuraci\u00f3n: 1 hora<br \/>\nLa Escritura Musical,<br \/>\nSu Interpretaci\u00f3n, Su Relaci\u00f3n Con La Idea<br \/>\nA cargo  de Sandro Gorli<\/p>\n<h3>11 de Diciembre<\/h3>\n<p> Auditorio del Conservatorio \u201cJ.C.Arriaga\u201d.  A las 18 horas<br \/>\n&#8211; Nilo Velarde (Profesor del Conservatorio Superior de Lima, Per\u00fa),<br \/>\n&#8211; Gast\u00f3n Arce (Profesor de la Universidad de Cochabamba, Bolivia),<br \/>\n&#8211; Juli\u00e1n Pont\u00f3n (Profesor de la Universidad de Quito, Ecuador),<br \/>\n&#8211; Luca Belcastro (Italia),<br \/>\n&#8211; Octavio L\u00f3pez (Francia),<br \/>\n&#8211; Xabier Etxeberria Adrien (CAPV),<br \/>\n&#8211; Mar\u00eda Eugenia Luc, Gabriel Erkoreka (CAPV).<\/p>\n<h3>14 de Diciembre<\/h3>\n<p>Facultad de Bellas Artes. UPV. De 11 a 13 horas<br \/>\nSal\u00f3n de Grados<br \/>\nDuraci\u00f3n: 2 horas<br \/>\n&nbsp;<br \/>\nWORK in PROGRESS. CREACI\u00d3N ELECTROAC\u00daSTICA y LA EXPRESI\u00d3N DEL GESTO SONORO.<br \/>\nCompositor Invitado: Carlos David Perales<\/p>\n<h3>15 de Diciembre<\/h3>\n<p>Facultad de Bellas Artes. UPV. De 9 a 12 horas<br \/>\nSal\u00f3n de Grados<br \/>\nDuraci\u00f3n: 3 horas<br \/>\n &nbsp;<br \/>\nEncuentro con F\u00e1tima Miranda<br \/>\nYo me las compongo. \u00bfvocalista o boca lista?[\/et_pb_tab][et_pb_tab title=&#8221;2008&#8243; _builder_version=&#8221;4.21.0&#8243; _module_preset=&#8221;default&#8221; global_colors_info=&#8221;{}&#8221;]<strong>14&ordm; ciclo de m&uacute;sica contempor&aacute;nea de M&aacute;laga<\/strong><\/p>\n<p>M&aacute;laga, Teatro C&aacute;novas, el 18 de Enero a las 20 h.<br \/>\nPrograma: obras de Donostia, Erkoreka, Adrien, Bernaola, De Pablo<br \/>\n<em>El programa del concierto gira alrededor de la figura de Luis De Pablo. Se interpretaron obras de compositores espa&ntilde;oles pertenecientes a distintas generaciones. A trav&eacute;s de estas se ejemplific&oacute; la trayectoria del compositor homenajeado, a partir de la m&uacute;sica producida en los a&ntilde;os de su infancia (Padre Donostia), luego los contactos con las vanguardias europeas (y su paralelismo con Carmelo Bernaola) y finalmente la herencia de su magisterio recibida por las j&oacute;venes generaciones (Erkoreka y Adrien).<\/em><\/p>\n<p><strong>Gira a Per&uacute;<\/strong><\/p>\n<p><u><strong>Descripci&oacute;n<\/strong><\/u><br \/>\n<strong>Pa&iacute;s<\/strong>: Per&uacute;<br \/>\n<strong>Ciudades<\/strong>: Lima y Trujillo<br \/>\n<strong>Actividades<\/strong>: cuatro conciertos de m&uacute;sica cl&aacute;sica contempor&aacute;nea y dos clases magistrales<br \/>\n<strong>Fechas<\/strong>: Desde el 31 de Octubre hasta el 9 de Noviembre 2008.<br \/>\n<strong>Plan de actividades<\/strong>:<br \/>\n<u>Trujillo. Conservatorio regional y teatr&iacute;n del Instituto Nacional de Cultura. <\/u><br \/>\n31 de octubre- clase magistral de 11 a 13.30 h.<em><strong>&ldquo;Interpretaci&oacute;n de la m&uacute;sica contempor&aacute;nea: principios generales aplicados a los instrumentos de cuerda y viento&rdquo;. <\/strong><\/em><br \/>\n1de noviembre- concierto n&ordm;1 a las 19 h.<br \/>\n3 de noviembre- concierto n&ordm; 2 a las 20 h.<br \/>\n<u>Lima. Centro Cultural de Espa&ntilde;a.<\/u><br \/>\n7 de noviembre- concierto n&ordm;3 a las 20,00 h.<br \/>\n8 de noviembre &#8211; clase magistral a las 10 h.<br \/>\n9 de noviembre- concierto n&ordm; 4 a las 19,30 h.<\/p>\n<p><strong>&Ograve;pera de c&aacute;mara: Der Kaiser von Atlantis de Viktor Ullmann<\/strong><\/p>\n<p><strong>Bilbao<\/strong>.Pabell&oacute;n de la sede de EITB, el 20 de Noviembre. Dos funciones a las 18 y a las 21 horas.<br \/>\n<strong>Vitoria<\/strong>. Festival Carmelo Bernaola. Aula magna del Conservatorio J.Guridi, el 27 de Noviembre a las 20 horas.<br \/>\nX. Mendoza (bar&iacute;tono), R. Grobe (bajo), A. Nu&ntilde;ez (tenor), A. H&auml;sler (mezzo), A. Ochoa (soprano).<br \/>\nDirecci&oacute;n de escena: Josu Rekalde<br \/>\nDirecci&oacute;n musical: Andrea Cazzaniga<\/p>\n<p><strong>Festival Klem-Kuraia<\/strong><\/p>\n<p>Bilbao. Auditorio del Museo Guggenheim-Bilbao, 4 de Diciembre a las 19,30h.<br \/>\nConcierto: &ldquo;Premios Nacionales de la m&uacute;sica &amp; Co.&rdquo;<br \/>\nPrograma. Obras de Del Puerto, Adrien, Fern&aacute;ndez Guerra, Belcastro, Camarero, Giner, Luc, De Pablo.<\/p>\n<p><strong>Encargos y estrenos<\/strong><\/p>\n<table width=\"577\" cellspacing=\"0\" cellpadding=\"7\">\n<tbody>\n<tr>\n<td width=\"177\">\ncompositor\n<\/td>\n<td width=\"178\">\nobra\n<\/td>\n<td width=\"178\">\nplantilla\n<\/td>\n<\/tr>\n<tr>\n<td width=\"177\">\n<strong>I&ntilde;igo Giner Miranda<\/strong>\n<\/td>\n<td width=\"178\">\n&ldquo;<em>A trav&eacute;s&rdquo; <\/em>\n<\/td>\n<td width=\"178\">\nFl,cl,pno,perc,vl,vla,vc.\n<\/td>\n<\/tr>\n<tr>\n<td width=\"177\">\n<strong>Mar&iacute;a Eugenia Luc<\/strong>\n<\/td>\n<td width=\"178\">\n&ldquo;<em>You&rdquo;<\/em>\n<\/td>\n<td width=\"178\">\nFl,cl,pno,perc,vl,vla,vc.\n<\/td>\n<\/tr>\n<\/tbody>\n<\/table>\n<p><strong>Grabaciones<\/strong><\/p>\n<p>Luis De Pablo: Ep&iacute;stola al transe&uacute;nte<br \/>\nGrabaci&oacute;n a cargo del instituto Welles de Lima, producci&oacute;n del VI&ordm; festival internacional de m&uacute;sica contempor&aacute;nea de Lima.<br \/>\n&nbsp;<br \/>\n&nbsp;<br \/>\n&nbsp;<br \/>\n&nbsp;<\/p>\n<h2>\u201c15\u00ba Encuentro de M\u00fasica Contempor\u00e1nea\u201d<\/h2>\n<p>&nbsp;<\/p>\n<h3>20 de Noviembre<\/h3>\n<p>sede de EITB.<br \/>\nPabell\u00f3n anexo.<br \/>\n\u00d3pera de c\u00e1mara: \u201cDer Kaiser von Atlantis\u201d de Viktor Ullmann.<br \/>\nA las 19 h. y a las 22 h.<\/p>\n<h3>26 de Noviembre<\/h3>\n<p>Concierto del conjunto Octeto Ib\u00e9rico de violonchelos, dirigido por El\u00edas Arizcuren y con la participaci\u00f3n de la mezzosoprano Elena Gragera.<br \/>\nParaninfo de la universidad de Deusto, a las 19,30 h.<\/p>\n<h3>27 de Noviembre<\/h3>\n<p>cine-concierto a cargo de KLEM (Kuraia Laboratorio de Electroac\u00fastica Musical).<br \/>\nParaninfo de la Universidad de Deusto a las 19,30 h.<\/p>\n<h3>30 de Noviembre<\/h3>\n<p>Euskadi dialoga con M\u00e9xico.<br \/>\nConcierto multimedia (m\u00fasica, electroac\u00fastica y v\u00eddeo)  a cargo de KLEM.<br \/>\nObras de compositores  mexicanos.<br \/>\nSala Rekalde a las 19,30 h.<\/p>\n<h3>1 de Diciembre<\/h3>\n<p>\u201cCasi Orfeo\u201d. \u00d3pera multimedia a cargo de KLEM.<br \/>\nSala Rekalde, 19,30 h.<\/p>\n<h3>4 de Diciembre<\/h3>\n<p>\u201cPremios Nacionales &#038; Co.\u201d Auditorio del Museo Guggenheim, a las 19 h.<br \/>\nCompositores invitados: David del Puerto, Cesar Camarero, Jorge Fern\u00e1ndez Guerra.<br \/>\nGalardonados con el Premio Nacional de la M\u00fasica en 2005, 2006, 2007.<br \/>\nInt\u00e9rpretes: Ensemble Kuraia<\/p>\n<h3>27 de noviembre<\/h3>\n<p>Curso. \u201cSupercollider\u201d.<br \/>\nJulio D\u2019Escriv\u00e1n, en la UPV.<\/p>\n<h3>1 de Diciembre<\/h3>\n<p>Conferencia. \u201cCreaci\u00f3n contempor\u00e1nea mexicana\u201d.<br \/>\nRodrigo Sigal (compositor), en la UPV.<\/p>\n<h3>5 de Diciembre<\/h3>\n<p>Conferencia. \u201cLa composici\u00f3n, modelos y alternativas formales\u201d.<br \/>\nJorge Fern\u00e1ndez Guerra (compositor).<br \/>\nMusikene, San Sebasti\u00e1n.[\/et_pb_tab][et_pb_tab title=&#8221;2007&#8243; _builder_version=&#8221;4.21.0&#8243; _module_preset=&#8221;default&#8221; global_colors_info=&#8221;{}&#8221;]<\/p>\n<h3>X&ordm; Aniversario (1997-2007)<\/h3>\n<p><em>Las actividades de 2007 se concentraron en Noviembre y Diciembre. El Ensemble Kuraia se hizo cargo del estreno de la obra Hamar de G.Erkoreka, obra encargo del museo Guggenheim en ocasi&oacute;n de su X&ordm; aniversario. Curiosamente tambi&eacute;n Kuraia aquel a&ntilde;o cumpli&oacute; su d&eacute;cimo aniversario<\/em>.<\/p>\n<p><strong>Lunes 5 de Noviembre<\/strong><br \/>\nConferencia de Gabriel Erkoreka<br \/>\n&ldquo; M&uacute;sica y Espacio&rdquo;: El proceso de composici&oacute;n de <em>Hamar <\/em>, obra encargada por el museo Guggenheim en ocasi&oacute;n de su 10&ordm; Aniversario<br \/>\nLugar: UPV, Facultad de BBAA<br \/>\nLejona,Vizcaya<\/p>\n<p><strong>S&aacute;bado 10, Domingo 11, S&aacute;bado 17 y Domingo 18 de Noviembre<\/strong><br \/>\nInterpretaci&oacute;n de la obra <em>Hamar <\/em>de Gabriel Erkoreka<br \/>\nEnsemble Kuraia<br \/>\nLugar: Museo Guggenheim-Bilbao<br \/>\nDe 16 a 18 horas<br \/>\n<strong>Festival Klem-Kuraia<\/strong><br \/>\n<strong>Lunes 10 de Diciembre<\/strong><br \/>\nConcierto del Ensemble Kuraia<br \/>\n&ldquo;M&uacute;sica de Italia y Euskadi &ldquo;<br \/>\nLugar: KulturLeioa. Lejona,Vizcaya.<br \/>\nA las 20 horas<br \/>\nObras de Belcastro,Larrauri, Lazkano, Ibarrondo<br \/>\n<strong>Martes 11 de Diciembre<\/strong><br \/>\nConferencia del compositor Luca Belcastro<br \/>\nMusikene-SanSebasti&aacute;n<br \/>\nProyecciones de arte v&iacute;deo y estreno del documental &ldquo;Homenaje a F&eacute;lix Ibarrondo&rdquo;<br \/>\nLugar: KulturLeioa<br \/>\nA las 20 horas<br \/>\n<strong>Miercoles 12 de Diciembre<\/strong><br \/>\nConcierto del Ensemble Kuraia<br \/>\n&ldquo;Compositores de ayer y de hoy&rdquo;<br \/>\nLugar: KulturLeioa<br \/>\nA las 20 horas<br \/>\nObras de Donostia,Adrien,Bernaola, Falla<br \/>\n<strong>Jueves 13 de Diciembre<\/strong><br \/>\nConcierto del Ensemble Kuraia<br \/>\n&ldquo;Compositores de ayer y de hoy&rdquo;<br \/>\nLugar: Paraninfo de la Universidad de Deusto a las 20 horas. Bilbao<br \/>\nObras de Donostia,Adrien,Bernaola, Falla.[\/et_pb_tab][et_pb_tab title=&#8221;2006&#8243; _builder_version=&#8221;4.21.0&#8243; _module_preset=&#8221;default&#8221; global_colors_info=&#8221;{}&#8221;]<strong>Octavio L&oacute;pez<\/strong> (compositor, Francia)<br \/>\nLugar:Facultad de BBAA<br \/>\nFecha:13 \/ 12 \/ 2006<br \/>\n<strong>Francisco Kr&ouml;pfl <\/strong>(compositor, Argentina)<br \/>\nLugar:MUSIKENE.<br \/>\nFecha:13 \/ 12 \/ 2006<br \/>\n<strong>Concierto de estrenos<\/strong><br \/>\nObras de Ajubita, Luc, Kr&ouml;pfl, Varela, Adrien, Erkoreka<br \/>\nENSEMBLE KURAIA<br \/>\nDirecci&oacute;n Musical : Andrea Cazzaniga<br \/>\nLugar:KULTURLEIOA &ndash; Auditorio<br \/>\nFecha: 11\/12\/2006 20:00<br \/>\n<strong>Concierto Multimedia<\/strong><br \/>\nLugar:KULTURLEIOA &ndash; Auditorio<br \/>\nFecha:12\/12\/2006[\/et_pb_tab][et_pb_tab title=&#8221;2005&#8243; _builder_version=&#8221;4.21.0&#8243; _module_preset=&#8221;default&#8221; global_colors_info=&#8221;{}&#8221;]<strong>Homenaje a Joan Guinjoan<\/strong><br \/>\n<strong>Conferencia concierto a cargo de Joan Guinjoan<\/strong><br \/>\nKuraia Ensemble<br \/>\nObras de Joan Guinjoan<br \/>\nLugar: Biblioteca de Bidebarrieta<br \/>\nFecha: 27-01-2005<br \/>\n<strong>La Historia del Soldado<\/strong><br \/>\nM&uacute;sica de I.Stravinski, texto de C.F. Ramuz<br \/>\nProducci&oacute;n Alauda teatro<br \/>\nEnsemble Kuraia, dir.Andrea Cazzaniga<br \/>\nTeatro Principal de Reinosa, 12\/11\/05<br \/>\nTeatro Ayala de Bilbao, 14\/11\/05<br \/>\nKulturLeioa de Lejona , 12\/12\/05<br \/>\n<strong>Concierto de estrenos<\/strong><br \/>\nEnsemble Kuraia, dir. Andrea Cazzaniga<br \/>\nKulturleioa. 13\/12\/05 a las 20 horas<br \/>\nObras de Doistua, Lara, Adrien, Guerenabarrena.[\/et_pb_tab][et_pb_tab title=&#8221;2004&#8243; _builder_version=&#8221;4.21.0&#8243; _module_preset=&#8221;default&#8221; global_colors_info=&#8221;{}&#8221;]<\/p>\n<p><strong>Concierto de estrenos de compositores vascos<\/strong><br \/>M\u00fasica para cuerdas<br \/>Ensemble Kuraia<br \/>Lugar: Biblioteca de Bidebarrieta<br \/>Fecha: 12-01-2004<br \/>Obras de Ibarrondo, Gorostiza, Enfedaque, Luc,<br \/><strong>M\u00fasica para cuerdas<\/strong><br \/>Ensemble Kuraia<br \/>Lugar :Conservatorio de Sestao<br \/>Fecha:20-01-2004<br \/>Obras de Enfedaque, Gorostiza,Luc<br \/><strong>Homenaje a F\u00e9lix Ibarrondo en ocasi\u00f3n de su 60 aniversario<\/strong><br \/>Grabaci\u00f3n del video \u201cHomenaje a F\u00e9lix Ibarrondo\u201d<br \/>Tres conciertos- conferencias monogr\u00e1ficos sobre su m\u00fasica efectuados en el teatro S. Ana de O\u00f1ate, Museo Artium de Vitoria, Palacio Euskalduna de Bilbao los d\u00edas 26, 27 y 29 de Marzo 2004. Grabaci\u00f3n Radio Cl\u00e1sica RNE<br \/>Kuraia Ensemble, dir. Andrea Cazzaniga<br \/><strong>M\u00fasica y Matem\u00e1tica<\/strong><br \/>Concierto-conferencia a cargo de I\u00f1igo Ibaibarriaga<br \/>Lugar: UPV Facultad de Ciencia y Tecnolog\u00eda<br \/>Fecha: 4 de Mayo de 2004<br \/><strong>M\u00fasica y graf\u00eda<\/strong><br \/>Conferencia a cargo de Mar\u00eda Eugenia Luc<br \/>Lugar : Gald\u00e1cano, auditorio del conservatorio<br \/>Fecha: 16-11- 2004<br \/><strong>M\u00fasica y creaci\u00f3n<\/strong><br \/>Conferencia-concierto a cargo de Mar\u00eda Eugenia Luc y el Kuraia Ensemble<br \/>Lugar: Conservatorio de Durango<br \/>Fecha: 9-12-2004<\/p>\n<p>[\/et_pb_tab][et_pb_tab title=&#8221;2002&#8243; _builder_version=&#8221;4.21.0&#8243; _module_preset=&#8221;default&#8221; global_colors_info=&#8221;{}&#8221;]<\/p>\n<p>\u201dLA GRAF\u00cdA CONTEMPOR\u00c1NEA \u201d<br \/>Presentaci\u00f3n del Libro \u201cLa Graf\u00eda en la M\u00fasica contempor\u00e1nea\u201d<br \/>Ponente: Jes\u00fas Villa Rojo<br \/>Lugar: SGAE<br \/>Fecha: 26 y 27 de Enero de 2002.<br \/>\u201cCURSO DE AUDIO Y VIDEO DIGITAL. APLICACIONES DID\u00c1CTICAS EN EDUCACI\u00d3N ART\u00cdSTICA.\u201d<br \/>Curso dedicado al aprendizaje de programas de edici\u00f3n de audio y v\u00eddeo<br \/>digital y sus aplicaciones musicales y pedag\u00f3gicas.<br \/>Curso a cargo de Angel Enfedaque<br \/>Fecha: 11 al 15 de Febrero de 2002<br \/>Lugar: UPV<br \/>Duraci\u00f3n: 20 horas<br \/>\u201cConcierto de Estrenos de Compositores Vascos\u201d. Ensemble Kuraia<br \/>Lugar: Sala Rekade.<br \/>Fecha: 7 de Enero de 2002.<br \/>Hora: 20 h.<br \/>\u201c Concierto Homenaje a Joan Guinjoan\u201d. Ensemble Kuraia<br \/>Concierto-Homenaje al compositor y miembro honorario de la Asociaci\u00f3n en su 70 aniversario.<br \/>Ensemble Kuraia, grupo instrumental de la asociaci\u00f3n.<br \/>Lugar: Biblioteca de Bidebarrieta<br \/>Fecha: 14 de enero de 2002<br \/>Hora: 19 h.<br \/>\u201cConcierto de M\u00fasica Electroac\u00fastica \u201c<br \/>Int\u00e9rprete : Proxima Centauri (Ensemble invitado. Burdeos)<br \/>Lugar: Sala Rekalde.<br \/>Fecha: 25 de Febrero de 2002.<br \/>Hora: 20 h.<br \/>&#8220;La Invenci\u00f3n &#8211; Improvisaci\u00f3n&#8221;<br \/>Concierto-Acci\u00f3n con artistas y M\u00fasicos en directo.<br \/>En este apartado los Artistas y M\u00fasicos trabajan en directo, desarrollando una acci\u00f3n pl\u00e1stica mientras se escucha una m\u00fasica interpretada en directo.<br \/>Lugar: Auditorio del Instituto \u201cMiguel de Unamuno\u201d<br \/>Fecha: 28 de febrero de 2002<br \/>Hora: 20 h.<\/p>\n<p>[\/et_pb_tab][et_pb_tab title=&#8221;2001&#8243; _builder_version=&#8221;4.21.0&#8243; _module_preset=&#8221;default&#8221; global_colors_info=&#8221;{}&#8221;]<\/p>\n<p>Concierto Inaugural de KLEM (KURAIA Laboratorio de Electroac\u00fastica Musical)<br \/>Int\u00e9rprete: Daniel Teruggi, Director del GRM de Par\u00eds<br \/>Sala de Exposiciones de la bbk.<br \/>2 de marzo de 2001. 20 h.<br \/>Concierto Homenaje a J. I. Bilbao<br \/>Sala de Exposiciones de la bbk.<br \/>23 de marzo de 2001.20 h.<br \/>Inform\u00e1tica Musical<br \/>EDICI\u00d3N DE PARTITURAS: FINALE<br \/>Seminario te\u00f3rico pr\u00e1ctico a cargo del compositor Angel Enfedaque<br \/>26 y 27 de Febrero de 2001.<br \/>Duraci\u00f3n: 10 horas<br \/>AN\u00c1LISIS AUDITIVO APLICADO A LA M\u00daSICA CONTEMPOR\u00c1NEA<br \/>Seminario te\u00f3rico \u2013 pr\u00e1ctico a cargo de la compositora Mar\u00eda Eugenia Luc.<br \/>17 y 18 de Marzo de 2001.<br \/>Duraci\u00f3n: 10 horas<br \/>Horarios: S\u00e1bado de 10 a 14 h. y de 16 a 20 h. \/\/ Domingo de 10 a 14 h.<br \/>Lugar: Sala de Conferencias de la SGAE<br \/>ENCUENTROS CON EL AUTOR<br \/>Conjunto de charlas y audiciones a cargo del saxofonista I\u00f1igo Ibaibarriaga.<br \/>24 de Febrero y 24 de Marzo de 2001.<br \/>Duraci\u00f3n: 10 horas<br \/>Curso de Daniel Teruggi, Director del GRM de Par\u00eds. D\u00edas: 3 y 4 de Marzo. Horarios: S\u00e1bado de 9.30 a 13.30 y de 15.30 a 18.30hs, Domingo de 10 a 14hs.<br \/>GIRAS<br \/>23 \u2013 IV \u2013 2001: Instituto Cervantes de Par\u00eds. Concierto Monogr\u00e1fico de Jos\u00e9 Manuel L\u00f3pez L\u00f3pez. Ensemble KURAIA<br \/>2 \u2013 V \u2013 2001: Instituto Cervantes de Par\u00eds. Concierto de Compositores Bilba\u00ednos. Ensemble KURAIA<\/p>\n<h2>&#8220;10\u00ba Encuentro de m\u00fasica contempor\u00e1nea&#8221;<\/h2>\n<p>\u201cM\u00e9todos contempor\u00e1neos para la educaci\u00f3n musical a partir de los 2 a\u00f1os de edad\u201d.<br \/>Curso a cargo de M\u00aa Eugenia Luc<br \/>Lugar: SGAE<br \/>Fecha: 10 al 13 de Diciembre de 2001<br \/>\u201cCurso sobre la aplicaci\u00f3n de los recursos inform\u00e1ticos en m\u00fasica \u201d<br \/>Seminario te\u00f3rico-pr\u00e1ctico a cargo del compositor Angel Enfedaque dedicado al<br \/>aprendizaje del programa CUBASE y sus aplicaciones musicales y pedag\u00f3gicas.<br \/>Fecha: 26 al 30 de Noviembre de 2001<br \/>Duraci\u00f3n: 20 horas<br \/>Lugar: Escuela de Magisterio UPV<\/p>\n<p>[\/et_pb_tab][et_pb_tab title=&#8221;2000&#8243; _builder_version=&#8221;4.21.0&#8243; _module_preset=&#8221;default&#8221; global_colors_info=&#8221;{}&#8221;]<\/p>\n<h2>&#8220;8\u00ba Encuentro de m\u00fasica contempor\u00e1nea&#8221;<\/h2>\n<p>Concierto-Conferencia: \u201cHomenaje a CARMELO BERNAOLA\u201d<br \/>Ensemble KURAIA<br \/>Ponente A. Zubikarai<br \/>Sala Rekalde<br \/>30 de Enero del 2000<br \/>\u201cNotaci\u00f3n y Gr\u00e1fica en la M\u00fasica del Siglo XX\u201d<br \/>Profesor J. Villa Rojo<br \/>29 de Enero de 2000<br \/>Sala de Conferencias de la SGAE<br \/>Concierto-Conferencia: \u201cHomenaje a CARMELO BERNAOLA\u201d<br \/>Ensemble KURAIA<br \/>Ponente A. Zubikarai<br \/>30 de Enero de 2000<br \/>Sala Rekalde<br \/>Mesa Redonda-Concierto: &#8220;La Torre herida por el Rayo&#8221; &#8220;Lo imposible como Meta&#8221;<br \/>Ensemble KURAIA<br \/>2 de Marzo de 2000<br \/>Museo GUGGENHEIM &#8211; Bilbao<br \/>Acercamiento a la M\u00fasica contempor\u00e1nea. Conferencia-Concierto.<br \/>13 de Abril de 2000<br \/>Facultad de Bellas Artes<br \/>M\u00fasica en el Aire.<br \/>Concierto de clausura del curso de an\u00e1lisis de J. L. Campana.<br \/>24 de Junio de 2000<br \/>Biblioteca de Bidebarrieta.<br \/>\u201cLa M\u00fasica espectral en J. M. L\u00f3pez L\u00f3pez\u201d<br \/>Ensemble KURAIA<br \/>3 de Julio de 2000<br \/>Sala de Exposiciones BBK. Elcano 20<br \/>Grabaci\u00f3n del documental: Luis de Pablo. Transici\u00f3n hacia el siglo XXI en el Museo Guggenheim-Bilbao (21 y 22 de Octubre de 2000)<br \/>&#8220;En torno a Luis de Pablo&#8221;<br \/>Concierto-Homenaje<br \/>27 de Noviembre de 2000<br \/>Festival de M\u00fasica contempor\u00e1nea de Leioa<br \/>Luis de Pablo. Su obra de peque\u00f1o formato<br \/>Conferencia-Concierto con el Compositor<br \/>Int\u00e9rpretes: Ensemble KURAIA<br \/>20 de diciembre de 2000. 19 h.<br \/>Auditorio de Museo Gugenheim-Bilbao<br \/>Concierto Homenaje Luis de Pablo<br \/>Presentaci\u00f3n del documental a las autoridades y Patrocinadores<br \/>Concierto del Ensemble KURAIA<br \/>21 de diciembre de 2000. 19 h.<br \/>Auditorio de Museo Gugenheim-Bilbao<\/p>\n<h2>&#8220;9\u00ba Encuentro de m\u00fasica contempor\u00e1nea&#8221;<\/h2>\n<p>Concierto \u201cD\u00fao Gorostiza\u201d<br \/>26 de Diciembre de 2000<br \/>Sala de Exposiciones de la bbk. 20 h.<br \/>Concierto de Compositores de KURAIA<br \/>Ensemble KURAIA<br \/>Sala de Exposiciones Rekalde. 20 h.<br \/>Concierto del \u201cD\u00daO INNER\u201d<br \/>Sala de Exposiciones de la bbk. 20 h.<\/p>\n<p>[\/et_pb_tab][et_pb_tab title=&#8221;1999&#8243; _builder_version=&#8221;4.21.0&#8243; _module_preset=&#8221;default&#8221; global_colors_info=&#8221;{}&#8221;]<\/p>\n<h2>&#8220;6\u00ba Encuentro de m\u00fasica contempor\u00e1nea&#8221;<\/h2>\n<p>CURSO \u201cEdici\u00f3n de Partituras: FINALE\u201d<br \/>Profesor A. Enfedaque<br \/>del 19 al 23 de julio 1999-09-17<br \/>Instituto de Bachillerato Ballondi<br \/>Portugalete<\/p>\n<h3>CONCIERTOS<\/h3>\n<p>\u201cLa Hacer\u00eda\u201d, Ensemble KURAIA<br \/>Ribera de Deusto, 42<br \/>19 de junio de 1999, 22 h.<\/p>\n<p>\u201cSala Rekalde\u201d, Ensemble KURAIA<br \/>Alameda de Rekalde, 32<br \/>27 de junio de 1999, 20 horas, 300 ptas.<\/p>\n<p>Con-ciertos-sentidos, Ensemble KURAIA<br \/>BILBAO arte<br \/>Urazurrutia, 32<br \/>8 de julio de 1999, 22:30 horas.<\/p>\n<p>&nbsp;<\/p>\n<h2>&#8220;7\u00ba Encuentro de m\u00fasica contempor\u00e1nea&#8221;<\/h2>\n<p>\u201cLa T\u00e9cnica Espectral en la M\u00fasica de J. M. L\u00f3pez L\u00f3pez\u201d<br \/>Profesor J. M. L\u00f3pez L\u00f3pez<br \/>BilbaoArte<br \/>2 y 3 de Diciembre<\/p>\n<p>\u201cAn\u00e1lisis Auditivo aplicado a la M\u00fasica Contempor\u00e1nea\u201d<br \/>Profesora M. E. Luc<br \/>BilbaoArte, Urazurrutia 32<br \/>11 de Diciembre<\/p>\n<p>Conferencia-Concierto: \u201cM\u00fasica, Pl\u00e1stica y Est\u00e9tica Contempor\u00e1nea\u201d<br \/>Profesor I. Ibaibarriaga<br \/>Paraninfo de la Universidad de Deusto<br \/>Diciembre 1999<\/p>\n<p>\u201cLo interdisciplinario como Metodolog\u00eda Creativa\u201d<br \/>Profesor O. Lopez<br \/>Paraninfo de la Universidad de Deusto<br \/>de Diciembre<\/p>\n<p>\u201cNotaci\u00f3n y Gr\u00e1fica en la M\u00fasica del Siglo XX\u201d<br \/>Profesor J. Villa Rojo<\/p>\n<p>Sala de Conferencias de la SGAE<br \/>29 de Enero del 2000<\/p>\n<p>\u201cEl An\u00e1lisis, La Forma y la Interpretaci\u00f3n en M\u00fasica Contempor\u00e1nea\u201d.<br \/>Profesor Jos\u00e9 Luis Campana.<br \/>Lugar: Conservatorio Superior de M\u00fasica de Bilbao<\/p>\n<h3>CONCIERTOS<\/h3>\n<p>\u201cM\u00fasica y Arte de Acci\u00f3n\u201d<br \/>Ensemble KURAIA<br \/>Teatro Arriaga<br \/>24 de noviembre de 1999<\/p>\n<p>7. \u201cEstreno de obras de Compositores Vascos\u201d<br \/>Ensemble KURAIA<br \/>BilbaoArte<br \/>27 de Diciembre de 1999<\/p>\n<p>8. \u201cLa M\u00fasica espectral en J. M. L\u00f3pez L\u00f3pez\u201d<br \/>Ensemble KURAIA<br \/>BilbaoArte<br \/>28 de Diciembre de 1999<\/p>\n<p>[\/et_pb_tab][et_pb_tab title=&#8221;1998&#8243; _builder_version=&#8221;4.21.0&#8243; _module_preset=&#8221;default&#8221; global_colors_info=&#8221;{}&#8221;]<\/p>\n<h2>&#8220;3\u00ba Encuentro de m\u00fasica contempor\u00e1nea&#8221;<\/h2>\n<p>Concierto: \u201cLa Voz a fin del Milenio\u201d<br \/>Solista invitada: Esperanza Abad<br \/>Paraninfo de la Universidad de Deusto<br \/>23 de Enero de 1998<\/p>\n<p>&nbsp;<\/p>\n<h2>&#8220;4\u00ba Encuentro de m\u00fasica contempor\u00e1nea&#8221;<\/h2>\n<p>Mesa Redonda:<br \/>\u201cLa Est\u00e9tica en la M\u00fasica Contempor\u00e1nea a finales del siglo XX\u201d<br \/>Ponentes: Francisco Escudero, Luis De Pablo, Joan Guinjoan Y Jos\u00e9 Luis Campana (Miembros Honorarios de KURAIA)<br \/>Paraninfo de la Universidad de Deusto<br \/>23 de Febrero de 1998<br \/>Concierto: \u201cM\u00fasica para Cuerdas\u201d<br \/>Cuarteto de Cuerdas del Ensemble ARCEMA de Par\u00eds y del Ensemble KURAIA<br \/>Paraninfo de la Universidad de Deusto<br \/>23 de Febrero de 1998<\/p>\n<p>&nbsp;<\/p>\n<h2>&#8220;5\u00ba Encuentro de m\u00fasica contempor\u00e1nea&#8221;<\/h2>\n<p>Ensemble KURAIA \u2013 Director Juan Jos\u00e9 Mena<br \/>13 de diciembre, 19.30 hs. Sala Rekalde (Bilbao)<br \/>Ensamble de l\u2019 ARCEMA de Par\u00eds.<br \/>14 de diciembre, 19.30 hs. Paraninfo de la Universidad de Deusto<br \/>Jornada de M\u00fasica Electroac\u00fastica, del Festival anual de la AMEE (Asociaci\u00f3n de M\u00fasica Electroac\u00fastica Espa\u00f1ola)<br \/>15 de diciembre, 19.30 hs. Paraninfo de la Universidad de Deusto<br \/>Ensemble KURAIA: Concierto de m\u00fasica de c\u00e1mara<br \/>19 de diciembre, 19.30 hs. Sala Rekalde<br \/>Curso anual de Interpretaci\u00f3n, profesor J. L. Campana.<br \/>14 de diciembre, 9.30hs \u2013 13.30hs \/ 15hs \u2013 18hs. Universidad de Deusto<br \/>Curso de Inform\u00e1tica Musical, profesores A. Garc\u00eda y A. Enfedaque.<\/p>\n<p>[\/et_pb_tab][et_pb_tab title=&#8221;1997&#8243; _builder_version=&#8221;4.21.0&#8243; _module_preset=&#8221;default&#8221; global_colors_info=&#8221;{}&#8221;]<\/p>\n<h2>&#8220;1\u00ba Encuentro de m\u00fasica contempor\u00e1nea&#8221;<\/h2>\n<p>&nbsp;<\/p>\n<h3>CONCIERTO INAUGURAL<\/h3>\n<p>Solista invitado: Pierre Strauch<br \/>Ensemble KURAIA<br \/>Paraninfo de la Universidad de Deusto<br \/>26 de Junio de 1997<\/p>\n<h3>CURSO DE AN\u00c1LISIS Y COMPOSICI\u00d3N<\/h3>\n<p>Profesor y Compositor: Jos\u00e9 Luis Campana<br \/>Sala de Conferencias de la Universidad de Deusto<br \/>27 y 28 de Junio de 1997<\/p>\n<p>&nbsp;<\/p>\n<h2>&#8220;2\u00ba Encuentro de m\u00fasica contempor\u00e1nea&#8221;<\/h2>\n<p>Concierto de M\u00fasica Electroac\u00fastica<br \/>Solistas invitado: Jos\u00e9 Manuel Berenguer<br \/>Solista de Ensemble KURAIA<br \/>Paraninfo de la Universidad de Deusto<br \/>4 de Diciembre de 1997<br \/>Curso de M\u00fasica Electroac\u00fastica<br \/>Profesor y Compositor: Jos\u00e9 Manuel Berenguer<br \/>Sala de Conferencias de la Universidad de Deusto<br \/>3, 4 y 5 de Diciembre de 1997<\/p>\n<p>[\/et_pb_tab][\/et_pb_tabs][\/et_pb_column][\/et_pb_row][\/et_pb_section][et_pb_section fb_built=&#8221;1&#8243; admin_label=&#8221;TESTIMONIOS&#8221; _builder_version=&#8221;4.20.0&#8243; _module_preset=&#8221;default&#8221; global_module=&#8221;1118&#8243; collapsed=&#8221;off&#8221; global_colors_info=&#8221;{}&#8221;][et_pb_row _builder_version=&#8221;4.20.0&#8243; _module_preset=&#8221;default&#8221; global_colors_info=&#8221;{}&#8221;][et_pb_column type=&#8221;4_4&#8243; _builder_version=&#8221;4.20.0&#8243; _module_preset=&#8221;default&#8221; global_colors_info=&#8221;{}&#8221;][et_pb_icon font_icon=&#8221;&#xf10d;||fa||900&#8243; icon_color=&#8221;#000000&#8243; icon_width=&#8221;56px&#8221; _builder_version=&#8221;4.20.0&#8243; _module_preset=&#8221;default&#8221; global_colors_info=&#8221;{}&#8221;][\/et_pb_icon][et_pb_slider arrows_custom_color=&#8221;#000000&#8243; dot_nav_custom_color=&#8221;#000000&#8243; _builder_version=&#8221;4.21.0&#8243; _module_preset=&#8221;8dc90cd6-09ff-42b4-bdd9-3a9ac7bb3bd0&#8243; header_font=&#8221;Inter|600||on|||||&#8221; header_text_color=&#8221;gcid-8b50368a-c64a-42be-b110-e2137ab417d1&#8243; header_font_size=&#8221;14px&#8221; header_letter_spacing=&#8221;0.5em&#8221; header_line_height=&#8221;1.4em&#8221; body_text_color=&#8221;#666666&#8243; body_font_size=&#8221;20px&#8221; body_line_height=&#8221;1.8em&#8221; background_color=&#8221;RGBA(255,255,255,0)&#8221; custom_button=&#8221;on&#8221; button_text_size=&#8221;14px&#8221; button_text_color=&#8221;#FFFFFF&#8221; button_bg_color=&#8221;#000000&#8243; button_border_width=&#8221;0px&#8221; button_border_radius=&#8221;0px&#8221; button_letter_spacing=&#8221;0.2em&#8221; button_font=&#8221;Cormorant Garamond|700||on|||||&#8221; button_custom_padding=&#8221;16px|24px|16px|24px|true|true&#8221; custom_padding=&#8221;60px||||false|false&#8221; header_font_size_tablet=&#8221;20px&#8221; header_font_size_phone=&#8221;16px&#8221; header_font_size_last_edited=&#8221;on|desktop&#8221; body_font_size_tablet=&#8221;16px&#8221; body_font_size_phone=&#8221;14px&#8221; body_font_size_last_edited=&#8221;on|desktop&#8221; border_width_top=&#8221;2px&#8221; border_color_top=&#8221;#aba119&#8243; text_shadow_style=&#8221;preset1&#8243; text_shadow_color=&#8221;RGBA(255,255,255,0)&#8221; locked=&#8221;off&#8221; global_colors_info=&#8221;{%22gcid-8b50368a-c64a-42be-b110-e2137ab417d1%22:%91%22header_text_color%22%93}&#8221;][et_pb_slide heading=&#8221;Luis De Pablo&#8221; _builder_version=&#8221;4.21.0&#8243; _module_preset=&#8221;default&#8221; locked=&#8221;off&#8221; global_colors_info=&#8221;{}&#8221; sticky_transition=&#8221;on&#8221;]<\/p>\n<p>&#8220;Kuraiarekin egindako kolaborazioak, duelako hogei urtetik gertu egon daitezke. Taldeak gehien jotako obren artean nire \u201cEp\u00edstola al transe\u00fante\u201d obra dago: mundu erdia baino gehiagotik paseatu dute. Beraien bertsioak miresgarritik gainidiezinerartekoak dira: pozez eta esker onez diot.\u201d<\/p>\n<p>[\/et_pb_slide][et_pb_slide heading=&#8221;Jos\u00e9 Manuel L\u00f3pez L\u00f3pez&#8221; _builder_version=&#8221;4.21.0&#8243; _module_preset=&#8221;default&#8221; locked=&#8221;off&#8221; global_colors_info=&#8221;{}&#8221; sticky_transition=&#8221;on&#8221;]<\/p>\n<p>\u201cDudarik gabe, Kuraia estatuko talderik garrantzitsuenetarikoa da bere ibilbide luzeagatik, baina batez ere bere taldekide guztien konbentzimendu, profesionaltasun eta dotoreziagatik. Maila honetako taldeak dira musikaren etorkizuna, benetako musikarena\u2026\u201d<\/p>\n<p>[\/et_pb_slide][et_pb_slide heading=&#8221;Leonardo Balada&#8221; _builder_version=&#8221;4.21.0&#8243; _module_preset=&#8221;default&#8221; locked=&#8221;off&#8221; global_colors_info=&#8221;{}&#8221; sticky_transition=&#8221;on&#8221;]<\/p>\n<p>\u201cEnsemble Kuraia Caprichos n\u00ba7an entzutean oso zoriontsu sentitu nintzen, izan ere bai klarinete bakarlari, zuzendari eta taldeak nire ideiak bikain irudikatu zituzten gogoberotasunezko oparotasunez. Musika talde bikaina eta esperientzia bikaina\u201d<\/p>\n<p>[\/et_pb_slide][\/et_pb_slider][\/et_pb_column][\/et_pb_row][\/et_pb_section][et_pb_section fb_built=&#8221;1&#8243; admin_label=&#8221;MEGA FRASE&#8221; _builder_version=&#8221;4.22.1&#8243; _module_preset=&#8221;default&#8221; background_color=&#8221;#ffffff&#8221; use_background_color_gradient=&#8221;on&#8221; background_color_gradient_stops=&#8221;rgba(255,255,255,0.47) 0%|rgba(255,255,255,0.47) 100%&#8221; background_image=&#8221;https:\/\/www.ensemblekuraia.es\/wp-content\/uploads\/2023\/08\/Retrato-Mel-04_lona12-e1694079982639.jpg&#8221; background_position=&#8221;top_left&#8221; background_blend=&#8221;screen&#8221; custom_padding=&#8221;12vw||12vw||true|false&#8221; background_color_tablet=&#8221;rgba(255,255,252,0.84)&#8221; background_last_edited=&#8221;on|tablet&#8221; background_enable_color_tablet=&#8221;on&#8221; background_position_tablet=&#8221;center&#8221; background_position_phone=&#8221;center&#8221; background_blend_tablet=&#8221;overlay&#8221; global_module=&#8221;1398&#8243; saved_tabs=&#8221;all&#8221; collapsed=&#8221;off&#8221; global_colors_info=&#8221;{}&#8221;][et_pb_row custom_padding_last_edited=&#8221;on|tablet&#8221; _builder_version=&#8221;4.21.0&#8243; _module_preset=&#8221;default&#8221; custom_padding=&#8221;|120px||120px|false|true&#8221; custom_padding_tablet=&#8221;|0%||0%|false|true&#8221; custom_padding_phone=&#8221;||||false|false&#8221; global_colors_info=&#8221;{}&#8221;][et_pb_column type=&#8221;4_4&#8243; _builder_version=&#8221;4.20.0&#8243; _module_preset=&#8221;default&#8221; global_colors_info=&#8221;{}&#8221;][et_pb_text admin_label=&#8221;T\u00edtulo&#8221; _builder_version=&#8221;4.21.0&#8243; _module_preset=&#8221;6f6bc3d5-0be1-40f8-80c9-5e7237d9ee3b&#8221; header_2_font=&#8221;Cormorant Garamond|||on|||||&#8221; header_2_font_size=&#8221;48px&#8221; header_2_letter_spacing=&#8221;0.2em&#8221; header_2_line_height=&#8221;1.2em&#8221; text_orientation=&#8221;center&#8221; custom_margin=&#8221;||10px||false|false&#8221; header_2_font_size_tablet=&#8221;32px&#8221; header_2_font_size_phone=&#8221;20px&#8221; header_2_font_size_last_edited=&#8221;on|desktop&#8221; global_colors_info=&#8221;{}&#8221;]<\/p>\n<h2><strong>Mar\u00eda Eugenia Luc<\/strong><\/h2>\n<p>[\/et_pb_text][et_pb_text admin_label=&#8221;FRASE&#8221; _builder_version=&#8221;4.21.0&#8243; _module_preset=&#8221;39c311a7-7753-422a-9bff-4e462bb6e4f7&#8243; text_font_size=&#8221;20px&#8221; text_line_height=&#8221;1.8em&#8221; text_orientation=&#8221;center&#8221; text_font_size_tablet=&#8221;16px&#8221; text_font_size_phone=&#8221;14px&#8221; text_font_size_last_edited=&#8221;on|desktop&#8221; global_colors_info=&#8221;{}&#8221;]<\/p>\n<p>Gure lehentasuna <strong>gure garaiko konpositoreen lanak zabaltzea<\/strong> eta kalitate bikaineko talde profesional bat eskaintzea da, estuki lankidetzan aritzeko.<\/p>\n<p>[\/et_pb_text][et_pb_button button_url=&#8221;#contacto&#8221; button_text=&#8221;JARRI GUREKIN HARREMANETAN&#8221; button_alignment=&#8221;center&#8221; admin_label=&#8221;Bot\u00f3n a Contacto&#8221; _builder_version=&#8221;4.21.0&#8243; _module_preset=&#8221;1a7ebcdf-74cf-49d0-a7ba-2c93f24e0d00&#8243; custom_button=&#8221;on&#8221; button_text_size=&#8221;14px&#8221; button_text_color=&#8221;#000000&#8243; button_bg_color=&#8221;#aba119&#8243; button_border_width=&#8221;0px&#8221; button_border_radius=&#8221;0px&#8221; button_letter_spacing=&#8221;0.2em&#8221; button_font=&#8221;Cormorant Garamond|700||on|||||&#8221; custom_padding=&#8221;16px|24px|16px|24px|true|true&#8221; global_colors_info=&#8221;{}&#8221;][\/et_pb_button][\/et_pb_column][\/et_pb_row][\/et_pb_section]<\/p>\n","protected":false},"excerpt":{"rendered":"<p>Hist\u00f3ricoEstreinaldiak F\u00e9lix Ibarrondo: OrtzadarraFrancisco Dom\u00ednguez: IgurtziEduardo Mar\u00edn: Peau-P\u00e9rist\u00e0seIzaro Txapartegi: AldakorAndrea Cazzaniga: Tres piezas para Kuraia Egindako jarduerak &#8211; Klarinete master classa Sergio Barrancorekin.Bilboko \u201cJ. C. Arriaga\u201d Kontserbatorioa, urtarrilak 23-24- Konpositoreen tailerra Ensemble KuraiarekinLeioako Kontserbatorioa, otsailak 8-9- Flauta master classa Mario CarolirekinBilboko \u201cJ. C. Arriaga\u201d Kontserbatorioa, martxoaren 18an- Kontzertua Bilboko Aste Nagusian, abuztuaren 20an. Iglesia de [&hellip;]<\/p>\n","protected":false},"author":4,"featured_media":0,"parent":0,"menu_order":0,"comment_status":"closed","ping_status":"closed","template":"","meta":{"_et_pb_use_builder":"on","_et_pb_old_content":"","_et_gb_content_width":"","footnotes":""},"class_list":["post-2438","page","type-page","status-publish","hentry"],"yoast_head":"<!-- This site is optimized with the Yoast SEO plugin v27.1.1 - https:\/\/yoast.com\/product\/yoast-seo-wordpress\/ -->\n<title>Hist\u00f3rico - Ensemble Kuraia<\/title>\n<meta name=\"robots\" content=\"index, follow, max-snippet:-1, max-image-preview:large, max-video-preview:-1\" \/>\n<link rel=\"canonical\" href=\"https:\/\/www.ensemblekuraia.es\/eu\/historico\/\" \/>\n<meta property=\"og:locale\" content=\"eu_ES\" \/>\n<meta property=\"og:type\" content=\"article\" \/>\n<meta property=\"og:title\" content=\"Hist\u00f3rico - Ensemble Kuraia\" \/>\n<meta property=\"og:description\" content=\"Hist\u00f3ricoEstreinaldiak F\u00e9lix Ibarrondo: OrtzadarraFrancisco Dom\u00ednguez: IgurtziEduardo Mar\u00edn: Peau-P\u00e9rist\u00e0seIzaro Txapartegi: AldakorAndrea Cazzaniga: Tres piezas para Kuraia Egindako jarduerak - Klarinete master classa Sergio Barrancorekin.Bilboko \u201cJ. C. Arriaga\u201d Kontserbatorioa, urtarrilak 23-24- Konpositoreen tailerra Ensemble KuraiarekinLeioako Kontserbatorioa, otsailak 8-9- Flauta master classa Mario CarolirekinBilboko \u201cJ. C. Arriaga\u201d Kontserbatorioa, martxoaren 18an- Kontzertua Bilboko Aste Nagusian, abuztuaren 20an. Iglesia de [&hellip;]\" \/>\n<meta property=\"og:url\" content=\"https:\/\/www.ensemblekuraia.es\/eu\/historico\/\" \/>\n<meta property=\"og:site_name\" content=\"Ensemble Kuraia\" \/>\n<meta property=\"article:publisher\" content=\"https:\/\/www.facebook.com\/EnsembleKuraia\" \/>\n<meta property=\"article:modified_time\" content=\"2025-07-16T20:32:12+00:00\" \/>\n<meta property=\"og:image\" content=\"https:\/\/www.ensemblekuraia.es\/wp-content\/uploads\/2023\/08\/critica.png\" \/>\n<meta name=\"twitter:card\" content=\"summary_large_image\" \/>\n<meta name=\"twitter:label1\" content=\"Est. reading time\" \/>\n\t<meta name=\"twitter:data1\" content=\"45 minutes\" \/>\n<script type=\"application\/ld+json\" class=\"yoast-schema-graph\">{\"@context\":\"https:\/\/schema.org\",\"@graph\":[{\"@type\":\"WebPage\",\"@id\":\"https:\/\/www.ensemblekuraia.es\/eu\/historico\/\",\"url\":\"https:\/\/www.ensemblekuraia.es\/eu\/historico\/\",\"name\":\"Hist\u00f3rico - Ensemble Kuraia\",\"isPartOf\":{\"@id\":\"https:\/\/www.ensemblekuraia.es\/#website\"},\"primaryImageOfPage\":{\"@id\":\"https:\/\/www.ensemblekuraia.es\/eu\/historico\/#primaryimage\"},\"image\":{\"@id\":\"https:\/\/www.ensemblekuraia.es\/eu\/historico\/#primaryimage\"},\"thumbnailUrl\":\"https:\/\/www.ensemblekuraia.es\/wp-content\/uploads\/2023\/08\/critica.png\",\"datePublished\":\"2023-09-03T17:20:46+00:00\",\"dateModified\":\"2025-07-16T20:32:12+00:00\",\"breadcrumb\":{\"@id\":\"https:\/\/www.ensemblekuraia.es\/eu\/historico\/#breadcrumb\"},\"inLanguage\":\"eu-ES\",\"potentialAction\":[{\"@type\":\"ReadAction\",\"target\":[\"https:\/\/www.ensemblekuraia.es\/eu\/historico\/\"]}]},{\"@type\":\"ImageObject\",\"inLanguage\":\"eu-ES\",\"@id\":\"https:\/\/www.ensemblekuraia.es\/eu\/historico\/#primaryimage\",\"url\":\"https:\/\/www.ensemblekuraia.es\/wp-content\/uploads\/2023\/08\/critica.png\",\"contentUrl\":\"https:\/\/www.ensemblekuraia.es\/wp-content\/uploads\/2023\/08\/critica.png\"},{\"@type\":\"BreadcrumbList\",\"@id\":\"https:\/\/www.ensemblekuraia.es\/eu\/historico\/#breadcrumb\",\"itemListElement\":[{\"@type\":\"ListItem\",\"position\":1,\"name\":\"Portada\",\"item\":\"https:\/\/www.ensemblekuraia.es\/eu\/\"},{\"@type\":\"ListItem\",\"position\":2,\"name\":\"Hist\u00f3rico\"}]},{\"@type\":\"WebSite\",\"@id\":\"https:\/\/www.ensemblekuraia.es\/#website\",\"url\":\"https:\/\/www.ensemblekuraia.es\/\",\"name\":\"Ensemble Kuraia\",\"description\":\"Ensemble Kuraia - Grupo de m\u00fasica contempor\u00e1nea de Bilbao \/ Bilboko musika garaikide taldea\",\"publisher\":{\"@id\":\"https:\/\/www.ensemblekuraia.es\/#organization\"},\"alternateName\":\"Ensemble Kuraia\",\"potentialAction\":[{\"@type\":\"SearchAction\",\"target\":{\"@type\":\"EntryPoint\",\"urlTemplate\":\"https:\/\/www.ensemblekuraia.es\/?s={search_term_string}\"},\"query-input\":{\"@type\":\"PropertyValueSpecification\",\"valueRequired\":true,\"valueName\":\"search_term_string\"}}],\"inLanguage\":\"eu-ES\"},{\"@type\":\"Organization\",\"@id\":\"https:\/\/www.ensemblekuraia.es\/#organization\",\"name\":\"Ensemble Kuraia\",\"alternateName\":\"Kuraia\",\"url\":\"https:\/\/www.ensemblekuraia.es\/\",\"logo\":{\"@type\":\"ImageObject\",\"inLanguage\":\"eu-ES\",\"@id\":\"https:\/\/www.ensemblekuraia.es\/#\/schema\/logo\/image\/\",\"url\":\"https:\/\/www.ensemblekuraia.es\/wp-content\/uploads\/2023\/08\/Logo-ensemble-kuaria-ng.png\",\"contentUrl\":\"https:\/\/www.ensemblekuraia.es\/wp-content\/uploads\/2023\/08\/Logo-ensemble-kuaria-ng.png\",\"width\":317,\"height\":43,\"caption\":\"Ensemble Kuraia\"},\"image\":{\"@id\":\"https:\/\/www.ensemblekuraia.es\/#\/schema\/logo\/image\/\"},\"sameAs\":[\"https:\/\/www.facebook.com\/EnsembleKuraia\",\"https:\/\/www.youtube.com\/@EnsembleKuraia\",\"https:\/\/soundcloud.com\/user-672186296\"]}]}<\/script>\n<!-- \/ Yoast SEO plugin. -->","yoast_head_json":{"title":"Hist\u00f3rico - Ensemble Kuraia","robots":{"index":"index","follow":"follow","max-snippet":"max-snippet:-1","max-image-preview":"max-image-preview:large","max-video-preview":"max-video-preview:-1"},"canonical":"https:\/\/www.ensemblekuraia.es\/eu\/historico\/","og_locale":"eu_ES","og_type":"article","og_title":"Hist\u00f3rico - Ensemble Kuraia","og_description":"Hist\u00f3ricoEstreinaldiak F\u00e9lix Ibarrondo: OrtzadarraFrancisco Dom\u00ednguez: IgurtziEduardo Mar\u00edn: Peau-P\u00e9rist\u00e0seIzaro Txapartegi: AldakorAndrea Cazzaniga: Tres piezas para Kuraia Egindako jarduerak - Klarinete master classa Sergio Barrancorekin.Bilboko \u201cJ. C. Arriaga\u201d Kontserbatorioa, urtarrilak 23-24- Konpositoreen tailerra Ensemble KuraiarekinLeioako Kontserbatorioa, otsailak 8-9- Flauta master classa Mario CarolirekinBilboko \u201cJ. C. Arriaga\u201d Kontserbatorioa, martxoaren 18an- Kontzertua Bilboko Aste Nagusian, abuztuaren 20an. Iglesia de [&hellip;]","og_url":"https:\/\/www.ensemblekuraia.es\/eu\/historico\/","og_site_name":"Ensemble Kuraia","article_publisher":"https:\/\/www.facebook.com\/EnsembleKuraia","article_modified_time":"2025-07-16T20:32:12+00:00","og_image":[{"url":"https:\/\/www.ensemblekuraia.es\/wp-content\/uploads\/2023\/08\/critica.png","type":"","width":"","height":""}],"twitter_card":"summary_large_image","twitter_misc":{"Est. reading time":"45 minutes"},"schema":{"@context":"https:\/\/schema.org","@graph":[{"@type":"WebPage","@id":"https:\/\/www.ensemblekuraia.es\/eu\/historico\/","url":"https:\/\/www.ensemblekuraia.es\/eu\/historico\/","name":"Hist\u00f3rico - Ensemble Kuraia","isPartOf":{"@id":"https:\/\/www.ensemblekuraia.es\/#website"},"primaryImageOfPage":{"@id":"https:\/\/www.ensemblekuraia.es\/eu\/historico\/#primaryimage"},"image":{"@id":"https:\/\/www.ensemblekuraia.es\/eu\/historico\/#primaryimage"},"thumbnailUrl":"https:\/\/www.ensemblekuraia.es\/wp-content\/uploads\/2023\/08\/critica.png","datePublished":"2023-09-03T17:20:46+00:00","dateModified":"2025-07-16T20:32:12+00:00","breadcrumb":{"@id":"https:\/\/www.ensemblekuraia.es\/eu\/historico\/#breadcrumb"},"inLanguage":"eu-ES","potentialAction":[{"@type":"ReadAction","target":["https:\/\/www.ensemblekuraia.es\/eu\/historico\/"]}]},{"@type":"ImageObject","inLanguage":"eu-ES","@id":"https:\/\/www.ensemblekuraia.es\/eu\/historico\/#primaryimage","url":"https:\/\/www.ensemblekuraia.es\/wp-content\/uploads\/2023\/08\/critica.png","contentUrl":"https:\/\/www.ensemblekuraia.es\/wp-content\/uploads\/2023\/08\/critica.png"},{"@type":"BreadcrumbList","@id":"https:\/\/www.ensemblekuraia.es\/eu\/historico\/#breadcrumb","itemListElement":[{"@type":"ListItem","position":1,"name":"Portada","item":"https:\/\/www.ensemblekuraia.es\/eu\/"},{"@type":"ListItem","position":2,"name":"Hist\u00f3rico"}]},{"@type":"WebSite","@id":"https:\/\/www.ensemblekuraia.es\/#website","url":"https:\/\/www.ensemblekuraia.es\/","name":"Ensemble Kuraia","description":"Ensemble Kuraia - Grupo de m\u00fasica contempor\u00e1nea de Bilbao \/ Bilboko musika garaikide taldea","publisher":{"@id":"https:\/\/www.ensemblekuraia.es\/#organization"},"alternateName":"Ensemble Kuraia","potentialAction":[{"@type":"SearchAction","target":{"@type":"EntryPoint","urlTemplate":"https:\/\/www.ensemblekuraia.es\/?s={search_term_string}"},"query-input":{"@type":"PropertyValueSpecification","valueRequired":true,"valueName":"search_term_string"}}],"inLanguage":"eu-ES"},{"@type":"Organization","@id":"https:\/\/www.ensemblekuraia.es\/#organization","name":"Ensemble Kuraia","alternateName":"Kuraia","url":"https:\/\/www.ensemblekuraia.es\/","logo":{"@type":"ImageObject","inLanguage":"eu-ES","@id":"https:\/\/www.ensemblekuraia.es\/#\/schema\/logo\/image\/","url":"https:\/\/www.ensemblekuraia.es\/wp-content\/uploads\/2023\/08\/Logo-ensemble-kuaria-ng.png","contentUrl":"https:\/\/www.ensemblekuraia.es\/wp-content\/uploads\/2023\/08\/Logo-ensemble-kuaria-ng.png","width":317,"height":43,"caption":"Ensemble Kuraia"},"image":{"@id":"https:\/\/www.ensemblekuraia.es\/#\/schema\/logo\/image\/"},"sameAs":["https:\/\/www.facebook.com\/EnsembleKuraia","https:\/\/www.youtube.com\/@EnsembleKuraia","https:\/\/soundcloud.com\/user-672186296"]}]}},"_links":{"self":[{"href":"https:\/\/www.ensemblekuraia.es\/eu\/wp-json\/wp\/v2\/pages\/2438","targetHints":{"allow":["GET"]}}],"collection":[{"href":"https:\/\/www.ensemblekuraia.es\/eu\/wp-json\/wp\/v2\/pages"}],"about":[{"href":"https:\/\/www.ensemblekuraia.es\/eu\/wp-json\/wp\/v2\/types\/page"}],"author":[{"embeddable":true,"href":"https:\/\/www.ensemblekuraia.es\/eu\/wp-json\/wp\/v2\/users\/4"}],"replies":[{"embeddable":true,"href":"https:\/\/www.ensemblekuraia.es\/eu\/wp-json\/wp\/v2\/comments?post=2438"}],"version-history":[{"count":0,"href":"https:\/\/www.ensemblekuraia.es\/eu\/wp-json\/wp\/v2\/pages\/2438\/revisions"}],"wp:attachment":[{"href":"https:\/\/www.ensemblekuraia.es\/eu\/wp-json\/wp\/v2\/media?parent=2438"}],"curies":[{"name":"wp","href":"https:\/\/api.w.org\/{rel}","templated":true}]}}