{"id":1866,"date":"2023-08-22T09:25:04","date_gmt":"2023-08-22T09:25:04","guid":{"rendered":"https:\/\/www.ensemblekuraia.es\/proiektuak\/"},"modified":"2023-09-03T12:09:42","modified_gmt":"2023-09-03T12:09:42","slug":"proiektuak","status":"publish","type":"page","link":"https:\/\/www.ensemblekuraia.es\/eu\/proiektuak\/","title":{"rendered":"Proiektuak"},"content":{"rendered":"<p>[et_pb_section fb_built=&#8221;1&#8243; admin_label=&#8221;Header&#8221; _builder_version=&#8221;4.21.0&#8243; _module_preset=&#8221;default&#8221; use_background_color_gradient=&#8221;on&#8221; background_color_gradient_stops=&#8221;rgba(0,0,0,0.5) 0%|rgba(0,0,0,0.5) 100%&#8221; background_color_gradient_overlays_image=&#8221;on&#8221; background_image=&#8221;https:\/\/www.ensemblekuraia.es\/wp-content\/uploads\/2023\/08\/20181009_181857-1.jpg&#8221; custom_padding=&#8221;4vw||4vw||true|false&#8221; hover_enabled=&#8221;0&#8243; collapsed=&#8221;off&#8221; global_colors_info=&#8221;{}&#8221; title_text=&#8221;20181009_181857 (1)&#8221; sticky_enabled=&#8221;0&#8243;][et_pb_row _builder_version=&#8221;4.20.0&#8243; _module_preset=&#8221;default&#8221; global_colors_info=&#8221;{}&#8221;][et_pb_column type=&#8221;4_4&#8243; _builder_version=&#8221;4.20.0&#8243; _module_preset=&#8221;default&#8221; global_colors_info=&#8221;{}&#8221;][et_pb_text _builder_version=&#8221;4.21.0&#8243; _module_preset=&#8221;0691634e-971c-4f20-b84e-f7af88ca7aa6&#8243; header_font=&#8221;Cormorant Garamond|||on|||||&#8221; header_text_color=&#8221;#FFFFFF&#8221; header_font_size=&#8221;75px&#8221; header_letter_spacing=&#8221;0.2em&#8221; header_line_height=&#8221;1.2em&#8221; text_orientation=&#8221;center&#8221; custom_margin=&#8221;||-2px|||&#8221; header_font_size_tablet=&#8221;40px&#8221; header_font_size_phone=&#8221;24px&#8221; header_font_size_last_edited=&#8221;on|desktop&#8221; global_colors_info=&#8221;{}&#8221;]<\/p>\n<h1>Proiektuak<\/h1>\n<p>[\/et_pb_text][\/et_pb_column][\/et_pb_row][\/et_pb_section][et_pb_section fb_built=&#8221;1&#8243; fullwidth=&#8221;on&#8221; _builder_version=&#8221;4.21.0&#8243; _module_preset=&#8221;default&#8221; background_color=&#8221;#000000&#8243; global_colors_info=&#8221;{}&#8221;][et_pb_fullwidth_portfolio fullwidth=&#8221;off&#8221; include_categories=&#8221;25&#8243; posts_number=&#8221;20&#8243; show_date=&#8221;off&#8221; zoom_icon_color=&#8221;#FFFFFF&#8221; hover_overlay_color=&#8221;RGBA(171,161,25,0.8)&#8221; hover_icon=&#8221;&#x41;||divi||400&#8243; _builder_version=&#8221;4.21.0&#8243; _module_preset=&#8221;default&#8221; background_layout=&#8221;dark&#8221; width=&#8221;80%&#8221; module_alignment=&#8221;center&#8221; custom_margin=&#8221;||0px||false|false&#8221; custom_padding=&#8221;200px||200px||false|false&#8221; border_color_all=&#8221;#ABA119&#8243; border_color_all_image=&#8221;RGBA(171,161,25,0.8)&#8221; global_colors_info=&#8221;{}&#8221;][\/et_pb_fullwidth_portfolio][\/et_pb_section][et_pb_section fb_built=&#8221;1&#8243; admin_label=&#8221;TESTIMONIOS&#8221; _builder_version=&#8221;4.20.0&#8243; _module_preset=&#8221;default&#8221; global_module=&#8221;1118&#8243; collapsed=&#8221;off&#8221; global_colors_info=&#8221;{}&#8221;][et_pb_row _builder_version=&#8221;4.20.0&#8243; _module_preset=&#8221;default&#8221; global_colors_info=&#8221;{}&#8221;][et_pb_column type=&#8221;4_4&#8243; _builder_version=&#8221;4.20.0&#8243; _module_preset=&#8221;default&#8221; global_colors_info=&#8221;{}&#8221;][et_pb_icon font_icon=&#8221;&#xf10d;||fa||900&#8243; icon_color=&#8221;#000000&#8243; icon_width=&#8221;56px&#8221; _builder_version=&#8221;4.20.0&#8243; _module_preset=&#8221;default&#8221; global_colors_info=&#8221;{}&#8221;][\/et_pb_icon][et_pb_slider arrows_custom_color=&#8221;#000000&#8243; dot_nav_custom_color=&#8221;#000000&#8243; _builder_version=&#8221;4.21.0&#8243; _module_preset=&#8221;8dc90cd6-09ff-42b4-bdd9-3a9ac7bb3bd0&#8243; header_font=&#8221;Inter|600||on|||||&#8221; header_text_color=&#8221;gcid-8b50368a-c64a-42be-b110-e2137ab417d1&#8243; header_font_size=&#8221;14px&#8221; header_letter_spacing=&#8221;0.5em&#8221; header_line_height=&#8221;1.4em&#8221; body_text_color=&#8221;#666666&#8243; body_font_size=&#8221;20px&#8221; body_line_height=&#8221;1.8em&#8221; background_color=&#8221;RGBA(255,255,255,0)&#8221; custom_button=&#8221;on&#8221; button_text_size=&#8221;14px&#8221; button_text_color=&#8221;#FFFFFF&#8221; button_bg_color=&#8221;#000000&#8243; button_border_width=&#8221;0px&#8221; button_border_radius=&#8221;0px&#8221; button_letter_spacing=&#8221;0.2em&#8221; button_font=&#8221;Cormorant Garamond|700||on|||||&#8221; button_custom_padding=&#8221;16px|24px|16px|24px|true|true&#8221; custom_padding=&#8221;60px||||false|false&#8221; header_font_size_tablet=&#8221;20px&#8221; header_font_size_phone=&#8221;16px&#8221; header_font_size_last_edited=&#8221;on|desktop&#8221; body_font_size_tablet=&#8221;16px&#8221; body_font_size_phone=&#8221;14px&#8221; body_font_size_last_edited=&#8221;on|desktop&#8221; border_width_top=&#8221;2px&#8221; border_color_top=&#8221;#aba119&#8243; text_shadow_style=&#8221;preset1&#8243; text_shadow_color=&#8221;RGBA(255,255,255,0)&#8221; locked=&#8221;off&#8221; global_colors_info=&#8221;{%22gcid-8b50368a-c64a-42be-b110-e2137ab417d1%22:%91%22header_text_color%22%93}&#8221;][et_pb_slide heading=&#8221;Luis De Pablo&#8221; _builder_version=&#8221;4.21.0&#8243; _module_preset=&#8221;default&#8221; locked=&#8221;off&#8221; global_colors_info=&#8221;{}&#8221; sticky_transition=&#8221;on&#8221;]<\/p>\n<p>&#8220;Kuraiarekin egindako kolaborazioak, duelako hogei urtetik gertu egon daitezke. Taldeak gehien jotako obren artean nire \u201cEp\u00edstola al transe\u00fante\u201d obra dago: mundu erdia baino gehiagotik paseatu dute. Beraien bertsioak miresgarritik gainidiezinerartekoak dira: pozez eta esker onez diot.\u201d<\/p>\n<p>[\/et_pb_slide][et_pb_slide heading=&#8221;Jos\u00e9 Manuel L\u00f3pez L\u00f3pez&#8221; _builder_version=&#8221;4.21.0&#8243; _module_preset=&#8221;default&#8221; locked=&#8221;off&#8221; global_colors_info=&#8221;{}&#8221; sticky_transition=&#8221;on&#8221;]<\/p>\n<p>\u201cDudarik gabe, Kuraia estatuko talderik garrantzitsuenetarikoa da bere ibilbide luzeagatik, baina batez ere bere taldekide guztien konbentzimendu, profesionaltasun eta dotoreziagatik. Maila honetako taldeak dira musikaren etorkizuna, benetako musikarena\u2026\u201d<\/p>\n<p>[\/et_pb_slide][et_pb_slide heading=&#8221;Leonardo Balada&#8221; _builder_version=&#8221;4.21.0&#8243; _module_preset=&#8221;default&#8221; locked=&#8221;off&#8221; global_colors_info=&#8221;{}&#8221; sticky_transition=&#8221;on&#8221;]<\/p>\n<p>\u201cEnsemble Kuraia Caprichos n\u00ba7an entzutean oso zoriontsu sentitu nintzen, izan ere bai klarinete bakarlari, zuzendari eta taldeak nire ideiak bikain irudikatu zituzten gogoberotasunezko oparotasunez. Musika talde bikaina eta esperientzia bikaina\u201d<\/p>\n<p>[\/et_pb_slide][\/et_pb_slider][\/et_pb_column][\/et_pb_row][\/et_pb_section][et_pb_section fb_built=&#8221;1&#8243; admin_label=&#8221;MEGA FRASE&#8221; _builder_version=&#8221;4.21.0&#8243; _module_preset=&#8221;default&#8221; background_color=&#8221;#ffffff&#8221; background_image=&#8221;https:\/\/www.ensemblekuraia.es\/wp-content\/uploads\/2023\/08\/Ensemble-Kuraia-02.AlvaroLedesma-e1692016295306.jpg&#8221; background_position=&#8221;top_left&#8221; custom_padding=&#8221;12vw||12vw||true|false&#8221; background_color_tablet=&#8221;rgba(255,255,252,0.84)&#8221; background_last_edited=&#8221;on|tablet&#8221; background_enable_color_tablet=&#8221;on&#8221; background_position_tablet=&#8221;center&#8221; background_position_phone=&#8221;center&#8221; background_blend_tablet=&#8221;overlay&#8221; global_module=&#8221;1398&#8243; saved_tabs=&#8221;all&#8221; collapsed=&#8221;off&#8221; global_colors_info=&#8221;{}&#8221;][et_pb_row custom_padding_last_edited=&#8221;on|tablet&#8221; _builder_version=&#8221;4.21.0&#8243; _module_preset=&#8221;default&#8221; custom_padding=&#8221;|120px||120px|false|true&#8221; custom_padding_tablet=&#8221;|0%||0%|false|true&#8221; custom_padding_phone=&#8221;||||false|false&#8221; global_colors_info=&#8221;{}&#8221;][et_pb_column type=&#8221;4_4&#8243; _builder_version=&#8221;4.20.0&#8243; _module_preset=&#8221;default&#8221; global_colors_info=&#8221;{}&#8221;][et_pb_text admin_label=&#8221;T\u00edtulo&#8221; _builder_version=&#8221;4.21.0&#8243; _module_preset=&#8221;6f6bc3d5-0be1-40f8-80c9-5e7237d9ee3b&#8221; header_2_font=&#8221;Cormorant Garamond|||on|||||&#8221; header_2_font_size=&#8221;48px&#8221; header_2_letter_spacing=&#8221;0.2em&#8221; header_2_line_height=&#8221;1.2em&#8221; text_orientation=&#8221;center&#8221; custom_margin=&#8221;||10px||false|false&#8221; header_2_font_size_tablet=&#8221;32px&#8221; header_2_font_size_phone=&#8221;20px&#8221; header_2_font_size_last_edited=&#8221;on|desktop&#8221; global_colors_info=&#8221;{}&#8221;]<\/p>\n<h2><strong>Mar\u00eda Eugenia Luc<\/strong><\/h2>\n<p>[\/et_pb_text][et_pb_text admin_label=&#8221;FRASE&#8221; _builder_version=&#8221;4.21.0&#8243; _module_preset=&#8221;39c311a7-7753-422a-9bff-4e462bb6e4f7&#8243; text_font_size=&#8221;20px&#8221; text_line_height=&#8221;1.8em&#8221; text_orientation=&#8221;center&#8221; text_font_size_tablet=&#8221;16px&#8221; text_font_size_phone=&#8221;14px&#8221; text_font_size_last_edited=&#8221;on|desktop&#8221; global_colors_info=&#8221;{}&#8221;]<\/p>\n<p>Gure lehentasuna <strong>gure garaiko konpositoreen lanak zabaltzea<\/strong> eta kalitate bikaineko talde profesional bat eskaintzea da, estuki lankidetzan aritzeko.<\/p>\n<p>[\/et_pb_text][et_pb_button button_url=&#8221;#contacto&#8221; button_text=&#8221;JARRI GUREKIN HARREMANETAN&#8221; button_alignment=&#8221;center&#8221; admin_label=&#8221;Bot\u00f3n a Contacto&#8221; _builder_version=&#8221;4.21.0&#8243; _module_preset=&#8221;1a7ebcdf-74cf-49d0-a7ba-2c93f24e0d00&#8243; custom_button=&#8221;on&#8221; button_text_size=&#8221;14px&#8221; button_text_color=&#8221;#000000&#8243; button_bg_color=&#8221;#aba119&#8243; button_border_width=&#8221;0px&#8221; button_border_radius=&#8221;0px&#8221; button_letter_spacing=&#8221;0.2em&#8221; button_font=&#8221;Cormorant Garamond|700||on|||||&#8221; custom_padding=&#8221;16px|24px|16px|24px|true|true&#8221; global_colors_info=&#8221;{}&#8221;][\/et_pb_button][\/et_pb_column][\/et_pb_row][\/et_pb_section]<\/p>\n","protected":false},"excerpt":{"rendered":"<p>Proiektuak&#8221;Kuraiarekin egindako kolaborazioak, duelako hogei urtetik gertu egon daitezke. Taldeak gehien jotako obren artean nire \u201cEp\u00edstola al transe\u00fante\u201d obra dago: mundu erdia baino gehiagotik paseatu dute. Beraien bertsioak miresgarritik gainidiezinerartekoak dira: pozez eta esker onez diot.\u201d\u201cDudarik gabe, Kuraia estatuko talderik garrantzitsuenetarikoa da bere ibilbide luzeagatik, baina batez ere bere taldekide guztien konbentzimendu, profesionaltasun eta dotoreziagatik. [&hellip;]<\/p>\n","protected":false},"author":4,"featured_media":0,"parent":0,"menu_order":0,"comment_status":"closed","ping_status":"closed","template":"","meta":{"_et_pb_use_builder":"on","_et_pb_old_content":"","_et_gb_content_width":"","footnotes":""},"class_list":["post-1866","page","type-page","status-publish","hentry"],"yoast_head":"<!-- This site is optimized with the Yoast SEO plugin v27.1.1 - https:\/\/yoast.com\/product\/yoast-seo-wordpress\/ -->\n<title>Proiektuak - Ensemble Kuraia<\/title>\n<meta name=\"robots\" content=\"index, follow, max-snippet:-1, max-image-preview:large, max-video-preview:-1\" \/>\n<link rel=\"canonical\" href=\"https:\/\/www.ensemblekuraia.es\/proyectos\/\" \/>\n<meta property=\"og:locale\" content=\"eu_ES\" \/>\n<meta property=\"og:type\" content=\"article\" \/>\n<meta property=\"og:title\" content=\"Proiektuak - Ensemble Kuraia\" \/>\n<meta property=\"og:description\" content=\"Proiektuak&quot;Kuraiarekin egindako kolaborazioak, duelako hogei urtetik gertu egon daitezke. Taldeak gehien jotako obren artean nire \u201cEp\u00edstola al transe\u00fante\u201d obra dago: mundu erdia baino gehiagotik paseatu dute. Beraien bertsioak miresgarritik gainidiezinerartekoak dira: pozez eta esker onez diot.\u201d\u201cDudarik gabe, Kuraia estatuko talderik garrantzitsuenetarikoa da bere ibilbide luzeagatik, baina batez ere bere taldekide guztien konbentzimendu, profesionaltasun eta dotoreziagatik. [&hellip;]\" \/>\n<meta property=\"og:url\" content=\"https:\/\/www.ensemblekuraia.es\/proyectos\/\" \/>\n<meta property=\"og:site_name\" content=\"Ensemble Kuraia\" \/>\n<meta property=\"article:publisher\" content=\"https:\/\/www.facebook.com\/EnsembleKuraia\" \/>\n<meta property=\"article:modified_time\" content=\"2023-09-03T12:09:42+00:00\" \/>\n<meta property=\"og:image\" content=\"https:\/\/www.ensemblekuraia.es\/wp-content\/uploads\/2023\/09\/2208663.jpg\" \/>\n\t<meta property=\"og:image:width\" content=\"1500\" \/>\n\t<meta property=\"og:image:height\" content=\"1000\" \/>\n\t<meta property=\"og:image:type\" content=\"image\/jpeg\" \/>\n<meta name=\"twitter:card\" content=\"summary_large_image\" \/>\n<meta name=\"twitter:label1\" content=\"Est. reading time\" \/>\n\t<meta name=\"twitter:data1\" content=\"5 minutes\" \/>\n<script type=\"application\/ld+json\" class=\"yoast-schema-graph\">{\"@context\":\"https:\/\/schema.org\",\"@graph\":[{\"@type\":\"WebPage\",\"@id\":\"https:\/\/www.ensemblekuraia.es\/proyectos\/\",\"url\":\"https:\/\/www.ensemblekuraia.es\/proyectos\/\",\"name\":\"Proiektuak - Ensemble Kuraia\",\"isPartOf\":{\"@id\":\"https:\/\/www.ensemblekuraia.es\/#website\"},\"datePublished\":\"2023-08-22T09:25:04+00:00\",\"dateModified\":\"2023-09-03T12:09:42+00:00\",\"breadcrumb\":{\"@id\":\"https:\/\/www.ensemblekuraia.es\/proyectos\/#breadcrumb\"},\"inLanguage\":\"eu-ES\",\"potentialAction\":[{\"@type\":\"ReadAction\",\"target\":[\"https:\/\/www.ensemblekuraia.es\/proyectos\/\"]}]},{\"@type\":\"BreadcrumbList\",\"@id\":\"https:\/\/www.ensemblekuraia.es\/proyectos\/#breadcrumb\",\"itemListElement\":[{\"@type\":\"ListItem\",\"position\":1,\"name\":\"Portada\",\"item\":\"https:\/\/www.ensemblekuraia.es\/eu\/\"},{\"@type\":\"ListItem\",\"position\":2,\"name\":\"Proiektuak\"}]},{\"@type\":\"WebSite\",\"@id\":\"https:\/\/www.ensemblekuraia.es\/#website\",\"url\":\"https:\/\/www.ensemblekuraia.es\/\",\"name\":\"Ensemble Kuraia\",\"description\":\"Ensemble Kuraia - Grupo de m\u00fasica contempor\u00e1nea de Bilbao \/ Bilboko musika garaikide taldea\",\"publisher\":{\"@id\":\"https:\/\/www.ensemblekuraia.es\/#organization\"},\"alternateName\":\"Ensemble Kuraia\",\"potentialAction\":[{\"@type\":\"SearchAction\",\"target\":{\"@type\":\"EntryPoint\",\"urlTemplate\":\"https:\/\/www.ensemblekuraia.es\/?s={search_term_string}\"},\"query-input\":{\"@type\":\"PropertyValueSpecification\",\"valueRequired\":true,\"valueName\":\"search_term_string\"}}],\"inLanguage\":\"eu-ES\"},{\"@type\":\"Organization\",\"@id\":\"https:\/\/www.ensemblekuraia.es\/#organization\",\"name\":\"Ensemble Kuraia\",\"alternateName\":\"Kuraia\",\"url\":\"https:\/\/www.ensemblekuraia.es\/\",\"logo\":{\"@type\":\"ImageObject\",\"inLanguage\":\"eu-ES\",\"@id\":\"https:\/\/www.ensemblekuraia.es\/#\/schema\/logo\/image\/\",\"url\":\"https:\/\/www.ensemblekuraia.es\/wp-content\/uploads\/2023\/08\/Logo-ensemble-kuaria-ng.png\",\"contentUrl\":\"https:\/\/www.ensemblekuraia.es\/wp-content\/uploads\/2023\/08\/Logo-ensemble-kuaria-ng.png\",\"width\":317,\"height\":43,\"caption\":\"Ensemble Kuraia\"},\"image\":{\"@id\":\"https:\/\/www.ensemblekuraia.es\/#\/schema\/logo\/image\/\"},\"sameAs\":[\"https:\/\/www.facebook.com\/EnsembleKuraia\",\"https:\/\/www.youtube.com\/@EnsembleKuraia\",\"https:\/\/soundcloud.com\/user-672186296\"]}]}<\/script>\n<!-- \/ Yoast SEO plugin. -->","yoast_head_json":{"title":"Proiektuak - Ensemble Kuraia","robots":{"index":"index","follow":"follow","max-snippet":"max-snippet:-1","max-image-preview":"max-image-preview:large","max-video-preview":"max-video-preview:-1"},"canonical":"https:\/\/www.ensemblekuraia.es\/proyectos\/","og_locale":"eu_ES","og_type":"article","og_title":"Proiektuak - Ensemble Kuraia","og_description":"Proiektuak\"Kuraiarekin egindako kolaborazioak, duelako hogei urtetik gertu egon daitezke. Taldeak gehien jotako obren artean nire \u201cEp\u00edstola al transe\u00fante\u201d obra dago: mundu erdia baino gehiagotik paseatu dute. Beraien bertsioak miresgarritik gainidiezinerartekoak dira: pozez eta esker onez diot.\u201d\u201cDudarik gabe, Kuraia estatuko talderik garrantzitsuenetarikoa da bere ibilbide luzeagatik, baina batez ere bere taldekide guztien konbentzimendu, profesionaltasun eta dotoreziagatik. [&hellip;]","og_url":"https:\/\/www.ensemblekuraia.es\/proyectos\/","og_site_name":"Ensemble Kuraia","article_publisher":"https:\/\/www.facebook.com\/EnsembleKuraia","article_modified_time":"2023-09-03T12:09:42+00:00","og_image":[{"width":1500,"height":1000,"url":"https:\/\/www.ensemblekuraia.es\/wp-content\/uploads\/2023\/09\/2208663.jpg","type":"image\/jpeg"}],"twitter_card":"summary_large_image","twitter_misc":{"Est. reading time":"5 minutes"},"schema":{"@context":"https:\/\/schema.org","@graph":[{"@type":"WebPage","@id":"https:\/\/www.ensemblekuraia.es\/proyectos\/","url":"https:\/\/www.ensemblekuraia.es\/proyectos\/","name":"Proiektuak - Ensemble Kuraia","isPartOf":{"@id":"https:\/\/www.ensemblekuraia.es\/#website"},"datePublished":"2023-08-22T09:25:04+00:00","dateModified":"2023-09-03T12:09:42+00:00","breadcrumb":{"@id":"https:\/\/www.ensemblekuraia.es\/proyectos\/#breadcrumb"},"inLanguage":"eu-ES","potentialAction":[{"@type":"ReadAction","target":["https:\/\/www.ensemblekuraia.es\/proyectos\/"]}]},{"@type":"BreadcrumbList","@id":"https:\/\/www.ensemblekuraia.es\/proyectos\/#breadcrumb","itemListElement":[{"@type":"ListItem","position":1,"name":"Portada","item":"https:\/\/www.ensemblekuraia.es\/eu\/"},{"@type":"ListItem","position":2,"name":"Proiektuak"}]},{"@type":"WebSite","@id":"https:\/\/www.ensemblekuraia.es\/#website","url":"https:\/\/www.ensemblekuraia.es\/","name":"Ensemble Kuraia","description":"Ensemble Kuraia - Grupo de m\u00fasica contempor\u00e1nea de Bilbao \/ Bilboko musika garaikide taldea","publisher":{"@id":"https:\/\/www.ensemblekuraia.es\/#organization"},"alternateName":"Ensemble Kuraia","potentialAction":[{"@type":"SearchAction","target":{"@type":"EntryPoint","urlTemplate":"https:\/\/www.ensemblekuraia.es\/?s={search_term_string}"},"query-input":{"@type":"PropertyValueSpecification","valueRequired":true,"valueName":"search_term_string"}}],"inLanguage":"eu-ES"},{"@type":"Organization","@id":"https:\/\/www.ensemblekuraia.es\/#organization","name":"Ensemble Kuraia","alternateName":"Kuraia","url":"https:\/\/www.ensemblekuraia.es\/","logo":{"@type":"ImageObject","inLanguage":"eu-ES","@id":"https:\/\/www.ensemblekuraia.es\/#\/schema\/logo\/image\/","url":"https:\/\/www.ensemblekuraia.es\/wp-content\/uploads\/2023\/08\/Logo-ensemble-kuaria-ng.png","contentUrl":"https:\/\/www.ensemblekuraia.es\/wp-content\/uploads\/2023\/08\/Logo-ensemble-kuaria-ng.png","width":317,"height":43,"caption":"Ensemble Kuraia"},"image":{"@id":"https:\/\/www.ensemblekuraia.es\/#\/schema\/logo\/image\/"},"sameAs":["https:\/\/www.facebook.com\/EnsembleKuraia","https:\/\/www.youtube.com\/@EnsembleKuraia","https:\/\/soundcloud.com\/user-672186296"]}]}},"_links":{"self":[{"href":"https:\/\/www.ensemblekuraia.es\/eu\/wp-json\/wp\/v2\/pages\/1866","targetHints":{"allow":["GET"]}}],"collection":[{"href":"https:\/\/www.ensemblekuraia.es\/eu\/wp-json\/wp\/v2\/pages"}],"about":[{"href":"https:\/\/www.ensemblekuraia.es\/eu\/wp-json\/wp\/v2\/types\/page"}],"author":[{"embeddable":true,"href":"https:\/\/www.ensemblekuraia.es\/eu\/wp-json\/wp\/v2\/users\/4"}],"replies":[{"embeddable":true,"href":"https:\/\/www.ensemblekuraia.es\/eu\/wp-json\/wp\/v2\/comments?post=1866"}],"version-history":[{"count":0,"href":"https:\/\/www.ensemblekuraia.es\/eu\/wp-json\/wp\/v2\/pages\/1866\/revisions"}],"wp:attachment":[{"href":"https:\/\/www.ensemblekuraia.es\/eu\/wp-json\/wp\/v2\/media?parent=1866"}],"curies":[{"name":"wp","href":"https:\/\/api.w.org\/{rel}","templated":true}]}}