{"id":1848,"date":"2023-08-14T11:06:51","date_gmt":"2023-08-14T11:06:51","guid":{"rendered":"https:\/\/www.ensemblekuraia.es\/hasi\/"},"modified":"2025-07-28T10:03:15","modified_gmt":"2025-07-28T10:03:15","slug":"hasi","status":"publish","type":"page","link":"https:\/\/www.ensemblekuraia.es\/eu\/","title":{"rendered":"HASIERA"},"content":{"rendered":"<p>[et_pb_section fb_built=&#8221;1&#8243; admin_label=&#8221;Header&#8221; _builder_version=&#8221;4.21.0&#8243; _module_preset=&#8221;default&#8221; background_color=&#8221;#000000&#8243; use_background_color_gradient=&#8221;on&#8221; background_color_gradient_stops=&#8221;rgba(0,0,0,0.5) 0%|rgba(0,0,0,0.5) 100%&#8221; background_color_gradient_overlays_image=&#8221;on&#8221; background_image=&#8221;https:\/\/www.ensemblekuraia.es\/wp-content\/uploads\/2023\/08\/Ensemble-Kuraia-4.jpg&#8221; background_position=&#8221;top_center&#8221; custom_padding=&#8221;20vw||20vw||true|false&#8221; collapsed=&#8221;on&#8221; global_colors_info=&#8221;{}&#8221;][et_pb_row _builder_version=&#8221;4.20.0&#8243; _module_preset=&#8221;default&#8221; global_colors_info=&#8221;{}&#8221;][et_pb_column type=&#8221;4_4&#8243; _builder_version=&#8221;4.20.0&#8243; _module_preset=&#8221;default&#8221; global_colors_info=&#8221;{}&#8221;][et_pb_text _builder_version=&#8221;4.21.0&#8243; _module_preset=&#8221;44c54ed0-5a37-4743-ab8c-f83fe8aa0d7a&#8221; header_2_font=&#8221;Inter||||||||&#8221; header_2_text_color=&#8221;#ffffff&#8221; header_2_font_size=&#8221;20px&#8221; header_4_font=&#8221;Inter|600||on|||||&#8221; header_4_text_color=&#8221;#FFFFFF&#8221; header_4_font_size=&#8221;12px&#8221; header_4_letter_spacing=&#8221;0.5em&#8221; header_4_line_height=&#8221;1.4em&#8221; text_orientation=&#8221;center&#8221; custom_margin=&#8221;||0px||false|false&#8221; global_colors_info=&#8221;{}&#8221;]<\/p>\n<h2>BILBOKO MUSIKA GARAIKIDEKO TALDEA<\/h2>\n<p>[\/et_pb_text][et_pb_text _builder_version=&#8221;4.21.0&#8243; _module_preset=&#8221;0691634e-971c-4f20-b84e-f7af88ca7aa6&#8243; header_font=&#8221;Cormorant Garamond|||on|||||&#8221; header_text_color=&#8221;#FFFFFF&#8221; header_font_size=&#8221;75px&#8221; header_letter_spacing=&#8221;0.2em&#8221; header_line_height=&#8221;1.2em&#8221; text_orientation=&#8221;center&#8221; header_font_size_tablet=&#8221;40px&#8221; header_font_size_phone=&#8221;24px&#8221; header_font_size_last_edited=&#8221;on|desktop&#8221; global_colors_info=&#8221;{}&#8221;]<\/p>\n<h1>ENSEMBLE KURAIA<\/h1>\n<p>[\/et_pb_text][et_pb_button button_url=&#8221;#portfolio&#8221; button_text=&#8221;IKUSI GURE LANA&#8221; button_alignment=&#8221;center&#8221; _builder_version=&#8221;4.21.0&#8243; _module_preset=&#8221;681018ce-8029-490e-b9e7-6f98b4b13573&#8243; custom_button=&#8221;on&#8221; button_text_size=&#8221;14px&#8221; button_text_color=&#8221;#FFFFFF&#8221; button_bg_color=&#8221;RGBA(255,255,255,0)&#8221; button_border_color=&#8221;#aba119&#8243; button_border_radius=&#8221;0px&#8221; button_letter_spacing=&#8221;0.2em&#8221; button_font=&#8221;Cormorant Garamond|700||on|||||&#8221; custom_padding=&#8221;16px|24px|16px|24px|true|true&#8221; global_colors_info=&#8221;{}&#8221;][\/et_pb_button][\/et_pb_column][\/et_pb_row][\/et_pb_section][et_pb_section fb_built=&#8221;1&#8243; admin_label=&#8221;Sobre nosotros&#8221; _builder_version=&#8221;4.20.0&#8243; _module_preset=&#8221;default&#8221; background_color=&#8221;#000000&#8243; collapsed=&#8221;on&#8221; global_colors_info=&#8221;{}&#8221;][et_pb_row column_structure=&#8221;1_2,1_2&#8243; _builder_version=&#8221;4.21.0&#8243; _module_preset=&#8221;default&#8221; custom_padding=&#8221;27px||0px||false|false&#8221; collapsed=&#8221;off&#8221; global_colors_info=&#8221;{}&#8221;][et_pb_column type=&#8221;1_2&#8243; _builder_version=&#8221;4.20.0&#8243; _module_preset=&#8221;default&#8221; global_colors_info=&#8221;{}&#8221;][et_pb_text _builder_version=&#8221;4.21.0&#8243; _module_preset=&#8221;6f6bc3d5-0be1-40f8-80c9-5e7237d9ee3b&#8221; header_2_font=&#8221;Cormorant Garamond|||on|||||&#8221; header_2_text_color=&#8221;#FFFFFF&#8221; header_2_font_size=&#8221;32px&#8221; header_2_letter_spacing=&#8221;0.2em&#8221; header_2_line_height=&#8221;1.2em&#8221; header_2_font_size_tablet=&#8221;32px&#8221; header_2_font_size_phone=&#8221;20px&#8221; header_2_font_size_last_edited=&#8221;on|desktop&#8221; global_colors_info=&#8221;{}&#8221;]<\/p>\n<h2>ENSEMBLE KURAIA &#8211; Bilboko musika garaikide taldea<\/h2>\n<p>[\/et_pb_text][et_pb_text _builder_version=&#8221;4.21.0&#8243; _module_preset=&#8221;d7c0b7a5-a9b1-413d-8724-514b8a035576&#8243; text_text_color=&#8221;#FFFFFF&#8221; text_font_size=&#8221;16px&#8221; text_line_height=&#8221;1.8em&#8221; text_font_size_tablet=&#8221;15px&#8221; text_font_size_phone=&#8221;14px&#8221; text_font_size_last_edited=&#8221;on|desktop&#8221; global_colors_info=&#8221;{}&#8221;]<\/p>\n<p>Bilboko <strong>Ensemble Kuraia<\/strong> musika taldea, 1997an Mar\u00eda Eugenia Luc konpositoreak sortu zuen, gaur egungo zuzendari artistikoa bera izanik. Taldeak, gaur egungo musikagileen lanak zabaldu eta goi-mailako profesionalez osaturiko talde baten lankidetza eskaintzea du helburu.<\/p>\n<p>[\/et_pb_text][et_pb_button button_url=&#8221;https:\/\/www.ensemblekuraia.es\/eu\/ezagutu-gaitzazu\/&#8221; button_text=&#8221;EZAGUTU GAITZAZU&#8221; _builder_version=&#8221;4.21.0&#8243; _module_preset=&#8221;33cfa65e-f30c-4b74-9311-c8350efb7d2e&#8221; custom_button=&#8221;on&#8221; button_text_size=&#8221;14px&#8221; button_text_color=&#8221;#000000&#8243; button_bg_color=&#8221;#FFFFFF&#8221; button_border_width=&#8221;0px&#8221; button_border_radius=&#8221;0px&#8221; button_letter_spacing=&#8221;0.2em&#8221; button_font=&#8221;Cormorant Garamond|700||on|||||&#8221; custom_padding=&#8221;16px|24px|16px|24px|true|true&#8221; global_colors_info=&#8221;{}&#8221;][\/et_pb_button][et_pb_image src=&#8221;https:\/\/www.ensemblekuraia.es\/wp-content\/uploads\/2023\/08\/Entrevista-a-Maria-Eugenia-Luc-1.Alvaro-Ledesma-e1692015431484.jpg&#8221; alt=&#8221;Argazkia: Mar\u00eda Eugenia Luc &#8211; Musika garaikideko konpositorea&#8221; title_text=&#8221;Mar\u00eda Eugenia Luc zuzendaria&#8221; _builder_version=&#8221;4.21.0&#8243; _module_preset=&#8221;default&#8221; global_colors_info=&#8221;{}&#8221;][\/et_pb_image][\/et_pb_column][et_pb_column type=&#8221;1_2&#8243; _builder_version=&#8221;4.20.0&#8243; _module_preset=&#8221;default&#8221; global_colors_info=&#8221;{}&#8221;][et_pb_image src=&#8221;https:\/\/www.ensemblekuraia.es\/wp-content\/uploads\/2023\/08\/2.-Fotografia-Ensemble-Kuraia-scaled.jpg&#8221; alt=&#8221;Ensemble Kuraia &#8211; Bilboko musika garaikideko taldeko kideak&#8221; _builder_version=&#8221;4.21.0&#8243; _module_preset=&#8221;default&#8221; global_colors_info=&#8221;{}&#8221;][\/et_pb_image][\/et_pb_column][\/et_pb_row][\/et_pb_section][et_pb_section fb_built=&#8221;1&#8243; admin_label=&#8221;Projects&#8221; module_id=&#8221;portfolio&#8221; _builder_version=&#8221;4.21.0&#8243; _module_preset=&#8221;default&#8221; collapsed=&#8221;off&#8221; global_colors_info=&#8221;{}&#8221;][et_pb_row _builder_version=&#8221;4.20.0&#8243; _module_preset=&#8221;default&#8221; collapsed=&#8221;on&#8221; global_colors_info=&#8221;{}&#8221;][et_pb_column type=&#8221;4_4&#8243; _builder_version=&#8221;4.20.0&#8243; _module_preset=&#8221;default&#8221; global_colors_info=&#8221;{}&#8221;][et_pb_text _builder_version=&#8221;4.20.0&#8243; _module_preset=&#8221;6f6bc3d5-0be1-40f8-80c9-5e7237d9ee3b&#8221; header_2_font=&#8221;Cormorant Garamond|||on|||||&#8221; header_2_font_size=&#8221;48px&#8221; header_2_letter_spacing=&#8221;0.2em&#8221; header_2_line_height=&#8221;1.2em&#8221; text_orientation=&#8221;center&#8221; custom_margin=&#8221;||16px|||&#8221; header_2_font_size_tablet=&#8221;32px&#8221; header_2_font_size_phone=&#8221;20px&#8221; header_2_font_size_last_edited=&#8221;on|desktop&#8221; global_colors_info=&#8221;{}&#8221;]<\/p>\n<h2>ZIKLOA<\/h2>\n<p>[\/et_pb_text][\/et_pb_column][\/et_pb_row][et_pb_row column_structure=&#8221;1_4,1_4,1_4,1_4&#8243; use_custom_gutter=&#8221;on&#8221; gutter_width=&#8221;2&#8243; custom_padding_last_edited=&#8221;on|tablet&#8221; _builder_version=&#8221;4.21.0&#8243; _module_preset=&#8221;default&#8221; custom_padding=&#8221;||59px|||&#8221; custom_padding_tablet=&#8221;||0px||false|false&#8221; custom_padding_phone=&#8221;||0px||false|false&#8221; saved_tabs=&#8221;all&#8221; collapsed=&#8221;on&#8221; global_colors_info=&#8221;{}&#8221;][et_pb_column type=&#8221;1_4&#8243; _builder_version=&#8221;4.21.0&#8243; _module_preset=&#8221;default&#8221; background_color=&#8221;RGBA(255,255,255,0)&#8221; link_option_url=&#8221;https:\/\/www.ensemblekuraia.es\/eu\/zikloa-topaketa\/&#8221; box_shadow_style=&#8221;preset4&#8243; box_shadow_horizontal=&#8221;0px&#8221; box_shadow_vertical=&#8221;0px&#8221; box_shadow_color=&#8221;rgba(171,165,25,0.4)&#8221; global_colors_info=&#8221;{}&#8221; background__hover_enabled=&#8221;on|hover&#8221; box_shadow_spread__hover_enabled=&#8221;on|hover&#8221; box_shadow_spread__hover=&#8221;20px&#8221; background_color__hover=&#8221;rgba(171,165,25,0.4)&#8221; background_enable_color__hover=&#8221;on&#8221;][et_pb_image src=&#8221;https:\/\/www.ensemblekuraia.es\/wp-content\/uploads\/2023\/08\/photographer-icon-06.png&#8221; alt=&#8221;Musika garaikideko topaketen zikloa&#8221; _builder_version=&#8221;4.21.0&#8243; _module_preset=&#8221;default&#8221; global_colors_info=&#8221;{}&#8221;][\/et_pb_image][et_pb_text _builder_version=&#8221;4.21.0&#8243; _module_preset=&#8221;046098de-2dd1-40a4-96ac-8667d93857e3&#8243; header_3_font=&#8221;Cormorant Garamond|700|||||||&#8221; header_3_font_size=&#8221;18px&#8221; header_3_letter_spacing=&#8221;2px&#8221; header_5_font=&#8221;Cormorant Garamond|700||on|||||&#8221; header_5_font_size=&#8221;18px&#8221; header_5_letter_spacing=&#8221;0.3em&#8221; header_5_line_height=&#8221;1.4em&#8221; custom_margin=&#8221;||10px||false|false&#8221; header_5_font_size_tablet=&#8221;16px&#8221; header_5_font_size_phone=&#8221;14px&#8221; header_5_font_size_last_edited=&#8221;on|desktop&#8221; global_colors_info=&#8221;{}&#8221;]<\/p>\n<h3>ZIKLOA TOPAKETA<\/h3>\n<p>[\/et_pb_text][et_pb_text _builder_version=&#8221;4.21.0&#8243; _module_preset=&#8221;0aea17f0-a977-4d1a-a805-b5a1608ed1bd&#8221; text_font_size=&#8221;16px&#8221; text_line_height=&#8221;1.8em&#8221; text_font_size_tablet=&#8221;15px&#8221; text_font_size_phone=&#8221;14px&#8221; text_font_size_last_edited=&#8221;on|desktop&#8221; global_colors_info=&#8221;{}&#8221;]Topaketen zikloan, urtero, egungo musikan espezializatutako artista eta talde ospetsuak biltzen ditugu.[\/et_pb_text][\/et_pb_column][et_pb_column type=&#8221;1_4&#8243; _builder_version=&#8221;4.21.0&#8243; _module_preset=&#8221;default&#8221; background_color=&#8221;RGBA(255,255,255,0)&#8221; link_option_url=&#8221;https:\/\/www.ensemblekuraia.es\/eu\/kontzertuak-birak\/&#8221; box_shadow_style=&#8221;preset4&#8243; box_shadow_horizontal=&#8221;0px&#8221; box_shadow_vertical=&#8221;0px&#8221; box_shadow_color=&#8221;rgba(171,165,25,0.4)&#8221; global_colors_info=&#8221;{}&#8221; background__hover_enabled=&#8221;on|hover&#8221; box_shadow_spread__hover=&#8221;20px&#8221; box_shadow_spread__hover_enabled=&#8221;on|hover&#8221; background_color__hover=&#8221;rgba(171,165,25,0.4)&#8221; background_enable_color__hover=&#8221;on&#8221;][et_pb_image src=&#8221;https:\/\/www.ensemblekuraia.es\/wp-content\/uploads\/2023\/08\/photographer-icon-01.png&#8221; alt=&#8221;Musika garaikideko birak eta kontzertuak&#8221; _builder_version=&#8221;4.21.0&#8243; _module_preset=&#8221;default&#8221; global_colors_info=&#8221;{}&#8221;][\/et_pb_image][et_pb_text _builder_version=&#8221;4.21.0&#8243; _module_preset=&#8221;046098de-2dd1-40a4-96ac-8667d93857e3&#8243; header_3_font=&#8221;Cormorant Garamond|700|||||||&#8221; header_3_font_size=&#8221;18px&#8221; header_3_letter_spacing=&#8221;2px&#8221; header_5_font=&#8221;Cormorant Garamond|700||on|||||&#8221; header_5_font_size=&#8221;18px&#8221; header_5_letter_spacing=&#8221;0.3em&#8221; header_5_line_height=&#8221;1.4em&#8221; custom_margin=&#8221;||10px||false|false&#8221; header_5_font_size_tablet=&#8221;16px&#8221; header_5_font_size_phone=&#8221;14px&#8221; header_5_font_size_last_edited=&#8221;on|desktop&#8221; global_colors_info=&#8221;{}&#8221;]<\/p>\n<h3>KONTZERTUAK-BIRAK<\/h3>\n<p>[\/et_pb_text][et_pb_text _builder_version=&#8221;4.21.0&#8243; _module_preset=&#8221;0aea17f0-a977-4d1a-a805-b5a1608ed1bd&#8221; text_font_size=&#8221;16px&#8221; text_line_height=&#8221;1.8em&#8221; custom_margin=&#8221;0px||||false|false&#8221; custom_padding=&#8221;0px|||||&#8221; text_font_size_tablet=&#8221;15px&#8221; text_font_size_phone=&#8221;14px&#8221; text_font_size_last_edited=&#8221;on|desktop&#8221; global_colors_info=&#8221;{}&#8221;]Denboraldian zehar hainbat jaialdi eta ekitalditan parte hartzen dugu. Begiratu gure agenda hemen.[\/et_pb_text][\/et_pb_column][et_pb_column type=&#8221;1_4&#8243; _builder_version=&#8221;4.21.0&#8243; _module_preset=&#8221;default&#8221; background_color=&#8221;RGBA(255,255,255,0)&#8221; link_option_url=&#8221;https:\/\/www.ensemblekuraia.es\/eu\/repertorio\/&#8221; box_shadow_style=&#8221;preset4&#8243; box_shadow_horizontal=&#8221;0px&#8221; box_shadow_vertical=&#8221;0px&#8221; box_shadow_color=&#8221;rgba(171,165,25,0.4)&#8221; global_colors_info=&#8221;{}&#8221; background_color__hover=&#8221;rgba(171,165,25,0.4)&#8221; background__hover_enabled=&#8221;on|hover&#8221; box_shadow_spread__hover=&#8221;20px&#8221; box_shadow_spread__hover_enabled=&#8221;on|hover&#8221; background_enable_color__hover=&#8221;on&#8221;][et_pb_image src=&#8221;https:\/\/www.ensemblekuraia.es\/wp-content\/uploads\/2023\/08\/photographer-icon-03.png&#8221; alt=&#8221;Musika garaikidearen errepertorioko ikonoa&#8221; _builder_version=&#8221;4.21.0&#8243; _module_preset=&#8221;default&#8221; custom_margin=&#8221;||16px||false|false&#8221; custom_padding=&#8221;||0px||false|false&#8221; global_colors_info=&#8221;{}&#8221;][\/et_pb_image][et_pb_text _builder_version=&#8221;4.21.0&#8243; _module_preset=&#8221;046098de-2dd1-40a4-96ac-8667d93857e3&#8243; header_3_font=&#8221;Cormorant Garamond|700|||||||&#8221; header_3_font_size=&#8221;18px&#8221; header_3_letter_spacing=&#8221;2px&#8221; header_5_font=&#8221;Cormorant Garamond|700||on|||||&#8221; header_5_font_size=&#8221;18px&#8221; header_5_letter_spacing=&#8221;0.3em&#8221; header_5_line_height=&#8221;1.4em&#8221; custom_margin=&#8221;||10px||false|false&#8221; header_5_font_size_tablet=&#8221;16px&#8221; header_5_font_size_phone=&#8221;14px&#8221; header_5_font_size_last_edited=&#8221;on|desktop&#8221; global_colors_info=&#8221;{}&#8221;]<\/p>\n<h3>ERREPERTORIOA<\/h3>\n<p>[\/et_pb_text][et_pb_text _builder_version=&#8221;4.21.0&#8243; _module_preset=&#8221;0aea17f0-a977-4d1a-a805-b5a1608ed1bd&#8221; text_font_size=&#8221;16px&#8221; text_line_height=&#8221;1.8em&#8221; text_font_size_tablet=&#8221;15px&#8221; text_font_size_phone=&#8221;14px&#8221; text_font_size_last_edited=&#8221;on|desktop&#8221; global_colors_info=&#8221;{}&#8221;]<\/p>\n<p>Gure errepertorioak hiru ildo nagusi hartzen ditu: Konpositore garaikideak, XX. mendekoak eta XVIII eta XIX.<\/p>\n<p>[\/et_pb_text][\/et_pb_column][et_pb_column type=&#8221;1_4&#8243; _builder_version=&#8221;4.21.0&#8243; _module_preset=&#8221;default&#8221; background_color=&#8221;RGBA(255,255,255,0)&#8221; link_option_url=&#8221;https:\/\/www.ensemblekuraia.es\/eu\/proiektuak\/&#8221; box_shadow_style=&#8221;preset4&#8243; box_shadow_horizontal=&#8221;0px&#8221; box_shadow_vertical=&#8221;0px&#8221; box_shadow_color=&#8221;rgba(171,165,25,0.4)&#8221; global_colors_info=&#8221;{}&#8221; background_color__hover=&#8221;rgba(171,165,25,0.4)&#8221; background__hover_enabled=&#8221;on|hover&#8221; box_shadow_spread__hover=&#8221;20px&#8221; box_shadow_spread__hover_enabled=&#8221;on|hover&#8221; background_enable_color__hover=&#8221;on&#8221;][et_pb_image src=&#8221;https:\/\/www.ensemblekuraia.es\/wp-content\/uploads\/2023\/09\/038-caja-de-herramientas.png&#8221; alt=&#8221;icocno Proyectos&#8221; _builder_version=&#8221;4.22.1&#8243; _module_preset=&#8221;default&#8221; max_height=&#8221;45px&#8221; custom_margin=&#8221;-3px||14px||false|false&#8221; custom_padding=&#8221;||0px||false|false&#8221; global_colors_info=&#8221;{}&#8221;][\/et_pb_image][et_pb_text _builder_version=&#8221;4.21.0&#8243; _module_preset=&#8221;046098de-2dd1-40a4-96ac-8667d93857e3&#8243; header_3_font=&#8221;Cormorant Garamond|700|||||||&#8221; header_3_font_size=&#8221;18px&#8221; header_3_letter_spacing=&#8221;2px&#8221; header_5_font=&#8221;Cormorant Garamond|700||on|||||&#8221; header_5_font_size=&#8221;18px&#8221; header_5_letter_spacing=&#8221;0.3em&#8221; header_5_line_height=&#8221;1.4em&#8221; custom_margin=&#8221;||10px||false|false&#8221; header_5_font_size_tablet=&#8221;16px&#8221; header_5_font_size_phone=&#8221;14px&#8221; header_5_font_size_last_edited=&#8221;on|desktop&#8221; global_colors_info=&#8221;{}&#8221;]<\/p>\n<h3>PROIEKTUAK<\/h3>\n<p>[\/et_pb_text][et_pb_text _builder_version=&#8221;4.21.0&#8243; _module_preset=&#8221;0aea17f0-a977-4d1a-a805-b5a1608ed1bd&#8221; text_font_size=&#8221;16px&#8221; text_line_height=&#8221;1.8em&#8221; text_font_size_tablet=&#8221;15px&#8221; text_font_size_phone=&#8221;14px&#8221; text_font_size_last_edited=&#8221;on|desktop&#8221; global_colors_info=&#8221;{}&#8221;]<\/p>\n<p>Bira eta kontzertuez gain gure azken proiektuak erakusten ditugun atal honetan.<\/p>\n<p>[\/et_pb_text][\/et_pb_column][\/et_pb_row][et_pb_row column_structure=&#8221;1_2,1_2&#8243; _builder_version=&#8221;4.21.0&#8243; _module_preset=&#8221;default&#8221; custom_margin=&#8221;50px|auto||auto||&#8221; custom_padding=&#8221;61px|||||&#8221; border_width_top=&#8221;1px&#8221; border_color_top=&#8221;#ABA119&#8243; global_colors_info=&#8221;{}&#8221;][et_pb_column type=&#8221;1_2&#8243; _builder_version=&#8221;4.20.0&#8243; _module_preset=&#8221;default&#8221; custom_padding_tablet=&#8221;||30px||false|false&#8221; custom_padding_phone=&#8221;||30px||false|false&#8221; custom_padding_last_edited=&#8221;on|tablet&#8221; global_colors_info=&#8221;{}&#8221;][et_pb_text _builder_version=&#8221;4.21.0&#8243; _module_preset=&#8221;046098de-2dd1-40a4-96ac-8667d93857e3&#8243; header_3_font=&#8221;Cormorant Garamond|700|||||||&#8221; header_3_font_size=&#8221;18px&#8221; header_3_letter_spacing=&#8221;2px&#8221; header_5_font=&#8221;Cormorant Garamond|700||on|||||&#8221; header_5_font_size=&#8221;18px&#8221; header_5_letter_spacing=&#8221;0.3em&#8221; header_5_line_height=&#8221;1.4em&#8221; custom_margin=&#8221;||10px||false|false&#8221; header_5_font_size_tablet=&#8221;16px&#8221; header_5_font_size_phone=&#8221;14px&#8221; header_5_font_size_last_edited=&#8221;on|desktop&#8221; global_colors_info=&#8221;{}&#8221;]<\/p>\n<h3>AZKEN LANAK<\/h3>\n<p>[\/et_pb_text][et_pb_code admin_label=&#8221;C\u00f3digo lista de Youtube&#8221; _builder_version=&#8221;4.21.0&#8243; _module_preset=&#8221;default&#8221; global_colors_info=&#8221;{}&#8221;]<center><iframe src=\"https:\/\/www.youtube.com\/embed\/?list=PLWdkgnLfJlQjKZociDrqQG5-rCu4XNmpA&#038;si=UnYAKIBmS9UhRxks\" width=\"560\" height=\"315\" frameborder=\"0\" title=\"Playlist de v\u00eddeos del Ensemble Kuraia\" allowfullscreen=\"allowfullscreen\"><\/iframe><\/center>[\/et_pb_code][et_pb_text _builder_version=&#8221;4.21.0&#8243; _module_preset=&#8221;046098de-2dd1-40a4-96ac-8667d93857e3&#8243; header_3_font=&#8221;Cormorant Garamond|700|||||||&#8221; header_3_text_align=&#8221;center&#8221; header_3_text_color=&#8221;#9B9217&#8243; header_3_font_size=&#8221;26px&#8221; header_3_letter_spacing=&#8221;2px&#8221; header_5_font=&#8221;Cormorant Garamond|700||on|||||&#8221; header_5_font_size=&#8221;18px&#8221; header_5_letter_spacing=&#8221;0.3em&#8221; header_5_line_height=&#8221;1.4em&#8221; custom_margin=&#8221;10px||10px||false|false&#8221; header_3_text_align_tablet=&#8221;center&#8221; header_3_text_align_phone=&#8221;center&#8221; header_3_text_align_last_edited=&#8221;on|phone&#8221; header_3_font_size_tablet=&#8221;26px&#8221; header_3_font_size_phone=&#8221;18px&#8221; header_3_font_size_last_edited=&#8221;on|phone&#8221; header_5_font_size_tablet=&#8221;16px&#8221; header_5_font_size_phone=&#8221;14px&#8221; header_5_font_size_last_edited=&#8221;on|desktop&#8221; global_colors_info=&#8221;{}&#8221;]<\/p>\n<h3 style=\"text-align: right;\">GURE AZKEN ALBUMA<\/h3>\n<p>[\/et_pb_text][et_pb_portfolio posts_number=&#8221;1&#8243; include_categories=&#8221;23&#8243; show_title=&#8221;off&#8221; show_categories=&#8221;off&#8221; show_pagination=&#8221;off&#8221; _builder_version=&#8221;4.21.0&#8243; _module_preset=&#8221;default&#8221; border_width_all_image=&#8221;2px&#8221; border_color_all_image=&#8221;#ABA119&#8243; global_colors_info=&#8221;{}&#8221;][\/et_pb_portfolio][\/et_pb_column][et_pb_column type=&#8221;1_2&#8243; _builder_version=&#8221;4.20.0&#8243; _module_preset=&#8221;default&#8221; global_colors_info=&#8221;{}&#8221;][et_pb_text _builder_version=&#8221;4.21.0&#8243; _module_preset=&#8221;046098de-2dd1-40a4-96ac-8667d93857e3&#8243; header_3_font=&#8221;Cormorant Garamond|700|||||||&#8221; header_3_font_size=&#8221;18px&#8221; header_3_letter_spacing=&#8221;2px&#8221; header_5_font=&#8221;Cormorant Garamond|700||on|||||&#8221; header_5_font_size=&#8221;18px&#8221; header_5_letter_spacing=&#8221;0.3em&#8221; header_5_line_height=&#8221;1.4em&#8221; custom_margin=&#8221;||10px||false|false&#8221; header_5_font_size_tablet=&#8221;16px&#8221; header_5_font_size_phone=&#8221;14px&#8221; header_5_font_size_last_edited=&#8221;on|desktop&#8221; global_colors_info=&#8221;{}&#8221;]<\/p>\n<h3>ORAINA<\/h3>\n<p>[\/et_pb_text][et_pb_button button_url=&#8221;https:\/\/www.instagram.com\/ensemblekuraia\/&#8221; url_new_window=&#8221;on&#8221; button_text=&#8221;IKUSI ALBISTE GUZTIAK INSTAGRAMEN&#8221; button_alignment=&#8221;center&#8221; admin_label=&#8221;Bot\u00f3n IG&#8221; _builder_version=&#8221;4.25.0&#8243; _module_preset=&#8221;681018ce-8029-490e-b9e7-6f98b4b13573&#8243; custom_button=&#8221;on&#8221; button_text_size=&#8221;14px&#8221; button_text_color=&#8221;#454545&#8243; button_bg_color=&#8221;RGBA(255,255,255,0)&#8221; button_border_color=&#8221;#aba119&#8243; button_border_radius=&#8221;0px&#8221; button_letter_spacing=&#8221;0.2em&#8221; button_font=&#8221;Cormorant Garamond|700||on|||||&#8221; custom_margin=&#8221;25px||||false|false&#8221; custom_padding=&#8221;16px|24px|16px|24px|true|true&#8221; global_colors_info=&#8221;{}&#8221;][\/et_pb_button][et_pb_code raw_content_tablet=&#8221;&#8221; raw_content_phone=&#8221;&#8221; raw_content_last_edited=&#8221;on|desktop&#8221; admin_label=&#8221;\u00daltimas entrada de IG&#8221; _builder_version=&#8221;4.27.4&#8243; _module_preset=&#8221;default&#8221; link_option_url=&#8221;https:\/\/www.facebook.com\/profile.php?id=61565187961579&#8243; link_option_url_new_window=&#8221;on&#8221; hover_enabled=&#8221;0&#8243; global_colors_info=&#8221;{}&#8221; raw_content__hover_enabled=&#8221;off|desktop&#8221; sticky_enabled=&#8221;0&#8243;]\n<div id=\"sb_instagram\"  class=\"sbi sbi_mob_col_1 sbi_tab_col_2 sbi_col_4 sbi_width_resp sbi_fixed_height\" style=\"padding-bottom: 10px; height: 510px;\"\t data-feedid=\"*1\"  data-res=\"auto\" data-cols=\"4\" data-colsmobile=\"1\" data-colstablet=\"2\" data-num=\"12\" data-nummobile=\"4\" data-item-padding=\"5\"\t data-shortcode-atts=\"{&quot;feed&quot;:&quot;1&quot;,&quot;cachetime&quot;:720}\"  data-postid=\"1848\" data-locatornonce=\"1bfc7bdc17\" data-imageaspectratio=\"1:1\" data-sbi-flags=\"favorLocal,gdpr\">\n\t\n\t<div id=\"sbi_images\"  style=\"gap: 10px;\">\n\t\t<div class=\"sbi_item sbi_type_video sbi_new sbi_transition\"\n\tid=\"sbi_17985835748798752\" data-date=\"1776969838\">\n\t<div class=\"sbi_photo_wrap\">\n\t\t<a class=\"sbi_photo\" href=\"https:\/\/www.instagram.com\/reel\/DXfBAI5CIur\/\" target=\"_blank\" rel=\"noopener nofollow\"\n\t\t\tdata-full-res=\"https:\/\/scontent-mad2-1.cdninstagram.com\/v\/t51.71878-15\/671209070_1542398277889109_5789244675859315377_n.jpg?stp=dst-jpg_e35_tt6&#038;_nc_cat=109&#038;ccb=7-5&#038;_nc_sid=18de74&#038;efg=eyJlZmdfdGFnIjoiQ0xJUFMuYmVzdF9pbWFnZV91cmxnZW4uQzMifQ%3D%3D&#038;_nc_ohc=drlrDUAaJ_8Q7kNvwEw43-d&#038;_nc_oc=AdpiGc6ey4p7T6aEKS-q0VRyusOfU2XCcfd_A3SvtXATvJiuyk-vGqML96vkc_KA8R0&#038;_nc_zt=23&#038;_nc_ht=scontent-mad2-1.cdninstagram.com&#038;edm=ANo9K5cEAAAA&#038;_nc_gid=tVfG0SE2cp_Sm4fzxOIpEg&#038;_nc_tpa=Q5bMBQGIFmFIpgWxsbtOCEEyEdYI0QMT9TpkuoQrZBbpUMUOGxBsRYzFZuDxi9VD1SDXbZD9ERoD2fgAGQ&#038;oh=00_Af6AVlyA713txY9Rln2kwSYVvRfWQq7V-HepBcI5y9whFA&#038;oe=69FA41D5\"\n\t\t\tdata-img-src-set=\"{&quot;d&quot;:&quot;https:\\\/\\\/scontent-mad2-1.cdninstagram.com\\\/v\\\/t51.71878-15\\\/671209070_1542398277889109_5789244675859315377_n.jpg?stp=dst-jpg_e35_tt6&amp;_nc_cat=109&amp;ccb=7-5&amp;_nc_sid=18de74&amp;efg=eyJlZmdfdGFnIjoiQ0xJUFMuYmVzdF9pbWFnZV91cmxnZW4uQzMifQ%3D%3D&amp;_nc_ohc=drlrDUAaJ_8Q7kNvwEw43-d&amp;_nc_oc=AdpiGc6ey4p7T6aEKS-q0VRyusOfU2XCcfd_A3SvtXATvJiuyk-vGqML96vkc_KA8R0&amp;_nc_zt=23&amp;_nc_ht=scontent-mad2-1.cdninstagram.com&amp;edm=ANo9K5cEAAAA&amp;_nc_gid=tVfG0SE2cp_Sm4fzxOIpEg&amp;_nc_tpa=Q5bMBQGIFmFIpgWxsbtOCEEyEdYI0QMT9TpkuoQrZBbpUMUOGxBsRYzFZuDxi9VD1SDXbZD9ERoD2fgAGQ&amp;oh=00_Af6AVlyA713txY9Rln2kwSYVvRfWQq7V-HepBcI5y9whFA&amp;oe=69FA41D5&quot;,&quot;150&quot;:&quot;https:\\\/\\\/scontent-mad2-1.cdninstagram.com\\\/v\\\/t51.71878-15\\\/671209070_1542398277889109_5789244675859315377_n.jpg?stp=dst-jpg_e35_tt6&amp;_nc_cat=109&amp;ccb=7-5&amp;_nc_sid=18de74&amp;efg=eyJlZmdfdGFnIjoiQ0xJUFMuYmVzdF9pbWFnZV91cmxnZW4uQzMifQ%3D%3D&amp;_nc_ohc=drlrDUAaJ_8Q7kNvwEw43-d&amp;_nc_oc=AdpiGc6ey4p7T6aEKS-q0VRyusOfU2XCcfd_A3SvtXATvJiuyk-vGqML96vkc_KA8R0&amp;_nc_zt=23&amp;_nc_ht=scontent-mad2-1.cdninstagram.com&amp;edm=ANo9K5cEAAAA&amp;_nc_gid=tVfG0SE2cp_Sm4fzxOIpEg&amp;_nc_tpa=Q5bMBQGIFmFIpgWxsbtOCEEyEdYI0QMT9TpkuoQrZBbpUMUOGxBsRYzFZuDxi9VD1SDXbZD9ERoD2fgAGQ&amp;oh=00_Af6AVlyA713txY9Rln2kwSYVvRfWQq7V-HepBcI5y9whFA&amp;oe=69FA41D5&quot;,&quot;320&quot;:&quot;https:\\\/\\\/scontent-mad2-1.cdninstagram.com\\\/v\\\/t51.71878-15\\\/671209070_1542398277889109_5789244675859315377_n.jpg?stp=dst-jpg_e35_tt6&amp;_nc_cat=109&amp;ccb=7-5&amp;_nc_sid=18de74&amp;efg=eyJlZmdfdGFnIjoiQ0xJUFMuYmVzdF9pbWFnZV91cmxnZW4uQzMifQ%3D%3D&amp;_nc_ohc=drlrDUAaJ_8Q7kNvwEw43-d&amp;_nc_oc=AdpiGc6ey4p7T6aEKS-q0VRyusOfU2XCcfd_A3SvtXATvJiuyk-vGqML96vkc_KA8R0&amp;_nc_zt=23&amp;_nc_ht=scontent-mad2-1.cdninstagram.com&amp;edm=ANo9K5cEAAAA&amp;_nc_gid=tVfG0SE2cp_Sm4fzxOIpEg&amp;_nc_tpa=Q5bMBQGIFmFIpgWxsbtOCEEyEdYI0QMT9TpkuoQrZBbpUMUOGxBsRYzFZuDxi9VD1SDXbZD9ERoD2fgAGQ&amp;oh=00_Af6AVlyA713txY9Rln2kwSYVvRfWQq7V-HepBcI5y9whFA&amp;oe=69FA41D5&quot;,&quot;640&quot;:&quot;https:\\\/\\\/scontent-mad2-1.cdninstagram.com\\\/v\\\/t51.71878-15\\\/671209070_1542398277889109_5789244675859315377_n.jpg?stp=dst-jpg_e35_tt6&amp;_nc_cat=109&amp;ccb=7-5&amp;_nc_sid=18de74&amp;efg=eyJlZmdfdGFnIjoiQ0xJUFMuYmVzdF9pbWFnZV91cmxnZW4uQzMifQ%3D%3D&amp;_nc_ohc=drlrDUAaJ_8Q7kNvwEw43-d&amp;_nc_oc=AdpiGc6ey4p7T6aEKS-q0VRyusOfU2XCcfd_A3SvtXATvJiuyk-vGqML96vkc_KA8R0&amp;_nc_zt=23&amp;_nc_ht=scontent-mad2-1.cdninstagram.com&amp;edm=ANo9K5cEAAAA&amp;_nc_gid=tVfG0SE2cp_Sm4fzxOIpEg&amp;_nc_tpa=Q5bMBQGIFmFIpgWxsbtOCEEyEdYI0QMT9TpkuoQrZBbpUMUOGxBsRYzFZuDxi9VD1SDXbZD9ERoD2fgAGQ&amp;oh=00_Af6AVlyA713txY9Rln2kwSYVvRfWQq7V-HepBcI5y9whFA&amp;oe=69FA41D5&quot;}\">\n\t\t\t<span class=\"sbi-screenreader\">\ud83c\udf0d Apirilaren 25ean, zatoz Lurra ospatzera\u2026 entzune<\/span>\n\t\t\t\t\t\t<svg style=\"color: rgba(255,255,255,1)\" class=\"svg-inline--fa fa-play fa-w-14 sbi_playbtn\" aria-label=\"Play\" aria-hidden=\"true\" data-fa-processed=\"\" data-prefix=\"fa\" data-icon=\"play\" role=\"presentation\" xmlns=\"http:\/\/www.w3.org\/2000\/svg\" viewBox=\"0 0 448 512\"><path fill=\"currentColor\" d=\"M424.4 214.7L72.4 6.6C43.8-10.3 0 6.1 0 47.9V464c0 37.5 40.7 60.1 72.4 41.3l352-208c31.4-18.5 31.5-64.1 0-82.6z\"><\/path><\/svg>\t\t\t<img decoding=\"async\" src=\"https:\/\/www.ensemblekuraia.es\/wp-content\/plugins\/instagram-feed\/img\/placeholder.png\" alt=\"\ud83c\udf0d Apirilaren 25ean, zatoz Lurra ospatzera\u2026 entzunez.\n\n\ud83e\udd41 Harriak, ura, egurra\u2026 soinu bihurtuta\n\ud83c\udf31 Errituak, sustraiak eta sorkuntza zuzenean\n\nKontzertu berezi bat, oinarrira konektatzeko.\n\n\ud83d\udccd Guggenheim Bilbao\n\ud83d\uddd3\ufe0f 25\/04\/2026\n\u23f0 12:00am\n\n\ud83c\udfb6\ud83c\udfb6\ud83c\udfb6\ud83c\udfb6\ud83c\udfb6\n\n\ud83c\udf0d Este 25 de abril, ven a celebrar la Tierra\u2026 escuch\u00e1ndola.\n\n\ud83e\udd41 Piedras, agua, madera\u2026 convertidas en sonido\n\ud83c\udf31 Rituales, ra\u00edces y creaci\u00f3n en directo\n\nUn concierto diferente, muy conectado con lo esencial.\n\n\ud83d\udccd Guggenheim Bilbao\n\ud83d\uddd3\ufe0f 2026\/04\/25\n\u23f0 12:00am\" aria-hidden=\"true\">\n\t\t<\/a>\n\t<\/div>\n<\/div><div class=\"sbi_item sbi_type_image sbi_new sbi_transition\"\n\tid=\"sbi_17945120049155979\" data-date=\"1776853120\">\n\t<div class=\"sbi_photo_wrap\">\n\t\t<a class=\"sbi_photo\" href=\"https:\/\/www.instagram.com\/p\/DXbimdHCNWf\/\" target=\"_blank\" rel=\"noopener nofollow\"\n\t\t\tdata-full-res=\"https:\/\/scontent-mad1-1.cdninstagram.com\/v\/t51.82787-15\/671025319_17923490766292872_3538382900380879380_n.webp?stp=dst-jpg_e35_tt6&#038;_nc_cat=106&#038;ccb=7-5&#038;_nc_sid=18de74&#038;efg=eyJlZmdfdGFnIjoiRkVFRC5iZXN0X2ltYWdlX3VybGdlbi5DMyJ9&#038;_nc_ohc=td3VB7_IYBkQ7kNvwELKFAR&#038;_nc_oc=AdoBT7oqpa7Fa_urlK_XsGuWX05JQOdm77-q0nocqmcc_VKFZHIZOxyMq7dJgIhgnU0&#038;_nc_zt=23&#038;_nc_ht=scontent-mad1-1.cdninstagram.com&#038;edm=ANo9K5cEAAAA&#038;_nc_gid=tVfG0SE2cp_Sm4fzxOIpEg&#038;_nc_tpa=Q5bMBQG6-9Fx-nRJHkopEmvpX6Jw8_bWbiZOIQTXN7O23IXMA864xJTt0Q7ZftrGfpGCcWErDv611p8ONA&#038;oh=00_Af7Lr1HsjFynMaMRlrk6NhSc2r9BAAsfqTQtJTzMzCOXJQ&#038;oe=69FA3E58\"\n\t\t\tdata-img-src-set=\"{&quot;d&quot;:&quot;https:\\\/\\\/scontent-mad1-1.cdninstagram.com\\\/v\\\/t51.82787-15\\\/671025319_17923490766292872_3538382900380879380_n.webp?stp=dst-jpg_e35_tt6&amp;_nc_cat=106&amp;ccb=7-5&amp;_nc_sid=18de74&amp;efg=eyJlZmdfdGFnIjoiRkVFRC5iZXN0X2ltYWdlX3VybGdlbi5DMyJ9&amp;_nc_ohc=td3VB7_IYBkQ7kNvwELKFAR&amp;_nc_oc=AdoBT7oqpa7Fa_urlK_XsGuWX05JQOdm77-q0nocqmcc_VKFZHIZOxyMq7dJgIhgnU0&amp;_nc_zt=23&amp;_nc_ht=scontent-mad1-1.cdninstagram.com&amp;edm=ANo9K5cEAAAA&amp;_nc_gid=tVfG0SE2cp_Sm4fzxOIpEg&amp;_nc_tpa=Q5bMBQG6-9Fx-nRJHkopEmvpX6Jw8_bWbiZOIQTXN7O23IXMA864xJTt0Q7ZftrGfpGCcWErDv611p8ONA&amp;oh=00_Af7Lr1HsjFynMaMRlrk6NhSc2r9BAAsfqTQtJTzMzCOXJQ&amp;oe=69FA3E58&quot;,&quot;150&quot;:&quot;https:\\\/\\\/scontent-mad1-1.cdninstagram.com\\\/v\\\/t51.82787-15\\\/671025319_17923490766292872_3538382900380879380_n.webp?stp=dst-jpg_e35_tt6&amp;_nc_cat=106&amp;ccb=7-5&amp;_nc_sid=18de74&amp;efg=eyJlZmdfdGFnIjoiRkVFRC5iZXN0X2ltYWdlX3VybGdlbi5DMyJ9&amp;_nc_ohc=td3VB7_IYBkQ7kNvwELKFAR&amp;_nc_oc=AdoBT7oqpa7Fa_urlK_XsGuWX05JQOdm77-q0nocqmcc_VKFZHIZOxyMq7dJgIhgnU0&amp;_nc_zt=23&amp;_nc_ht=scontent-mad1-1.cdninstagram.com&amp;edm=ANo9K5cEAAAA&amp;_nc_gid=tVfG0SE2cp_Sm4fzxOIpEg&amp;_nc_tpa=Q5bMBQG6-9Fx-nRJHkopEmvpX6Jw8_bWbiZOIQTXN7O23IXMA864xJTt0Q7ZftrGfpGCcWErDv611p8ONA&amp;oh=00_Af7Lr1HsjFynMaMRlrk6NhSc2r9BAAsfqTQtJTzMzCOXJQ&amp;oe=69FA3E58&quot;,&quot;320&quot;:&quot;https:\\\/\\\/scontent-mad1-1.cdninstagram.com\\\/v\\\/t51.82787-15\\\/671025319_17923490766292872_3538382900380879380_n.webp?stp=dst-jpg_e35_tt6&amp;_nc_cat=106&amp;ccb=7-5&amp;_nc_sid=18de74&amp;efg=eyJlZmdfdGFnIjoiRkVFRC5iZXN0X2ltYWdlX3VybGdlbi5DMyJ9&amp;_nc_ohc=td3VB7_IYBkQ7kNvwELKFAR&amp;_nc_oc=AdoBT7oqpa7Fa_urlK_XsGuWX05JQOdm77-q0nocqmcc_VKFZHIZOxyMq7dJgIhgnU0&amp;_nc_zt=23&amp;_nc_ht=scontent-mad1-1.cdninstagram.com&amp;edm=ANo9K5cEAAAA&amp;_nc_gid=tVfG0SE2cp_Sm4fzxOIpEg&amp;_nc_tpa=Q5bMBQG6-9Fx-nRJHkopEmvpX6Jw8_bWbiZOIQTXN7O23IXMA864xJTt0Q7ZftrGfpGCcWErDv611p8ONA&amp;oh=00_Af7Lr1HsjFynMaMRlrk6NhSc2r9BAAsfqTQtJTzMzCOXJQ&amp;oe=69FA3E58&quot;,&quot;640&quot;:&quot;https:\\\/\\\/scontent-mad1-1.cdninstagram.com\\\/v\\\/t51.82787-15\\\/671025319_17923490766292872_3538382900380879380_n.webp?stp=dst-jpg_e35_tt6&amp;_nc_cat=106&amp;ccb=7-5&amp;_nc_sid=18de74&amp;efg=eyJlZmdfdGFnIjoiRkVFRC5iZXN0X2ltYWdlX3VybGdlbi5DMyJ9&amp;_nc_ohc=td3VB7_IYBkQ7kNvwELKFAR&amp;_nc_oc=AdoBT7oqpa7Fa_urlK_XsGuWX05JQOdm77-q0nocqmcc_VKFZHIZOxyMq7dJgIhgnU0&amp;_nc_zt=23&amp;_nc_ht=scontent-mad1-1.cdninstagram.com&amp;edm=ANo9K5cEAAAA&amp;_nc_gid=tVfG0SE2cp_Sm4fzxOIpEg&amp;_nc_tpa=Q5bMBQG6-9Fx-nRJHkopEmvpX6Jw8_bWbiZOIQTXN7O23IXMA864xJTt0Q7ZftrGfpGCcWErDv611p8ONA&amp;oh=00_Af7Lr1HsjFynMaMRlrk6NhSc2r9BAAsfqTQtJTzMzCOXJQ&amp;oe=69FA3E58&quot;}\">\n\t\t\t<span class=\"sbi-screenreader\">CELEBREMOS LA TIERRA \n\nConcierto del Ensemble Kura<\/span>\n\t\t\t\t\t\t\t\t\t<img decoding=\"async\" src=\"https:\/\/www.ensemblekuraia.es\/wp-content\/plugins\/instagram-feed\/img\/placeholder.png\" alt=\"CELEBREMOS LA TIERRA \n\nConcierto del Ensemble Kuraia en el Auditorio del Museo Guggenheim Bilbao \n\n25\/04\/26 - 12.00 horas \n\nOs esperamos \n\nhttps:\/\/www.guggenheim-bilbao.eus\/actividades\/concierto-celebremos-la-tierra\" aria-hidden=\"true\">\n\t\t<\/a>\n\t<\/div>\n<\/div><div class=\"sbi_item sbi_type_image sbi_new sbi_transition\"\n\tid=\"sbi_18128422219575677\" data-date=\"1776777701\">\n\t<div class=\"sbi_photo_wrap\">\n\t\t<a class=\"sbi_photo\" href=\"https:\/\/www.instagram.com\/p\/DXZSwAOiCN-\/\" target=\"_blank\" rel=\"noopener nofollow\"\n\t\t\tdata-full-res=\"https:\/\/scontent-mad1-1.cdninstagram.com\/v\/t51.82787-15\/674486671_17923368414292872_5189377720775344741_n.webp?stp=dst-jpg_e35_tt6&#038;_nc_cat=101&#038;ccb=7-5&#038;_nc_sid=18de74&#038;efg=eyJlZmdfdGFnIjoiRkVFRC5iZXN0X2ltYWdlX3VybGdlbi5DMyJ9&#038;_nc_ohc=uRW5XSwPEc0Q7kNvwGH-xIV&#038;_nc_oc=AdoMXGKs6UbkIlmt8r3i6LCfMT_rIeddTWyxMCodSucz0-Yrt_f02-IEeG5qdBmMl-o&#038;_nc_zt=23&#038;_nc_ht=scontent-mad1-1.cdninstagram.com&#038;edm=ANo9K5cEAAAA&#038;_nc_gid=tVfG0SE2cp_Sm4fzxOIpEg&#038;_nc_tpa=Q5bMBQEVQEzCaYQXJQDfxOsBGgoKe8PBMkmDwAHVC4tft89s53CaiRB7CP9c66cAmkYM398h2FVjB0fJYQ&#038;oh=00_Af4UGsUdyW2I3vqGPSqOoLGDl-23G56eaUQU_Cp9gjwHdw&#038;oe=69FA5EDE\"\n\t\t\tdata-img-src-set=\"{&quot;d&quot;:&quot;https:\\\/\\\/scontent-mad1-1.cdninstagram.com\\\/v\\\/t51.82787-15\\\/674486671_17923368414292872_5189377720775344741_n.webp?stp=dst-jpg_e35_tt6&amp;_nc_cat=101&amp;ccb=7-5&amp;_nc_sid=18de74&amp;efg=eyJlZmdfdGFnIjoiRkVFRC5iZXN0X2ltYWdlX3VybGdlbi5DMyJ9&amp;_nc_ohc=uRW5XSwPEc0Q7kNvwGH-xIV&amp;_nc_oc=AdoMXGKs6UbkIlmt8r3i6LCfMT_rIeddTWyxMCodSucz0-Yrt_f02-IEeG5qdBmMl-o&amp;_nc_zt=23&amp;_nc_ht=scontent-mad1-1.cdninstagram.com&amp;edm=ANo9K5cEAAAA&amp;_nc_gid=tVfG0SE2cp_Sm4fzxOIpEg&amp;_nc_tpa=Q5bMBQEVQEzCaYQXJQDfxOsBGgoKe8PBMkmDwAHVC4tft89s53CaiRB7CP9c66cAmkYM398h2FVjB0fJYQ&amp;oh=00_Af4UGsUdyW2I3vqGPSqOoLGDl-23G56eaUQU_Cp9gjwHdw&amp;oe=69FA5EDE&quot;,&quot;150&quot;:&quot;https:\\\/\\\/scontent-mad1-1.cdninstagram.com\\\/v\\\/t51.82787-15\\\/674486671_17923368414292872_5189377720775344741_n.webp?stp=dst-jpg_e35_tt6&amp;_nc_cat=101&amp;ccb=7-5&amp;_nc_sid=18de74&amp;efg=eyJlZmdfdGFnIjoiRkVFRC5iZXN0X2ltYWdlX3VybGdlbi5DMyJ9&amp;_nc_ohc=uRW5XSwPEc0Q7kNvwGH-xIV&amp;_nc_oc=AdoMXGKs6UbkIlmt8r3i6LCfMT_rIeddTWyxMCodSucz0-Yrt_f02-IEeG5qdBmMl-o&amp;_nc_zt=23&amp;_nc_ht=scontent-mad1-1.cdninstagram.com&amp;edm=ANo9K5cEAAAA&amp;_nc_gid=tVfG0SE2cp_Sm4fzxOIpEg&amp;_nc_tpa=Q5bMBQEVQEzCaYQXJQDfxOsBGgoKe8PBMkmDwAHVC4tft89s53CaiRB7CP9c66cAmkYM398h2FVjB0fJYQ&amp;oh=00_Af4UGsUdyW2I3vqGPSqOoLGDl-23G56eaUQU_Cp9gjwHdw&amp;oe=69FA5EDE&quot;,&quot;320&quot;:&quot;https:\\\/\\\/scontent-mad1-1.cdninstagram.com\\\/v\\\/t51.82787-15\\\/674486671_17923368414292872_5189377720775344741_n.webp?stp=dst-jpg_e35_tt6&amp;_nc_cat=101&amp;ccb=7-5&amp;_nc_sid=18de74&amp;efg=eyJlZmdfdGFnIjoiRkVFRC5iZXN0X2ltYWdlX3VybGdlbi5DMyJ9&amp;_nc_ohc=uRW5XSwPEc0Q7kNvwGH-xIV&amp;_nc_oc=AdoMXGKs6UbkIlmt8r3i6LCfMT_rIeddTWyxMCodSucz0-Yrt_f02-IEeG5qdBmMl-o&amp;_nc_zt=23&amp;_nc_ht=scontent-mad1-1.cdninstagram.com&amp;edm=ANo9K5cEAAAA&amp;_nc_gid=tVfG0SE2cp_Sm4fzxOIpEg&amp;_nc_tpa=Q5bMBQEVQEzCaYQXJQDfxOsBGgoKe8PBMkmDwAHVC4tft89s53CaiRB7CP9c66cAmkYM398h2FVjB0fJYQ&amp;oh=00_Af4UGsUdyW2I3vqGPSqOoLGDl-23G56eaUQU_Cp9gjwHdw&amp;oe=69FA5EDE&quot;,&quot;640&quot;:&quot;https:\\\/\\\/scontent-mad1-1.cdninstagram.com\\\/v\\\/t51.82787-15\\\/674486671_17923368414292872_5189377720775344741_n.webp?stp=dst-jpg_e35_tt6&amp;_nc_cat=101&amp;ccb=7-5&amp;_nc_sid=18de74&amp;efg=eyJlZmdfdGFnIjoiRkVFRC5iZXN0X2ltYWdlX3VybGdlbi5DMyJ9&amp;_nc_ohc=uRW5XSwPEc0Q7kNvwGH-xIV&amp;_nc_oc=AdoMXGKs6UbkIlmt8r3i6LCfMT_rIeddTWyxMCodSucz0-Yrt_f02-IEeG5qdBmMl-o&amp;_nc_zt=23&amp;_nc_ht=scontent-mad1-1.cdninstagram.com&amp;edm=ANo9K5cEAAAA&amp;_nc_gid=tVfG0SE2cp_Sm4fzxOIpEg&amp;_nc_tpa=Q5bMBQEVQEzCaYQXJQDfxOsBGgoKe8PBMkmDwAHVC4tft89s53CaiRB7CP9c66cAmkYM398h2FVjB0fJYQ&amp;oh=00_Af4UGsUdyW2I3vqGPSqOoLGDl-23G56eaUQU_Cp9gjwHdw&amp;oe=69FA5EDE&quot;}\">\n\t\t\t<span class=\"sbi-screenreader\">25 de abril, Auditorio del Museo Guggenheim Bilbao<\/span>\n\t\t\t\t\t\t\t\t\t<img decoding=\"async\" src=\"https:\/\/www.ensemblekuraia.es\/wp-content\/plugins\/instagram-feed\/img\/placeholder.png\" alt=\"25 de abril, Auditorio del Museo Guggenheim Bilbao, 12:00h. \nConcierto: Celebremos la Tierra. \n\nCelebra el D\u00eda Internacional de la Tierra asistiendo a este concierto de percusi\u00f3n de Ensemble Kuraia organizado en el marco de la exposici\u00f3n Artes de la Tierra. El evento sonoro presenta algunas claves estrechamente relacionadas con esta muestra, como lo at\u00e1vico y lo ritual ligado a la tierra, la importancia de las ra\u00edces o la transformaci\u00f3n de materiales naturales y locales en instrumentos musicales.\n\nObras de C. Wolff y P. Oliveros interpretadas con piedras de distintos tama\u00f1os provenientes de los montes y r\u00edos de nuestro entorno. Como instrumento aut\u00f3ctono del Pa\u00eds Vasco ligado a formas de vivir y comunicar ancestrales, la txalaparta tendr\u00e1 un papel relevante en el concierto, con varios ejemplos elaborados a partir de diferentes materiales. Asimismo, destacar el agua como otro elemento clave generador de sonidos y no tan frecuente en veladas musicales.\n\nDirige: Andrea Cazzaniga. Percusi\u00f3n: Elur Arrieta, Igor Arostegi y Jos\u00e9 Luis Carreres.\" aria-hidden=\"true\">\n\t\t<\/a>\n\t<\/div>\n<\/div><div class=\"sbi_item sbi_type_image sbi_new sbi_transition\"\n\tid=\"sbi_18117698488648781\" data-date=\"1775148864\">\n\t<div class=\"sbi_photo_wrap\">\n\t\t<a class=\"sbi_photo\" href=\"https:\/\/www.instagram.com\/p\/DWov_btiIog\/\" target=\"_blank\" rel=\"noopener nofollow\"\n\t\t\tdata-full-res=\"https:\/\/scontent-mad2-1.cdninstagram.com\/v\/t51.82787-15\/658209905_17920631307292872_1400142653457081193_n.webp?stp=dst-jpg_e35_tt6&#038;_nc_cat=110&#038;ccb=7-5&#038;_nc_sid=18de74&#038;efg=eyJlZmdfdGFnIjoiRkVFRC5iZXN0X2ltYWdlX3VybGdlbi5DMyJ9&#038;_nc_ohc=5M-1NkbHvycQ7kNvwEbrQHh&#038;_nc_oc=Ado_a9mvD3iNfh_h2ZZBtFutBxnzRtYybWO74hYst8774h70pzfK31Y6jYmK72HZfuQ&#038;_nc_zt=23&#038;_nc_ht=scontent-mad2-1.cdninstagram.com&#038;edm=ANo9K5cEAAAA&#038;_nc_gid=tVfG0SE2cp_Sm4fzxOIpEg&#038;_nc_tpa=Q5bMBQEKc6AL-Lu-7hyJCxEOHWUdc2JRHkuk7coObV7099-4c30HvzGrsi-fKwCmu7Fqge_wc9XSZozWzg&#038;oh=00_Af4IDnZsxTxJf9qQ8SqXD_I5dVd4RyMOcg5hRvgawktNBQ&#038;oe=69FA453B\"\n\t\t\tdata-img-src-set=\"{&quot;d&quot;:&quot;https:\\\/\\\/scontent-mad2-1.cdninstagram.com\\\/v\\\/t51.82787-15\\\/658209905_17920631307292872_1400142653457081193_n.webp?stp=dst-jpg_e35_tt6&amp;_nc_cat=110&amp;ccb=7-5&amp;_nc_sid=18de74&amp;efg=eyJlZmdfdGFnIjoiRkVFRC5iZXN0X2ltYWdlX3VybGdlbi5DMyJ9&amp;_nc_ohc=5M-1NkbHvycQ7kNvwEbrQHh&amp;_nc_oc=Ado_a9mvD3iNfh_h2ZZBtFutBxnzRtYybWO74hYst8774h70pzfK31Y6jYmK72HZfuQ&amp;_nc_zt=23&amp;_nc_ht=scontent-mad2-1.cdninstagram.com&amp;edm=ANo9K5cEAAAA&amp;_nc_gid=tVfG0SE2cp_Sm4fzxOIpEg&amp;_nc_tpa=Q5bMBQEKc6AL-Lu-7hyJCxEOHWUdc2JRHkuk7coObV7099-4c30HvzGrsi-fKwCmu7Fqge_wc9XSZozWzg&amp;oh=00_Af4IDnZsxTxJf9qQ8SqXD_I5dVd4RyMOcg5hRvgawktNBQ&amp;oe=69FA453B&quot;,&quot;150&quot;:&quot;https:\\\/\\\/scontent-mad2-1.cdninstagram.com\\\/v\\\/t51.82787-15\\\/658209905_17920631307292872_1400142653457081193_n.webp?stp=dst-jpg_e35_tt6&amp;_nc_cat=110&amp;ccb=7-5&amp;_nc_sid=18de74&amp;efg=eyJlZmdfdGFnIjoiRkVFRC5iZXN0X2ltYWdlX3VybGdlbi5DMyJ9&amp;_nc_ohc=5M-1NkbHvycQ7kNvwEbrQHh&amp;_nc_oc=Ado_a9mvD3iNfh_h2ZZBtFutBxnzRtYybWO74hYst8774h70pzfK31Y6jYmK72HZfuQ&amp;_nc_zt=23&amp;_nc_ht=scontent-mad2-1.cdninstagram.com&amp;edm=ANo9K5cEAAAA&amp;_nc_gid=tVfG0SE2cp_Sm4fzxOIpEg&amp;_nc_tpa=Q5bMBQEKc6AL-Lu-7hyJCxEOHWUdc2JRHkuk7coObV7099-4c30HvzGrsi-fKwCmu7Fqge_wc9XSZozWzg&amp;oh=00_Af4IDnZsxTxJf9qQ8SqXD_I5dVd4RyMOcg5hRvgawktNBQ&amp;oe=69FA453B&quot;,&quot;320&quot;:&quot;https:\\\/\\\/scontent-mad2-1.cdninstagram.com\\\/v\\\/t51.82787-15\\\/658209905_17920631307292872_1400142653457081193_n.webp?stp=dst-jpg_e35_tt6&amp;_nc_cat=110&amp;ccb=7-5&amp;_nc_sid=18de74&amp;efg=eyJlZmdfdGFnIjoiRkVFRC5iZXN0X2ltYWdlX3VybGdlbi5DMyJ9&amp;_nc_ohc=5M-1NkbHvycQ7kNvwEbrQHh&amp;_nc_oc=Ado_a9mvD3iNfh_h2ZZBtFutBxnzRtYybWO74hYst8774h70pzfK31Y6jYmK72HZfuQ&amp;_nc_zt=23&amp;_nc_ht=scontent-mad2-1.cdninstagram.com&amp;edm=ANo9K5cEAAAA&amp;_nc_gid=tVfG0SE2cp_Sm4fzxOIpEg&amp;_nc_tpa=Q5bMBQEKc6AL-Lu-7hyJCxEOHWUdc2JRHkuk7coObV7099-4c30HvzGrsi-fKwCmu7Fqge_wc9XSZozWzg&amp;oh=00_Af4IDnZsxTxJf9qQ8SqXD_I5dVd4RyMOcg5hRvgawktNBQ&amp;oe=69FA453B&quot;,&quot;640&quot;:&quot;https:\\\/\\\/scontent-mad2-1.cdninstagram.com\\\/v\\\/t51.82787-15\\\/658209905_17920631307292872_1400142653457081193_n.webp?stp=dst-jpg_e35_tt6&amp;_nc_cat=110&amp;ccb=7-5&amp;_nc_sid=18de74&amp;efg=eyJlZmdfdGFnIjoiRkVFRC5iZXN0X2ltYWdlX3VybGdlbi5DMyJ9&amp;_nc_ohc=5M-1NkbHvycQ7kNvwEbrQHh&amp;_nc_oc=Ado_a9mvD3iNfh_h2ZZBtFutBxnzRtYybWO74hYst8774h70pzfK31Y6jYmK72HZfuQ&amp;_nc_zt=23&amp;_nc_ht=scontent-mad2-1.cdninstagram.com&amp;edm=ANo9K5cEAAAA&amp;_nc_gid=tVfG0SE2cp_Sm4fzxOIpEg&amp;_nc_tpa=Q5bMBQEKc6AL-Lu-7hyJCxEOHWUdc2JRHkuk7coObV7099-4c30HvzGrsi-fKwCmu7Fqge_wc9XSZozWzg&amp;oh=00_Af4IDnZsxTxJf9qQ8SqXD_I5dVd4RyMOcg5hRvgawktNBQ&amp;oe=69FA453B&quot;}\">\n\t\t\t<span class=\"sbi-screenreader\">Bologna-Bilbao. Se acab\u00f3 lo bueno...Un piacere!<\/span>\n\t\t\t\t\t\t\t\t\t<img decoding=\"async\" src=\"https:\/\/www.ensemblekuraia.es\/wp-content\/plugins\/instagram-feed\/img\/placeholder.png\" alt=\"Bologna-Bilbao. Se acab\u00f3 lo bueno...Un piacere!\" aria-hidden=\"true\">\n\t\t<\/a>\n\t<\/div>\n<\/div><div class=\"sbi_item sbi_type_carousel sbi_new sbi_transition\"\n\tid=\"sbi_18100068127769620\" data-date=\"1775003872\">\n\t<div class=\"sbi_photo_wrap\">\n\t\t<a class=\"sbi_photo\" href=\"https:\/\/www.instagram.com\/p\/DWkbcm5CLCb\/\" target=\"_blank\" rel=\"noopener nofollow\"\n\t\t\tdata-full-res=\"https:\/\/scontent-mad1-1.cdninstagram.com\/v\/t51.82787-15\/657274119_17920382277292872_5563094620793897719_n.webp?stp=dst-jpg_e35_tt6&#038;_nc_cat=106&#038;ccb=7-5&#038;_nc_sid=18de74&#038;efg=eyJlZmdfdGFnIjoiQ0FST1VTRUxfSVRFTS5iZXN0X2ltYWdlX3VybGdlbi5DMyJ9&#038;_nc_ohc=vFMSe5RT8T0Q7kNvwG12e57&#038;_nc_oc=AdoCeY24f9MZYTKnXpgVBUbSs5mWMskcz-leFYfIyqjHIyBw14tqwYNjxGZYlsjmCpU&#038;_nc_zt=23&#038;_nc_ht=scontent-mad1-1.cdninstagram.com&#038;edm=ANo9K5cEAAAA&#038;_nc_gid=tVfG0SE2cp_Sm4fzxOIpEg&#038;_nc_tpa=Q5bMBQFHlWho2twXIFI3k8jMFvyPw4GesT0gmGj6dBf7ggsC7gGXhY9ON9o7yCOLz-9-YpAnsuB4Yr6NYg&#038;oh=00_Af4_58XlAes-xPW2if19osRJy6SNyAo_1fxXZOc7gyuVKw&#038;oe=69FA56C6\"\n\t\t\tdata-img-src-set=\"{&quot;d&quot;:&quot;https:\\\/\\\/scontent-mad1-1.cdninstagram.com\\\/v\\\/t51.82787-15\\\/657274119_17920382277292872_5563094620793897719_n.webp?stp=dst-jpg_e35_tt6&amp;_nc_cat=106&amp;ccb=7-5&amp;_nc_sid=18de74&amp;efg=eyJlZmdfdGFnIjoiQ0FST1VTRUxfSVRFTS5iZXN0X2ltYWdlX3VybGdlbi5DMyJ9&amp;_nc_ohc=vFMSe5RT8T0Q7kNvwG12e57&amp;_nc_oc=AdoCeY24f9MZYTKnXpgVBUbSs5mWMskcz-leFYfIyqjHIyBw14tqwYNjxGZYlsjmCpU&amp;_nc_zt=23&amp;_nc_ht=scontent-mad1-1.cdninstagram.com&amp;edm=ANo9K5cEAAAA&amp;_nc_gid=tVfG0SE2cp_Sm4fzxOIpEg&amp;_nc_tpa=Q5bMBQFHlWho2twXIFI3k8jMFvyPw4GesT0gmGj6dBf7ggsC7gGXhY9ON9o7yCOLz-9-YpAnsuB4Yr6NYg&amp;oh=00_Af4_58XlAes-xPW2if19osRJy6SNyAo_1fxXZOc7gyuVKw&amp;oe=69FA56C6&quot;,&quot;150&quot;:&quot;https:\\\/\\\/scontent-mad1-1.cdninstagram.com\\\/v\\\/t51.82787-15\\\/657274119_17920382277292872_5563094620793897719_n.webp?stp=dst-jpg_e35_tt6&amp;_nc_cat=106&amp;ccb=7-5&amp;_nc_sid=18de74&amp;efg=eyJlZmdfdGFnIjoiQ0FST1VTRUxfSVRFTS5iZXN0X2ltYWdlX3VybGdlbi5DMyJ9&amp;_nc_ohc=vFMSe5RT8T0Q7kNvwG12e57&amp;_nc_oc=AdoCeY24f9MZYTKnXpgVBUbSs5mWMskcz-leFYfIyqjHIyBw14tqwYNjxGZYlsjmCpU&amp;_nc_zt=23&amp;_nc_ht=scontent-mad1-1.cdninstagram.com&amp;edm=ANo9K5cEAAAA&amp;_nc_gid=tVfG0SE2cp_Sm4fzxOIpEg&amp;_nc_tpa=Q5bMBQFHlWho2twXIFI3k8jMFvyPw4GesT0gmGj6dBf7ggsC7gGXhY9ON9o7yCOLz-9-YpAnsuB4Yr6NYg&amp;oh=00_Af4_58XlAes-xPW2if19osRJy6SNyAo_1fxXZOc7gyuVKw&amp;oe=69FA56C6&quot;,&quot;320&quot;:&quot;https:\\\/\\\/scontent-mad1-1.cdninstagram.com\\\/v\\\/t51.82787-15\\\/657274119_17920382277292872_5563094620793897719_n.webp?stp=dst-jpg_e35_tt6&amp;_nc_cat=106&amp;ccb=7-5&amp;_nc_sid=18de74&amp;efg=eyJlZmdfdGFnIjoiQ0FST1VTRUxfSVRFTS5iZXN0X2ltYWdlX3VybGdlbi5DMyJ9&amp;_nc_ohc=vFMSe5RT8T0Q7kNvwG12e57&amp;_nc_oc=AdoCeY24f9MZYTKnXpgVBUbSs5mWMskcz-leFYfIyqjHIyBw14tqwYNjxGZYlsjmCpU&amp;_nc_zt=23&amp;_nc_ht=scontent-mad1-1.cdninstagram.com&amp;edm=ANo9K5cEAAAA&amp;_nc_gid=tVfG0SE2cp_Sm4fzxOIpEg&amp;_nc_tpa=Q5bMBQFHlWho2twXIFI3k8jMFvyPw4GesT0gmGj6dBf7ggsC7gGXhY9ON9o7yCOLz-9-YpAnsuB4Yr6NYg&amp;oh=00_Af4_58XlAes-xPW2if19osRJy6SNyAo_1fxXZOc7gyuVKw&amp;oe=69FA56C6&quot;,&quot;640&quot;:&quot;https:\\\/\\\/scontent-mad1-1.cdninstagram.com\\\/v\\\/t51.82787-15\\\/657274119_17920382277292872_5563094620793897719_n.webp?stp=dst-jpg_e35_tt6&amp;_nc_cat=106&amp;ccb=7-5&amp;_nc_sid=18de74&amp;efg=eyJlZmdfdGFnIjoiQ0FST1VTRUxfSVRFTS5iZXN0X2ltYWdlX3VybGdlbi5DMyJ9&amp;_nc_ohc=vFMSe5RT8T0Q7kNvwG12e57&amp;_nc_oc=AdoCeY24f9MZYTKnXpgVBUbSs5mWMskcz-leFYfIyqjHIyBw14tqwYNjxGZYlsjmCpU&amp;_nc_zt=23&amp;_nc_ht=scontent-mad1-1.cdninstagram.com&amp;edm=ANo9K5cEAAAA&amp;_nc_gid=tVfG0SE2cp_Sm4fzxOIpEg&amp;_nc_tpa=Q5bMBQFHlWho2twXIFI3k8jMFvyPw4GesT0gmGj6dBf7ggsC7gGXhY9ON9o7yCOLz-9-YpAnsuB4Yr6NYg&amp;oh=00_Af4_58XlAes-xPW2if19osRJy6SNyAo_1fxXZOc7gyuVKw&amp;oe=69FA56C6&quot;}\">\n\t\t\t<span class=\"sbi-screenreader\">Taller y concierto en el Conservatorio de Adria<\/span>\n\t\t\t<svg class=\"svg-inline--fa fa-clone fa-w-16 sbi_lightbox_carousel_icon\" aria-hidden=\"true\" aria-label=\"Clone\" data-fa-pro\u0192cessed=\"\" data-prefix=\"far\" data-icon=\"clone\" role=\"img\" xmlns=\"http:\/\/www.w3.org\/2000\/svg\" viewBox=\"0 0 512 512\">\n                    <path fill=\"currentColor\" d=\"M464 0H144c-26.51 0-48 21.49-48 48v48H48c-26.51 0-48 21.49-48 48v320c0 26.51 21.49 48 48 48h320c26.51 0 48-21.49 48-48v-48h48c26.51 0 48-21.49 48-48V48c0-26.51-21.49-48-48-48zM362 464H54a6 6 0 0 1-6-6V150a6 6 0 0 1 6-6h42v224c0 26.51 21.49 48 48 48h224v42a6 6 0 0 1-6 6zm96-96H150a6 6 0 0 1-6-6V54a6 6 0 0 1 6-6h308a6 6 0 0 1 6 6v308a6 6 0 0 1-6 6z\"><\/path>\n                <\/svg>\t\t\t\t\t\t<img decoding=\"async\" src=\"https:\/\/www.ensemblekuraia.es\/wp-content\/plugins\/instagram-feed\/img\/placeholder.png\" alt=\"Taller y concierto en el Conservatorio de Adria\" aria-hidden=\"true\">\n\t\t<\/a>\n\t<\/div>\n<\/div><div class=\"sbi_item sbi_type_carousel sbi_new sbi_transition\"\n\tid=\"sbi_18067200272643681\" data-date=\"1774893220\">\n\t<div class=\"sbi_photo_wrap\">\n\t\t<a class=\"sbi_photo\" href=\"https:\/\/www.instagram.com\/p\/DWhIZYriOSH\/\" target=\"_blank\" rel=\"noopener nofollow\"\n\t\t\tdata-full-res=\"https:\/\/scontent-mad2-1.cdninstagram.com\/v\/t51.82787-15\/656788937_17920193538292872_2912701739816204443_n.webp?stp=dst-jpg_e35_tt6&#038;_nc_cat=104&#038;ccb=7-5&#038;_nc_sid=18de74&#038;efg=eyJlZmdfdGFnIjoiQ0FST1VTRUxfSVRFTS5iZXN0X2ltYWdlX3VybGdlbi5DMyJ9&#038;_nc_ohc=m1vXdreH2BIQ7kNvwF21KpF&#038;_nc_oc=Adpmh19XnzGGBIbOLTEN5XKwc4lBkfHVutKEqlhQ6GmOz6G__s5X9kNEef2QQ9TjA30&#038;_nc_zt=23&#038;_nc_ht=scontent-mad2-1.cdninstagram.com&#038;edm=ANo9K5cEAAAA&#038;_nc_gid=tVfG0SE2cp_Sm4fzxOIpEg&#038;_nc_tpa=Q5bMBQHzyd65QrJVp7b_39RQz6JrRQOvvJxyxCpd231jSxuXBsLowJg6oB9_qPBNZEPRhlOwwPnIz10j6Q&#038;oh=00_Af5KySzIGsV9Yuh-ZkcQRQjevfbDWK1Sxz5CQB1900zXMA&#038;oe=69FA3DEB\"\n\t\t\tdata-img-src-set=\"{&quot;d&quot;:&quot;https:\\\/\\\/scontent-mad2-1.cdninstagram.com\\\/v\\\/t51.82787-15\\\/656788937_17920193538292872_2912701739816204443_n.webp?stp=dst-jpg_e35_tt6&amp;_nc_cat=104&amp;ccb=7-5&amp;_nc_sid=18de74&amp;efg=eyJlZmdfdGFnIjoiQ0FST1VTRUxfSVRFTS5iZXN0X2ltYWdlX3VybGdlbi5DMyJ9&amp;_nc_ohc=m1vXdreH2BIQ7kNvwF21KpF&amp;_nc_oc=Adpmh19XnzGGBIbOLTEN5XKwc4lBkfHVutKEqlhQ6GmOz6G__s5X9kNEef2QQ9TjA30&amp;_nc_zt=23&amp;_nc_ht=scontent-mad2-1.cdninstagram.com&amp;edm=ANo9K5cEAAAA&amp;_nc_gid=tVfG0SE2cp_Sm4fzxOIpEg&amp;_nc_tpa=Q5bMBQHzyd65QrJVp7b_39RQz6JrRQOvvJxyxCpd231jSxuXBsLowJg6oB9_qPBNZEPRhlOwwPnIz10j6Q&amp;oh=00_Af5KySzIGsV9Yuh-ZkcQRQjevfbDWK1Sxz5CQB1900zXMA&amp;oe=69FA3DEB&quot;,&quot;150&quot;:&quot;https:\\\/\\\/scontent-mad2-1.cdninstagram.com\\\/v\\\/t51.82787-15\\\/656788937_17920193538292872_2912701739816204443_n.webp?stp=dst-jpg_e35_tt6&amp;_nc_cat=104&amp;ccb=7-5&amp;_nc_sid=18de74&amp;efg=eyJlZmdfdGFnIjoiQ0FST1VTRUxfSVRFTS5iZXN0X2ltYWdlX3VybGdlbi5DMyJ9&amp;_nc_ohc=m1vXdreH2BIQ7kNvwF21KpF&amp;_nc_oc=Adpmh19XnzGGBIbOLTEN5XKwc4lBkfHVutKEqlhQ6GmOz6G__s5X9kNEef2QQ9TjA30&amp;_nc_zt=23&amp;_nc_ht=scontent-mad2-1.cdninstagram.com&amp;edm=ANo9K5cEAAAA&amp;_nc_gid=tVfG0SE2cp_Sm4fzxOIpEg&amp;_nc_tpa=Q5bMBQHzyd65QrJVp7b_39RQz6JrRQOvvJxyxCpd231jSxuXBsLowJg6oB9_qPBNZEPRhlOwwPnIz10j6Q&amp;oh=00_Af5KySzIGsV9Yuh-ZkcQRQjevfbDWK1Sxz5CQB1900zXMA&amp;oe=69FA3DEB&quot;,&quot;320&quot;:&quot;https:\\\/\\\/scontent-mad2-1.cdninstagram.com\\\/v\\\/t51.82787-15\\\/656788937_17920193538292872_2912701739816204443_n.webp?stp=dst-jpg_e35_tt6&amp;_nc_cat=104&amp;ccb=7-5&amp;_nc_sid=18de74&amp;efg=eyJlZmdfdGFnIjoiQ0FST1VTRUxfSVRFTS5iZXN0X2ltYWdlX3VybGdlbi5DMyJ9&amp;_nc_ohc=m1vXdreH2BIQ7kNvwF21KpF&amp;_nc_oc=Adpmh19XnzGGBIbOLTEN5XKwc4lBkfHVutKEqlhQ6GmOz6G__s5X9kNEef2QQ9TjA30&amp;_nc_zt=23&amp;_nc_ht=scontent-mad2-1.cdninstagram.com&amp;edm=ANo9K5cEAAAA&amp;_nc_gid=tVfG0SE2cp_Sm4fzxOIpEg&amp;_nc_tpa=Q5bMBQHzyd65QrJVp7b_39RQz6JrRQOvvJxyxCpd231jSxuXBsLowJg6oB9_qPBNZEPRhlOwwPnIz10j6Q&amp;oh=00_Af5KySzIGsV9Yuh-ZkcQRQjevfbDWK1Sxz5CQB1900zXMA&amp;oe=69FA3DEB&quot;,&quot;640&quot;:&quot;https:\\\/\\\/scontent-mad2-1.cdninstagram.com\\\/v\\\/t51.82787-15\\\/656788937_17920193538292872_2912701739816204443_n.webp?stp=dst-jpg_e35_tt6&amp;_nc_cat=104&amp;ccb=7-5&amp;_nc_sid=18de74&amp;efg=eyJlZmdfdGFnIjoiQ0FST1VTRUxfSVRFTS5iZXN0X2ltYWdlX3VybGdlbi5DMyJ9&amp;_nc_ohc=m1vXdreH2BIQ7kNvwF21KpF&amp;_nc_oc=Adpmh19XnzGGBIbOLTEN5XKwc4lBkfHVutKEqlhQ6GmOz6G__s5X9kNEef2QQ9TjA30&amp;_nc_zt=23&amp;_nc_ht=scontent-mad2-1.cdninstagram.com&amp;edm=ANo9K5cEAAAA&amp;_nc_gid=tVfG0SE2cp_Sm4fzxOIpEg&amp;_nc_tpa=Q5bMBQHzyd65QrJVp7b_39RQz6JrRQOvvJxyxCpd231jSxuXBsLowJg6oB9_qPBNZEPRhlOwwPnIz10j6Q&amp;oh=00_Af5KySzIGsV9Yuh-ZkcQRQjevfbDWK1Sxz5CQB1900zXMA&amp;oe=69FA3DEB&quot;}\">\n\t\t\t<span class=\"sbi-screenreader\">Jazz Club Ferrara<\/span>\n\t\t\t<svg class=\"svg-inline--fa fa-clone fa-w-16 sbi_lightbox_carousel_icon\" aria-hidden=\"true\" aria-label=\"Clone\" data-fa-pro\u0192cessed=\"\" data-prefix=\"far\" data-icon=\"clone\" role=\"img\" xmlns=\"http:\/\/www.w3.org\/2000\/svg\" viewBox=\"0 0 512 512\">\n                    <path fill=\"currentColor\" d=\"M464 0H144c-26.51 0-48 21.49-48 48v48H48c-26.51 0-48 21.49-48 48v320c0 26.51 21.49 48 48 48h320c26.51 0 48-21.49 48-48v-48h48c26.51 0 48-21.49 48-48V48c0-26.51-21.49-48-48-48zM362 464H54a6 6 0 0 1-6-6V150a6 6 0 0 1 6-6h42v224c0 26.51 21.49 48 48 48h224v42a6 6 0 0 1-6 6zm96-96H150a6 6 0 0 1-6-6V54a6 6 0 0 1 6-6h308a6 6 0 0 1 6 6v308a6 6 0 0 1-6 6z\"><\/path>\n                <\/svg>\t\t\t\t\t\t<img decoding=\"async\" src=\"https:\/\/www.ensemblekuraia.es\/wp-content\/plugins\/instagram-feed\/img\/placeholder.png\" alt=\"Jazz Club Ferrara\" aria-hidden=\"true\">\n\t\t<\/a>\n\t<\/div>\n<\/div><div class=\"sbi_item sbi_type_image sbi_new sbi_transition\"\n\tid=\"sbi_18080373122456488\" data-date=\"1774613664\">\n\t<div class=\"sbi_photo_wrap\">\n\t\t<a class=\"sbi_photo\" href=\"https:\/\/www.instagram.com\/p\/DWYzKk2CEC_\/\" target=\"_blank\" rel=\"noopener nofollow\"\n\t\t\tdata-full-res=\"https:\/\/scontent-mad2-1.cdninstagram.com\/v\/t51.82787-15\/656044838_17919675591292872_1936985252054783886_n.webp?stp=dst-jpg_e35_tt6&#038;_nc_cat=110&#038;ccb=7-5&#038;_nc_sid=18de74&#038;efg=eyJlZmdfdGFnIjoiRkVFRC5iZXN0X2ltYWdlX3VybGdlbi5DMyJ9&#038;_nc_ohc=cfbUldC0Qj0Q7kNvwEw0YJp&#038;_nc_oc=AdrAXNB5UNUM86z9W0mKOhWUNm2jEIT2eraLnd0K0nJP73gWQkeZjxnZzXcpS763Arw&#038;_nc_zt=23&#038;_nc_ht=scontent-mad2-1.cdninstagram.com&#038;edm=ANo9K5cEAAAA&#038;_nc_gid=tVfG0SE2cp_Sm4fzxOIpEg&#038;_nc_tpa=Q5bMBQHJodDK4KP-Oesa1bPRR6lZLW-lkYZQKbd8pDyAdNG2UW1ZuycwY5cw2_pE9xJEi6Vqr1n2QKT6ew&#038;oh=00_Af7fBNZk9jHNXSGnCGb6C8WG6acrYk3mpEe7PxoUC-aaZw&#038;oe=69FA2D07\"\n\t\t\tdata-img-src-set=\"{&quot;d&quot;:&quot;https:\\\/\\\/scontent-mad2-1.cdninstagram.com\\\/v\\\/t51.82787-15\\\/656044838_17919675591292872_1936985252054783886_n.webp?stp=dst-jpg_e35_tt6&amp;_nc_cat=110&amp;ccb=7-5&amp;_nc_sid=18de74&amp;efg=eyJlZmdfdGFnIjoiRkVFRC5iZXN0X2ltYWdlX3VybGdlbi5DMyJ9&amp;_nc_ohc=cfbUldC0Qj0Q7kNvwEw0YJp&amp;_nc_oc=AdrAXNB5UNUM86z9W0mKOhWUNm2jEIT2eraLnd0K0nJP73gWQkeZjxnZzXcpS763Arw&amp;_nc_zt=23&amp;_nc_ht=scontent-mad2-1.cdninstagram.com&amp;edm=ANo9K5cEAAAA&amp;_nc_gid=tVfG0SE2cp_Sm4fzxOIpEg&amp;_nc_tpa=Q5bMBQHJodDK4KP-Oesa1bPRR6lZLW-lkYZQKbd8pDyAdNG2UW1ZuycwY5cw2_pE9xJEi6Vqr1n2QKT6ew&amp;oh=00_Af7fBNZk9jHNXSGnCGb6C8WG6acrYk3mpEe7PxoUC-aaZw&amp;oe=69FA2D07&quot;,&quot;150&quot;:&quot;https:\\\/\\\/scontent-mad2-1.cdninstagram.com\\\/v\\\/t51.82787-15\\\/656044838_17919675591292872_1936985252054783886_n.webp?stp=dst-jpg_e35_tt6&amp;_nc_cat=110&amp;ccb=7-5&amp;_nc_sid=18de74&amp;efg=eyJlZmdfdGFnIjoiRkVFRC5iZXN0X2ltYWdlX3VybGdlbi5DMyJ9&amp;_nc_ohc=cfbUldC0Qj0Q7kNvwEw0YJp&amp;_nc_oc=AdrAXNB5UNUM86z9W0mKOhWUNm2jEIT2eraLnd0K0nJP73gWQkeZjxnZzXcpS763Arw&amp;_nc_zt=23&amp;_nc_ht=scontent-mad2-1.cdninstagram.com&amp;edm=ANo9K5cEAAAA&amp;_nc_gid=tVfG0SE2cp_Sm4fzxOIpEg&amp;_nc_tpa=Q5bMBQHJodDK4KP-Oesa1bPRR6lZLW-lkYZQKbd8pDyAdNG2UW1ZuycwY5cw2_pE9xJEi6Vqr1n2QKT6ew&amp;oh=00_Af7fBNZk9jHNXSGnCGb6C8WG6acrYk3mpEe7PxoUC-aaZw&amp;oe=69FA2D07&quot;,&quot;320&quot;:&quot;https:\\\/\\\/scontent-mad2-1.cdninstagram.com\\\/v\\\/t51.82787-15\\\/656044838_17919675591292872_1936985252054783886_n.webp?stp=dst-jpg_e35_tt6&amp;_nc_cat=110&amp;ccb=7-5&amp;_nc_sid=18de74&amp;efg=eyJlZmdfdGFnIjoiRkVFRC5iZXN0X2ltYWdlX3VybGdlbi5DMyJ9&amp;_nc_ohc=cfbUldC0Qj0Q7kNvwEw0YJp&amp;_nc_oc=AdrAXNB5UNUM86z9W0mKOhWUNm2jEIT2eraLnd0K0nJP73gWQkeZjxnZzXcpS763Arw&amp;_nc_zt=23&amp;_nc_ht=scontent-mad2-1.cdninstagram.com&amp;edm=ANo9K5cEAAAA&amp;_nc_gid=tVfG0SE2cp_Sm4fzxOIpEg&amp;_nc_tpa=Q5bMBQHJodDK4KP-Oesa1bPRR6lZLW-lkYZQKbd8pDyAdNG2UW1ZuycwY5cw2_pE9xJEi6Vqr1n2QKT6ew&amp;oh=00_Af7fBNZk9jHNXSGnCGb6C8WG6acrYk3mpEe7PxoUC-aaZw&amp;oe=69FA2D07&quot;,&quot;640&quot;:&quot;https:\\\/\\\/scontent-mad2-1.cdninstagram.com\\\/v\\\/t51.82787-15\\\/656044838_17919675591292872_1936985252054783886_n.webp?stp=dst-jpg_e35_tt6&amp;_nc_cat=110&amp;ccb=7-5&amp;_nc_sid=18de74&amp;efg=eyJlZmdfdGFnIjoiRkVFRC5iZXN0X2ltYWdlX3VybGdlbi5DMyJ9&amp;_nc_ohc=cfbUldC0Qj0Q7kNvwEw0YJp&amp;_nc_oc=AdrAXNB5UNUM86z9W0mKOhWUNm2jEIT2eraLnd0K0nJP73gWQkeZjxnZzXcpS763Arw&amp;_nc_zt=23&amp;_nc_ht=scontent-mad2-1.cdninstagram.com&amp;edm=ANo9K5cEAAAA&amp;_nc_gid=tVfG0SE2cp_Sm4fzxOIpEg&amp;_nc_tpa=Q5bMBQHJodDK4KP-Oesa1bPRR6lZLW-lkYZQKbd8pDyAdNG2UW1ZuycwY5cw2_pE9xJEi6Vqr1n2QKT6ew&amp;oh=00_Af7fBNZk9jHNXSGnCGb6C8WG6acrYk3mpEe7PxoUC-aaZw&amp;oe=69FA2D07&quot;}\">\n\t\t\t<span class=\"sbi-screenreader\">Gira a Italia\nDomingo 29 de marzo a las 21,00 hora<\/span>\n\t\t\t\t\t\t\t\t\t<img decoding=\"async\" src=\"https:\/\/www.ensemblekuraia.es\/wp-content\/plugins\/instagram-feed\/img\/placeholder.png\" alt=\"Gira a Italia\nDomingo 29 de marzo a las 21,00 horas\nTorrione San Giovanni (Ferrara)\n\nLunes 30 de marzo de 16,30 a 21 horas\nConservatorio \u201cA. Buzzolla\u201d (Adria). Workshop y concierto\n\nMartes 31 de marzo a las 20,30 horas\nIglesia de Santa Cristina (Bolonia)\n\nPrograma:\nFrancisco Dom\u00ednguez: Igurtzi, 2024\nMar\u00eda Eugenia Luc: Figlia dell\u2019 aria, 2023\nJuan de Dios Garc\u00eda Aguilera: Nocturno, 2001\nPedro Gonz\u00e1lez: La noche nos ser\u00e1 blanda, la tristeza, leve, 2025\nMikel Chamizo: Di l\u00ed a sei giorni, 2023\" aria-hidden=\"true\">\n\t\t<\/a>\n\t<\/div>\n<\/div><div class=\"sbi_item sbi_type_image sbi_new sbi_transition\"\n\tid=\"sbi_18085090681981034\" data-date=\"1772459665\">\n\t<div class=\"sbi_photo_wrap\">\n\t\t<a class=\"sbi_photo\" href=\"https:\/\/www.instagram.com\/p\/DVYmwH0iOyA\/\" target=\"_blank\" rel=\"noopener nofollow\"\n\t\t\tdata-full-res=\"https:\/\/scontent-mad2-1.cdninstagram.com\/v\/t51.82787-15\/642537251_17915720055292872_9213530873002999472_n.webp?stp=dst-jpg_e35_tt6&#038;_nc_cat=104&#038;ccb=7-5&#038;_nc_sid=18de74&#038;efg=eyJlZmdfdGFnIjoiRkVFRC5iZXN0X2ltYWdlX3VybGdlbi5DMyJ9&#038;_nc_ohc=StHx6fDF228Q7kNvwH-UK6W&#038;_nc_oc=AdoxzQOmBOnog0DZZC-YyR4lSvEYvNToFooL5j-G7Gj8osyUXyT8FJN-ZFYtClp0SfQ&#038;_nc_zt=23&#038;_nc_ht=scontent-mad2-1.cdninstagram.com&#038;edm=ANo9K5cEAAAA&#038;_nc_gid=tVfG0SE2cp_Sm4fzxOIpEg&#038;_nc_tpa=Q5bMBQG_9madxWqBYG4PvcKhWFYBlrFCIWeEgBxkvIVcF7HjTadlyikgRmWcSWtPxeKAhtF9K_rjsiia7g&#038;oh=00_Af4r4bl_27ZRAJ1eO5Qp4Tb6peLvPSP-0XcDOPlLF-K2mQ&#038;oe=69FA5212\"\n\t\t\tdata-img-src-set=\"{&quot;d&quot;:&quot;https:\\\/\\\/scontent-mad2-1.cdninstagram.com\\\/v\\\/t51.82787-15\\\/642537251_17915720055292872_9213530873002999472_n.webp?stp=dst-jpg_e35_tt6&amp;_nc_cat=104&amp;ccb=7-5&amp;_nc_sid=18de74&amp;efg=eyJlZmdfdGFnIjoiRkVFRC5iZXN0X2ltYWdlX3VybGdlbi5DMyJ9&amp;_nc_ohc=StHx6fDF228Q7kNvwH-UK6W&amp;_nc_oc=AdoxzQOmBOnog0DZZC-YyR4lSvEYvNToFooL5j-G7Gj8osyUXyT8FJN-ZFYtClp0SfQ&amp;_nc_zt=23&amp;_nc_ht=scontent-mad2-1.cdninstagram.com&amp;edm=ANo9K5cEAAAA&amp;_nc_gid=tVfG0SE2cp_Sm4fzxOIpEg&amp;_nc_tpa=Q5bMBQG_9madxWqBYG4PvcKhWFYBlrFCIWeEgBxkvIVcF7HjTadlyikgRmWcSWtPxeKAhtF9K_rjsiia7g&amp;oh=00_Af4r4bl_27ZRAJ1eO5Qp4Tb6peLvPSP-0XcDOPlLF-K2mQ&amp;oe=69FA5212&quot;,&quot;150&quot;:&quot;https:\\\/\\\/scontent-mad2-1.cdninstagram.com\\\/v\\\/t51.82787-15\\\/642537251_17915720055292872_9213530873002999472_n.webp?stp=dst-jpg_e35_tt6&amp;_nc_cat=104&amp;ccb=7-5&amp;_nc_sid=18de74&amp;efg=eyJlZmdfdGFnIjoiRkVFRC5iZXN0X2ltYWdlX3VybGdlbi5DMyJ9&amp;_nc_ohc=StHx6fDF228Q7kNvwH-UK6W&amp;_nc_oc=AdoxzQOmBOnog0DZZC-YyR4lSvEYvNToFooL5j-G7Gj8osyUXyT8FJN-ZFYtClp0SfQ&amp;_nc_zt=23&amp;_nc_ht=scontent-mad2-1.cdninstagram.com&amp;edm=ANo9K5cEAAAA&amp;_nc_gid=tVfG0SE2cp_Sm4fzxOIpEg&amp;_nc_tpa=Q5bMBQG_9madxWqBYG4PvcKhWFYBlrFCIWeEgBxkvIVcF7HjTadlyikgRmWcSWtPxeKAhtF9K_rjsiia7g&amp;oh=00_Af4r4bl_27ZRAJ1eO5Qp4Tb6peLvPSP-0XcDOPlLF-K2mQ&amp;oe=69FA5212&quot;,&quot;320&quot;:&quot;https:\\\/\\\/scontent-mad2-1.cdninstagram.com\\\/v\\\/t51.82787-15\\\/642537251_17915720055292872_9213530873002999472_n.webp?stp=dst-jpg_e35_tt6&amp;_nc_cat=104&amp;ccb=7-5&amp;_nc_sid=18de74&amp;efg=eyJlZmdfdGFnIjoiRkVFRC5iZXN0X2ltYWdlX3VybGdlbi5DMyJ9&amp;_nc_ohc=StHx6fDF228Q7kNvwH-UK6W&amp;_nc_oc=AdoxzQOmBOnog0DZZC-YyR4lSvEYvNToFooL5j-G7Gj8osyUXyT8FJN-ZFYtClp0SfQ&amp;_nc_zt=23&amp;_nc_ht=scontent-mad2-1.cdninstagram.com&amp;edm=ANo9K5cEAAAA&amp;_nc_gid=tVfG0SE2cp_Sm4fzxOIpEg&amp;_nc_tpa=Q5bMBQG_9madxWqBYG4PvcKhWFYBlrFCIWeEgBxkvIVcF7HjTadlyikgRmWcSWtPxeKAhtF9K_rjsiia7g&amp;oh=00_Af4r4bl_27ZRAJ1eO5Qp4Tb6peLvPSP-0XcDOPlLF-K2mQ&amp;oe=69FA5212&quot;,&quot;640&quot;:&quot;https:\\\/\\\/scontent-mad2-1.cdninstagram.com\\\/v\\\/t51.82787-15\\\/642537251_17915720055292872_9213530873002999472_n.webp?stp=dst-jpg_e35_tt6&amp;_nc_cat=104&amp;ccb=7-5&amp;_nc_sid=18de74&amp;efg=eyJlZmdfdGFnIjoiRkVFRC5iZXN0X2ltYWdlX3VybGdlbi5DMyJ9&amp;_nc_ohc=StHx6fDF228Q7kNvwH-UK6W&amp;_nc_oc=AdoxzQOmBOnog0DZZC-YyR4lSvEYvNToFooL5j-G7Gj8osyUXyT8FJN-ZFYtClp0SfQ&amp;_nc_zt=23&amp;_nc_ht=scontent-mad2-1.cdninstagram.com&amp;edm=ANo9K5cEAAAA&amp;_nc_gid=tVfG0SE2cp_Sm4fzxOIpEg&amp;_nc_tpa=Q5bMBQG_9madxWqBYG4PvcKhWFYBlrFCIWeEgBxkvIVcF7HjTadlyikgRmWcSWtPxeKAhtF9K_rjsiia7g&amp;oh=00_Af4r4bl_27ZRAJ1eO5Qp4Tb6peLvPSP-0XcDOPlLF-K2mQ&amp;oe=69FA5212&quot;}\">\n\t\t\t<span class=\"sbi-screenreader\">La Fundaci\u00f3n SGAE, a trav\u00e9s del Consejo Territoria<\/span>\n\t\t\t\t\t\t\t\t\t<img decoding=\"async\" src=\"https:\/\/www.ensemblekuraia.es\/wp-content\/plugins\/instagram-feed\/img\/placeholder.png\" alt=\"La Fundaci\u00f3n SGAE, a trav\u00e9s del Consejo Territorial de SGAE en el Pa\u00eds Vasco y en colaboraci\u00f3n con el Ensemble Kuraia, convoca el IV Premio de Composici\u00f3n Fundaci\u00f3n SGAE Euskadi. \nPodr\u00e1n concurrir los socios y socias de SGAE de cualquier pa\u00eds del mundo y edad residentes en la CAPV, con una obra ya compuesta, original, de m\u00fasica de c\u00e1mara de entre 3 y 8 m\u00fasicos, y una duraci\u00f3n de entre 8 y 12 minutos (incluidas las obras electroac\u00fasticas para un m\u00ednimo de 3 int\u00e9rpretes).\n\nEl premio consiste en 2.500 \u20ac para la creaci\u00f3n de una nueva obra, que ser\u00e1 estrenada por el Ensemble Kuraia, dentro del ciclo de conciertos del XXXIII Festival de M\u00fasica Contempor\u00e1nea Kuraia 2026-2027.\n\nEl plazo para la presentaci\u00f3n de partituras expira el 16 de marzo de 2026 y deber\u00e1n ser enviadas en pdf a scodina@fundacionsgae.org.\" aria-hidden=\"true\">\n\t\t<\/a>\n\t<\/div>\n<\/div><div class=\"sbi_item sbi_type_image sbi_new sbi_transition\"\n\tid=\"sbi_18099673612928474\" data-date=\"1772453811\">\n\t<div class=\"sbi_photo_wrap\">\n\t\t<a class=\"sbi_photo\" href=\"https:\/\/www.instagram.com\/p\/DVYblYsiJSz\/\" target=\"_blank\" rel=\"noopener nofollow\"\n\t\t\tdata-full-res=\"https:\/\/scontent-mad1-1.cdninstagram.com\/v\/t51.82787-15\/640310809_17915708985292872_7950963762050045308_n.webp?stp=dst-jpg_e35_tt6&#038;_nc_cat=103&#038;ccb=7-5&#038;_nc_sid=18de74&#038;efg=eyJlZmdfdGFnIjoiRkVFRC5iZXN0X2ltYWdlX3VybGdlbi5DMyJ9&#038;_nc_ohc=Jr_YOZeHQqwQ7kNvwGB1ymD&#038;_nc_oc=AdqtGq9wnxrjMgX6t69wPzETufQDDTeUI1MTEBF6ZCcpj-6aWLPMRoW5fkcr0vzlZZg&#038;_nc_zt=23&#038;_nc_ht=scontent-mad1-1.cdninstagram.com&#038;edm=ANo9K5cEAAAA&#038;_nc_gid=tVfG0SE2cp_Sm4fzxOIpEg&#038;_nc_tpa=Q5bMBQEj0y-VF8y100ye7WHkTdKvPs4Xn8svB-DpG3DZK5Xkx6aq91WySVHA2xWpXINOKt-OkB_lW6WqOg&#038;oh=00_Af5Iq-KwIxXFFltiLkSovC5I9buospCV4Crwb87D2F7a9Q&#038;oe=69FA4EB2\"\n\t\t\tdata-img-src-set=\"{&quot;d&quot;:&quot;https:\\\/\\\/scontent-mad1-1.cdninstagram.com\\\/v\\\/t51.82787-15\\\/640310809_17915708985292872_7950963762050045308_n.webp?stp=dst-jpg_e35_tt6&amp;_nc_cat=103&amp;ccb=7-5&amp;_nc_sid=18de74&amp;efg=eyJlZmdfdGFnIjoiRkVFRC5iZXN0X2ltYWdlX3VybGdlbi5DMyJ9&amp;_nc_ohc=Jr_YOZeHQqwQ7kNvwGB1ymD&amp;_nc_oc=AdqtGq9wnxrjMgX6t69wPzETufQDDTeUI1MTEBF6ZCcpj-6aWLPMRoW5fkcr0vzlZZg&amp;_nc_zt=23&amp;_nc_ht=scontent-mad1-1.cdninstagram.com&amp;edm=ANo9K5cEAAAA&amp;_nc_gid=tVfG0SE2cp_Sm4fzxOIpEg&amp;_nc_tpa=Q5bMBQEj0y-VF8y100ye7WHkTdKvPs4Xn8svB-DpG3DZK5Xkx6aq91WySVHA2xWpXINOKt-OkB_lW6WqOg&amp;oh=00_Af5Iq-KwIxXFFltiLkSovC5I9buospCV4Crwb87D2F7a9Q&amp;oe=69FA4EB2&quot;,&quot;150&quot;:&quot;https:\\\/\\\/scontent-mad1-1.cdninstagram.com\\\/v\\\/t51.82787-15\\\/640310809_17915708985292872_7950963762050045308_n.webp?stp=dst-jpg_e35_tt6&amp;_nc_cat=103&amp;ccb=7-5&amp;_nc_sid=18de74&amp;efg=eyJlZmdfdGFnIjoiRkVFRC5iZXN0X2ltYWdlX3VybGdlbi5DMyJ9&amp;_nc_ohc=Jr_YOZeHQqwQ7kNvwGB1ymD&amp;_nc_oc=AdqtGq9wnxrjMgX6t69wPzETufQDDTeUI1MTEBF6ZCcpj-6aWLPMRoW5fkcr0vzlZZg&amp;_nc_zt=23&amp;_nc_ht=scontent-mad1-1.cdninstagram.com&amp;edm=ANo9K5cEAAAA&amp;_nc_gid=tVfG0SE2cp_Sm4fzxOIpEg&amp;_nc_tpa=Q5bMBQEj0y-VF8y100ye7WHkTdKvPs4Xn8svB-DpG3DZK5Xkx6aq91WySVHA2xWpXINOKt-OkB_lW6WqOg&amp;oh=00_Af5Iq-KwIxXFFltiLkSovC5I9buospCV4Crwb87D2F7a9Q&amp;oe=69FA4EB2&quot;,&quot;320&quot;:&quot;https:\\\/\\\/scontent-mad1-1.cdninstagram.com\\\/v\\\/t51.82787-15\\\/640310809_17915708985292872_7950963762050045308_n.webp?stp=dst-jpg_e35_tt6&amp;_nc_cat=103&amp;ccb=7-5&amp;_nc_sid=18de74&amp;efg=eyJlZmdfdGFnIjoiRkVFRC5iZXN0X2ltYWdlX3VybGdlbi5DMyJ9&amp;_nc_ohc=Jr_YOZeHQqwQ7kNvwGB1ymD&amp;_nc_oc=AdqtGq9wnxrjMgX6t69wPzETufQDDTeUI1MTEBF6ZCcpj-6aWLPMRoW5fkcr0vzlZZg&amp;_nc_zt=23&amp;_nc_ht=scontent-mad1-1.cdninstagram.com&amp;edm=ANo9K5cEAAAA&amp;_nc_gid=tVfG0SE2cp_Sm4fzxOIpEg&amp;_nc_tpa=Q5bMBQEj0y-VF8y100ye7WHkTdKvPs4Xn8svB-DpG3DZK5Xkx6aq91WySVHA2xWpXINOKt-OkB_lW6WqOg&amp;oh=00_Af5Iq-KwIxXFFltiLkSovC5I9buospCV4Crwb87D2F7a9Q&amp;oe=69FA4EB2&quot;,&quot;640&quot;:&quot;https:\\\/\\\/scontent-mad1-1.cdninstagram.com\\\/v\\\/t51.82787-15\\\/640310809_17915708985292872_7950963762050045308_n.webp?stp=dst-jpg_e35_tt6&amp;_nc_cat=103&amp;ccb=7-5&amp;_nc_sid=18de74&amp;efg=eyJlZmdfdGFnIjoiRkVFRC5iZXN0X2ltYWdlX3VybGdlbi5DMyJ9&amp;_nc_ohc=Jr_YOZeHQqwQ7kNvwGB1ymD&amp;_nc_oc=AdqtGq9wnxrjMgX6t69wPzETufQDDTeUI1MTEBF6ZCcpj-6aWLPMRoW5fkcr0vzlZZg&amp;_nc_zt=23&amp;_nc_ht=scontent-mad1-1.cdninstagram.com&amp;edm=ANo9K5cEAAAA&amp;_nc_gid=tVfG0SE2cp_Sm4fzxOIpEg&amp;_nc_tpa=Q5bMBQEj0y-VF8y100ye7WHkTdKvPs4Xn8svB-DpG3DZK5Xkx6aq91WySVHA2xWpXINOKt-OkB_lW6WqOg&amp;oh=00_Af5Iq-KwIxXFFltiLkSovC5I9buospCV4Crwb87D2F7a9Q&amp;oe=69FA4EB2&quot;}\">\n\t\t\t<span class=\"sbi-screenreader\">Convocatoria abierta:\n 4\u00aa edici\u00f3n del Premio de Co<\/span>\n\t\t\t\t\t\t\t\t\t<img decoding=\"async\" src=\"https:\/\/www.ensemblekuraia.es\/wp-content\/plugins\/instagram-feed\/img\/placeholder.png\" alt=\"Convocatoria abierta:\n 4\u00aa edici\u00f3n del Premio de Composici\u00f3n Fundaci\u00f3n SGAE Euskadi.\n\nEl plazo de inscripci\u00f3n finaliza el 16 de marzo.\n\nhttps:\/\/fundacionsgae.org\/actividad\/iv-premio-de-composicion-fundacion-sgae-euskadi-2026\/?fbclid=IwY2xjawQRZM5leHRuA2FlbQIxMQBicmlkETFJODE1RnJENXhZZkZUY2RMc3J0YwZhcHBfaWQQMjIyMDM5MTc4ODIwMDg5MgABHnUoQ1plmxi_QPrQ0Ot-1Vj4repNOCZ-Iv4osVQJ1SIhGaUUadVxegyjjlA3_aem_nGRMrqkKznL0n_2TSBP0DQ\" aria-hidden=\"true\">\n\t\t<\/a>\n\t<\/div>\n<\/div><div class=\"sbi_item sbi_type_image sbi_new sbi_transition\"\n\tid=\"sbi_17850628926637607\" data-date=\"1772185248\">\n\t<div class=\"sbi_photo_wrap\">\n\t\t<a class=\"sbi_photo\" href=\"https:\/\/www.instagram.com\/p\/DVQbWXfiCeE\/\" target=\"_blank\" rel=\"noopener nofollow\"\n\t\t\tdata-full-res=\"https:\/\/scontent-mad2-1.cdninstagram.com\/v\/t51.82787-15\/641041437_17915240013292872_6940445018945719065_n.jpg?stp=dst-jpg_e35_tt6&#038;_nc_cat=110&#038;ccb=7-5&#038;_nc_sid=18de74&#038;efg=eyJlZmdfdGFnIjoiRkVFRC5iZXN0X2ltYWdlX3VybGdlbi5DMyJ9&#038;_nc_ohc=Hd1BMwe15asQ7kNvwHej8Ja&#038;_nc_oc=AdrkKbHwUVUsnlOweY1Lu1EUTOKgP-XunwR4HHgrGo6QFfuVuYYA3srdKM8Hbvf5i5s&#038;_nc_zt=23&#038;_nc_ht=scontent-mad2-1.cdninstagram.com&#038;edm=ANo9K5cEAAAA&#038;_nc_gid=tVfG0SE2cp_Sm4fzxOIpEg&#038;_nc_tpa=Q5bMBQEjHve8YQrx1mSy4EaTVVSuQS8eKwYn0r9PyWdE8NKj8vQHzv8GqnB5Tml2yfxMGrJ0Js1AwdPEGw&#038;oh=00_Af4H1CjIZRHMrfj0lAtfUElHtDA74WsNljNZoy6f4uhcvw&#038;oe=69FA42EF\"\n\t\t\tdata-img-src-set=\"{&quot;d&quot;:&quot;https:\\\/\\\/scontent-mad2-1.cdninstagram.com\\\/v\\\/t51.82787-15\\\/641041437_17915240013292872_6940445018945719065_n.jpg?stp=dst-jpg_e35_tt6&amp;_nc_cat=110&amp;ccb=7-5&amp;_nc_sid=18de74&amp;efg=eyJlZmdfdGFnIjoiRkVFRC5iZXN0X2ltYWdlX3VybGdlbi5DMyJ9&amp;_nc_ohc=Hd1BMwe15asQ7kNvwHej8Ja&amp;_nc_oc=AdrkKbHwUVUsnlOweY1Lu1EUTOKgP-XunwR4HHgrGo6QFfuVuYYA3srdKM8Hbvf5i5s&amp;_nc_zt=23&amp;_nc_ht=scontent-mad2-1.cdninstagram.com&amp;edm=ANo9K5cEAAAA&amp;_nc_gid=tVfG0SE2cp_Sm4fzxOIpEg&amp;_nc_tpa=Q5bMBQEjHve8YQrx1mSy4EaTVVSuQS8eKwYn0r9PyWdE8NKj8vQHzv8GqnB5Tml2yfxMGrJ0Js1AwdPEGw&amp;oh=00_Af4H1CjIZRHMrfj0lAtfUElHtDA74WsNljNZoy6f4uhcvw&amp;oe=69FA42EF&quot;,&quot;150&quot;:&quot;https:\\\/\\\/scontent-mad2-1.cdninstagram.com\\\/v\\\/t51.82787-15\\\/641041437_17915240013292872_6940445018945719065_n.jpg?stp=dst-jpg_e35_tt6&amp;_nc_cat=110&amp;ccb=7-5&amp;_nc_sid=18de74&amp;efg=eyJlZmdfdGFnIjoiRkVFRC5iZXN0X2ltYWdlX3VybGdlbi5DMyJ9&amp;_nc_ohc=Hd1BMwe15asQ7kNvwHej8Ja&amp;_nc_oc=AdrkKbHwUVUsnlOweY1Lu1EUTOKgP-XunwR4HHgrGo6QFfuVuYYA3srdKM8Hbvf5i5s&amp;_nc_zt=23&amp;_nc_ht=scontent-mad2-1.cdninstagram.com&amp;edm=ANo9K5cEAAAA&amp;_nc_gid=tVfG0SE2cp_Sm4fzxOIpEg&amp;_nc_tpa=Q5bMBQEjHve8YQrx1mSy4EaTVVSuQS8eKwYn0r9PyWdE8NKj8vQHzv8GqnB5Tml2yfxMGrJ0Js1AwdPEGw&amp;oh=00_Af4H1CjIZRHMrfj0lAtfUElHtDA74WsNljNZoy6f4uhcvw&amp;oe=69FA42EF&quot;,&quot;320&quot;:&quot;https:\\\/\\\/scontent-mad2-1.cdninstagram.com\\\/v\\\/t51.82787-15\\\/641041437_17915240013292872_6940445018945719065_n.jpg?stp=dst-jpg_e35_tt6&amp;_nc_cat=110&amp;ccb=7-5&amp;_nc_sid=18de74&amp;efg=eyJlZmdfdGFnIjoiRkVFRC5iZXN0X2ltYWdlX3VybGdlbi5DMyJ9&amp;_nc_ohc=Hd1BMwe15asQ7kNvwHej8Ja&amp;_nc_oc=AdrkKbHwUVUsnlOweY1Lu1EUTOKgP-XunwR4HHgrGo6QFfuVuYYA3srdKM8Hbvf5i5s&amp;_nc_zt=23&amp;_nc_ht=scontent-mad2-1.cdninstagram.com&amp;edm=ANo9K5cEAAAA&amp;_nc_gid=tVfG0SE2cp_Sm4fzxOIpEg&amp;_nc_tpa=Q5bMBQEjHve8YQrx1mSy4EaTVVSuQS8eKwYn0r9PyWdE8NKj8vQHzv8GqnB5Tml2yfxMGrJ0Js1AwdPEGw&amp;oh=00_Af4H1CjIZRHMrfj0lAtfUElHtDA74WsNljNZoy6f4uhcvw&amp;oe=69FA42EF&quot;,&quot;640&quot;:&quot;https:\\\/\\\/scontent-mad2-1.cdninstagram.com\\\/v\\\/t51.82787-15\\\/641041437_17915240013292872_6940445018945719065_n.jpg?stp=dst-jpg_e35_tt6&amp;_nc_cat=110&amp;ccb=7-5&amp;_nc_sid=18de74&amp;efg=eyJlZmdfdGFnIjoiRkVFRC5iZXN0X2ltYWdlX3VybGdlbi5DMyJ9&amp;_nc_ohc=Hd1BMwe15asQ7kNvwHej8Ja&amp;_nc_oc=AdrkKbHwUVUsnlOweY1Lu1EUTOKgP-XunwR4HHgrGo6QFfuVuYYA3srdKM8Hbvf5i5s&amp;_nc_zt=23&amp;_nc_ht=scontent-mad2-1.cdninstagram.com&amp;edm=ANo9K5cEAAAA&amp;_nc_gid=tVfG0SE2cp_Sm4fzxOIpEg&amp;_nc_tpa=Q5bMBQEjHve8YQrx1mSy4EaTVVSuQS8eKwYn0r9PyWdE8NKj8vQHzv8GqnB5Tml2yfxMGrJ0Js1AwdPEGw&amp;oh=00_Af4H1CjIZRHMrfj0lAtfUElHtDA74WsNljNZoy6f4uhcvw&amp;oe=69FA42EF&quot;}\">\n\t\t\t<span class=\"sbi-screenreader\">Final concert of the Kuraia 2025\/26 cycle \n\n28 Feb<\/span>\n\t\t\t\t\t\t\t\t\t<img decoding=\"async\" src=\"https:\/\/www.ensemblekuraia.es\/wp-content\/plugins\/instagram-feed\/img\/placeholder.png\" alt=\"Final concert of the Kuraia 2025\/26 cycle \n\n28 February, 12:30\nConservatorio Superior de M\u00fasica de Navarra, Sala Guelbenzu\nFree entry, first come, first served\n\nPremiere of works by young Navarran composers: Jorge Carabias, Arkaitz Gal\u00e1n, Inar Lezaun and Aitor Palacio.\n\nPress links:\nhttps:\/\/www.google.com\/amp\/s\/www.noticiasdenavarra.com\/cultura\/2026\/02\/25\/ensemble-kuraia-estrenara-sabado-28-10744040.amp.html\n\nhttps:\/\/www.diariodenavarra.es\/noticias\/cultura-ocio\/cultura\/2026\/02\/24\/ensemble-kuraia-estrena-obras-jovenes-compositores-csmn-811317-104.html\" aria-hidden=\"true\">\n\t\t<\/a>\n\t<\/div>\n<\/div><div class=\"sbi_item sbi_type_image sbi_new sbi_transition\"\n\tid=\"sbi_17874633957519298\" data-date=\"1772051578\">\n\t<div class=\"sbi_photo_wrap\">\n\t\t<a class=\"sbi_photo\" href=\"https:\/\/www.instagram.com\/p\/DVMcYnjCKfF\/\" target=\"_blank\" rel=\"noopener nofollow\"\n\t\t\tdata-full-res=\"https:\/\/scontent-mad2-1.cdninstagram.com\/v\/t51.82787-15\/641819219_17915029161292872_2968253672336813946_n.webp?stp=dst-jpg_e35_tt6&#038;_nc_cat=100&#038;ccb=7-5&#038;_nc_sid=18de74&#038;efg=eyJlZmdfdGFnIjoiRkVFRC5iZXN0X2ltYWdlX3VybGdlbi5DMyJ9&#038;_nc_ohc=m6Kqpu_7dmAQ7kNvwHufdg0&#038;_nc_oc=AdocF7URh2rkBy18anzt-g1rvvDYnNcIhZ64Jzf3SJFAPxoUAzHPXNM2e4zwUuyc0ls&#038;_nc_zt=23&#038;_nc_ht=scontent-mad2-1.cdninstagram.com&#038;edm=ANo9K5cEAAAA&#038;_nc_gid=tVfG0SE2cp_Sm4fzxOIpEg&#038;_nc_tpa=Q5bMBQENy3uaYRxLZCFlNNFRgEzjSVid_3lfi8gSLBuz3rAGUIgXe7QvxMW0EHJQRmw8hIQUzww-L4b2qg&#038;oh=00_Af6wR57GcLFRfJV2lf91ZJAucZF8vu94wf20oFuQsAAZug&#038;oe=69FA4843\"\n\t\t\tdata-img-src-set=\"{&quot;d&quot;:&quot;https:\\\/\\\/scontent-mad2-1.cdninstagram.com\\\/v\\\/t51.82787-15\\\/641819219_17915029161292872_2968253672336813946_n.webp?stp=dst-jpg_e35_tt6&amp;_nc_cat=100&amp;ccb=7-5&amp;_nc_sid=18de74&amp;efg=eyJlZmdfdGFnIjoiRkVFRC5iZXN0X2ltYWdlX3VybGdlbi5DMyJ9&amp;_nc_ohc=m6Kqpu_7dmAQ7kNvwHufdg0&amp;_nc_oc=AdocF7URh2rkBy18anzt-g1rvvDYnNcIhZ64Jzf3SJFAPxoUAzHPXNM2e4zwUuyc0ls&amp;_nc_zt=23&amp;_nc_ht=scontent-mad2-1.cdninstagram.com&amp;edm=ANo9K5cEAAAA&amp;_nc_gid=tVfG0SE2cp_Sm4fzxOIpEg&amp;_nc_tpa=Q5bMBQENy3uaYRxLZCFlNNFRgEzjSVid_3lfi8gSLBuz3rAGUIgXe7QvxMW0EHJQRmw8hIQUzww-L4b2qg&amp;oh=00_Af6wR57GcLFRfJV2lf91ZJAucZF8vu94wf20oFuQsAAZug&amp;oe=69FA4843&quot;,&quot;150&quot;:&quot;https:\\\/\\\/scontent-mad2-1.cdninstagram.com\\\/v\\\/t51.82787-15\\\/641819219_17915029161292872_2968253672336813946_n.webp?stp=dst-jpg_e35_tt6&amp;_nc_cat=100&amp;ccb=7-5&amp;_nc_sid=18de74&amp;efg=eyJlZmdfdGFnIjoiRkVFRC5iZXN0X2ltYWdlX3VybGdlbi5DMyJ9&amp;_nc_ohc=m6Kqpu_7dmAQ7kNvwHufdg0&amp;_nc_oc=AdocF7URh2rkBy18anzt-g1rvvDYnNcIhZ64Jzf3SJFAPxoUAzHPXNM2e4zwUuyc0ls&amp;_nc_zt=23&amp;_nc_ht=scontent-mad2-1.cdninstagram.com&amp;edm=ANo9K5cEAAAA&amp;_nc_gid=tVfG0SE2cp_Sm4fzxOIpEg&amp;_nc_tpa=Q5bMBQENy3uaYRxLZCFlNNFRgEzjSVid_3lfi8gSLBuz3rAGUIgXe7QvxMW0EHJQRmw8hIQUzww-L4b2qg&amp;oh=00_Af6wR57GcLFRfJV2lf91ZJAucZF8vu94wf20oFuQsAAZug&amp;oe=69FA4843&quot;,&quot;320&quot;:&quot;https:\\\/\\\/scontent-mad2-1.cdninstagram.com\\\/v\\\/t51.82787-15\\\/641819219_17915029161292872_2968253672336813946_n.webp?stp=dst-jpg_e35_tt6&amp;_nc_cat=100&amp;ccb=7-5&amp;_nc_sid=18de74&amp;efg=eyJlZmdfdGFnIjoiRkVFRC5iZXN0X2ltYWdlX3VybGdlbi5DMyJ9&amp;_nc_ohc=m6Kqpu_7dmAQ7kNvwHufdg0&amp;_nc_oc=AdocF7URh2rkBy18anzt-g1rvvDYnNcIhZ64Jzf3SJFAPxoUAzHPXNM2e4zwUuyc0ls&amp;_nc_zt=23&amp;_nc_ht=scontent-mad2-1.cdninstagram.com&amp;edm=ANo9K5cEAAAA&amp;_nc_gid=tVfG0SE2cp_Sm4fzxOIpEg&amp;_nc_tpa=Q5bMBQENy3uaYRxLZCFlNNFRgEzjSVid_3lfi8gSLBuz3rAGUIgXe7QvxMW0EHJQRmw8hIQUzww-L4b2qg&amp;oh=00_Af6wR57GcLFRfJV2lf91ZJAucZF8vu94wf20oFuQsAAZug&amp;oe=69FA4843&quot;,&quot;640&quot;:&quot;https:\\\/\\\/scontent-mad2-1.cdninstagram.com\\\/v\\\/t51.82787-15\\\/641819219_17915029161292872_2968253672336813946_n.webp?stp=dst-jpg_e35_tt6&amp;_nc_cat=100&amp;ccb=7-5&amp;_nc_sid=18de74&amp;efg=eyJlZmdfdGFnIjoiRkVFRC5iZXN0X2ltYWdlX3VybGdlbi5DMyJ9&amp;_nc_ohc=m6Kqpu_7dmAQ7kNvwHufdg0&amp;_nc_oc=AdocF7URh2rkBy18anzt-g1rvvDYnNcIhZ64Jzf3SJFAPxoUAzHPXNM2e4zwUuyc0ls&amp;_nc_zt=23&amp;_nc_ht=scontent-mad2-1.cdninstagram.com&amp;edm=ANo9K5cEAAAA&amp;_nc_gid=tVfG0SE2cp_Sm4fzxOIpEg&amp;_nc_tpa=Q5bMBQENy3uaYRxLZCFlNNFRgEzjSVid_3lfi8gSLBuz3rAGUIgXe7QvxMW0EHJQRmw8hIQUzww-L4b2qg&amp;oh=00_Af6wR57GcLFRfJV2lf91ZJAucZF8vu94wf20oFuQsAAZug&amp;oe=69FA4843&quot;}\">\n\t\t\t<span class=\"sbi-screenreader\">Conservatorio Superior de M\u00fasica de Navarra, sala <\/span>\n\t\t\t\t\t\t\t\t\t<img decoding=\"async\" src=\"https:\/\/www.ensemblekuraia.es\/wp-content\/plugins\/instagram-feed\/img\/placeholder.png\" alt=\"Conservatorio Superior de M\u00fasica de Navarra, sala Guelbenzu\n\nD\u00eda 28 de febrero a las 12,30 horas. Entrada libre.\n\nConcierto final del Ciclo Kuraia 2025\/26 con cuatro estrenos de j\u00f3venes compositores navarros: Jorge Carabias, Arkaitz Gal\u00e1n, Inar Lezaun y Aitor Palacio.\n\nEnlaces a prensa:\n\nhttps:\/\/www.google.com\/amp\/s\/www.noticiasdenavarra.com\/cultura\/2026\/02\/25\/ensemble-kuraia-estrenara-sabado-28-10744040.amp.html\n\nhttps:\/\/www.diariodenavarra.es\/noticias\/cultura-ocio\/cultura\/2026\/02\/24\/ensemble-kuraia-estrena-obras-jovenes-compositores-csmn-811317-104.html\" aria-hidden=\"true\">\n\t\t<\/a>\n\t<\/div>\n<\/div><div class=\"sbi_item sbi_type_image sbi_new sbi_transition\"\n\tid=\"sbi_18044797796740959\" data-date=\"1771524556\">\n\t<div class=\"sbi_photo_wrap\">\n\t\t<a class=\"sbi_photo\" href=\"https:\/\/www.instagram.com\/p\/DU8vLg9CG9l\/\" target=\"_blank\" rel=\"noopener nofollow\"\n\t\t\tdata-full-res=\"https:\/\/scontent-mad1-1.cdninstagram.com\/v\/t51.82787-15\/633700605_17914237557292872_5331154753767227738_n.jpg?stp=dst-jpg_e35_tt6&#038;_nc_cat=102&#038;ccb=7-5&#038;_nc_sid=18de74&#038;efg=eyJlZmdfdGFnIjoiRkVFRC5iZXN0X2ltYWdlX3VybGdlbi5DMyJ9&#038;_nc_ohc=kWtFOWuUStYQ7kNvwEODUQF&#038;_nc_oc=AdqOk2vgTW660-aA6UCXrTVJQuyZGMwvdq0vhtoeUUQOA3i4Zcjaq3XtRx3uiepESfQ&#038;_nc_zt=23&#038;_nc_ht=scontent-mad1-1.cdninstagram.com&#038;edm=ANo9K5cEAAAA&#038;_nc_gid=tVfG0SE2cp_Sm4fzxOIpEg&#038;_nc_tpa=Q5bMBQF5KVClSOxe9FJVrVDSzWaRmMmWrcurpzbUPCfbw6ZWW0M-lZAFgPDDacmttKKjOxJCYxl4UzN-Dw&#038;oh=00_Af5mfOMP6LKJmSDI6whVVGdZBtn5ff2RUrwy_7kId2hpyA&#038;oe=69FA43D8\"\n\t\t\tdata-img-src-set=\"{&quot;d&quot;:&quot;https:\\\/\\\/scontent-mad1-1.cdninstagram.com\\\/v\\\/t51.82787-15\\\/633700605_17914237557292872_5331154753767227738_n.jpg?stp=dst-jpg_e35_tt6&amp;_nc_cat=102&amp;ccb=7-5&amp;_nc_sid=18de74&amp;efg=eyJlZmdfdGFnIjoiRkVFRC5iZXN0X2ltYWdlX3VybGdlbi5DMyJ9&amp;_nc_ohc=kWtFOWuUStYQ7kNvwEODUQF&amp;_nc_oc=AdqOk2vgTW660-aA6UCXrTVJQuyZGMwvdq0vhtoeUUQOA3i4Zcjaq3XtRx3uiepESfQ&amp;_nc_zt=23&amp;_nc_ht=scontent-mad1-1.cdninstagram.com&amp;edm=ANo9K5cEAAAA&amp;_nc_gid=tVfG0SE2cp_Sm4fzxOIpEg&amp;_nc_tpa=Q5bMBQF5KVClSOxe9FJVrVDSzWaRmMmWrcurpzbUPCfbw6ZWW0M-lZAFgPDDacmttKKjOxJCYxl4UzN-Dw&amp;oh=00_Af5mfOMP6LKJmSDI6whVVGdZBtn5ff2RUrwy_7kId2hpyA&amp;oe=69FA43D8&quot;,&quot;150&quot;:&quot;https:\\\/\\\/scontent-mad1-1.cdninstagram.com\\\/v\\\/t51.82787-15\\\/633700605_17914237557292872_5331154753767227738_n.jpg?stp=dst-jpg_e35_tt6&amp;_nc_cat=102&amp;ccb=7-5&amp;_nc_sid=18de74&amp;efg=eyJlZmdfdGFnIjoiRkVFRC5iZXN0X2ltYWdlX3VybGdlbi5DMyJ9&amp;_nc_ohc=kWtFOWuUStYQ7kNvwEODUQF&amp;_nc_oc=AdqOk2vgTW660-aA6UCXrTVJQuyZGMwvdq0vhtoeUUQOA3i4Zcjaq3XtRx3uiepESfQ&amp;_nc_zt=23&amp;_nc_ht=scontent-mad1-1.cdninstagram.com&amp;edm=ANo9K5cEAAAA&amp;_nc_gid=tVfG0SE2cp_Sm4fzxOIpEg&amp;_nc_tpa=Q5bMBQF5KVClSOxe9FJVrVDSzWaRmMmWrcurpzbUPCfbw6ZWW0M-lZAFgPDDacmttKKjOxJCYxl4UzN-Dw&amp;oh=00_Af5mfOMP6LKJmSDI6whVVGdZBtn5ff2RUrwy_7kId2hpyA&amp;oe=69FA43D8&quot;,&quot;320&quot;:&quot;https:\\\/\\\/scontent-mad1-1.cdninstagram.com\\\/v\\\/t51.82787-15\\\/633700605_17914237557292872_5331154753767227738_n.jpg?stp=dst-jpg_e35_tt6&amp;_nc_cat=102&amp;ccb=7-5&amp;_nc_sid=18de74&amp;efg=eyJlZmdfdGFnIjoiRkVFRC5iZXN0X2ltYWdlX3VybGdlbi5DMyJ9&amp;_nc_ohc=kWtFOWuUStYQ7kNvwEODUQF&amp;_nc_oc=AdqOk2vgTW660-aA6UCXrTVJQuyZGMwvdq0vhtoeUUQOA3i4Zcjaq3XtRx3uiepESfQ&amp;_nc_zt=23&amp;_nc_ht=scontent-mad1-1.cdninstagram.com&amp;edm=ANo9K5cEAAAA&amp;_nc_gid=tVfG0SE2cp_Sm4fzxOIpEg&amp;_nc_tpa=Q5bMBQF5KVClSOxe9FJVrVDSzWaRmMmWrcurpzbUPCfbw6ZWW0M-lZAFgPDDacmttKKjOxJCYxl4UzN-Dw&amp;oh=00_Af5mfOMP6LKJmSDI6whVVGdZBtn5ff2RUrwy_7kId2hpyA&amp;oe=69FA43D8&quot;,&quot;640&quot;:&quot;https:\\\/\\\/scontent-mad1-1.cdninstagram.com\\\/v\\\/t51.82787-15\\\/633700605_17914237557292872_5331154753767227738_n.jpg?stp=dst-jpg_e35_tt6&amp;_nc_cat=102&amp;ccb=7-5&amp;_nc_sid=18de74&amp;efg=eyJlZmdfdGFnIjoiRkVFRC5iZXN0X2ltYWdlX3VybGdlbi5DMyJ9&amp;_nc_ohc=kWtFOWuUStYQ7kNvwEODUQF&amp;_nc_oc=AdqOk2vgTW660-aA6UCXrTVJQuyZGMwvdq0vhtoeUUQOA3i4Zcjaq3XtRx3uiepESfQ&amp;_nc_zt=23&amp;_nc_ht=scontent-mad1-1.cdninstagram.com&amp;edm=ANo9K5cEAAAA&amp;_nc_gid=tVfG0SE2cp_Sm4fzxOIpEg&amp;_nc_tpa=Q5bMBQF5KVClSOxe9FJVrVDSzWaRmMmWrcurpzbUPCfbw6ZWW0M-lZAFgPDDacmttKKjOxJCYxl4UzN-Dw&amp;oh=00_Af5mfOMP6LKJmSDI6whVVGdZBtn5ff2RUrwy_7kId2hpyA&amp;oe=69FA43D8&quot;}\">\n\t\t\t<span class=\"sbi-screenreader\">REMINDER\nKuraia Cycle 2025\/2026 - 11th Concert\nEns<\/span>\n\t\t\t\t\t\t\t\t\t<img decoding=\"async\" src=\"https:\/\/www.ensemblekuraia.es\/wp-content\/plugins\/instagram-feed\/img\/placeholder.png\" alt=\"REMINDER\nKuraia Cycle 2025\/2026 - 11th Concert\nEnsemble Kuraia and SGAE Euskadi Foundation Composition Prize\n\nFebruary 21, 2026 \u2013 7:00 PM\nAuditorium of the &quot;J.C. Arriaga&quot; Conservatory of Bilbao\nFree admission\n\nWorks by J. Garc\u00eda Aguilera, K. Saariaho, C. Bernaola, and P. Gonz\u00e1lez \u00c1lvarez\n\nThe Kuraia Cycle reaches its final stretch with a very special evening, in which Ensemble Kuraia will present the world premiere of &quot;La noche nos ser\u00e1 blanda...&quot; by composer Pedro Gonz\u00e1lez \u00c1lvarez, winner of the third edition of the SGAE Euskadi Foundation Composition Prize.\n\nThe program will also include the beautiful &quot;Nocturne&quot; by Juan de Dios Garc\u00eda Aguilera and the Bilbao premieres of the work &quot;Nocturne&quot; by Kaija Saariaho and the work &quot;Bela Bartok-i omenaldia&quot; by Carmelo A. Bernaola.\" aria-hidden=\"true\">\n\t\t<\/a>\n\t<\/div>\n<\/div>\t<\/div>\n\n\t<div id=\"sbi_load\" >\n\n\t\t\t<button class=\"sbi_load_btn\"\n\t\t\ttype=\"button\" >\n\t\t\t<span class=\"sbi_btn_text\" >Load More<\/span>\n\t\t\t<span class=\"sbi_loader sbi_hidden\" style=\"background-color: rgb(255, 255, 255);\" aria-hidden=\"true\"><\/span>\n\t\t<\/button>\n\t\n\t\n<\/div>\n\t\t<span class=\"sbi_resized_image_data\" data-feed-id=\"*1\"\n\t\t  data-resized=\"{&quot;18044797796740959&quot;:{&quot;id&quot;:&quot;633700605_17914237557292872_5331154753767227738_n&quot;,&quot;ratio&quot;:&quot;1.78&quot;,&quot;sizes&quot;:{&quot;full&quot;:640,&quot;low&quot;:320,&quot;thumb&quot;:150},&quot;extension&quot;:&quot;.webp&quot;},&quot;17874633957519298&quot;:{&quot;id&quot;:&quot;641819219_17915029161292872_2968253672336813946_n&quot;,&quot;ratio&quot;:&quot;1.49&quot;,&quot;sizes&quot;:{&quot;full&quot;:640,&quot;low&quot;:320,&quot;thumb&quot;:150},&quot;extension&quot;:&quot;.webp&quot;},&quot;17850628926637607&quot;:{&quot;id&quot;:&quot;641041437_17915240013292872_6940445018945719065_n&quot;,&quot;ratio&quot;:&quot;1.78&quot;,&quot;sizes&quot;:{&quot;full&quot;:640,&quot;low&quot;:320,&quot;thumb&quot;:150},&quot;extension&quot;:&quot;.webp&quot;},&quot;18085090681981034&quot;:{&quot;id&quot;:&quot;642537251_17915720055292872_9213530873002999472_n&quot;,&quot;ratio&quot;:&quot;1.00&quot;,&quot;sizes&quot;:{&quot;full&quot;:640,&quot;low&quot;:320,&quot;thumb&quot;:150},&quot;extension&quot;:&quot;.webp&quot;},&quot;18099673612928474&quot;:{&quot;id&quot;:&quot;640310809_17915708985292872_7950963762050045308_n&quot;,&quot;ratio&quot;:&quot;1.00&quot;,&quot;sizes&quot;:{&quot;full&quot;:640,&quot;low&quot;:320,&quot;thumb&quot;:150},&quot;extension&quot;:&quot;.webp&quot;},&quot;18080373122456488&quot;:{&quot;id&quot;:&quot;656044838_17919675591292872_1936985252054783886_n&quot;,&quot;ratio&quot;:&quot;1.66&quot;,&quot;sizes&quot;:{&quot;full&quot;:640,&quot;low&quot;:320,&quot;thumb&quot;:150},&quot;extension&quot;:&quot;.webp&quot;},&quot;18067200272643681&quot;:{&quot;id&quot;:&quot;656788937_17920193538292872_2912701739816204443_n&quot;,&quot;ratio&quot;:&quot;1.00&quot;,&quot;sizes&quot;:{&quot;full&quot;:640,&quot;low&quot;:320,&quot;thumb&quot;:150},&quot;extension&quot;:&quot;.webp&quot;},&quot;18100068127769620&quot;:{&quot;id&quot;:&quot;657274119_17920382277292872_5563094620793897719_n&quot;,&quot;ratio&quot;:&quot;1.00&quot;,&quot;sizes&quot;:{&quot;full&quot;:640,&quot;low&quot;:320,&quot;thumb&quot;:150},&quot;extension&quot;:&quot;.webp&quot;},&quot;17985835748798752&quot;:{&quot;id&quot;:&quot;671209070_1542398277889109_5789244675859315377_n&quot;,&quot;ratio&quot;:&quot;0.56&quot;,&quot;sizes&quot;:{&quot;full&quot;:640,&quot;low&quot;:320,&quot;thumb&quot;:150},&quot;extension&quot;:&quot;.webp&quot;},&quot;17945120049155979&quot;:{&quot;id&quot;:&quot;671025319_17923490766292872_3538382900380879380_n&quot;,&quot;ratio&quot;:&quot;1.91&quot;,&quot;sizes&quot;:{&quot;full&quot;:640,&quot;low&quot;:320,&quot;thumb&quot;:150},&quot;extension&quot;:&quot;.webp&quot;},&quot;18128422219575677&quot;:{&quot;id&quot;:&quot;674486671_17923368414292872_5189377720775344741_n&quot;,&quot;ratio&quot;:&quot;1.78&quot;,&quot;sizes&quot;:{&quot;full&quot;:640,&quot;low&quot;:320,&quot;thumb&quot;:150},&quot;extension&quot;:&quot;.webp&quot;},&quot;18117698488648781&quot;:{&quot;id&quot;:&quot;658209905_17920631307292872_1400142653457081193_n&quot;,&quot;ratio&quot;:&quot;1.33&quot;,&quot;sizes&quot;:{&quot;full&quot;:640,&quot;low&quot;:320,&quot;thumb&quot;:150},&quot;extension&quot;:&quot;.webp&quot;}}\">\n\t<\/span>\n\t<\/div>\n\n[\/et_pb_code][et_pb_button button_url=&#8221;https:\/\/www.facebook.com\/profile.php?id=61565187961579&#8243; url_new_window=&#8221;on&#8221; button_text=&#8221;IKUSI ALBISTE GUZTIAK FACEBOOKEN&#8221; button_alignment=&#8221;center&#8221; admin_label=&#8221;Bot\u00f3n FB&#8221; _builder_version=&#8221;4.25.0&#8243; _module_preset=&#8221;681018ce-8029-490e-b9e7-6f98b4b13573&#8243; custom_button=&#8221;on&#8221; button_text_size=&#8221;14px&#8221; button_text_color=&#8221;#454545&#8243; button_bg_color=&#8221;RGBA(255,255,255,0)&#8221; button_border_color=&#8221;#aba119&#8243; button_border_radius=&#8221;0px&#8221; button_letter_spacing=&#8221;0.2em&#8221; button_font=&#8221;Cormorant Garamond|700||on|||||&#8221; custom_margin=&#8221;25px||||false|false&#8221; custom_padding=&#8221;16px|24px|16px|24px|true|true&#8221; global_colors_info=&#8221;{}&#8221;][\/et_pb_button][et_pb_code raw_content_tablet=&#8221;&#8221; raw_content_phone=&#8221;&#8221; raw_content_last_edited=&#8221;on|desktop&#8221; admin_label=&#8221;FBko azken sarrera&#8221; _builder_version=&#8221;4.25.0&#8243; _module_preset=&#8221;default&#8221; link_option_url=&#8221;https:\/\/www.facebook.com\/profile.php?id=61565187961579&#8243; link_option_url_new_window=&#8221;on&#8221; global_colors_info=&#8221;{}&#8221; raw_content__hover_enabled=&#8221;off|desktop&#8221;]<div class=\"efbl_feed_wraper efbl_skin_3052\" data-esf-flags=\"gdpr,gdpr_auto\" data-esf-module=\"facebook\" >\n\n\t\n\t<div class=\"efbl_feeds_holder efbl_feeds_row  \t\"  \t\t\tdata-template=\"row\">\n\t\t\n        <div class=\"efbl-row-content\">\n            <div class=\"efbl-row-wrapper efbl-story-wrapper\">\n\t\t\t\t                    <a class=\"efbl_feed_fancy_popup efbl-row-box\" target=\"_blank\"\n                       href=\"https:\/\/www.facebook.com\/reel\/1612658373178678\/\">\n                        <img decoding=\"async\" src=\"https:\/\/www.ensemblekuraia.es\/wp-content\/uploads\/esf-facebook\/390886434115190_122203618958506265.jpg\"\n                                                >\n                        <div class=\"efbl-overlay\">\n\n\t\t\t\t\t\t\t\n                                <i class=\"icon icon-esf-plus efbl-plus\"\n                                   aria-hidden=\"true\"><\/i>\n\n\t\t\t\t\t\t\t\t\t\t\t\t\t\t\t                                <i class=\"icon icon-esf-clone icon-esf-video-camera\"\n                                   aria-hidden=\"true\"><\/i>\n\t\t\t\t\t\t\t\t                        <\/div>\n\n                    <\/a>\n\t\t\t\t\n            <\/div>\n        <\/div>\n\n\t\t\n        <div class=\"efbl-row-content\">\n            <div class=\"efbl-row-wrapper efbl-story-wrapper\">\n\t\t\t\t                    <a class=\"efbl_feed_fancy_popup efbl-row-box\" target=\"_blank\"\n                       href=\"https:\/\/www.facebook.com\/reel\/973585718508440\/\">\n                        <img decoding=\"async\" src=\"https:\/\/www.ensemblekuraia.es\/wp-content\/uploads\/esf-facebook\/390886434115190_122203602458506265.jpg\"\n                                                >\n                        <div class=\"efbl-overlay\">\n\n\t\t\t\t\t\t\t\n                                <i class=\"icon icon-esf-plus efbl-plus\"\n                                   aria-hidden=\"true\"><\/i>\n\n\t\t\t\t\t\t\t\t\t\t\t\t\t\t\t                                <i class=\"icon icon-esf-clone icon-esf-video-camera\"\n                                   aria-hidden=\"true\"><\/i>\n\t\t\t\t\t\t\t\t                        <\/div>\n\n                    <\/a>\n\t\t\t\t\n            <\/div>\n        <\/div>\n\n\t\t\n        <div class=\"efbl-row-content\">\n            <div class=\"efbl-row-wrapper efbl-story-wrapper\">\n\t\t\t\t                    <a class=\"efbl_feed_fancy_popup efbl-row-box\" target=\"_blank\"\n                       href=\"https:\/\/www.facebook.com\/122110534532506265\/posts\/122198100332506265\">\n                        <img decoding=\"async\" src=\"https:\/\/www.ensemblekuraia.es\/wp-content\/uploads\/esf-facebook\/390886434115190_122198100332506265.jpg\"\n                                                >\n                        <div class=\"efbl-overlay\">\n\n\t\t\t\t\t\t\t\n                                <i class=\"icon icon-esf-plus efbl-plus\"\n                                   aria-hidden=\"true\"><\/i>\n\n\t\t\t\t\t\t\t\t\t\t\t\t\t\t\t                        <\/div>\n\n                    <\/a>\n\t\t\t\t\n            <\/div>\n        <\/div>\n\n\t\t\t\t\t<\/div>\n\t\t\t\n\t\t<\/div>\n [\/et_pb_code][\/et_pb_column][\/et_pb_row][et_pb_row _builder_version=&#8221;4.25.0&#8243; _module_preset=&#8221;default&#8221; global_colors_info=&#8221;{}&#8221;][et_pb_column type=&#8221;4_4&#8243; _builder_version=&#8221;4.25.0&#8243; _module_preset=&#8221;default&#8221; global_colors_info=&#8221;{}&#8221;][\/et_pb_column][\/et_pb_row][\/et_pb_section][et_pb_section fb_built=&#8221;1&#8243; admin_label=&#8221;MEGA FRASE&#8221; _builder_version=&#8221;4.22.1&#8243; _module_preset=&#8221;default&#8221; background_color=&#8221;#ffffff&#8221; use_background_color_gradient=&#8221;on&#8221; background_color_gradient_stops=&#8221;rgba(255,255,255,0.47) 0%|rgba(255,255,255,0.47) 100%&#8221; background_image=&#8221;https:\/\/www.ensemblekuraia.es\/wp-content\/uploads\/2023\/08\/Retrato-Mel-04_lona12-e1694079982639.jpg&#8221; background_position=&#8221;top_left&#8221; background_blend=&#8221;screen&#8221; custom_padding=&#8221;12vw||12vw||true|false&#8221; background_color_tablet=&#8221;rgba(255,255,252,0.84)&#8221; background_last_edited=&#8221;on|tablet&#8221; background_enable_color_tablet=&#8221;on&#8221; background_position_tablet=&#8221;center&#8221; background_position_phone=&#8221;center&#8221; background_blend_tablet=&#8221;overlay&#8221; global_module=&#8221;1398&#8243; saved_tabs=&#8221;all&#8221; collapsed=&#8221;off&#8221; global_colors_info=&#8221;{}&#8221;][et_pb_row custom_padding_last_edited=&#8221;on|tablet&#8221; _builder_version=&#8221;4.21.0&#8243; _module_preset=&#8221;default&#8221; custom_padding=&#8221;|120px||120px|false|true&#8221; custom_padding_tablet=&#8221;|0%||0%|false|true&#8221; custom_padding_phone=&#8221;||||false|false&#8221; global_colors_info=&#8221;{}&#8221;][et_pb_column type=&#8221;4_4&#8243; _builder_version=&#8221;4.20.0&#8243; _module_preset=&#8221;default&#8221; global_colors_info=&#8221;{}&#8221;][et_pb_text admin_label=&#8221;T\u00edtulo&#8221; _builder_version=&#8221;4.21.0&#8243; _module_preset=&#8221;6f6bc3d5-0be1-40f8-80c9-5e7237d9ee3b&#8221; header_2_font=&#8221;Cormorant Garamond|||on|||||&#8221; header_2_font_size=&#8221;48px&#8221; header_2_letter_spacing=&#8221;0.2em&#8221; header_2_line_height=&#8221;1.2em&#8221; text_orientation=&#8221;center&#8221; custom_margin=&#8221;||10px||false|false&#8221; header_2_font_size_tablet=&#8221;32px&#8221; header_2_font_size_phone=&#8221;20px&#8221; header_2_font_size_last_edited=&#8221;on|desktop&#8221; global_colors_info=&#8221;{}&#8221;]<\/p>\n<h2><strong>Mar\u00eda Eugenia Luc<\/strong><\/h2>\n<p>[\/et_pb_text][et_pb_text admin_label=&#8221;FRASE&#8221; _builder_version=&#8221;4.21.0&#8243; _module_preset=&#8221;39c311a7-7753-422a-9bff-4e462bb6e4f7&#8243; text_font_size=&#8221;20px&#8221; text_line_height=&#8221;1.8em&#8221; text_orientation=&#8221;center&#8221; text_font_size_tablet=&#8221;16px&#8221; text_font_size_phone=&#8221;14px&#8221; text_font_size_last_edited=&#8221;on|desktop&#8221; global_colors_info=&#8221;{}&#8221;]<\/p>\n<p>Gure lehentasuna <strong>gure garaiko konpositoreen lanak zabaltzea<\/strong> eta kalitate bikaineko talde profesional bat eskaintzea da, estuki lankidetzan aritzeko.<\/p>\n<p>[\/et_pb_text][et_pb_button button_url=&#8221;#contacto&#8221; button_text=&#8221;JARRI GUREKIN HARREMANETAN&#8221; button_alignment=&#8221;center&#8221; admin_label=&#8221;Bot\u00f3n a Contacto&#8221; _builder_version=&#8221;4.21.0&#8243; _module_preset=&#8221;1a7ebcdf-74cf-49d0-a7ba-2c93f24e0d00&#8243; custom_button=&#8221;on&#8221; button_text_size=&#8221;14px&#8221; button_text_color=&#8221;#000000&#8243; button_bg_color=&#8221;#aba119&#8243; button_border_width=&#8221;0px&#8221; button_border_radius=&#8221;0px&#8221; button_letter_spacing=&#8221;0.2em&#8221; button_font=&#8221;Cormorant Garamond|700||on|||||&#8221; custom_padding=&#8221;16px|24px|16px|24px|true|true&#8221; global_colors_info=&#8221;{}&#8221;][\/et_pb_button][\/et_pb_column][\/et_pb_row][\/et_pb_section]<\/p>\n","protected":false},"excerpt":{"rendered":"<p>BILBOKO MUSIKA GARAIKIDEKO TALDEAENSEMBLE KURAIAENSEMBLE KURAIA &#8211; Bilboko musika garaikide taldeaBilboko Ensemble Kuraia musika taldea, 1997an Mar\u00eda Eugenia Luc konpositoreak sortu zuen, gaur egungo zuzendari artistikoa bera izanik. Taldeak, gaur egungo musikagileen lanak zabaldu eta goi-mailako profesionalez osaturiko talde baten lankidetza eskaintzea du helburu.ZIKLOAZIKLOA TOPAKETATopaketen zikloan, urtero, egungo musikan espezializatutako artista eta talde ospetsuak biltzen [&hellip;]<\/p>\n","protected":false},"author":4,"featured_media":2627,"parent":0,"menu_order":0,"comment_status":"closed","ping_status":"closed","template":"","meta":{"_et_pb_use_builder":"on","_et_pb_old_content":"","_et_gb_content_width":"","footnotes":""},"class_list":["post-1848","page","type-page","status-publish","has-post-thumbnail","hentry"],"yoast_head":"<!-- This site is optimized with the Yoast SEO plugin v27.1.1 - https:\/\/yoast.com\/product\/yoast-seo-wordpress\/ -->\n<title>HASIERA- Bilboko musika garaikide taldea<\/title>\n<meta name=\"description\" content=\"Bilboko musika garaikideko taldea 1997an sortu zuen Mar\u00eda Eugenia Luc konpositoreak, egungo zuzendariak.\" \/>\n<meta name=\"robots\" content=\"index, follow, max-snippet:-1, max-image-preview:large, max-video-preview:-1\" \/>\n<link rel=\"canonical\" href=\"https:\/\/www.ensemblekuraia.es\/eu\/\" \/>\n<meta property=\"og:locale\" content=\"eu_ES\" \/>\n<meta property=\"og:type\" content=\"article\" \/>\n<meta property=\"og:title\" content=\"HASIERA- Bilboko musika garaikide taldea\" \/>\n<meta property=\"og:description\" content=\"Bilboko musika garaikideko taldea 1997an sortu zuen Mar\u00eda Eugenia Luc konpositoreak, egungo zuzendariak.\" \/>\n<meta property=\"og:url\" content=\"https:\/\/www.ensemblekuraia.es\/eu\/\" \/>\n<meta property=\"og:site_name\" content=\"Ensemble Kuraia\" \/>\n<meta property=\"article:publisher\" content=\"https:\/\/www.facebook.com\/EnsembleKuraia\" \/>\n<meta property=\"article:modified_time\" content=\"2025-07-28T10:03:15+00:00\" \/>\n<meta property=\"og:image\" content=\"https:\/\/www.ensemblekuraia.es\/wp-content\/uploads\/2023\/08\/Ensemble-Kuraia-4.jpg\" \/>\n\t<meta property=\"og:image:width\" content=\"1981\" \/>\n\t<meta property=\"og:image:height\" content=\"1631\" \/>\n\t<meta property=\"og:image:type\" content=\"image\/jpeg\" \/>\n<meta name=\"twitter:card\" content=\"summary_large_image\" \/>\n<meta name=\"twitter:label1\" content=\"Est. reading time\" \/>\n\t<meta name=\"twitter:data1\" content=\"6 minutes\" \/>\n<script type=\"application\/ld+json\" class=\"yoast-schema-graph\">{\"@context\":\"https:\/\/schema.org\",\"@graph\":[{\"@type\":\"WebPage\",\"@id\":\"https:\/\/www.ensemblekuraia.es\/eu\/\",\"url\":\"https:\/\/www.ensemblekuraia.es\/eu\/\",\"name\":\"HASIERA- Bilboko musika garaikide taldea\",\"isPartOf\":{\"@id\":\"https:\/\/www.ensemblekuraia.es\/#website\"},\"primaryImageOfPage\":{\"@id\":\"https:\/\/www.ensemblekuraia.es\/eu\/#primaryimage\"},\"image\":{\"@id\":\"https:\/\/www.ensemblekuraia.es\/eu\/#primaryimage\"},\"thumbnailUrl\":\"https:\/\/www.ensemblekuraia.es\/wp-content\/uploads\/2023\/08\/Ensemble-Kuraia-4.jpg\",\"datePublished\":\"2023-08-14T11:06:51+00:00\",\"dateModified\":\"2025-07-28T10:03:15+00:00\",\"description\":\"Bilboko musika garaikideko taldea 1997an sortu zuen Mar\u00eda Eugenia Luc konpositoreak, egungo zuzendariak.\",\"breadcrumb\":{\"@id\":\"https:\/\/www.ensemblekuraia.es\/eu\/#breadcrumb\"},\"inLanguage\":\"eu-ES\",\"potentialAction\":[{\"@type\":\"ReadAction\",\"target\":[\"https:\/\/www.ensemblekuraia.es\/eu\/\"]}]},{\"@type\":\"ImageObject\",\"inLanguage\":\"eu-ES\",\"@id\":\"https:\/\/www.ensemblekuraia.es\/eu\/#primaryimage\",\"url\":\"https:\/\/www.ensemblekuraia.es\/wp-content\/uploads\/2023\/08\/Ensemble-Kuraia-4.jpg\",\"contentUrl\":\"https:\/\/www.ensemblekuraia.es\/wp-content\/uploads\/2023\/08\/Ensemble-Kuraia-4.jpg\",\"width\":1981,\"height\":1631,\"caption\":\"Ensemble Kuraia 2\"},{\"@type\":\"BreadcrumbList\",\"@id\":\"https:\/\/www.ensemblekuraia.es\/eu\/#breadcrumb\",\"itemListElement\":[{\"@type\":\"ListItem\",\"position\":1,\"name\":\"Portada\",\"item\":\"https:\/\/www.ensemblekuraia.es\/eu\/\"},{\"@type\":\"ListItem\",\"position\":2,\"name\":\"HASIERA\"}]},{\"@type\":\"WebSite\",\"@id\":\"https:\/\/www.ensemblekuraia.es\/#website\",\"url\":\"https:\/\/www.ensemblekuraia.es\/\",\"name\":\"Ensemble Kuraia\",\"description\":\"Ensemble Kuraia - Grupo de m\u00fasica contempor\u00e1nea de Bilbao \/ Bilboko musika garaikide taldea\",\"publisher\":{\"@id\":\"https:\/\/www.ensemblekuraia.es\/#organization\"},\"alternateName\":\"Ensemble Kuraia\",\"potentialAction\":[{\"@type\":\"SearchAction\",\"target\":{\"@type\":\"EntryPoint\",\"urlTemplate\":\"https:\/\/www.ensemblekuraia.es\/?s={search_term_string}\"},\"query-input\":{\"@type\":\"PropertyValueSpecification\",\"valueRequired\":true,\"valueName\":\"search_term_string\"}}],\"inLanguage\":\"eu-ES\"},{\"@type\":\"Organization\",\"@id\":\"https:\/\/www.ensemblekuraia.es\/#organization\",\"name\":\"Ensemble Kuraia\",\"alternateName\":\"Kuraia\",\"url\":\"https:\/\/www.ensemblekuraia.es\/\",\"logo\":{\"@type\":\"ImageObject\",\"inLanguage\":\"eu-ES\",\"@id\":\"https:\/\/www.ensemblekuraia.es\/#\/schema\/logo\/image\/\",\"url\":\"https:\/\/www.ensemblekuraia.es\/wp-content\/uploads\/2023\/08\/Logo-ensemble-kuaria-ng.png\",\"contentUrl\":\"https:\/\/www.ensemblekuraia.es\/wp-content\/uploads\/2023\/08\/Logo-ensemble-kuaria-ng.png\",\"width\":317,\"height\":43,\"caption\":\"Ensemble Kuraia\"},\"image\":{\"@id\":\"https:\/\/www.ensemblekuraia.es\/#\/schema\/logo\/image\/\"},\"sameAs\":[\"https:\/\/www.facebook.com\/EnsembleKuraia\",\"https:\/\/www.youtube.com\/@EnsembleKuraia\",\"https:\/\/soundcloud.com\/user-672186296\"]}]}<\/script>\n<!-- \/ Yoast SEO plugin. -->","yoast_head_json":{"title":"HASIERA- Bilboko musika garaikide taldea","description":"Bilboko musika garaikideko taldea 1997an sortu zuen Mar\u00eda Eugenia Luc konpositoreak, egungo zuzendariak.","robots":{"index":"index","follow":"follow","max-snippet":"max-snippet:-1","max-image-preview":"max-image-preview:large","max-video-preview":"max-video-preview:-1"},"canonical":"https:\/\/www.ensemblekuraia.es\/eu\/","og_locale":"eu_ES","og_type":"article","og_title":"HASIERA- Bilboko musika garaikide taldea","og_description":"Bilboko musika garaikideko taldea 1997an sortu zuen Mar\u00eda Eugenia Luc konpositoreak, egungo zuzendariak.","og_url":"https:\/\/www.ensemblekuraia.es\/eu\/","og_site_name":"Ensemble Kuraia","article_publisher":"https:\/\/www.facebook.com\/EnsembleKuraia","article_modified_time":"2025-07-28T10:03:15+00:00","og_image":[{"width":1981,"height":1631,"url":"https:\/\/www.ensemblekuraia.es\/wp-content\/uploads\/2023\/08\/Ensemble-Kuraia-4.jpg","type":"image\/jpeg"}],"twitter_card":"summary_large_image","twitter_misc":{"Est. reading time":"6 minutes"},"schema":{"@context":"https:\/\/schema.org","@graph":[{"@type":"WebPage","@id":"https:\/\/www.ensemblekuraia.es\/eu\/","url":"https:\/\/www.ensemblekuraia.es\/eu\/","name":"HASIERA- Bilboko musika garaikide taldea","isPartOf":{"@id":"https:\/\/www.ensemblekuraia.es\/#website"},"primaryImageOfPage":{"@id":"https:\/\/www.ensemblekuraia.es\/eu\/#primaryimage"},"image":{"@id":"https:\/\/www.ensemblekuraia.es\/eu\/#primaryimage"},"thumbnailUrl":"https:\/\/www.ensemblekuraia.es\/wp-content\/uploads\/2023\/08\/Ensemble-Kuraia-4.jpg","datePublished":"2023-08-14T11:06:51+00:00","dateModified":"2025-07-28T10:03:15+00:00","description":"Bilboko musika garaikideko taldea 1997an sortu zuen Mar\u00eda Eugenia Luc konpositoreak, egungo zuzendariak.","breadcrumb":{"@id":"https:\/\/www.ensemblekuraia.es\/eu\/#breadcrumb"},"inLanguage":"eu-ES","potentialAction":[{"@type":"ReadAction","target":["https:\/\/www.ensemblekuraia.es\/eu\/"]}]},{"@type":"ImageObject","inLanguage":"eu-ES","@id":"https:\/\/www.ensemblekuraia.es\/eu\/#primaryimage","url":"https:\/\/www.ensemblekuraia.es\/wp-content\/uploads\/2023\/08\/Ensemble-Kuraia-4.jpg","contentUrl":"https:\/\/www.ensemblekuraia.es\/wp-content\/uploads\/2023\/08\/Ensemble-Kuraia-4.jpg","width":1981,"height":1631,"caption":"Ensemble Kuraia 2"},{"@type":"BreadcrumbList","@id":"https:\/\/www.ensemblekuraia.es\/eu\/#breadcrumb","itemListElement":[{"@type":"ListItem","position":1,"name":"Portada","item":"https:\/\/www.ensemblekuraia.es\/eu\/"},{"@type":"ListItem","position":2,"name":"HASIERA"}]},{"@type":"WebSite","@id":"https:\/\/www.ensemblekuraia.es\/#website","url":"https:\/\/www.ensemblekuraia.es\/","name":"Ensemble Kuraia","description":"Ensemble Kuraia - Grupo de m\u00fasica contempor\u00e1nea de Bilbao \/ Bilboko musika garaikide taldea","publisher":{"@id":"https:\/\/www.ensemblekuraia.es\/#organization"},"alternateName":"Ensemble Kuraia","potentialAction":[{"@type":"SearchAction","target":{"@type":"EntryPoint","urlTemplate":"https:\/\/www.ensemblekuraia.es\/?s={search_term_string}"},"query-input":{"@type":"PropertyValueSpecification","valueRequired":true,"valueName":"search_term_string"}}],"inLanguage":"eu-ES"},{"@type":"Organization","@id":"https:\/\/www.ensemblekuraia.es\/#organization","name":"Ensemble Kuraia","alternateName":"Kuraia","url":"https:\/\/www.ensemblekuraia.es\/","logo":{"@type":"ImageObject","inLanguage":"eu-ES","@id":"https:\/\/www.ensemblekuraia.es\/#\/schema\/logo\/image\/","url":"https:\/\/www.ensemblekuraia.es\/wp-content\/uploads\/2023\/08\/Logo-ensemble-kuaria-ng.png","contentUrl":"https:\/\/www.ensemblekuraia.es\/wp-content\/uploads\/2023\/08\/Logo-ensemble-kuaria-ng.png","width":317,"height":43,"caption":"Ensemble Kuraia"},"image":{"@id":"https:\/\/www.ensemblekuraia.es\/#\/schema\/logo\/image\/"},"sameAs":["https:\/\/www.facebook.com\/EnsembleKuraia","https:\/\/www.youtube.com\/@EnsembleKuraia","https:\/\/soundcloud.com\/user-672186296"]}]}},"_links":{"self":[{"href":"https:\/\/www.ensemblekuraia.es\/eu\/wp-json\/wp\/v2\/pages\/1848","targetHints":{"allow":["GET"]}}],"collection":[{"href":"https:\/\/www.ensemblekuraia.es\/eu\/wp-json\/wp\/v2\/pages"}],"about":[{"href":"https:\/\/www.ensemblekuraia.es\/eu\/wp-json\/wp\/v2\/types\/page"}],"author":[{"embeddable":true,"href":"https:\/\/www.ensemblekuraia.es\/eu\/wp-json\/wp\/v2\/users\/4"}],"replies":[{"embeddable":true,"href":"https:\/\/www.ensemblekuraia.es\/eu\/wp-json\/wp\/v2\/comments?post=1848"}],"version-history":[{"count":0,"href":"https:\/\/www.ensemblekuraia.es\/eu\/wp-json\/wp\/v2\/pages\/1848\/revisions"}],"wp:featuredmedia":[{"embeddable":true,"href":"https:\/\/www.ensemblekuraia.es\/eu\/wp-json\/wp\/v2\/media\/2627"}],"wp:attachment":[{"href":"https:\/\/www.ensemblekuraia.es\/eu\/wp-json\/wp\/v2\/media?parent=1848"}],"curies":[{"name":"wp","href":"https:\/\/api.w.org\/{rel}","templated":true}]}}