{"id":1819,"date":"2023-08-14T23:39:09","date_gmt":"2023-08-14T23:39:09","guid":{"rendered":"https:\/\/www.ensemblekuraia.es\/ezagutu-gaitzazu\/"},"modified":"2023-11-04T00:04:49","modified_gmt":"2023-11-04T00:04:49","slug":"ezagutu-gaitzazu","status":"publish","type":"page","link":"https:\/\/www.ensemblekuraia.es\/eu\/ezagutu-gaitzazu\/","title":{"rendered":"Aurkezpena"},"content":{"rendered":"<p>[et_pb_section fb_built=&#8221;1&#8243; admin_label=&#8221;Header&#8221; _builder_version=&#8221;4.21.0&#8243; _module_preset=&#8221;default&#8221; use_background_color_gradient=&#8221;on&#8221; background_color_gradient_stops=&#8221;rgba(0,0,0,0.5) 0%|rgba(0,0,0,0.5) 100%&#8221; background_color_gradient_overlays_image=&#8221;on&#8221; background_image=&#8221;https:\/\/www.ensemblekuraia.es\/wp-content\/uploads\/2023\/09\/2208870.jpg&#8221; custom_padding=&#8221;4vw||4vw||true|false&#8221; collapsed=&#8221;off&#8221; global_colors_info=&#8221;{}&#8221;][et_pb_row _builder_version=&#8221;4.20.0&#8243; _module_preset=&#8221;default&#8221; global_colors_info=&#8221;{}&#8221;][et_pb_column type=&#8221;4_4&#8243; _builder_version=&#8221;4.20.0&#8243; _module_preset=&#8221;default&#8221; global_colors_info=&#8221;{}&#8221;][et_pb_text _builder_version=&#8221;4.21.0&#8243; _module_preset=&#8221;0691634e-971c-4f20-b84e-f7af88ca7aa6&#8243; header_font=&#8221;Cormorant Garamond|||on|||||&#8221; header_text_color=&#8221;#FFFFFF&#8221; header_font_size=&#8221;75px&#8221; header_letter_spacing=&#8221;0.2em&#8221; header_line_height=&#8221;1.2em&#8221; text_orientation=&#8221;center&#8221; custom_margin=&#8221;||-2px|||&#8221; header_font_size_tablet=&#8221;40px&#8221; header_font_size_phone=&#8221;24px&#8221; header_font_size_last_edited=&#8221;on|desktop&#8221; global_colors_info=&#8221;{}&#8221;]<\/p>\n<h1>EZAGUTU GAITZAZU<\/h1>\n<p>[\/et_pb_text][\/et_pb_column][\/et_pb_row][\/et_pb_section][et_pb_section fb_built=&#8221;1&#8243; admin_label=&#8221;SOBRE NOSOTROS&#8221; _builder_version=&#8221;4.20.0&#8243; _module_preset=&#8221;default&#8221; background_color=&#8221;#000000&#8243; collapsed=&#8221;off&#8221; global_colors_info=&#8221;{}&#8221;][et_pb_row column_structure=&#8221;1_2,1_2&#8243; _builder_version=&#8221;4.21.0&#8243; _module_preset=&#8221;default&#8221; custom_padding=&#8221;27px||0px||false|false&#8221; global_colors_info=&#8221;{}&#8221;][et_pb_column type=&#8221;1_2&#8243; _builder_version=&#8221;4.20.0&#8243; _module_preset=&#8221;default&#8221; global_colors_info=&#8221;{}&#8221;][et_pb_text admin_label=&#8221;T\u00cdtulo&#8221; _builder_version=&#8221;4.21.0&#8243; _module_preset=&#8221;6f6bc3d5-0be1-40f8-80c9-5e7237d9ee3b&#8221; header_2_font=&#8221;Cormorant Garamond|||on|||||&#8221; header_2_text_color=&#8221;#FFFFFF&#8221; header_2_font_size=&#8221;32px&#8221; header_2_letter_spacing=&#8221;0.2em&#8221; header_2_line_height=&#8221;1.2em&#8221; header_2_font_size_tablet=&#8221;32px&#8221; header_2_font_size_phone=&#8221;20px&#8221; header_2_font_size_last_edited=&#8221;on|desktop&#8221; global_colors_info=&#8221;{}&#8221;]<\/p>\n<h2>ENSEMBLE KURAIA &#8211; Bilboko musika garaikide taldea<\/h2>\n<p>[\/et_pb_text][et_pb_image src=&#8221;https:\/\/www.ensemblekuraia.es\/wp-content\/uploads\/2023\/08\/Ensemble-Kuraia-4.jpg&#8221; alt=&#8221;Ensemble Kuraiako kideak&#8221; _builder_version=&#8221;4.21.0&#8243; _module_preset=&#8221;default&#8221; sticky_position=&#8221;top&#8221; sticky_offset_top=&#8221;40px&#8221; sticky_limit_bottom=&#8221;section&#8221; global_colors_info=&#8221;{}&#8221;][\/et_pb_image][\/et_pb_column][et_pb_column type=&#8221;1_2&#8243; _builder_version=&#8221;4.20.0&#8243; _module_preset=&#8221;default&#8221; global_colors_info=&#8221;{}&#8221;][et_pb_text admin_label=&#8221;Texto&#8221; _builder_version=&#8221;4.21.0&#8243; _module_preset=&#8221;d7c0b7a5-a9b1-413d-8724-514b8a035576&#8243; text_text_color=&#8221;#FFFFFF&#8221; text_font_size=&#8221;16px&#8221; text_line_height=&#8221;1.8em&#8221; text_font_size_tablet=&#8221;15px&#8221; text_font_size_phone=&#8221;14px&#8221; text_font_size_last_edited=&#8221;on|desktop&#8221; global_colors_info=&#8221;{}&#8221;]<\/p>\n<p style=\"text-align: justify;\">Bilboko <strong>Ensemble Kuraia<\/strong> musika taldea, 1997an Mar\u00eda Eugenia Luc konpositoreak sortu zuen, gaur egungo zuzendari artistikoa bera izanik. Taldeak, gaur egungo musikagileen lanak zabaldu eta goi-mailako profesionalez osaturiko talde baten lankidetza eskaintzea du helburu.<\/p>\n<p style=\"text-align: justify;\"><strong>Ensemble Kuraia<\/strong> erregularki Europa eta Hego Ameriketako jaialdi garrantzitsu eta musika garaikideari eskainitako ekitaldietan aritzen da: Berlingo Universit\u00e4t der K\u00fcnst y Hochschule f\u00fcr Musik, Milan kontserbatorioa eta Labirinti sonori de Parma (Italia), Music around (Strasbourg, Frantzia), Arsonic (Mons, Belgika), SGAE-CNDM Fundazioa Sariak, Alicanteko Jaialdia, CNDM denboraldia, Reina Sof\u00eda Arte Zentruko Museoko Auditorio Nazionala eta Teatros del Canal (Madrid), BBVA Fundazioko Zikloa eta Bilboko Guggenheim museoa, Donostiako Musika Hamabostaldia, Bartzelonako L&#8217;Auditori, Rond\u00f3 kontzertu denboraldia (Milan eta Monza, Italia), Nazioarteko Arteen Zentrua(Mexiko D.F.), Limako FIMCC (Peru), beste batzuen artean.<\/p>\n<p style=\"text-align: justify;\">Kritikaren laudorioak jaso ditu behin baino gehiagotan Bilboko taldeak: \u201cEspainiako musika garaikideko talde erreferenteetako bat\u201d (Scherzo), \u201cguztia Ensemble Kuraiaren interpretazio bikainarekin\u201d (Diario Informaci\u00f3n), \u201ctalde bikaina\u201d (Doce notas), \u201csendo eta oso trebea\u201d (El Diario Vasco), \u201cgoi-mailako kalitatekoa\u201d (El comercio, Lima). <\/p>\n<p style=\"text-align: justify;\">Ensemblea, Kuraia Musika Garaidearen Jardunaldietako eta Bilboko \u201cJ.C. Arriaga Musika Kontserbatorioko talde egoiliarra da. <br \/>Bere proiektuak kalitatea, moldakortasuna eta berrikuntzagatik dira bereizgarriak. Mar\u00eda Eugenia Luc-en lanetik osaturiko \u201cDe aire y luz\u201d CDak (Orpheus zigilua) Mel\u00f3mano de Oro saria eta espezializatutako medioen kritika bikainak jaso zituen. 2014an Yoko Ono artistarekin kolaboratu zuen \u201cSky piece to JC\u201d performancean. Luis De Pablo eta Felix Ibarrondori buruzko dokumentalak bultzatu ditu (EITBen programatuak), eta ganbera opera eta antzerki musikatuen ekoizpenak ere estreinatu ditu taldeak (guztien artean Stravinski-ren \u201cLa historia del soldado\u201d eta Viktor Ullmann musikagile txekiarraren \u201cDer Kaiser von Atlantis\u201d opera ezin dira utzi aipatu gabe). <\/p>\n<p style=\"text-align: justify;\"><strong>Ensemble Kuraiak gaur egungo musikagileei enkarguak egiten dizkie eta musika garaikidearen zabalkuntzarako programa eta proiektu pedagogikoak garatzen ditu Berlingo Klangzeitort, Bilboko Guggenheim Museoa, Euskal Herriko Unibertsitatea (UPV-EHU) eta Musikene-Euskal Herriko Goi-Mailako Musika Ikastegiarekin kolaborazioan.<\/strong> <br \/><strong>Ensemble Kuraiaren<\/strong> kontzertuak RNE-Radio Cl\u00e1sica eta Europa eta Hego Ameriketako beste hainbat irratitan transmitituak izan dira.<br \/>Kuraiarekin pertsonalki elkarlanean aritu diren konpositoreen artean honakoak aurki ditzakegu: Leonardo Balada, Luis De Pablo, Joan Guinjoan, F\u00e9lix Ibarrondo, Ram\u00f3n Lazkano y Jos\u00e9 Manuel L\u00f3pez L\u00f3pez. <\/p>\n<p style=\"text-align: justify;\"><strong>Ensemble Kuraiak<\/strong> honako entitateen babesa jasotzen du: INAEM, Eusko Jaurlaritza, Bizkaiko Foru Aldundia, Bilboko Udala, SGAE Fundazioa, AIE, Musikabulegoa eta Etxepare Euskal Institutua. <\/p>\n<p>[\/et_pb_text][\/et_pb_column][\/et_pb_row][\/et_pb_section][et_pb_section fb_built=&#8221;1&#8243; admin_label=&#8221;INTEGRANTES&#8221; _builder_version=&#8221;4.20.0&#8243; _module_preset=&#8221;default&#8221; collapsed=&#8221;off&#8221; global_colors_info=&#8221;{}&#8221;][et_pb_row _builder_version=&#8221;4.21.0&#8243; _module_preset=&#8221;default&#8221; global_colors_info=&#8221;{}&#8221;][et_pb_column type=&#8221;4_4&#8243; _builder_version=&#8221;4.21.0&#8243; _module_preset=&#8221;default&#8221; global_colors_info=&#8221;{}&#8221;][et_pb_text admin_label=&#8221;T\u00edtulo&#8221; _builder_version=&#8221;4.21.0&#8243; _module_preset=&#8221;default&#8221; header_2_font=&#8221;Cormorant Garamond||||||||&#8221; header_2_text_align=&#8221;center&#8221; header_2_text_color=&#8221;#807914&#8243; header_2_font_size=&#8221;32px&#8221; header_2_letter_spacing=&#8221;0.2em&#8221; global_colors_info=&#8221;{}&#8221;]<\/p>\n<h2 style=\"text-align: center;\">KIDEAK<\/h2>\n<p>[\/et_pb_text][\/et_pb_column][\/et_pb_row][et_pb_row column_structure=&#8221;1_3,1_3,1_3&#8243; custom_padding_last_edited=&#8221;on|tablet&#8221; _builder_version=&#8221;4.21.0&#8243; _module_preset=&#8221;default&#8221; custom_margin=&#8221;||15px||false|false&#8221; custom_padding=&#8221;||25px||false|false&#8221; custom_padding_tablet=&#8221;||0px||false|false&#8221; custom_padding_phone=&#8221;||0px||false|false&#8221; border_color_all=&#8221;#000000&#8243; global_colors_info=&#8221;{}&#8221;][et_pb_column type=&#8221;1_3&#8243; _builder_version=&#8221;4.20.0&#8243; _module_preset=&#8221;default&#8221; global_colors_info=&#8221;{}&#8221;][et_pb_text admin_label=&#8221;Nombre&#8221; _builder_version=&#8221;4.21.0&#8243; _module_preset=&#8221;6f6bc3d5-0be1-40f8-80c9-5e7237d9ee3b&#8221; text_font=&#8221;|||on|||||&#8221; text_font_size=&#8221;11px&#8221; header_2_font=&#8221;Cormorant Garamond|||on|||||&#8221; header_2_text_color=&#8221;#FFFFFF&#8221; header_2_font_size=&#8221;32px&#8221; header_2_letter_spacing=&#8221;0.2em&#8221; header_2_line_height=&#8221;1.2em&#8221; header_3_font=&#8221;Cormorant Garamond|600||on|||||&#8221; header_3_text_align=&#8221;center&#8221; header_2_font_size_tablet=&#8221;32px&#8221; header_2_font_size_phone=&#8221;20px&#8221; header_2_font_size_last_edited=&#8221;on|desktop&#8221; global_colors_info=&#8221;{}&#8221;]<\/p>\n<h3 style=\"text-align: center;\">Mar\u00eda Eugenia Luc <\/h3>\n<p style=\"text-align: center;\"><strong>Zuzendaritza artistikoa eta elektroakustikoa<\/strong><\/p>\n<p>[\/et_pb_text][et_pb_image src=&#8221;https:\/\/www.ensemblekuraia.es\/wp-content\/uploads\/2023\/08\/eugenia.jpg&#8221; alt=&#8221;Argazkia: Mar\u00eda Eugenia Luc &#8221; title_text=&#8221;Mar\u00eda Eugenia Luc &#8221; align=&#8221;center&#8221; _builder_version=&#8221;4.21.0&#8243; _module_preset=&#8221;default&#8221; filter_saturate=&#8221;0%&#8221; global_colors_info=&#8221;{}&#8221;][\/et_pb_image][et_pb_text admin_label=&#8221;Copy&#8221; _builder_version=&#8221;4.21.0&#8243; _module_preset=&#8221;6f6bc3d5-0be1-40f8-80c9-5e7237d9ee3b&#8221; text_font=&#8221;|||on|||||&#8221; text_font_size=&#8221;11px&#8221; text_line_height=&#8221;0.7em&#8221; header_2_font=&#8221;Cormorant Garamond|||on|||||&#8221; header_2_text_color=&#8221;#FFFFFF&#8221; header_2_font_size=&#8221;32px&#8221; header_2_letter_spacing=&#8221;0.2em&#8221; header_2_line_height=&#8221;1.2em&#8221; header_3_font=&#8221;Cormorant Garamond|600||on|||||&#8221; header_3_text_align=&#8221;center&#8221; text_orientation=&#8221;center&#8221; custom_margin=&#8221;-22px||||false|false&#8221; header_2_font_size_tablet=&#8221;32px&#8221; header_2_font_size_phone=&#8221;20px&#8221; header_2_font_size_last_edited=&#8221;on|desktop&#8221; global_colors_info=&#8221;{}&#8221;]<\/p>\n<p>\u00a9 Guy Vivien<\/p>\n<p>[\/et_pb_text][\/et_pb_column][et_pb_column type=&#8221;1_3&#8243; _builder_version=&#8221;4.20.0&#8243; _module_preset=&#8221;default&#8221; global_colors_info=&#8221;{}&#8221;][et_pb_text admin_label=&#8221;Nombre&#8221; _builder_version=&#8221;4.21.0&#8243; _module_preset=&#8221;6f6bc3d5-0be1-40f8-80c9-5e7237d9ee3b&#8221; text_font=&#8221;|||on|||||&#8221; text_font_size=&#8221;11px&#8221; header_2_font=&#8221;Cormorant Garamond|||on|||||&#8221; header_2_text_color=&#8221;#FFFFFF&#8221; header_2_font_size=&#8221;32px&#8221; header_2_letter_spacing=&#8221;0.2em&#8221; header_2_line_height=&#8221;1.2em&#8221; header_3_font=&#8221;Cormorant Garamond|600||on|||||&#8221; header_3_text_align=&#8221;center&#8221; header_2_font_size_tablet=&#8221;32px&#8221; header_2_font_size_phone=&#8221;20px&#8221; header_2_font_size_last_edited=&#8221;on|desktop&#8221; global_colors_info=&#8221;{}&#8221;]<\/p>\n<h3 style=\"text-align: center;\">Andrea Cazzaniga<\/h3>\n<p style=\"text-align: center;\"><strong>Musika zuzendaritza<\/strong><\/p>\n<p>[\/et_pb_text][et_pb_image src=&#8221;https:\/\/www.ensemblekuraia.es\/wp-content\/uploads\/2023\/08\/andrea.jpg&#8221; alt=&#8221;Argazkia: Andrea Cazzaniga &#8221; title_text=&#8221;Andrea Cazzaniga &#8221; align=&#8221;center&#8221; _builder_version=&#8221;4.21.0&#8243; _module_preset=&#8221;default&#8221; filter_saturate=&#8221;0%&#8221; global_colors_info=&#8221;{}&#8221;][\/et_pb_image][et_pb_text admin_label=&#8221;Copy&#8221; _builder_version=&#8221;4.21.0&#8243; _module_preset=&#8221;6f6bc3d5-0be1-40f8-80c9-5e7237d9ee3b&#8221; text_font=&#8221;|||on|||||&#8221; text_font_size=&#8221;11px&#8221; text_line_height=&#8221;0.7em&#8221; header_2_font=&#8221;Cormorant Garamond|||on|||||&#8221; header_2_text_color=&#8221;#FFFFFF&#8221; header_2_font_size=&#8221;32px&#8221; header_2_letter_spacing=&#8221;0.2em&#8221; header_2_line_height=&#8221;1.2em&#8221; header_3_font=&#8221;Cormorant Garamond|600||on|||||&#8221; header_3_text_align=&#8221;center&#8221; text_orientation=&#8221;center&#8221; custom_margin=&#8221;-22px||||false|false&#8221; header_2_font_size_tablet=&#8221;32px&#8221; header_2_font_size_phone=&#8221;20px&#8221; header_2_font_size_last_edited=&#8221;on|desktop&#8221; global_colors_info=&#8221;{}&#8221;]<\/p>\n<p>\u00a9 Marieli Oviedo<\/p>\n<p>[\/et_pb_text][\/et_pb_column][et_pb_column type=&#8221;1_3&#8243; _builder_version=&#8221;4.20.0&#8243; _module_preset=&#8221;default&#8221; global_colors_info=&#8221;{}&#8221;][et_pb_text admin_label=&#8221;Nombre&#8221; _builder_version=&#8221;4.21.0&#8243; _module_preset=&#8221;6f6bc3d5-0be1-40f8-80c9-5e7237d9ee3b&#8221; text_font=&#8221;|||on|||||&#8221; text_font_size=&#8221;11px&#8221; header_2_font=&#8221;Cormorant Garamond|||on|||||&#8221; header_2_text_color=&#8221;#FFFFFF&#8221; header_2_font_size=&#8221;32px&#8221; header_2_letter_spacing=&#8221;0.2em&#8221; header_2_line_height=&#8221;1.2em&#8221; header_3_font=&#8221;Cormorant Garamond|600||on|||||&#8221; header_3_text_align=&#8221;center&#8221; header_2_font_size_tablet=&#8221;32px&#8221; header_2_font_size_phone=&#8221;20px&#8221; header_2_font_size_last_edited=&#8221;on|desktop&#8221; global_colors_info=&#8221;{}&#8221;]<\/p>\n<h3 style=\"text-align: center;\">Xabier Calzada<\/h3>\n<p style=\"text-align: center;\"><strong>Flauta<\/strong><\/p>\n<p>[\/et_pb_text][et_pb_image src=&#8221;https:\/\/www.ensemblekuraia.es\/wp-content\/uploads\/2023\/08\/xabier.jpg&#8221; alt=&#8221;Argazkia: Xabier Calzada&#8221; title_text=&#8221;Xabier Calzada&#8221; align=&#8221;center&#8221; _builder_version=&#8221;4.21.0&#8243; _module_preset=&#8221;default&#8221; filter_saturate=&#8221;0%&#8221; global_colors_info=&#8221;{}&#8221;][\/et_pb_image][et_pb_text admin_label=&#8221;Copy&#8221; _builder_version=&#8221;4.21.0&#8243; _module_preset=&#8221;6f6bc3d5-0be1-40f8-80c9-5e7237d9ee3b&#8221; text_font=&#8221;|||on|||||&#8221; text_font_size=&#8221;11px&#8221; text_line_height=&#8221;0.7em&#8221; header_2_font=&#8221;Cormorant Garamond|||on|||||&#8221; header_2_text_color=&#8221;#FFFFFF&#8221; header_2_font_size=&#8221;32px&#8221; header_2_letter_spacing=&#8221;0.2em&#8221; header_2_line_height=&#8221;1.2em&#8221; header_3_font=&#8221;Cormorant Garamond|600||on|||||&#8221; header_3_text_align=&#8221;center&#8221; text_orientation=&#8221;center&#8221; custom_margin=&#8221;-22px||||false|false&#8221; header_2_font_size_tablet=&#8221;32px&#8221; header_2_font_size_phone=&#8221;20px&#8221; header_2_font_size_last_edited=&#8221;on|desktop&#8221; global_colors_info=&#8221;{}&#8221;]<\/p>\n<p>\u00a9 Marieli Oviedo<\/p>\n<p>[\/et_pb_text][\/et_pb_column][\/et_pb_row][et_pb_row column_structure=&#8221;1_3,1_3,1_3&#8243; custom_padding_last_edited=&#8221;on|tablet&#8221; _builder_version=&#8221;4.21.0&#8243; _module_preset=&#8221;default&#8221; custom_margin=&#8221;||15px||false|false&#8221; custom_padding=&#8221;||25px||false|false&#8221; custom_padding_tablet=&#8221;||0px||false|false&#8221; custom_padding_phone=&#8221;||0px||false|false&#8221; border_color_all=&#8221;#000000&#8243; border_color_bottom=&#8221;#ABA119&#8243; global_colors_info=&#8221;{}&#8221;][et_pb_column type=&#8221;1_3&#8243; _builder_version=&#8221;4.20.0&#8243; _module_preset=&#8221;default&#8221; global_colors_info=&#8221;{}&#8221;][et_pb_text admin_label=&#8221;Nombre&#8221; _builder_version=&#8221;4.21.0&#8243; _module_preset=&#8221;6f6bc3d5-0be1-40f8-80c9-5e7237d9ee3b&#8221; text_font=&#8221;|||on|||||&#8221; text_font_size=&#8221;11px&#8221; header_2_font=&#8221;Cormorant Garamond|||on|||||&#8221; header_2_text_color=&#8221;#FFFFFF&#8221; header_2_font_size=&#8221;32px&#8221; header_2_letter_spacing=&#8221;0.2em&#8221; header_2_line_height=&#8221;1.2em&#8221; header_3_font=&#8221;Cormorant Garamond|600||on|||||&#8221; header_3_text_align=&#8221;center&#8221; header_2_font_size_tablet=&#8221;32px&#8221; header_2_font_size_phone=&#8221;20px&#8221; header_2_font_size_last_edited=&#8221;on|desktop&#8221; global_colors_info=&#8221;{}&#8221;]<\/p>\n<h3 style=\"text-align: center;\">Sergio Barranco<\/h3>\n<p style=\"text-align: center;\"><strong>Clarinetea<\/strong><\/p>\n<p>[\/et_pb_text][et_pb_image src=&#8221;https:\/\/www.ensemblekuraia.es\/wp-content\/uploads\/2023\/08\/sergio.jpg&#8221; alt=&#8221;Argazkia: Sergio Barranco&#8221; title_text=&#8221;Sergio Barranco&#8221; align=&#8221;center&#8221; _builder_version=&#8221;4.21.0&#8243; _module_preset=&#8221;default&#8221; filter_saturate=&#8221;0%&#8221; global_colors_info=&#8221;{}&#8221;][\/et_pb_image][et_pb_text admin_label=&#8221;Copy&#8221; _builder_version=&#8221;4.21.0&#8243; _module_preset=&#8221;6f6bc3d5-0be1-40f8-80c9-5e7237d9ee3b&#8221; text_font=&#8221;|||on|||||&#8221; text_font_size=&#8221;11px&#8221; text_line_height=&#8221;0.7em&#8221; header_2_font=&#8221;Cormorant Garamond|||on|||||&#8221; header_2_text_color=&#8221;#FFFFFF&#8221; header_2_font_size=&#8221;32px&#8221; header_2_letter_spacing=&#8221;0.2em&#8221; header_2_line_height=&#8221;1.2em&#8221; header_3_font=&#8221;Cormorant Garamond|600||on|||||&#8221; header_3_text_align=&#8221;center&#8221; text_orientation=&#8221;center&#8221; custom_margin=&#8221;-22px||||false|false&#8221; header_2_font_size_tablet=&#8221;32px&#8221; header_2_font_size_phone=&#8221;20px&#8221; header_2_font_size_last_edited=&#8221;on|desktop&#8221; global_colors_info=&#8221;{}&#8221;]<\/p>\n<p>\u00a9 Marieli Oviedo<\/p>\n<p>[\/et_pb_text][\/et_pb_column][et_pb_column type=&#8221;1_3&#8243; _builder_version=&#8221;4.20.0&#8243; _module_preset=&#8221;default&#8221; global_colors_info=&#8221;{}&#8221;][et_pb_text admin_label=&#8221;Nombre&#8221; _builder_version=&#8221;4.21.0&#8243; _module_preset=&#8221;6f6bc3d5-0be1-40f8-80c9-5e7237d9ee3b&#8221; text_font=&#8221;|||on|||||&#8221; text_font_size=&#8221;11px&#8221; header_2_font=&#8221;Cormorant Garamond|||on|||||&#8221; header_2_text_color=&#8221;#FFFFFF&#8221; header_2_font_size=&#8221;32px&#8221; header_2_letter_spacing=&#8221;0.2em&#8221; header_2_line_height=&#8221;1.2em&#8221; header_3_font=&#8221;Cormorant Garamond|600||on|||||&#8221; header_3_text_align=&#8221;center&#8221; header_2_font_size_tablet=&#8221;32px&#8221; header_2_font_size_phone=&#8221;20px&#8221; header_2_font_size_last_edited=&#8221;on|desktop&#8221; global_colors_info=&#8221;{}&#8221;]<\/p>\n<h3 style=\"text-align: center;\">Elur Arrieta<\/h3>\n<p style=\"text-align: center;\"><strong>Perkusioa<\/strong><\/p>\n<p>[\/et_pb_text][et_pb_image src=&#8221;https:\/\/www.ensemblekuraia.es\/wp-content\/uploads\/2023\/08\/elur.jpg&#8221; alt=&#8221;Argazkia: Elur Arrieta&#8221; title_text=&#8221;Elur Arrieta&#8221; align=&#8221;center&#8221; _builder_version=&#8221;4.21.0&#8243; _module_preset=&#8221;default&#8221; filter_saturate=&#8221;0%&#8221; global_colors_info=&#8221;{}&#8221;][\/et_pb_image][et_pb_text admin_label=&#8221;Copy&#8221; _builder_version=&#8221;4.21.0&#8243; _module_preset=&#8221;6f6bc3d5-0be1-40f8-80c9-5e7237d9ee3b&#8221; text_font=&#8221;|||on|||||&#8221; text_font_size=&#8221;11px&#8221; text_line_height=&#8221;0.7em&#8221; header_2_font=&#8221;Cormorant Garamond|||on|||||&#8221; header_2_text_color=&#8221;#FFFFFF&#8221; header_2_font_size=&#8221;32px&#8221; header_2_letter_spacing=&#8221;0.2em&#8221; header_2_line_height=&#8221;1.2em&#8221; header_3_font=&#8221;Cormorant Garamond|600||on|||||&#8221; header_3_text_align=&#8221;center&#8221; text_orientation=&#8221;center&#8221; custom_margin=&#8221;-22px||||false|false&#8221; header_2_font_size_tablet=&#8221;32px&#8221; header_2_font_size_phone=&#8221;20px&#8221; header_2_font_size_last_edited=&#8221;on|desktop&#8221; global_colors_info=&#8221;{}&#8221;]<\/p>\n<p>\u00a9 Marieli Oviedo<\/p>\n<p>[\/et_pb_text][\/et_pb_column][et_pb_column type=&#8221;1_3&#8243; _builder_version=&#8221;4.20.0&#8243; _module_preset=&#8221;default&#8221; global_colors_info=&#8221;{}&#8221;][et_pb_text admin_label=&#8221;Nombre&#8221; _builder_version=&#8221;4.21.0&#8243; _module_preset=&#8221;6f6bc3d5-0be1-40f8-80c9-5e7237d9ee3b&#8221; text_font=&#8221;|||on|||||&#8221; text_font_size=&#8221;11px&#8221; header_2_font=&#8221;Cormorant Garamond|||on|||||&#8221; header_2_text_color=&#8221;#FFFFFF&#8221; header_2_font_size=&#8221;32px&#8221; header_2_letter_spacing=&#8221;0.2em&#8221; header_2_line_height=&#8221;1.2em&#8221; header_3_font=&#8221;Cormorant Garamond|600||on|||||&#8221; header_3_text_align=&#8221;center&#8221; header_2_font_size_tablet=&#8221;32px&#8221; header_2_font_size_phone=&#8221;20px&#8221; header_2_font_size_last_edited=&#8221;on|desktop&#8221; global_colors_info=&#8221;{}&#8221;]<\/p>\n<h3 style=\"text-align: center;\">Berta Fresco<\/h3>\n<p style=\"text-align: center;\"><strong>Pianoa<\/strong><\/p>\n<p>[\/et_pb_text][et_pb_image src=&#8221;https:\/\/www.ensemblekuraia.es\/wp-content\/uploads\/2023\/08\/berta2.jpg&#8221; alt=&#8221;Argazkia: Berta Fresco&#8221; title_text=&#8221;Berta Fresco&#8221; align=&#8221;center&#8221; _builder_version=&#8221;4.21.0&#8243; _module_preset=&#8221;default&#8221; filter_saturate=&#8221;0%&#8221; global_colors_info=&#8221;{}&#8221;][\/et_pb_image][et_pb_text admin_label=&#8221;Copy&#8221; _builder_version=&#8221;4.21.0&#8243; _module_preset=&#8221;6f6bc3d5-0be1-40f8-80c9-5e7237d9ee3b&#8221; text_font=&#8221;|||on|||||&#8221; text_font_size=&#8221;11px&#8221; text_line_height=&#8221;0.7em&#8221; header_2_font=&#8221;Cormorant Garamond|||on|||||&#8221; header_2_text_color=&#8221;#FFFFFF&#8221; header_2_font_size=&#8221;32px&#8221; header_2_letter_spacing=&#8221;0.2em&#8221; header_2_line_height=&#8221;1.2em&#8221; header_3_font=&#8221;Cormorant Garamond|600||on|||||&#8221; header_3_text_align=&#8221;center&#8221; text_orientation=&#8221;center&#8221; custom_margin=&#8221;-22px||||false|false&#8221; header_2_font_size_tablet=&#8221;32px&#8221; header_2_font_size_phone=&#8221;20px&#8221; header_2_font_size_last_edited=&#8221;on|desktop&#8221; global_colors_info=&#8221;{}&#8221;]<\/p>\n<p>\u00a9 Marieli Oviedo<\/p>\n<p>[\/et_pb_text][\/et_pb_column][\/et_pb_row][et_pb_row column_structure=&#8221;1_3,1_3,1_3&#8243; custom_padding_last_edited=&#8221;on|tablet&#8221; _builder_version=&#8221;4.21.0&#8243; _module_preset=&#8221;default&#8221; custom_margin=&#8221;||15px||false|false&#8221; custom_padding=&#8221;||25px||false|false&#8221; custom_padding_tablet=&#8221;||0px||false|false&#8221; custom_padding_phone=&#8221;||0px||false|false&#8221; border_color_all=&#8221;#000000&#8243; border_color_bottom=&#8221;#ABA119&#8243; global_colors_info=&#8221;{}&#8221;][et_pb_column type=&#8221;1_3&#8243; _builder_version=&#8221;4.20.0&#8243; _module_preset=&#8221;default&#8221; global_colors_info=&#8221;{}&#8221;][et_pb_text admin_label=&#8221;Nombre&#8221; _builder_version=&#8221;4.21.0&#8243; _module_preset=&#8221;6f6bc3d5-0be1-40f8-80c9-5e7237d9ee3b&#8221; text_font=&#8221;|||on|||||&#8221; text_font_size=&#8221;11px&#8221; header_2_font=&#8221;Cormorant Garamond|||on|||||&#8221; header_2_text_color=&#8221;#FFFFFF&#8221; header_2_font_size=&#8221;32px&#8221; header_2_letter_spacing=&#8221;0.2em&#8221; header_2_line_height=&#8221;1.2em&#8221; header_3_font=&#8221;Cormorant Garamond|600||on|||||&#8221; header_3_text_align=&#8221;center&#8221; header_2_font_size_tablet=&#8221;32px&#8221; header_2_font_size_phone=&#8221;20px&#8221; header_2_font_size_last_edited=&#8221;on|desktop&#8221; global_colors_info=&#8221;{}&#8221;]<\/p>\n<h3 style=\"text-align: center;\"><strong>Luis Ibiricu<\/strong><\/h3>\n<p style=\"text-align: center;\"><strong>Biolina\/Biola<br \/><\/strong><\/p>\n<p>[\/et_pb_text][et_pb_image src=&#8221;https:\/\/www.ensemblekuraia.es\/wp-content\/uploads\/2023\/08\/luis.jpg&#8221; alt=&#8221;Argazkia: Luis Ibiricu&#8221; title_text=&#8221;Luis Ibiricu&#8221; align=&#8221;center&#8221; _builder_version=&#8221;4.21.0&#8243; _module_preset=&#8221;default&#8221; filter_saturate=&#8221;0%&#8221; global_colors_info=&#8221;{}&#8221;][\/et_pb_image][et_pb_text admin_label=&#8221;Copy&#8221; _builder_version=&#8221;4.21.0&#8243; _module_preset=&#8221;6f6bc3d5-0be1-40f8-80c9-5e7237d9ee3b&#8221; text_font=&#8221;|||on|||||&#8221; text_font_size=&#8221;11px&#8221; text_line_height=&#8221;0.7em&#8221; header_2_font=&#8221;Cormorant Garamond|||on|||||&#8221; header_2_text_color=&#8221;#FFFFFF&#8221; header_2_font_size=&#8221;32px&#8221; header_2_letter_spacing=&#8221;0.2em&#8221; header_2_line_height=&#8221;1.2em&#8221; header_3_font=&#8221;Cormorant Garamond|600||on|||||&#8221; header_3_text_align=&#8221;center&#8221; text_orientation=&#8221;center&#8221; custom_margin=&#8221;-22px||||false|false&#8221; header_2_font_size_tablet=&#8221;32px&#8221; header_2_font_size_phone=&#8221;20px&#8221; header_2_font_size_last_edited=&#8221;on|desktop&#8221; global_colors_info=&#8221;{}&#8221;]<\/p>\n<p>\u00a9 Marieli Oviedo<\/p>\n<p>[\/et_pb_text][\/et_pb_column][et_pb_column type=&#8221;1_3&#8243; _builder_version=&#8221;4.20.0&#8243; _module_preset=&#8221;default&#8221; global_colors_info=&#8221;{}&#8221;][et_pb_text admin_label=&#8221;Nombre&#8221; _builder_version=&#8221;4.21.0&#8243; _module_preset=&#8221;6f6bc3d5-0be1-40f8-80c9-5e7237d9ee3b&#8221; text_font=&#8221;|||on|||||&#8221; text_font_size=&#8221;11px&#8221; header_2_font=&#8221;Cormorant Garamond|||on|||||&#8221; header_2_text_color=&#8221;#FFFFFF&#8221; header_2_font_size=&#8221;32px&#8221; header_2_letter_spacing=&#8221;0.2em&#8221; header_2_line_height=&#8221;1.2em&#8221; header_3_font=&#8221;Cormorant Garamond|600||on|||||&#8221; header_3_text_align=&#8221;center&#8221; header_2_font_size_tablet=&#8221;32px&#8221; header_2_font_size_phone=&#8221;20px&#8221; header_2_font_size_last_edited=&#8221;on|desktop&#8221; global_colors_info=&#8221;{}&#8221;]<\/p>\n<h3 style=\"text-align: center;\"><strong>Bel\u00e9n Fern\u00e1ndez<\/strong><\/h3>\n<p style=\"text-align: center;\"><strong>Biolontxeloa<\/strong><\/p>\n<p>[\/et_pb_text][et_pb_image src=&#8221;https:\/\/www.ensemblekuraia.es\/wp-content\/uploads\/2023\/08\/belen.jpg&#8221; alt=&#8221;Argazkia: Bel\u00e9n Fern\u00e1ndez &#8221; title_text=&#8221;Bel\u00e9n Fern\u00e1ndez &#8221; align=&#8221;center&#8221; _builder_version=&#8221;4.21.0&#8243; _module_preset=&#8221;default&#8221; filter_saturate=&#8221;0%&#8221; global_colors_info=&#8221;{}&#8221;][\/et_pb_image][et_pb_text admin_label=&#8221;Copy&#8221; _builder_version=&#8221;4.21.0&#8243; _module_preset=&#8221;6f6bc3d5-0be1-40f8-80c9-5e7237d9ee3b&#8221; text_font=&#8221;|||on|||||&#8221; text_font_size=&#8221;11px&#8221; text_line_height=&#8221;0.7em&#8221; header_2_font=&#8221;Cormorant Garamond|||on|||||&#8221; header_2_text_color=&#8221;#FFFFFF&#8221; header_2_font_size=&#8221;32px&#8221; header_2_letter_spacing=&#8221;0.2em&#8221; header_2_line_height=&#8221;1.2em&#8221; header_3_font=&#8221;Cormorant Garamond|600||on|||||&#8221; header_3_text_align=&#8221;center&#8221; text_orientation=&#8221;center&#8221; custom_margin=&#8221;-22px||||false|false&#8221; header_2_font_size_tablet=&#8221;32px&#8221; header_2_font_size_phone=&#8221;20px&#8221; header_2_font_size_last_edited=&#8221;on|desktop&#8221; global_colors_info=&#8221;{}&#8221;]<\/p>\n<p>\u00a9 Marieli Oviedo<\/p>\n<p>[\/et_pb_text][\/et_pb_column][et_pb_column type=&#8221;1_3&#8243; _builder_version=&#8221;4.20.0&#8243; _module_preset=&#8221;default&#8221; global_colors_info=&#8221;{}&#8221;][et_pb_text admin_label=&#8221;Nombre&#8221; _builder_version=&#8221;4.21.0&#8243; _module_preset=&#8221;6f6bc3d5-0be1-40f8-80c9-5e7237d9ee3b&#8221; text_font=&#8221;|||on|||||&#8221; text_font_size=&#8221;11px&#8221; header_2_font=&#8221;Cormorant Garamond|||on|||||&#8221; header_2_text_color=&#8221;#FFFFFF&#8221; header_2_font_size=&#8221;32px&#8221; header_2_letter_spacing=&#8221;0.2em&#8221; header_2_line_height=&#8221;1.2em&#8221; header_3_font=&#8221;Cormorant Garamond|600||on|||||&#8221; header_3_text_align=&#8221;center&#8221; header_2_font_size_tablet=&#8221;32px&#8221; header_2_font_size_phone=&#8221;20px&#8221; header_2_font_size_last_edited=&#8221;on|desktop&#8221; global_colors_info=&#8221;{}&#8221;]<\/p>\n<h3 style=\"text-align: center;\"><strong>Juan Antonio Ros<\/strong><\/h3>\n<p style=\"text-align: center;\"><strong>Grabazio-teknikaria eta soinua jartzea<br \/><\/strong><\/p>\n<p>[\/et_pb_text][et_pb_image src=&#8221;https:\/\/www.ensemblekuraia.es\/wp-content\/uploads\/2023\/08\/juan.jpg&#8221; alt=&#8221;Argazkia: Juan Antonio Ros&#8221; title_text=&#8221;Juan Antonio Ros&#8221; align=&#8221;center&#8221; _builder_version=&#8221;4.21.0&#8243; _module_preset=&#8221;default&#8221; filter_saturate=&#8221;0%&#8221; global_colors_info=&#8221;{}&#8221;][\/et_pb_image][\/et_pb_column][\/et_pb_row][\/et_pb_section][et_pb_section fb_built=&#8221;1&#8243; admin_label=&#8221;TESTIMONIOS&#8221; _builder_version=&#8221;4.20.0&#8243; _module_preset=&#8221;default&#8221; global_module=&#8221;1118&#8243; collapsed=&#8221;off&#8221; global_colors_info=&#8221;{}&#8221;][et_pb_row _builder_version=&#8221;4.20.0&#8243; _module_preset=&#8221;default&#8221; global_colors_info=&#8221;{}&#8221;][et_pb_column type=&#8221;4_4&#8243; _builder_version=&#8221;4.20.0&#8243; _module_preset=&#8221;default&#8221; global_colors_info=&#8221;{}&#8221;][et_pb_icon font_icon=&#8221;&#xf10d;||fa||900&#8243; icon_color=&#8221;#000000&#8243; icon_width=&#8221;56px&#8221; _builder_version=&#8221;4.20.0&#8243; _module_preset=&#8221;default&#8221; global_colors_info=&#8221;{}&#8221;][\/et_pb_icon][et_pb_slider arrows_custom_color=&#8221;#000000&#8243; dot_nav_custom_color=&#8221;#000000&#8243; _builder_version=&#8221;4.21.0&#8243; _module_preset=&#8221;8dc90cd6-09ff-42b4-bdd9-3a9ac7bb3bd0&#8243; header_font=&#8221;Inter|600||on|||||&#8221; header_text_color=&#8221;gcid-8b50368a-c64a-42be-b110-e2137ab417d1&#8243; header_font_size=&#8221;14px&#8221; header_letter_spacing=&#8221;0.5em&#8221; header_line_height=&#8221;1.4em&#8221; body_text_color=&#8221;#666666&#8243; body_font_size=&#8221;20px&#8221; body_line_height=&#8221;1.8em&#8221; background_color=&#8221;RGBA(255,255,255,0)&#8221; custom_button=&#8221;on&#8221; button_text_size=&#8221;14px&#8221; button_text_color=&#8221;#FFFFFF&#8221; button_bg_color=&#8221;#000000&#8243; button_border_width=&#8221;0px&#8221; button_border_radius=&#8221;0px&#8221; button_letter_spacing=&#8221;0.2em&#8221; button_font=&#8221;Cormorant Garamond|700||on|||||&#8221; button_custom_padding=&#8221;16px|24px|16px|24px|true|true&#8221; custom_padding=&#8221;60px||||false|false&#8221; header_font_size_tablet=&#8221;20px&#8221; header_font_size_phone=&#8221;16px&#8221; header_font_size_last_edited=&#8221;on|desktop&#8221; body_font_size_tablet=&#8221;16px&#8221; body_font_size_phone=&#8221;14px&#8221; body_font_size_last_edited=&#8221;on|desktop&#8221; border_width_top=&#8221;2px&#8221; border_color_top=&#8221;#aba119&#8243; text_shadow_style=&#8221;preset1&#8243; text_shadow_color=&#8221;RGBA(255,255,255,0)&#8221; locked=&#8221;off&#8221; global_colors_info=&#8221;{%22gcid-8b50368a-c64a-42be-b110-e2137ab417d1%22:%91%22header_text_color%22%93}&#8221;][et_pb_slide heading=&#8221;Luis De Pablo&#8221; _builder_version=&#8221;4.21.0&#8243; _module_preset=&#8221;default&#8221; locked=&#8221;off&#8221; global_colors_info=&#8221;{}&#8221; sticky_transition=&#8221;on&#8221;]<\/p>\n<p>&#8220;Kuraiarekin egindako kolaborazioak, duelako hogei urtetik gertu egon daitezke. Taldeak gehien jotako obren artean nire \u201cEp\u00edstola al transe\u00fante\u201d obra dago: mundu erdia baino gehiagotik paseatu dute. Beraien bertsioak miresgarritik gainidiezinerartekoak dira: pozez eta esker onez diot.\u201d<\/p>\n<p>[\/et_pb_slide][et_pb_slide heading=&#8221;Jos\u00e9 Manuel L\u00f3pez L\u00f3pez&#8221; _builder_version=&#8221;4.21.0&#8243; _module_preset=&#8221;default&#8221; locked=&#8221;off&#8221; global_colors_info=&#8221;{}&#8221; sticky_transition=&#8221;on&#8221;]<\/p>\n<p>\u201cDudarik gabe, Kuraia estatuko talderik garrantzitsuenetarikoa da bere ibilbide luzeagatik, baina batez ere bere taldekide guztien konbentzimendu, profesionaltasun eta dotoreziagatik. Maila honetako taldeak dira musikaren etorkizuna, benetako musikarena\u2026\u201d<\/p>\n<p>[\/et_pb_slide][et_pb_slide heading=&#8221;Leonardo Balada&#8221; _builder_version=&#8221;4.21.0&#8243; _module_preset=&#8221;default&#8221; locked=&#8221;off&#8221; global_colors_info=&#8221;{}&#8221; sticky_transition=&#8221;on&#8221;]<\/p>\n<p>\u201cEnsemble Kuraia Caprichos n\u00ba7an entzutean oso zoriontsu sentitu nintzen, izan ere bai klarinete bakarlari, zuzendari eta taldeak nire ideiak bikain irudikatu zituzten gogoberotasunezko oparotasunez. Musika talde bikaina eta esperientzia bikaina\u201d<\/p>\n<p>[\/et_pb_slide][\/et_pb_slider][\/et_pb_column][\/et_pb_row][\/et_pb_section][et_pb_section fb_built=&#8221;1&#8243; admin_label=&#8221;HIST\u00d3RICO&#8221; _builder_version=&#8221;4.21.0&#8243; _module_preset=&#8221;default&#8221; background_color=&#8221;RGBA(171,161,25,0.8)&#8221; background_image=&#8221;https:\/\/www.ensemblekuraia.es\/wp-content\/uploads\/2023\/09\/2208639.jpg&#8221; background_size=&#8221;custom&#8221; background_image_width=&#8221;44%&#8221; background_position=&#8221;center_left&#8221; background_last_edited=&#8221;on|phone&#8221; background_enable_image_tablet=&#8221;off&#8221; global_module=&#8221;2446&#8243; saved_tabs=&#8221;all&#8221; global_colors_info=&#8221;{}&#8221; custom_padding=&#8221;90px||88px|||&#8221;][et_pb_row column_structure=&#8221;1_2,1_2&#8243; _builder_version=&#8221;4.21.0&#8243; _module_preset=&#8221;default&#8221; global_colors_info=&#8221;{}&#8221;][et_pb_column type=&#8221;1_2&#8243; _builder_version=&#8221;4.21.0&#8243; _module_preset=&#8221;default&#8221; global_colors_info=&#8221;{}&#8221;][\/et_pb_column][et_pb_column type=&#8221;1_2&#8243; _builder_version=&#8221;4.21.0&#8243; _module_preset=&#8221;default&#8221; global_colors_info=&#8221;{}&#8221;][et_pb_text admin_label=&#8221;T\u00edtulo&#8221; _builder_version=&#8221;4.21.0&#8243; _module_preset=&#8221;default&#8221; header_2_font=&#8221;Cormorant Garamond|500||on|||||&#8221; header_2_text_align=&#8221;center&#8221; header_2_text_color=&#8221;#000000&#8243; header_2_font_size=&#8221;32px&#8221; header_2_letter_spacing=&#8221;0.2em&#8221; header_2_line_height=&#8221;1.5em&#8221; global_colors_info=&#8221;{}&#8221;]<\/p>\n<h2 style=\"text-align: center;\">Historikoa<\/h2>\n<p style=\"text-align: center;\">Kontzertuak, birak, zikloak eta Ensemble Kuraiaren jarduera guztiak urtez urte<\/p>\n<p>[\/et_pb_text][et_pb_button button_url=&#8221;https:\/\/www.ensemblekuraia.es\/eu\/historico\/&#8221; button_text=&#8221;KONTSULTATU GURE JARDUERA URTEZ URTE&#8221; button_alignment=&#8221;center&#8221; admin_label=&#8221;Bot\u00f3n a Hist\u00f3rico&#8221; _builder_version=&#8221;4.21.0&#8243; _module_preset=&#8221;1a7ebcdf-74cf-49d0-a7ba-2c93f24e0d00&#8243; custom_button=&#8221;on&#8221; button_text_size=&#8221;14px&#8221; button_text_color=&#8221;#000000&#8243; button_bg_color=&#8221;#aba119&#8243; button_border_width=&#8221;0px&#8221; button_border_radius=&#8221;0px&#8221; button_letter_spacing=&#8221;0.2em&#8221; button_font=&#8221;Cormorant Garamond|700||on|||||&#8221; custom_padding=&#8221;16px|24px|16px|24px|true|true&#8221; global_colors_info=&#8221;{}&#8221;][\/et_pb_button][\/et_pb_column][\/et_pb_row][\/et_pb_section][et_pb_section fb_built=&#8221;1&#8243; admin_label=&#8221;MEGA FRASE&#8221; _builder_version=&#8221;4.21.0&#8243; _module_preset=&#8221;default&#8221; background_color=&#8221;#ffffff&#8221; background_image=&#8221;https:\/\/www.ensemblekuraia.es\/wp-content\/uploads\/2023\/08\/Retrato-Mel-04_lona12-e1694079982639.jpg&#8221; background_position=&#8221;top_left&#8221; custom_padding=&#8221;12vw||12vw||true|false&#8221; hover_enabled=&#8221;0&#8243; background_color_tablet=&#8221;rgba(255,255,252,0.84)&#8221; background_last_edited=&#8221;on|tablet&#8221; background_enable_color_tablet=&#8221;on&#8221; background_position_tablet=&#8221;center&#8221; background_position_phone=&#8221;center&#8221; background_blend_tablet=&#8221;overlay&#8221; global_module=&#8221;1398&#8243; saved_tabs=&#8221;all&#8221; collapsed=&#8221;off&#8221; global_colors_info=&#8221;{}&#8221; alt=&#8221;Foto de Mar\u00eda Eugenia Luc&#8221; sticky_enabled=&#8221;0&#8243;][et_pb_row custom_padding_last_edited=&#8221;on|tablet&#8221; _builder_version=&#8221;4.21.0&#8243; _module_preset=&#8221;default&#8221; custom_padding=&#8221;|120px||120px|false|true&#8221; custom_padding_tablet=&#8221;|0%||0%|false|true&#8221; custom_padding_phone=&#8221;||||false|false&#8221; global_colors_info=&#8221;{}&#8221;][et_pb_column type=&#8221;4_4&#8243; _builder_version=&#8221;4.20.0&#8243; _module_preset=&#8221;default&#8221; global_colors_info=&#8221;{}&#8221;][et_pb_text admin_label=&#8221;T\u00edtulo&#8221; _builder_version=&#8221;4.21.0&#8243; _module_preset=&#8221;6f6bc3d5-0be1-40f8-80c9-5e7237d9ee3b&#8221; header_2_font=&#8221;Cormorant Garamond|||on|||||&#8221; header_2_font_size=&#8221;48px&#8221; header_2_letter_spacing=&#8221;0.2em&#8221; header_2_line_height=&#8221;1.2em&#8221; text_orientation=&#8221;center&#8221; custom_margin=&#8221;||10px||false|false&#8221; header_2_font_size_tablet=&#8221;32px&#8221; header_2_font_size_phone=&#8221;20px&#8221; header_2_font_size_last_edited=&#8221;on|desktop&#8221; global_colors_info=&#8221;{}&#8221;]<\/p>\n<h2><strong>Mar\u00eda Eugenia Luc<\/strong><\/h2>\n<p>[\/et_pb_text][et_pb_text admin_label=&#8221;FRASE&#8221; _builder_version=&#8221;4.21.0&#8243; _module_preset=&#8221;39c311a7-7753-422a-9bff-4e462bb6e4f7&#8243; text_font_size=&#8221;20px&#8221; text_line_height=&#8221;1.8em&#8221; text_orientation=&#8221;center&#8221; text_font_size_tablet=&#8221;16px&#8221; text_font_size_phone=&#8221;14px&#8221; text_font_size_last_edited=&#8221;on|desktop&#8221; global_colors_info=&#8221;{}&#8221;]<\/p>\n<p>Gure lehentasuna <strong>gure garaiko konpositoreen lanak zabaltzea<\/strong> eta kalitate bikaineko talde profesional bat eskaintzea da, estuki lankidetzan aritzeko.<\/p>\n<p>[\/et_pb_text][et_pb_button button_url=&#8221;#contacto&#8221; button_text=&#8221;JARRI GUREKIN HARREMANETAN&#8221; button_alignment=&#8221;center&#8221; admin_label=&#8221;Bot\u00f3n a Contacto&#8221; _builder_version=&#8221;4.21.0&#8243; _module_preset=&#8221;1a7ebcdf-74cf-49d0-a7ba-2c93f24e0d00&#8243; custom_button=&#8221;on&#8221; button_text_size=&#8221;14px&#8221; button_text_color=&#8221;#000000&#8243; button_bg_color=&#8221;#aba119&#8243; button_border_width=&#8221;0px&#8221; button_border_radius=&#8221;0px&#8221; button_letter_spacing=&#8221;0.2em&#8221; button_font=&#8221;Cormorant Garamond|700||on|||||&#8221; custom_padding=&#8221;16px|24px|16px|24px|true|true&#8221; global_colors_info=&#8221;{}&#8221;][\/et_pb_button][\/et_pb_column][\/et_pb_row][\/et_pb_section]<\/p>\n","protected":false},"excerpt":{"rendered":"<p>EZAGUTU GAITZAZUENSEMBLE KURAIA &#8211; Bilboko musika garaikide taldeaBilboko Ensemble Kuraia musika taldea, 1997an Mar\u00eda Eugenia Luc konpositoreak sortu zuen, gaur egungo zuzendari artistikoa bera izanik. Taldeak, gaur egungo musikagileen lanak zabaldu eta goi-mailako profesionalez osaturiko talde baten lankidetza eskaintzea du helburu. Ensemble Kuraia erregularki Europa eta Hego Ameriketako jaialdi garrantzitsu eta musika garaikideari eskainitako ekitaldietan [&hellip;]<\/p>\n","protected":false},"author":4,"featured_media":0,"parent":0,"menu_order":0,"comment_status":"closed","ping_status":"closed","template":"","meta":{"_et_pb_use_builder":"on","_et_pb_old_content":"","_et_gb_content_width":"","footnotes":""},"class_list":["post-1819","page","type-page","status-publish","hentry"],"yoast_head":"<!-- This site is optimized with the Yoast SEO plugin v27.1.1 - https:\/\/yoast.com\/product\/yoast-seo-wordpress\/ -->\n<title>Aurkezpena - Ensemble Kuraia<\/title>\n<meta name=\"description\" content=\"Bilboko Ensemble Kuraiak gure garaiko konpositoreen lanak zabaltzea du lehentasun\" \/>\n<meta name=\"robots\" content=\"index, follow, max-snippet:-1, max-image-preview:large, max-video-preview:-1\" \/>\n<link rel=\"canonical\" href=\"https:\/\/www.ensemblekuraia.es\/eu\/ezagutu-gaitzazu\/\" \/>\n<meta property=\"og:locale\" content=\"eu_ES\" \/>\n<meta property=\"og:type\" content=\"article\" \/>\n<meta property=\"og:title\" content=\"Aurkezpena - Ensemble Kuraia\" \/>\n<meta property=\"og:description\" content=\"Bilboko Ensemble Kuraiak gure garaiko konpositoreen lanak zabaltzea du lehentasun\" \/>\n<meta property=\"og:url\" content=\"https:\/\/www.ensemblekuraia.es\/eu\/ezagutu-gaitzazu\/\" \/>\n<meta property=\"og:site_name\" content=\"Ensemble Kuraia\" \/>\n<meta property=\"article:publisher\" content=\"https:\/\/www.facebook.com\/EnsembleKuraia\" \/>\n<meta property=\"article:modified_time\" content=\"2023-11-04T00:04:49+00:00\" \/>\n<meta property=\"og:image\" content=\"https:\/\/www.ensemblekuraia.es\/wp-content\/uploads\/2023\/09\/2208663.jpg\" \/>\n\t<meta property=\"og:image:width\" content=\"1500\" \/>\n\t<meta property=\"og:image:height\" content=\"1000\" \/>\n\t<meta property=\"og:image:type\" content=\"image\/jpeg\" \/>\n<meta name=\"twitter:card\" content=\"summary_large_image\" \/>\n<meta name=\"twitter:label1\" content=\"Est. reading time\" \/>\n\t<meta name=\"twitter:data1\" content=\"20 minutes\" \/>\n<script type=\"application\/ld+json\" class=\"yoast-schema-graph\">{\"@context\":\"https:\/\/schema.org\",\"@graph\":[{\"@type\":\"WebPage\",\"@id\":\"https:\/\/www.ensemblekuraia.es\/eu\/ezagutu-gaitzazu\/\",\"url\":\"https:\/\/www.ensemblekuraia.es\/eu\/ezagutu-gaitzazu\/\",\"name\":\"Aurkezpena - Ensemble Kuraia\",\"isPartOf\":{\"@id\":\"https:\/\/www.ensemblekuraia.es\/#website\"},\"datePublished\":\"2023-08-14T23:39:09+00:00\",\"dateModified\":\"2023-11-04T00:04:49+00:00\",\"description\":\"Bilboko Ensemble Kuraiak gure garaiko konpositoreen lanak zabaltzea du lehentasun\",\"breadcrumb\":{\"@id\":\"https:\/\/www.ensemblekuraia.es\/eu\/ezagutu-gaitzazu\/#breadcrumb\"},\"inLanguage\":\"eu-ES\",\"potentialAction\":[{\"@type\":\"ReadAction\",\"target\":[\"https:\/\/www.ensemblekuraia.es\/eu\/ezagutu-gaitzazu\/\"]}]},{\"@type\":\"BreadcrumbList\",\"@id\":\"https:\/\/www.ensemblekuraia.es\/eu\/ezagutu-gaitzazu\/#breadcrumb\",\"itemListElement\":[{\"@type\":\"ListItem\",\"position\":1,\"name\":\"Portada\",\"item\":\"https:\/\/www.ensemblekuraia.es\/eu\/\"},{\"@type\":\"ListItem\",\"position\":2,\"name\":\"Aurkezpena\"}]},{\"@type\":\"WebSite\",\"@id\":\"https:\/\/www.ensemblekuraia.es\/#website\",\"url\":\"https:\/\/www.ensemblekuraia.es\/\",\"name\":\"Ensemble Kuraia\",\"description\":\"Ensemble Kuraia - Grupo de m\u00fasica contempor\u00e1nea de Bilbao \/ Bilboko musika garaikide taldea\",\"publisher\":{\"@id\":\"https:\/\/www.ensemblekuraia.es\/#organization\"},\"alternateName\":\"Ensemble Kuraia\",\"potentialAction\":[{\"@type\":\"SearchAction\",\"target\":{\"@type\":\"EntryPoint\",\"urlTemplate\":\"https:\/\/www.ensemblekuraia.es\/?s={search_term_string}\"},\"query-input\":{\"@type\":\"PropertyValueSpecification\",\"valueRequired\":true,\"valueName\":\"search_term_string\"}}],\"inLanguage\":\"eu-ES\"},{\"@type\":\"Organization\",\"@id\":\"https:\/\/www.ensemblekuraia.es\/#organization\",\"name\":\"Ensemble Kuraia\",\"alternateName\":\"Kuraia\",\"url\":\"https:\/\/www.ensemblekuraia.es\/\",\"logo\":{\"@type\":\"ImageObject\",\"inLanguage\":\"eu-ES\",\"@id\":\"https:\/\/www.ensemblekuraia.es\/#\/schema\/logo\/image\/\",\"url\":\"https:\/\/www.ensemblekuraia.es\/wp-content\/uploads\/2023\/08\/Logo-ensemble-kuaria-ng.png\",\"contentUrl\":\"https:\/\/www.ensemblekuraia.es\/wp-content\/uploads\/2023\/08\/Logo-ensemble-kuaria-ng.png\",\"width\":317,\"height\":43,\"caption\":\"Ensemble Kuraia\"},\"image\":{\"@id\":\"https:\/\/www.ensemblekuraia.es\/#\/schema\/logo\/image\/\"},\"sameAs\":[\"https:\/\/www.facebook.com\/EnsembleKuraia\",\"https:\/\/www.youtube.com\/@EnsembleKuraia\",\"https:\/\/soundcloud.com\/user-672186296\"]}]}<\/script>\n<!-- \/ Yoast SEO plugin. -->","yoast_head_json":{"title":"Aurkezpena - Ensemble Kuraia","description":"Bilboko Ensemble Kuraiak gure garaiko konpositoreen lanak zabaltzea du lehentasun","robots":{"index":"index","follow":"follow","max-snippet":"max-snippet:-1","max-image-preview":"max-image-preview:large","max-video-preview":"max-video-preview:-1"},"canonical":"https:\/\/www.ensemblekuraia.es\/eu\/ezagutu-gaitzazu\/","og_locale":"eu_ES","og_type":"article","og_title":"Aurkezpena - Ensemble Kuraia","og_description":"Bilboko Ensemble Kuraiak gure garaiko konpositoreen lanak zabaltzea du lehentasun","og_url":"https:\/\/www.ensemblekuraia.es\/eu\/ezagutu-gaitzazu\/","og_site_name":"Ensemble Kuraia","article_publisher":"https:\/\/www.facebook.com\/EnsembleKuraia","article_modified_time":"2023-11-04T00:04:49+00:00","og_image":[{"width":1500,"height":1000,"url":"https:\/\/www.ensemblekuraia.es\/wp-content\/uploads\/2023\/09\/2208663.jpg","type":"image\/jpeg"}],"twitter_card":"summary_large_image","twitter_misc":{"Est. reading time":"20 minutes"},"schema":{"@context":"https:\/\/schema.org","@graph":[{"@type":"WebPage","@id":"https:\/\/www.ensemblekuraia.es\/eu\/ezagutu-gaitzazu\/","url":"https:\/\/www.ensemblekuraia.es\/eu\/ezagutu-gaitzazu\/","name":"Aurkezpena - Ensemble Kuraia","isPartOf":{"@id":"https:\/\/www.ensemblekuraia.es\/#website"},"datePublished":"2023-08-14T23:39:09+00:00","dateModified":"2023-11-04T00:04:49+00:00","description":"Bilboko Ensemble Kuraiak gure garaiko konpositoreen lanak zabaltzea du lehentasun","breadcrumb":{"@id":"https:\/\/www.ensemblekuraia.es\/eu\/ezagutu-gaitzazu\/#breadcrumb"},"inLanguage":"eu-ES","potentialAction":[{"@type":"ReadAction","target":["https:\/\/www.ensemblekuraia.es\/eu\/ezagutu-gaitzazu\/"]}]},{"@type":"BreadcrumbList","@id":"https:\/\/www.ensemblekuraia.es\/eu\/ezagutu-gaitzazu\/#breadcrumb","itemListElement":[{"@type":"ListItem","position":1,"name":"Portada","item":"https:\/\/www.ensemblekuraia.es\/eu\/"},{"@type":"ListItem","position":2,"name":"Aurkezpena"}]},{"@type":"WebSite","@id":"https:\/\/www.ensemblekuraia.es\/#website","url":"https:\/\/www.ensemblekuraia.es\/","name":"Ensemble Kuraia","description":"Ensemble Kuraia - Grupo de m\u00fasica contempor\u00e1nea de Bilbao \/ Bilboko musika garaikide taldea","publisher":{"@id":"https:\/\/www.ensemblekuraia.es\/#organization"},"alternateName":"Ensemble Kuraia","potentialAction":[{"@type":"SearchAction","target":{"@type":"EntryPoint","urlTemplate":"https:\/\/www.ensemblekuraia.es\/?s={search_term_string}"},"query-input":{"@type":"PropertyValueSpecification","valueRequired":true,"valueName":"search_term_string"}}],"inLanguage":"eu-ES"},{"@type":"Organization","@id":"https:\/\/www.ensemblekuraia.es\/#organization","name":"Ensemble Kuraia","alternateName":"Kuraia","url":"https:\/\/www.ensemblekuraia.es\/","logo":{"@type":"ImageObject","inLanguage":"eu-ES","@id":"https:\/\/www.ensemblekuraia.es\/#\/schema\/logo\/image\/","url":"https:\/\/www.ensemblekuraia.es\/wp-content\/uploads\/2023\/08\/Logo-ensemble-kuaria-ng.png","contentUrl":"https:\/\/www.ensemblekuraia.es\/wp-content\/uploads\/2023\/08\/Logo-ensemble-kuaria-ng.png","width":317,"height":43,"caption":"Ensemble Kuraia"},"image":{"@id":"https:\/\/www.ensemblekuraia.es\/#\/schema\/logo\/image\/"},"sameAs":["https:\/\/www.facebook.com\/EnsembleKuraia","https:\/\/www.youtube.com\/@EnsembleKuraia","https:\/\/soundcloud.com\/user-672186296"]}]}},"_links":{"self":[{"href":"https:\/\/www.ensemblekuraia.es\/eu\/wp-json\/wp\/v2\/pages\/1819","targetHints":{"allow":["GET"]}}],"collection":[{"href":"https:\/\/www.ensemblekuraia.es\/eu\/wp-json\/wp\/v2\/pages"}],"about":[{"href":"https:\/\/www.ensemblekuraia.es\/eu\/wp-json\/wp\/v2\/types\/page"}],"author":[{"embeddable":true,"href":"https:\/\/www.ensemblekuraia.es\/eu\/wp-json\/wp\/v2\/users\/4"}],"replies":[{"embeddable":true,"href":"https:\/\/www.ensemblekuraia.es\/eu\/wp-json\/wp\/v2\/comments?post=1819"}],"version-history":[{"count":0,"href":"https:\/\/www.ensemblekuraia.es\/eu\/wp-json\/wp\/v2\/pages\/1819\/revisions"}],"wp:attachment":[{"href":"https:\/\/www.ensemblekuraia.es\/eu\/wp-json\/wp\/v2\/media?parent=1819"}],"curies":[{"name":"wp","href":"https:\/\/api.w.org\/{rel}","templated":true}]}}