{"id":2309,"date":"2023-08-22T16:06:27","date_gmt":"2023-08-22T16:06:27","guid":{"rendered":"https:\/\/www.ensemblekuraia.es\/project\/sinfonia-mitica\/"},"modified":"2023-09-07T08:30:29","modified_gmt":"2023-09-07T08:30:29","slug":"sinfonia-mitica","status":"publish","type":"project","link":"https:\/\/www.ensemblekuraia.es\/en\/project\/sinfonia-mitica\/","title":{"rendered":"Sinfon\u00eda m\u00edtica"},"content":{"rendered":"<p>[et_pb_section fb_built=&#8221;1&#8243; admin_label=&#8221;Header&#8221; _builder_version=&#8221;4.21.0&#8243; _module_preset=&#8221;default&#8221; background_color=&#8221;#000000&#8243; use_background_color_gradient=&#8221;on&#8221; background_color_gradient_stops=&#8221;#aba119 0%|#ffffff 100%&#8221; background_enable_mask_style=&#8221;on&#8221; background_mask_style=&#8221;diagonal-bars&#8221; background_mask_transform=&#8221;rotate_90_degree&#8221; background_mask_size=&#8221;cover&#8221; background_mask_position=&#8221;top_center&#8221; collapsed=&#8221;off&#8221; global_colors_info=&#8221;{}&#8221;][et_pb_row _builder_version=&#8221;4.20.0&#8243; _module_preset=&#8221;default&#8221; global_colors_info=&#8221;{}&#8221;][et_pb_column type=&#8221;4_4&#8243; _builder_version=&#8221;4.20.0&#8243; _module_preset=&#8221;default&#8221; global_colors_info=&#8221;{}&#8221;][et_pb_text admin_label=&#8221;T\u00cdTULO&#8221; _builder_version=&#8221;4.21.0&#8243; _module_preset=&#8221;4e7d8f30-364a-4965-a3b0-7f82d9ef62ab&#8221; header_font=&#8221;Cormorant Garamond|600||on|||||&#8221; header_text_color=&#8221;#000000&#8243; header_font_size=&#8221;68px&#8221; header_letter_spacing=&#8221;0em&#8221; custom_margin=&#8221;||10px||false|false&#8221; header_font_tablet=&#8221;Cormorant Garamond|700||on|||||&#8221; header_font_phone=&#8221;Cormorant Garamond|700||on|||||&#8221; header_font_last_edited=&#8221;on|phone&#8221; header_font_size_tablet=&#8221;40px&#8221; header_font_size_phone=&#8221;30px&#8221; header_font_size_last_edited=&#8221;on|desktop&#8221; global_colors_info=&#8221;{}&#8221;]<\/p>\n<h1><strong>Sinfon\u00eda m\u00edtica<\/strong><\/h1>\n<p>[\/et_pb_text][\/et_pb_column][\/et_pb_row][et_pb_row column_structure=&#8221;2_5,3_5&#8243; _builder_version=&#8221;4.20.0&#8243; _module_preset=&#8221;default&#8221; global_colors_info=&#8221;{}&#8221;][et_pb_column type=&#8221;2_5&#8243; _builder_version=&#8221;4.20.0&#8243; _module_preset=&#8221;default&#8221; global_colors_info=&#8221;{}&#8221;][et_pb_gallery _builder_version=&#8221;4.21.0&#8243; _module_preset=&#8221;default&#8221; gallery_ids=&#8221;1666,1664,1660&#8243; hover_enabled=&#8221;0&#8243; sticky_enabled=&#8221;0&#8243;][\/et_pb_gallery][\/et_pb_column][et_pb_column type=&#8221;3_5&#8243; _builder_version=&#8221;4.20.0&#8243; _module_preset=&#8221;default&#8221; global_colors_info=&#8221;{}&#8221;][et_pb_text admin_label=&#8221;Texto 1&#8243; _builder_version=&#8221;4.21.0&#8243; _module_preset=&#8221;ed1517fa-aa14-4962-ac88-5488177289ee&#8221; text_font_size=&#8221;16px&#8221; text_line_height=&#8221;1.8em&#8221; hover_enabled=&#8221;0&#8243; text_font_size_tablet=&#8221;15px&#8221; text_font_size_phone=&#8221;14px&#8221; text_font_size_last_edited=&#8221;on|desktop&#8221; global_colors_info=&#8221;{}&#8221; sticky_enabled=&#8221;0&#8243;]<\/p>\n<h2>Sinfon\u00eda n\u00ba 3 \u201cSinfon\u00eda m\u00edtica\u201d<\/h2>\n<p>de Francisco Escudero [1912\u20132002]<\/p>\n<h3><strong>PRESENTACI\u00d3N<\/strong><\/h3>\n<p>La Sinfon\u00eda m\u00edtica es una obra maestra inspirada en las leyendas y mitos vascos recopiladas por el antrop\u00f3logo y etn\u00f3logo Jos\u00e9 Miguel de Barandiar\u00e1n.<br \/>Fue terminada en el mes de marzo de 1993 y se estren\u00f3 el 20 de noviembre de 1994.<\/p>\n<p>El propio compositor describi\u00f3 as\u00ed la obra antes de su estreno: \u201cFue un encargo de Jos\u00e9 Mar\u00eda Aierdi, presidente de la Federaci\u00f3n de Coros de Guip\u00fazcoa, en el que hab\u00eda como propuesta hacer un homenaje a Jos\u00e9 Miguel de Barandiaran, y me ofrecieron como texto sus cuentos m\u00edticos. Yo eleg\u00ed tres: Lamin, Tartalo y Mateo Txistu\u201d.<\/p>\n<p>La obra se articula en cuatro movimientos.<\/p>\n<p>El primer movimiento, \u201cOfrenda\u201d, es un canto amoroso al ya tambi\u00e9n m\u00edtico autor de los textos, Jos\u00e9 Miguel de Barandiaran. El coro infantil canta un himno de alabanza agradeci\u00e9ndole la labor efectuada a favor de la cultura vasca y termina con un canto de despedida.<\/p>\n<p>El segundo movimiento, \u201cLamin\u201d, habla de una lamia que secuestra de noche a un hombre para com\u00e9rselo. El hombre se salvar\u00e1 distrayendo a la bruja con un relato que durar\u00e1 hasta el amanecer. El canto del gallo celebrar\u00e1 el fin de su cautiverio y su salvaci\u00f3n.<\/p>\n<p>El tercer movimiento versa sobre el relato de \u201cTartalo\u201d, recogido por Jos\u00e9 Miguel de Barandiaran en \u201cEl mundo en la mente popular vasca\u201d y que se asemeja al del c\u00edclope de Homero. Entre las hip\u00f3tesis que se barajan sobre esta leyenda, hay una que se\u00f1ala que los marinos vascos podr\u00edan haber tenido relaciones con los marinos griegos y haberla tra\u00eddo as\u00ed a su tierra.<\/p>\n<p>El cuarto movimiento, \u201cMateo Txistu\u201d, o El cazador errante, se basa en la leyenda del cazador que, en castigo por su afici\u00f3n desordenada, corre sin tregua ni reposo por todo el mundo, acompa\u00f1ado de sus perros, formando parte del inmenso ciclo de cazas a\u00e9reas y nocturnas que figuran en los relatos m\u00edticos, como dice Jos\u00e9 Miguel de Barandiar\u00e1n en su \u201cDiccionario de mitolog\u00eda vasca\u201d.<\/p>\n<h3><strong>FICHA DEL ESPECT\u00c1CULO<\/strong><\/h3>\n<p><strong>-PROGRAMA-<\/strong><\/p>\n<p><strong>MITOEN SINFONIA<\/strong><br \/><strong>1 &#8211; OFRENDA<\/strong><br \/><strong>2 &#8211; LAMIN<\/strong><br \/><strong>3 &#8211; TARTALO<\/strong><br \/><strong>4 &#8211; MATEO TXISTU<\/strong><\/p>\n<p>Para narrador, coro infantil y una orquesta de c\u00e1mara de nueve instrumentistas (flauta, clarinete, trompeta, tromb\u00f3n, piano, acorde\u00f3n, viol\u00edn, violoncelo y percusiones).<\/p>\n<p><strong>M\u00fasica: Francisco Escudero<\/strong><br \/><strong>Textos: Jos\u00e9 Miguel de Barandiar\u00e1n<\/strong><br \/><strong>Idioma: euskera<\/strong><br \/><strong>Duraci\u00f3n: 50\u2019<\/strong><br \/><strong>Calificaci\u00f3n: para todo p\u00fablico.<\/strong><\/p>\n<p><strong>-INT\u00c9RPRETES-<\/strong><\/p>\n<p><strong>Ensemble Kuraia<\/strong>\u00a0[Xabier Calzada, flauta; Sergio Barranco, clarinete; Nicol\u00e1s Zubia, trompeta; Iker Mara\u00f1on, tromb\u00f3n; Garazi Navas, acorde\u00f3n; Berta Fresco, piano; Elur Arrieta, percusi\u00f3n; Luis Ibiricu, viol\u00edn; Bel\u00e9n Fern\u00e1ndez, violonchelo]<br \/><strong>Coro de ni\u00f1os de la Sociedad Coral de Bilbao<\/strong>\u00a0[Jos\u00e9 Luis Ormazabal, director]<br \/><strong>Andoni Aleman<\/strong>\u00a0[narrador]<br \/><strong>Andrea Cazzaniga<\/strong>\u00a0[direcci\u00f3n musical]<\/p>\n<p>[\/et_pb_text][\/et_pb_column][\/et_pb_row][et_pb_row column_structure=&#8221;1_5,3_5,1_5&#8243; _builder_version=&#8221;4.21.0&#8243; _module_preset=&#8221;default&#8221; background_color=&#8221;#000000&#8243; global_colors_info=&#8221;{}&#8221;][et_pb_column type=&#8221;1_5&#8243; _builder_version=&#8221;4.20.0&#8243; _module_preset=&#8221;default&#8221; global_colors_info=&#8221;{}&#8221;][\/et_pb_column][et_pb_column type=&#8221;3_5&#8243; _builder_version=&#8221;4.20.0&#8243; _module_preset=&#8221;default&#8221; global_colors_info=&#8221;{}&#8221;][et_pb_video_slider _builder_version=&#8221;4.21.0&#8243; _module_preset=&#8221;default&#8221; global_colors_info=&#8221;{}&#8221;][et_pb_video_slider_item src=&#8221;https:\/\/www.youtube.com\/watch?v=G5Vk23QOm3s&#8221; _builder_version=&#8221;4.21.0&#8243; _module_preset=&#8221;default&#8221; global_colors_info=&#8221;{}&#8221; show_image_overlay=&#8221;off&#8221;][\/et_pb_video_slider_item][et_pb_video_slider_item src=&#8221;https:\/\/www.youtube.com\/watch?v=v4U2n3LWtgo&#8221; image_src=&#8221;\/\/i.ytimg.com\/vi\/v4U2n3LWtgo\/hqdefault.jpg&#8221; _builder_version=&#8221;4.21.0&#8243; _module_preset=&#8221;default&#8221; global_colors_info=&#8221;{}&#8221; show_image_overlay=&#8221;off&#8221;][\/et_pb_video_slider_item][\/et_pb_video_slider][\/et_pb_column][et_pb_column type=&#8221;1_5&#8243; _builder_version=&#8221;4.20.0&#8243; _module_preset=&#8221;default&#8221; global_colors_info=&#8221;{}&#8221;][\/et_pb_column][\/et_pb_row][et_pb_row _builder_version=&#8221;4.21.0&#8243; _module_preset=&#8221;default&#8221; disabled_on=&#8221;on|on|on&#8221; disabled=&#8221;on&#8221;][et_pb_column _builder_version=&#8221;4.21.0&#8243; _module_preset=&#8221;default&#8221; type=&#8221;4_4&#8243;][et_pb_text admin_label=&#8221;Texto 2&#8243; _builder_version=&#8221;4.21.0&#8243; _module_preset=&#8221;ed1517fa-aa14-4962-ac88-5488177289ee&#8221; text_font_size=&#8221;16px&#8221; text_line_height=&#8221;1.8em&#8221; hover_enabled=&#8221;0&#8243; text_font_size_tablet=&#8221;15px&#8221; text_font_size_phone=&#8221;14px&#8221; text_font_size_last_edited=&#8221;on|desktop&#8221; global_colors_info=&#8221;{}&#8221; sticky_enabled=&#8221;0&#8243;]<\/p>\n<p>texto adicional<\/p>\n<p>[\/et_pb_text][et_pb_gallery _builder_version=&#8221;4.21.0&#8243; _module_preset=&#8221;default&#8221; gallery_ids=&#8221;1666,1664,1660&#8243; hover_enabled=&#8221;0&#8243; sticky_enabled=&#8221;0&#8243; admin_label=&#8221;Galer\u00eda 2&#8243;][\/et_pb_gallery][\/et_pb_column][\/et_pb_row][et_pb_row column_structure=&#8221;1_2,1_2&#8243; disabled_on=&#8221;on|on|on&#8221; _builder_version=&#8221;4.20.0&#8243; _module_preset=&#8221;default&#8221; custom_padding=&#8221;0px||0px|||&#8221; disabled=&#8221;on&#8221; locked=&#8221;off&#8221; global_colors_info=&#8221;{}&#8221;][et_pb_column type=&#8221;1_2&#8243; _builder_version=&#8221;4.20.0&#8243; _module_preset=&#8221;default&#8221; global_colors_info=&#8221;{}&#8221;][et_pb_text admin_label=&#8221;A\u00d1O&#8221; _builder_version=&#8221;4.21.0&#8243; _module_preset=&#8221;97d39b46-e6f8-4d9c-8c1b-a2c2e80380ac&#8221; header_4_font=&#8221;Inter|600||on|||||&#8221; header_4_font_size=&#8221;12px&#8221; header_4_letter_spacing=&#8221;0em&#8221; header_4_line_height=&#8221;1.4em&#8221; custom_margin=&#8221;||10px||false|false&#8221; locked=&#8221;off&#8221; global_colors_info=&#8221;{}&#8221;]<\/p>\n<h4>2008<\/h4>\n<p>[\/et_pb_text][\/et_pb_column][et_pb_column type=&#8221;1_2&#8243; _builder_version=&#8221;4.20.0&#8243; _module_preset=&#8221;default&#8221; global_colors_info=&#8221;{}&#8221;][et_pb_button button_url=&#8221;http:\/\/www.kaiservonatlantis.blogspot.com\/&#8221; url_new_window=&#8221;on&#8221; button_text=&#8221;M\u00c1S INFORMACI\u00d3N&#8221; button_alignment=&#8221;right&#8221; button_alignment_tablet=&#8221;center&#8221; button_alignment_phone=&#8221;center&#8221; button_alignment_last_edited=&#8221;on|tablet&#8221; _builder_version=&#8221;4.21.0&#8243; _module_preset=&#8221;f53dac6a-f342-4163-b115-dcd327bbef39&#8243; custom_button=&#8221;on&#8221; button_text_size=&#8221;14px&#8221; button_text_color=&#8221;#ffffff&#8221; button_bg_color=&#8221;#ABA119&#8243; button_border_width=&#8221;0px&#8221; button_border_radius=&#8221;0px&#8221; button_letter_spacing=&#8221;0.2em&#8221; button_font=&#8221;Cormorant Garamond|700||on|||||&#8221; custom_padding=&#8221;16px|24px|16px|24px|true|true&#8221; locked=&#8221;off&#8221; global_colors_info=&#8221;{}&#8221;][\/et_pb_button][\/et_pb_column][\/et_pb_row][\/et_pb_section][et_pb_section fb_built=&#8221;1&#8243; admin_label=&#8221;OTROS PROYECTOS&#8221; _builder_version=&#8221;4.21.0&#8243; _module_preset=&#8221;default&#8221; custom_padding=&#8221;0px|||||&#8221; collapsed=&#8221;on&#8221; global_colors_info=&#8221;{}&#8221;][et_pb_row _builder_version=&#8221;4.21.0&#8243; _module_preset=&#8221;default&#8221; global_colors_info=&#8221;{}&#8221;][et_pb_column type=&#8221;4_4&#8243; _builder_version=&#8221;4.21.0&#8243; _module_preset=&#8221;default&#8221; global_colors_info=&#8221;{}&#8221;][et_pb_text _builder_version=&#8221;4.21.0&#8243; _module_preset=&#8221;afd346ae-a729-4f2e-aeb3-d500b62481e5&#8243; header_2_font=&#8221;Cormorant Garamond|||on|||||&#8221; header_2_font_size=&#8221;48px&#8221; header_2_letter_spacing=&#8221;0.2em&#8221; header_2_line_height=&#8221;1.2em&#8221; text_orientation=&#8221;center&#8221; custom_margin=&#8221;62px||34px|||&#8221; header_2_font_size_tablet=&#8221;32px&#8221; header_2_font_size_phone=&#8221;20px&#8221; header_2_font_size_last_edited=&#8221;on|desktop&#8221; global_colors_info=&#8221;{}&#8221;]<\/p>\n<h2>Other projects<\/h2>\n<p>[\/et_pb_text][et_pb_portfolio fullwidth=&#8221;off&#8221; posts_number=&#8221;4&#8243; include_categories=&#8221;25&#8243; show_categories=&#8221;off&#8221; _builder_version=&#8221;4.21.0&#8243; _module_preset=&#8221;default&#8221; global_colors_info=&#8221;{}&#8221;][\/et_pb_portfolio][\/et_pb_column][\/et_pb_row][\/et_pb_section]<\/p>\n","protected":false},"excerpt":{"rendered":"<p>Sinfon\u00eda m\u00edticaSinfon\u00eda n\u00ba 3 \u201cSinfon\u00eda m\u00edtica\u201d de Francisco Escudero [1912\u20132002] PRESENTACI\u00d3N La Sinfon\u00eda m\u00edtica es una obra maestra inspirada en las leyendas y mitos vascos recopiladas por el antrop\u00f3logo y etn\u00f3logo Jos\u00e9 Miguel de Barandiar\u00e1n.Fue terminada en el mes de marzo de 1993 y se estren\u00f3 el 20 de noviembre de 1994. El propio compositor [&hellip;]<\/p>\n","protected":false},"author":4,"featured_media":1665,"comment_status":"closed","ping_status":"closed","template":"","meta":{"_et_pb_use_builder":"on","_et_pb_old_content":"","_et_gb_content_width":"","footnotes":""},"project_category":[34],"project_tag":[],"class_list":["post-2309","project","type-project","status-publish","has-post-thumbnail","hentry","project_category-artes-escenicas-en"],"yoast_head":"<!-- This site is optimized with the Yoast SEO plugin v27.1.1 - https:\/\/yoast.com\/product\/yoast-seo-wordpress\/ -->\n<title>Sinfon\u00eda m\u00edtica - Ensemble Kuraia<\/title>\n<meta name=\"robots\" content=\"noindex, follow\" \/>\n<meta property=\"og:locale\" content=\"en_US\" \/>\n<meta property=\"og:type\" content=\"article\" \/>\n<meta property=\"og:title\" content=\"Sinfon\u00eda m\u00edtica - Ensemble Kuraia\" \/>\n<meta property=\"og:description\" content=\"Sinfon\u00eda m\u00edticaSinfon\u00eda n\u00ba 3 \u201cSinfon\u00eda m\u00edtica\u201d de Francisco Escudero [1912\u20132002] PRESENTACI\u00d3N La Sinfon\u00eda m\u00edtica es una obra maestra inspirada en las leyendas y mitos vascos recopiladas por el antrop\u00f3logo y etn\u00f3logo Jos\u00e9 Miguel de Barandiar\u00e1n.Fue terminada en el mes de marzo de 1993 y se estren\u00f3 el 20 de noviembre de 1994. El propio compositor [&hellip;]\" \/>\n<meta property=\"og:url\" content=\"https:\/\/www.ensemblekuraia.es\/project\/sinfonia-mitica\/\" \/>\n<meta property=\"og:site_name\" content=\"Ensemble Kuraia\" \/>\n<meta property=\"article:publisher\" content=\"https:\/\/www.facebook.com\/EnsembleKuraia\" \/>\n<meta property=\"article:modified_time\" content=\"2023-09-07T08:30:29+00:00\" \/>\n<meta property=\"og:image\" content=\"https:\/\/www.ensemblekuraia.es\/wp-content\/uploads\/2023\/08\/IMG-20220925-WA0007.jpg\" \/>\n\t<meta property=\"og:image:width\" content=\"1500\" \/>\n\t<meta property=\"og:image:height\" content=\"2000\" \/>\n\t<meta property=\"og:image:type\" content=\"image\/jpeg\" \/>\n<meta name=\"twitter:card\" content=\"summary_large_image\" \/>\n<meta name=\"twitter:label1\" content=\"Est. reading time\" \/>\n\t<meta name=\"twitter:data1\" content=\"4 minutes\" \/>\n<script type=\"application\/ld+json\" class=\"yoast-schema-graph\">{\"@context\":\"https:\/\/schema.org\",\"@graph\":[{\"@type\":\"WebPage\",\"@id\":\"https:\/\/www.ensemblekuraia.es\/project\/sinfonia-mitica\/\",\"url\":\"https:\/\/www.ensemblekuraia.es\/project\/sinfonia-mitica\/\",\"name\":\"Sinfon\u00eda m\u00edtica - Ensemble Kuraia\",\"isPartOf\":{\"@id\":\"https:\/\/www.ensemblekuraia.es\/#website\"},\"primaryImageOfPage\":{\"@id\":\"https:\/\/www.ensemblekuraia.es\/project\/sinfonia-mitica\/#primaryimage\"},\"image\":{\"@id\":\"https:\/\/www.ensemblekuraia.es\/project\/sinfonia-mitica\/#primaryimage\"},\"thumbnailUrl\":\"https:\/\/www.ensemblekuraia.es\/wp-content\/uploads\/2023\/08\/IMG-20220925-WA0007.jpg\",\"datePublished\":\"2023-08-22T16:06:27+00:00\",\"dateModified\":\"2023-09-07T08:30:29+00:00\",\"breadcrumb\":{\"@id\":\"https:\/\/www.ensemblekuraia.es\/project\/sinfonia-mitica\/#breadcrumb\"},\"inLanguage\":\"en-US\",\"potentialAction\":[{\"@type\":\"ReadAction\",\"target\":[\"https:\/\/www.ensemblekuraia.es\/project\/sinfonia-mitica\/\"]}]},{\"@type\":\"ImageObject\",\"inLanguage\":\"en-US\",\"@id\":\"https:\/\/www.ensemblekuraia.es\/project\/sinfonia-mitica\/#primaryimage\",\"url\":\"https:\/\/www.ensemblekuraia.es\/wp-content\/uploads\/2023\/08\/IMG-20220925-WA0007.jpg\",\"contentUrl\":\"https:\/\/www.ensemblekuraia.es\/wp-content\/uploads\/2023\/08\/IMG-20220925-WA0007.jpg\",\"width\":1500,\"height\":2000,\"caption\":\"MITOEN SINFONIA\"},{\"@type\":\"BreadcrumbList\",\"@id\":\"https:\/\/www.ensemblekuraia.es\/project\/sinfonia-mitica\/#breadcrumb\",\"itemListElement\":[{\"@type\":\"ListItem\",\"position\":1,\"name\":\"Portada\",\"item\":\"https:\/\/www.ensemblekuraia.es\/en\/\"},{\"@type\":\"ListItem\",\"position\":2,\"name\":\"Proyectos\",\"item\":\"https:\/\/www.ensemblekuraia.es\/project\/\"},{\"@type\":\"ListItem\",\"position\":3,\"name\":\"Artes Esc\u00e9nicas\",\"item\":\"https:\/\/www.ensemblekuraia.es\/project_category\/artes-escenicas\/\"},{\"@type\":\"ListItem\",\"position\":4,\"name\":\"Sinfon\u00eda m\u00edtica\"}]},{\"@type\":\"WebSite\",\"@id\":\"https:\/\/www.ensemblekuraia.es\/#website\",\"url\":\"https:\/\/www.ensemblekuraia.es\/\",\"name\":\"Ensemble Kuraia\",\"description\":\"Ensemble Kuraia - Grupo de m\u00fasica contempor\u00e1nea de Bilbao \/ Bilboko musika garaikide taldea\",\"publisher\":{\"@id\":\"https:\/\/www.ensemblekuraia.es\/#organization\"},\"alternateName\":\"Ensemble Kuraia\",\"potentialAction\":[{\"@type\":\"SearchAction\",\"target\":{\"@type\":\"EntryPoint\",\"urlTemplate\":\"https:\/\/www.ensemblekuraia.es\/?s={search_term_string}\"},\"query-input\":{\"@type\":\"PropertyValueSpecification\",\"valueRequired\":true,\"valueName\":\"search_term_string\"}}],\"inLanguage\":\"en-US\"},{\"@type\":\"Organization\",\"@id\":\"https:\/\/www.ensemblekuraia.es\/#organization\",\"name\":\"Ensemble Kuraia\",\"alternateName\":\"Kuraia\",\"url\":\"https:\/\/www.ensemblekuraia.es\/\",\"logo\":{\"@type\":\"ImageObject\",\"inLanguage\":\"en-US\",\"@id\":\"https:\/\/www.ensemblekuraia.es\/#\/schema\/logo\/image\/\",\"url\":\"https:\/\/www.ensemblekuraia.es\/wp-content\/uploads\/2023\/08\/Logo-ensemble-kuaria-ng.png\",\"contentUrl\":\"https:\/\/www.ensemblekuraia.es\/wp-content\/uploads\/2023\/08\/Logo-ensemble-kuaria-ng.png\",\"width\":317,\"height\":43,\"caption\":\"Ensemble Kuraia\"},\"image\":{\"@id\":\"https:\/\/www.ensemblekuraia.es\/#\/schema\/logo\/image\/\"},\"sameAs\":[\"https:\/\/www.facebook.com\/EnsembleKuraia\",\"https:\/\/www.youtube.com\/@EnsembleKuraia\",\"https:\/\/soundcloud.com\/user-672186296\"]}]}<\/script>\n<!-- \/ Yoast SEO plugin. -->","yoast_head_json":{"title":"Sinfon\u00eda m\u00edtica - Ensemble Kuraia","robots":{"index":"noindex","follow":"follow"},"og_locale":"en_US","og_type":"article","og_title":"Sinfon\u00eda m\u00edtica - Ensemble Kuraia","og_description":"Sinfon\u00eda m\u00edticaSinfon\u00eda n\u00ba 3 \u201cSinfon\u00eda m\u00edtica\u201d de Francisco Escudero [1912\u20132002] PRESENTACI\u00d3N La Sinfon\u00eda m\u00edtica es una obra maestra inspirada en las leyendas y mitos vascos recopiladas por el antrop\u00f3logo y etn\u00f3logo Jos\u00e9 Miguel de Barandiar\u00e1n.Fue terminada en el mes de marzo de 1993 y se estren\u00f3 el 20 de noviembre de 1994. El propio compositor [&hellip;]","og_url":"https:\/\/www.ensemblekuraia.es\/project\/sinfonia-mitica\/","og_site_name":"Ensemble Kuraia","article_publisher":"https:\/\/www.facebook.com\/EnsembleKuraia","article_modified_time":"2023-09-07T08:30:29+00:00","og_image":[{"width":1500,"height":2000,"url":"https:\/\/www.ensemblekuraia.es\/wp-content\/uploads\/2023\/08\/IMG-20220925-WA0007.jpg","type":"image\/jpeg"}],"twitter_card":"summary_large_image","twitter_misc":{"Est. reading time":"4 minutes"},"schema":{"@context":"https:\/\/schema.org","@graph":[{"@type":"WebPage","@id":"https:\/\/www.ensemblekuraia.es\/project\/sinfonia-mitica\/","url":"https:\/\/www.ensemblekuraia.es\/project\/sinfonia-mitica\/","name":"Sinfon\u00eda m\u00edtica - Ensemble Kuraia","isPartOf":{"@id":"https:\/\/www.ensemblekuraia.es\/#website"},"primaryImageOfPage":{"@id":"https:\/\/www.ensemblekuraia.es\/project\/sinfonia-mitica\/#primaryimage"},"image":{"@id":"https:\/\/www.ensemblekuraia.es\/project\/sinfonia-mitica\/#primaryimage"},"thumbnailUrl":"https:\/\/www.ensemblekuraia.es\/wp-content\/uploads\/2023\/08\/IMG-20220925-WA0007.jpg","datePublished":"2023-08-22T16:06:27+00:00","dateModified":"2023-09-07T08:30:29+00:00","breadcrumb":{"@id":"https:\/\/www.ensemblekuraia.es\/project\/sinfonia-mitica\/#breadcrumb"},"inLanguage":"en-US","potentialAction":[{"@type":"ReadAction","target":["https:\/\/www.ensemblekuraia.es\/project\/sinfonia-mitica\/"]}]},{"@type":"ImageObject","inLanguage":"en-US","@id":"https:\/\/www.ensemblekuraia.es\/project\/sinfonia-mitica\/#primaryimage","url":"https:\/\/www.ensemblekuraia.es\/wp-content\/uploads\/2023\/08\/IMG-20220925-WA0007.jpg","contentUrl":"https:\/\/www.ensemblekuraia.es\/wp-content\/uploads\/2023\/08\/IMG-20220925-WA0007.jpg","width":1500,"height":2000,"caption":"MITOEN SINFONIA"},{"@type":"BreadcrumbList","@id":"https:\/\/www.ensemblekuraia.es\/project\/sinfonia-mitica\/#breadcrumb","itemListElement":[{"@type":"ListItem","position":1,"name":"Portada","item":"https:\/\/www.ensemblekuraia.es\/en\/"},{"@type":"ListItem","position":2,"name":"Proyectos","item":"https:\/\/www.ensemblekuraia.es\/project\/"},{"@type":"ListItem","position":3,"name":"Artes Esc\u00e9nicas","item":"https:\/\/www.ensemblekuraia.es\/project_category\/artes-escenicas\/"},{"@type":"ListItem","position":4,"name":"Sinfon\u00eda m\u00edtica"}]},{"@type":"WebSite","@id":"https:\/\/www.ensemblekuraia.es\/#website","url":"https:\/\/www.ensemblekuraia.es\/","name":"Ensemble Kuraia","description":"Ensemble Kuraia - Grupo de m\u00fasica contempor\u00e1nea de Bilbao \/ Bilboko musika garaikide taldea","publisher":{"@id":"https:\/\/www.ensemblekuraia.es\/#organization"},"alternateName":"Ensemble Kuraia","potentialAction":[{"@type":"SearchAction","target":{"@type":"EntryPoint","urlTemplate":"https:\/\/www.ensemblekuraia.es\/?s={search_term_string}"},"query-input":{"@type":"PropertyValueSpecification","valueRequired":true,"valueName":"search_term_string"}}],"inLanguage":"en-US"},{"@type":"Organization","@id":"https:\/\/www.ensemblekuraia.es\/#organization","name":"Ensemble Kuraia","alternateName":"Kuraia","url":"https:\/\/www.ensemblekuraia.es\/","logo":{"@type":"ImageObject","inLanguage":"en-US","@id":"https:\/\/www.ensemblekuraia.es\/#\/schema\/logo\/image\/","url":"https:\/\/www.ensemblekuraia.es\/wp-content\/uploads\/2023\/08\/Logo-ensemble-kuaria-ng.png","contentUrl":"https:\/\/www.ensemblekuraia.es\/wp-content\/uploads\/2023\/08\/Logo-ensemble-kuaria-ng.png","width":317,"height":43,"caption":"Ensemble Kuraia"},"image":{"@id":"https:\/\/www.ensemblekuraia.es\/#\/schema\/logo\/image\/"},"sameAs":["https:\/\/www.facebook.com\/EnsembleKuraia","https:\/\/www.youtube.com\/@EnsembleKuraia","https:\/\/soundcloud.com\/user-672186296"]}]}},"_links":{"self":[{"href":"https:\/\/www.ensemblekuraia.es\/en\/wp-json\/wp\/v2\/project\/2309","targetHints":{"allow":["GET"]}}],"collection":[{"href":"https:\/\/www.ensemblekuraia.es\/en\/wp-json\/wp\/v2\/project"}],"about":[{"href":"https:\/\/www.ensemblekuraia.es\/en\/wp-json\/wp\/v2\/types\/project"}],"author":[{"embeddable":true,"href":"https:\/\/www.ensemblekuraia.es\/en\/wp-json\/wp\/v2\/users\/4"}],"replies":[{"embeddable":true,"href":"https:\/\/www.ensemblekuraia.es\/en\/wp-json\/wp\/v2\/comments?post=2309"}],"version-history":[{"count":0,"href":"https:\/\/www.ensemblekuraia.es\/en\/wp-json\/wp\/v2\/project\/2309\/revisions"}],"wp:featuredmedia":[{"embeddable":true,"href":"https:\/\/www.ensemblekuraia.es\/en\/wp-json\/wp\/v2\/media\/1665"}],"wp:attachment":[{"href":"https:\/\/www.ensemblekuraia.es\/en\/wp-json\/wp\/v2\/media?parent=2309"}],"wp:term":[{"taxonomy":"project_category","embeddable":true,"href":"https:\/\/www.ensemblekuraia.es\/en\/wp-json\/wp\/v2\/project_category?post=2309"},{"taxonomy":"project_tag","embeddable":true,"href":"https:\/\/www.ensemblekuraia.es\/en\/wp-json\/wp\/v2\/project_tag?post=2309"}],"curies":[{"name":"wp","href":"https:\/\/api.w.org\/{rel}","templated":true}]}}