{"id":2296,"date":"2023-08-22T15:59:11","date_gmt":"2023-08-22T15:59:11","guid":{"rendered":"https:\/\/www.ensemblekuraia.es\/project\/hurkus-laika\/"},"modified":"2023-09-07T08:30:31","modified_gmt":"2023-09-07T08:30:31","slug":"hurkus-laika","status":"publish","type":"project","link":"https:\/\/www.ensemblekuraia.es\/en\/project\/hurkus-laika\/","title":{"rendered":"Hurkus &#038; Laika"},"content":{"rendered":"<p>[et_pb_section fb_built=&#8221;1&#8243; admin_label=&#8221;Header&#8221; _builder_version=&#8221;4.21.0&#8243; _module_preset=&#8221;default&#8221; background_color=&#8221;#000000&#8243; use_background_color_gradient=&#8221;on&#8221; background_color_gradient_stops=&#8221;#aba119 0%|#ffffff 100%&#8221; background_enable_mask_style=&#8221;on&#8221; background_mask_style=&#8221;diagonal-bars&#8221; background_mask_transform=&#8221;rotate_90_degree&#8221; background_mask_size=&#8221;cover&#8221; background_mask_position=&#8221;top_center&#8221; collapsed=&#8221;off&#8221; global_colors_info=&#8221;{}&#8221;][et_pb_row _builder_version=&#8221;4.20.0&#8243; _module_preset=&#8221;default&#8221; global_colors_info=&#8221;{}&#8221;][et_pb_column type=&#8221;4_4&#8243; _builder_version=&#8221;4.20.0&#8243; _module_preset=&#8221;default&#8221; global_colors_info=&#8221;{}&#8221;][et_pb_text admin_label=&#8221;T\u00cdTULO&#8221; _builder_version=&#8221;4.21.0&#8243; _module_preset=&#8221;4e7d8f30-364a-4965-a3b0-7f82d9ef62ab&#8221; header_font=&#8221;Cormorant Garamond|600||on|||||&#8221; header_text_color=&#8221;#000000&#8243; header_font_size=&#8221;68px&#8221; header_letter_spacing=&#8221;0em&#8221; custom_margin=&#8221;||10px||false|false&#8221; header_font_tablet=&#8221;Cormorant Garamond|700||on|||||&#8221; header_font_phone=&#8221;Cormorant Garamond|700||on|||||&#8221; header_font_last_edited=&#8221;on|phone&#8221; header_font_size_tablet=&#8221;40px&#8221; header_font_size_phone=&#8221;30px&#8221; header_font_size_last_edited=&#8221;on|desktop&#8221; global_colors_info=&#8221;{}&#8221;]<\/p>\n<h1>Hurkus &amp; Laika<\/h1>\n<p>[\/et_pb_text][\/et_pb_column][\/et_pb_row][et_pb_row column_structure=&#8221;2_5,3_5&#8243; _builder_version=&#8221;4.20.0&#8243; _module_preset=&#8221;default&#8221; global_colors_info=&#8221;{}&#8221;][et_pb_column type=&#8221;2_5&#8243; _builder_version=&#8221;4.20.0&#8243; _module_preset=&#8221;default&#8221; global_colors_info=&#8221;{}&#8221;][et_pb_image src=&#8221;https:\/\/www.ensemblekuraia.es\/wp-content\/uploads\/2023\/08\/hurkuserrementaria2020-018-mini.jpg&#8221; alt=&#8221;HURKUS ERREMENTARIA&#8221; title_text=&#8221;hurkuserrementaria2020-018-mini&#8221; show_in_lightbox=&#8221;on&#8221; use_overlay=&#8221;on&#8221; overlay_icon_color=&#8221;#000000&#8243; hover_overlay_color=&#8221;RGBA(255,255,255,0)&#8221; hover_icon=&#8221;&#xf00e;||fa||900&#8243; align=&#8221;center&#8221; force_fullwidth=&#8221;on&#8221; admin_label=&#8221;Imagen 1&#8243; _builder_version=&#8221;4.21.0&#8243; _module_preset=&#8221;default&#8221; background_color=&#8221;rgba(0,0,0,0.04)&#8221; box_shadow_style=&#8221;preset4&#8243; box_shadow_horizontal=&#8221;0px&#8221; box_shadow_vertical=&#8221;0px&#8221; box_shadow_color=&#8221;rgba(0,0,0,0.05)&#8221; locked=&#8221;off&#8221; global_colors_info=&#8221;{}&#8221; transform_styles__hover_enabled=&#8221;on|hover&#8221; transform_scale__hover=&#8221;90%|90%&#8221; transform_scale__hover_enabled=&#8221;on|hover&#8221; transform_translate__hover_enabled=&#8221;on|desktop&#8221; transform_rotate__hover_enabled=&#8221;on|desktop&#8221; transform_skew__hover_enabled=&#8221;on|desktop&#8221; transform_origin__hover_enabled=&#8221;on|desktop&#8221; box_shadow_spread__hover=&#8221;30px&#8221; box_shadow_spread__hover_enabled=&#8221;on|hover&#8221;][\/et_pb_image][et_pb_image src=&#8221;https:\/\/www.ensemblekuraia.es\/wp-content\/uploads\/2023\/08\/laika-008-mini.jpg&#8221; alt=&#8221;ZER DUZU LAIKA&#8221; title_text=&#8221;laika-008-mini&#8221; show_in_lightbox=&#8221;on&#8221; use_overlay=&#8221;on&#8221; overlay_icon_color=&#8221;#000000&#8243; hover_overlay_color=&#8221;RGBA(255,255,255,0)&#8221; hover_icon=&#8221;&#xf00e;||fa||900&#8243; align=&#8221;center&#8221; force_fullwidth=&#8221;on&#8221; admin_label=&#8221;Imagen 2&#8243; _builder_version=&#8221;4.21.0&#8243; _module_preset=&#8221;default&#8221; background_color=&#8221;rgba(0,0,0,0.04)&#8221; box_shadow_style=&#8221;preset4&#8243; box_shadow_horizontal=&#8221;0px&#8221; box_shadow_vertical=&#8221;0px&#8221; box_shadow_color=&#8221;rgba(0,0,0,0.05)&#8221; locked=&#8221;off&#8221; global_colors_info=&#8221;{}&#8221; transform_styles__hover_enabled=&#8221;on|hover&#8221; transform_scale__hover=&#8221;90%|90%&#8221; transform_scale__hover_enabled=&#8221;on|hover&#8221; transform_translate__hover_enabled=&#8221;on|desktop&#8221; transform_rotate__hover_enabled=&#8221;on|desktop&#8221; transform_skew__hover_enabled=&#8221;on|desktop&#8221; transform_origin__hover_enabled=&#8221;on|desktop&#8221; box_shadow_spread__hover=&#8221;30px&#8221; box_shadow_spread__hover_enabled=&#8221;on|hover&#8221;][\/et_pb_image][\/et_pb_column][et_pb_column type=&#8221;3_5&#8243; _builder_version=&#8221;4.20.0&#8243; _module_preset=&#8221;default&#8221; global_colors_info=&#8221;{}&#8221;][et_pb_text admin_label=&#8221;Texto 1&#8243; _builder_version=&#8221;4.21.0&#8243; _module_preset=&#8221;ed1517fa-aa14-4962-ac88-5488177289ee&#8221; text_font_size=&#8221;16px&#8221; text_line_height=&#8221;1.8em&#8221; text_font_size_tablet=&#8221;15px&#8221; text_font_size_phone=&#8221;14px&#8221; text_font_size_last_edited=&#8221;on|desktop&#8221; global_colors_info=&#8221;{}&#8221;]<\/p>\n<h2><strong>PRESENTACI\u00d3N<\/strong><\/h2>\n<p>Este precioso espect\u00e1culo familiar, a caballo entre el concierto y el cuentacuentos, nos brinda la posibilidad de disfrutar de dos historias narradas con acompa\u00f1amiento coral y musical. Se trata, en definitiva, de una oportunidad \u00fanica para gozar de forma divertida con la belleza de la m\u00fasica y la palabra gracias a estos dos cuentos musicales.<\/p>\n<p>HURKUS ERREMENTARIA<\/p>\n<p>Hurkus es un herrero solitario que vive en una casa apartada en el bosque. De maneras algo toscas, sin embargo es buena persona. Vive trabajando entre chispas y martillos acompa\u00f1ado por su perro Argos y su loro Perroket. La gente del pueblo dice de \u00e9l que es muy arisco, muy malo y un vago redomado. Estas opiniones llegan hasta el infierno. Satan\u00e1s, viendo que dicen que es tan malvado, decide enviarle a Hurkus un diablo para que se lo lleve al infierno. Pero Hurkus es un tipo muy listo.<\/p>\n<p>ZER DUZU LAIKA<\/p>\n<p>Basado en un texto en castellano de Bernardo Atxaga, escrito para ni\u00f1os, \u00bfQu\u00e9 pasa Laika? Es una reflexi\u00f3n que realiza una ni\u00f1a aficionada a la astronom\u00eda que pasea a su perro todas las noches sobre qu\u00e9 pudo haber sucedido con Laika, la perrita rusa que viaj\u00f3 a la Luna en el primer viaje tripulado. Una bella reflexi\u00f3n sobre la vida y c\u00f3mo afrontar las dificultades que surgen.<\/p>\n<h2><strong>FICHA DEL ESPECT\u00c1CULO<\/strong><\/h2>\n<p><strong>Espect\u00e1culo en euskera<\/strong><br \/><strong>Espect\u00e1culo familiar. Edad recomendada: a partir de 8 a\u00f1os<\/strong><br \/><strong>Duraci\u00f3n: <\/strong>una hora<br \/><strong>M\u00fasica y Direcci\u00f3n:<\/strong> David Azurza<br \/><strong>Textos:<\/strong> Joxemari Iturralde (Hurkus); Bernardo Atxaga, en traducci\u00f3n de Joxemari Iturralde (Laika)<br \/><strong>Narraci\u00f3n:<\/strong> Andoni Aleman y Miren Lourdes Mitxelena<br \/><strong>Coro:<\/strong> Gernikako Gaudeamus korala<br \/><strong>Instrumentistas:<\/strong> Ensemble Kuraia<br \/><strong>Flauta:<\/strong> Pedro Vela<br \/><strong>Clarinete:<\/strong> Sergio Barranco<br \/><strong>Trompeta:<\/strong> Nicol\u00e1s Zubia<br \/><strong>Acorde\u00f3n:<\/strong> Mar\u00eda Zubimendi<br \/><strong>Violonchelo:<\/strong> Bel\u00e9n Fern\u00e1ndez<br \/><strong>Percusiones:<\/strong> Gorka Catediano<\/p>\n<p>[\/et_pb_text][\/et_pb_column][\/et_pb_row][et_pb_row _builder_version=&#8221;4.20.0&#8243; _module_preset=&#8221;default&#8221; global_colors_info=&#8221;{}&#8221;][et_pb_column type=&#8221;4_4&#8243; _builder_version=&#8221;4.20.0&#8243; _module_preset=&#8221;default&#8221; global_colors_info=&#8221;{}&#8221;][et_pb_text disabled_on=&#8221;on|on|on&#8221; admin_label=&#8221;Texto 2&#8243; _builder_version=&#8221;4.21.0&#8243; _module_preset=&#8221;default&#8221; disabled=&#8221;on&#8221; global_colors_info=&#8221;{}&#8221;]<\/p>\n<h2><strong>CR\u00cdTICA<\/strong><\/h2>\n<p><strong>Deia 22-10-2008<\/strong><\/p>\n<p><strong>UN ACTO ART\u00cdSTICO DE GENIAL VALOR E IMPORTANCIA<\/strong><br \/><strong>Estreno de &#8216;Der Kaiser von Atlantis&#8217;, de Viktor Ullman, en Bilbao<\/strong><br \/><strong>J. A. Z.<\/strong><\/p>\n<p>Se estren\u00f3 por fin en Bilbao\u00a0<em>Der Kaiser von Atlantis<\/em>, \u00f3pera camer\u00edstica del m\u00fasico jud\u00edo, compositor, pianista, director y cr\u00edtico musical Viktor Ullman, nacido en la ciudad checa Teschen en 1898 y que hab\u00eda sido alumno de Arnold Sch\u00f6nberg y de Alois Haba. Esta obra, titulada como ya la citada\u00a0<em>El Emperador de la Atl\u00e1ntida<\/em>\u00a0o\u00a0La muerte abdica, fue compuesta en 1943, en la ciudad de Terezin y al a\u00f1o siguiente el autor muri\u00f3 en el campo de concentraci\u00f3n de Auschwitz.<\/p>\n<p>Si lo m\u00e1s conocido de Ullman son algunas sonatas pian\u00edsticas, sin embargo esta obra oper\u00edstica, que no se estrenar\u00eda hasta 1975, en Amsterdam, es hoy una de sus m\u00e1s atractivas piezas, por lo que ha sido un \u00e9xito que la programaran la Euskaltel-EiTB&#8230; en la nueva sede bilba\u00edna de esta entidad.<\/p>\n<p>Junto a la valiosa programaci\u00f3n hecha por Kuraia, la Universidad del Pa\u00eds Vasco (UPV\/EHU), A\u00f1o de la Innovaci\u00f3n 2008, m\u00e1s las ya citadas entidades, hay que comentar que se mont\u00f3 con gran acierto elambiente\u00a0en la sala interior del centro de EITB, gracias a la sonoridad discogr\u00e1fica precedente a la actuaci\u00f3n como a la muestra de im\u00e1genes, fotograf\u00edas, fragmentos documentales&#8230; en muy estrecha vinculaci\u00f3n con la obra.<\/p>\n<p>En cuanto a la interpretaci\u00f3n musical, puede calificarse como muy acertada la interpretaci\u00f3n realizada por Andrea Cazzaniga, quien dirigi\u00f3 la obra en el propio escenario, donde permanec\u00eda la orquesta. Hay que comentar, asimismo, que la complementaci\u00f3n esc\u00e9nica iba muy en consonancia con la m\u00fasica de Ullman. As\u00ed, los trece miembros de la orquesta, las acciones coreogr\u00e1ficas, la labor de los cantantes y, sobre todo, la muestra de acciones cinematogr\u00e1ficas en el fondo recreaban con una gran unidad total el car\u00e1cter de esta \u00f3pera, por lo que hay que admirar la creaci\u00f3n dram\u00e1tica de Josu Rekalde.<\/p>\n<p>En cuanto a la direcci\u00f3n musical de Cazzaniga, debe citarse la tan clara como s\u00f3lida interpretaci\u00f3n realizada tanto con los cantantes como con la orquesta, muy en la base interior de la est\u00e9tica de Ullman. Tambi\u00e9n hay que citar a los trece instrumentistas: Oihana Landa, Aintzane Barona, Sergio Barranco, I\u00f1igo Ibaibarriaga, Xabier Inunziaga, Elur Arrieta, Julen Ramos, Ainhoa Uria, Santiago Gorostiza, Catalin Bucataru, Daniel Garc\u00eda, Luis Ibiricu, Elva Trullen y Ricardo de Lucas. La clara identidad como el car\u00e1cter de la obra result\u00f3 muy apropiada por la orquesta, bajo el maestro Cazzaniga.<\/p>\n<p>En cuanto a los cantantes, debe anotarse que dieron una gran interpretaci\u00f3n general y de acuerdo con la est\u00e9tica de la obra, sin necesidad de\u00a0glorias\u00a0vocales -que no exige la escritura-sino con una enorme sensualidad est\u00e9tica de la obra. As\u00ed, el bar\u00edtono Xavier Mendoza,\u00a0<em>Overall-Kaiser<\/em>, mostr\u00f3 una excelente vocalidad al mismo tiempo que dio car\u00e1cter importante a su personaje; el hacer del bajo Ralf Grobe,\u00a0Muerte y Altavoz, cuya emisi\u00f3n aparec\u00eda entre &#8220;luces&#8221;, muestra una sonoridad muy propia del personaje no humano; muy evidente y de poder especial; el tenor Alberto N\u00fa\u00f1ez Baracaldo,\u00a0<em>Soldado y Arlequ\u00edn<\/em>, actu\u00f3 con muy acertada personalidad; y la mezzo Ana H\u00e4sler,\u00a0Tambor, realiz\u00f3 una interpretaci\u00f3n muy caracter\u00edstica, por m\u00e1s que su color vocal no se mostrara extraordinaria, mientras que la soprano Ana Otxoa,\u00a0Soldado Mujer,di\u00f3 un tono muy propio a su personaje, aunque su papel sea breve.<\/p>\n<p>Asimismo, puede indicarse que la &#8220;danza&#8221; de la obra fue muy bien interpretada por los trece personajes coreogr\u00e1ficos, si bien el car\u00e1cter de esta \u00f3pera impone un movimiento m\u00e1s bien tr\u00e1gico que &#8220;brillante&#8221;. En resumen, la programaci\u00f3n de esta\u00a0<em>Der Kaiser von Atlantis<\/em>\u00a0ha sido una idea de verdadero arte.<\/p>\n<p><strong>El Correo 22.11.08<\/strong><\/p>\n<p><strong>\u00d3PERA DEGENERADA<\/strong><br \/><strong>Karmelo Errekatxo<\/strong><\/p>\n<p>El jueves tuvimos la ocasi\u00f3n de asistir, en Bilbao, al estreno en Bilbao de una \u00f3pera del siglo XX: &#8216;Der Kaiser von Atlantis&#8217;, obra que puede inscribirse dentro del grupo tenido por la censura alemana del nazismo como \u00abm\u00fasica degenerada\u00bb. Su autor, el austro-h\u00fangaro V. Ullmann, disc\u00edpulo de Sch\u00f6nberg y H\u00e1ba cre\u00f3 una t\u00e9cnica de composici\u00f3n muy moderna. De entre sus obras destaca \u00e9sta, escrita en el campo de concentraci\u00f3n de Therienstadt, con los pocos recursos con los que pudo contar.<\/p>\n<p>Los cantantes, con apoyo de una muy discreta pero efectiva megafon\u00eda, consiguen atrapar al p\u00fablico en el transcurso de los apenas 60 minutos que dura la retransmisi\u00f3n. Con la direcci\u00f3n musical de Andrea Cazzariga y la art\u00edstica de Josu Rekalde result\u00f3 una representaci\u00f3n de gran fuerza, sugestiva en lo visual, con aportaci\u00f3n de impresionante documentaci\u00f3n proyectada en v\u00eddeo.\u00a0<strong>Un espect\u00e1culo poco menos que irresistible<\/strong>.<\/p>\n<p>[\/et_pb_text][et_pb_gallery gallery_ids=&#8221;1672,1670,1668&#8243; fullwidth=&#8221;on&#8221; _builder_version=&#8221;4.21.0&#8243; _module_preset=&#8221;default&#8221; global_colors_info=&#8221;{}&#8221;][\/et_pb_gallery][\/et_pb_column][\/et_pb_row][et_pb_row column_structure=&#8221;1_2,1_2&#8243; disabled_on=&#8221;on|on|on&#8221; _builder_version=&#8221;4.20.0&#8243; _module_preset=&#8221;default&#8221; custom_padding=&#8221;0px||0px|||&#8221; disabled=&#8221;on&#8221; locked=&#8221;off&#8221; global_colors_info=&#8221;{}&#8221;][et_pb_column type=&#8221;1_2&#8243; _builder_version=&#8221;4.20.0&#8243; _module_preset=&#8221;default&#8221; global_colors_info=&#8221;{}&#8221;][et_pb_text admin_label=&#8221;A\u00d1O&#8221; _builder_version=&#8221;4.21.0&#8243; _module_preset=&#8221;97d39b46-e6f8-4d9c-8c1b-a2c2e80380ac&#8221; header_4_font=&#8221;Inter|600||on|||||&#8221; header_4_font_size=&#8221;12px&#8221; header_4_letter_spacing=&#8221;0em&#8221; header_4_line_height=&#8221;1.4em&#8221; custom_margin=&#8221;||10px||false|false&#8221; locked=&#8221;off&#8221; global_colors_info=&#8221;{}&#8221;]<\/p>\n<h4>2008<\/h4>\n<p>[\/et_pb_text][\/et_pb_column][et_pb_column type=&#8221;1_2&#8243; _builder_version=&#8221;4.20.0&#8243; _module_preset=&#8221;default&#8221; global_colors_info=&#8221;{}&#8221;][et_pb_button button_url=&#8221;http:\/\/www.kaiservonatlantis.blogspot.com\/&#8221; url_new_window=&#8221;on&#8221; button_text=&#8221;M\u00c1S INFORMACI\u00d3N&#8221; button_alignment=&#8221;right&#8221; button_alignment_tablet=&#8221;center&#8221; button_alignment_phone=&#8221;center&#8221; button_alignment_last_edited=&#8221;on|tablet&#8221; _builder_version=&#8221;4.21.0&#8243; _module_preset=&#8221;f53dac6a-f342-4163-b115-dcd327bbef39&#8243; custom_button=&#8221;on&#8221; button_text_size=&#8221;14px&#8221; button_text_color=&#8221;#ffffff&#8221; button_bg_color=&#8221;#ABA119&#8243; button_border_width=&#8221;0px&#8221; button_border_radius=&#8221;0px&#8221; button_letter_spacing=&#8221;0.2em&#8221; button_font=&#8221;Cormorant Garamond|700||on|||||&#8221; custom_padding=&#8221;16px|24px|16px|24px|true|true&#8221; locked=&#8221;off&#8221; global_colors_info=&#8221;{}&#8221;][\/et_pb_button][\/et_pb_column][\/et_pb_row][\/et_pb_section][et_pb_section fb_built=&#8221;1&#8243; admin_label=&#8221;OTROS PROYECTOS&#8221; _builder_version=&#8221;4.21.0&#8243; _module_preset=&#8221;default&#8221; custom_padding=&#8221;0px|||||&#8221; hover_enabled=&#8221;0&#8243; collapsed=&#8221;on&#8221; global_colors_info=&#8221;{}&#8221; sticky_enabled=&#8221;0&#8243;][et_pb_row _builder_version=&#8221;4.21.0&#8243; _module_preset=&#8221;default&#8221; global_colors_info=&#8221;{}&#8221;][et_pb_column type=&#8221;4_4&#8243; _builder_version=&#8221;4.21.0&#8243; _module_preset=&#8221;default&#8221; global_colors_info=&#8221;{}&#8221;][et_pb_text _builder_version=&#8221;4.21.0&#8243; _module_preset=&#8221;afd346ae-a729-4f2e-aeb3-d500b62481e5&#8243; header_2_font=&#8221;Cormorant Garamond|||on|||||&#8221; header_2_font_size=&#8221;48px&#8221; header_2_letter_spacing=&#8221;0.2em&#8221; header_2_line_height=&#8221;1.2em&#8221; text_orientation=&#8221;center&#8221; custom_margin=&#8221;62px||34px|||&#8221; header_2_font_size_tablet=&#8221;32px&#8221; header_2_font_size_phone=&#8221;20px&#8221; header_2_font_size_last_edited=&#8221;on|desktop&#8221; global_colors_info=&#8221;{}&#8221;]<\/p>\n<h2>Other projects<\/h2>\n<p>[\/et_pb_text][et_pb_portfolio fullwidth=&#8221;off&#8221; posts_number=&#8221;4&#8243; include_categories=&#8221;25&#8243; show_categories=&#8221;off&#8221; _builder_version=&#8221;4.21.0&#8243; _module_preset=&#8221;default&#8221; global_colors_info=&#8221;{}&#8221;][\/et_pb_portfolio][\/et_pb_column][\/et_pb_row][\/et_pb_section]<\/p>\n","protected":false},"excerpt":{"rendered":"<p>Hurkus &amp; LaikaPRESENTACI\u00d3N Este precioso espect\u00e1culo familiar, a caballo entre el concierto y el cuentacuentos, nos brinda la posibilidad de disfrutar de dos historias narradas con acompa\u00f1amiento coral y musical. Se trata, en definitiva, de una oportunidad \u00fanica para gozar de forma divertida con la belleza de la m\u00fasica y la palabra gracias a estos [&hellip;]<\/p>\n","protected":false},"author":4,"featured_media":1663,"comment_status":"closed","ping_status":"closed","template":"","meta":{"_et_pb_use_builder":"on","_et_pb_old_content":"","_et_gb_content_width":"","footnotes":""},"project_category":[34],"project_tag":[],"class_list":["post-2296","project","type-project","status-publish","has-post-thumbnail","hentry","project_category-artes-escenicas-en"],"yoast_head":"<!-- This site is optimized with the Yoast SEO plugin v27.1.1 - https:\/\/yoast.com\/product\/yoast-seo-wordpress\/ -->\n<title>Hurkus &amp; Laika - Ensemble Kuraia<\/title>\n<meta name=\"robots\" content=\"noindex, follow\" \/>\n<meta property=\"og:locale\" content=\"en_US\" \/>\n<meta property=\"og:type\" content=\"article\" \/>\n<meta property=\"og:title\" content=\"Hurkus &amp; Laika - Ensemble Kuraia\" \/>\n<meta property=\"og:description\" content=\"Hurkus &amp; LaikaPRESENTACI\u00d3N Este precioso espect\u00e1culo familiar, a caballo entre el concierto y el cuentacuentos, nos brinda la posibilidad de disfrutar de dos historias narradas con acompa\u00f1amiento coral y musical. Se trata, en definitiva, de una oportunidad \u00fanica para gozar de forma divertida con la belleza de la m\u00fasica y la palabra gracias a estos [&hellip;]\" \/>\n<meta property=\"og:url\" content=\"https:\/\/www.ensemblekuraia.es\/project\/hurkus-laika\/\" \/>\n<meta property=\"og:site_name\" content=\"Ensemble Kuraia\" \/>\n<meta property=\"article:publisher\" content=\"https:\/\/www.facebook.com\/EnsembleKuraia\" \/>\n<meta property=\"article:modified_time\" content=\"2023-09-07T08:30:31+00:00\" \/>\n<meta property=\"og:image\" content=\"https:\/\/www.ensemblekuraia.es\/wp-content\/uploads\/2023\/08\/hurkuserrementaria2020-018-mini.jpg\" \/>\n\t<meta property=\"og:image:width\" content=\"650\" \/>\n\t<meta property=\"og:image:height\" content=\"919\" \/>\n\t<meta property=\"og:image:type\" content=\"image\/jpeg\" \/>\n<meta name=\"twitter:card\" content=\"summary_large_image\" \/>\n<meta name=\"twitter:label1\" content=\"Est. reading time\" \/>\n\t<meta name=\"twitter:data1\" content=\"6 minutes\" \/>\n<script type=\"application\/ld+json\" class=\"yoast-schema-graph\">{\"@context\":\"https:\/\/schema.org\",\"@graph\":[{\"@type\":\"WebPage\",\"@id\":\"https:\/\/www.ensemblekuraia.es\/project\/hurkus-laika\/\",\"url\":\"https:\/\/www.ensemblekuraia.es\/project\/hurkus-laika\/\",\"name\":\"Hurkus & Laika - Ensemble Kuraia\",\"isPartOf\":{\"@id\":\"https:\/\/www.ensemblekuraia.es\/#website\"},\"primaryImageOfPage\":{\"@id\":\"https:\/\/www.ensemblekuraia.es\/project\/hurkus-laika\/#primaryimage\"},\"image\":{\"@id\":\"https:\/\/www.ensemblekuraia.es\/project\/hurkus-laika\/#primaryimage\"},\"thumbnailUrl\":\"https:\/\/www.ensemblekuraia.es\/wp-content\/uploads\/2023\/08\/hurkuserrementaria2020-018-mini.jpg\",\"datePublished\":\"2023-08-22T15:59:11+00:00\",\"dateModified\":\"2023-09-07T08:30:31+00:00\",\"breadcrumb\":{\"@id\":\"https:\/\/www.ensemblekuraia.es\/project\/hurkus-laika\/#breadcrumb\"},\"inLanguage\":\"en-US\",\"potentialAction\":[{\"@type\":\"ReadAction\",\"target\":[\"https:\/\/www.ensemblekuraia.es\/project\/hurkus-laika\/\"]}]},{\"@type\":\"ImageObject\",\"inLanguage\":\"en-US\",\"@id\":\"https:\/\/www.ensemblekuraia.es\/project\/hurkus-laika\/#primaryimage\",\"url\":\"https:\/\/www.ensemblekuraia.es\/wp-content\/uploads\/2023\/08\/hurkuserrementaria2020-018-mini.jpg\",\"contentUrl\":\"https:\/\/www.ensemblekuraia.es\/wp-content\/uploads\/2023\/08\/hurkuserrementaria2020-018-mini.jpg\",\"width\":650,\"height\":919,\"caption\":\"HURKUS ERREMENTARIA\"},{\"@type\":\"BreadcrumbList\",\"@id\":\"https:\/\/www.ensemblekuraia.es\/project\/hurkus-laika\/#breadcrumb\",\"itemListElement\":[{\"@type\":\"ListItem\",\"position\":1,\"name\":\"Portada\",\"item\":\"https:\/\/www.ensemblekuraia.es\/en\/\"},{\"@type\":\"ListItem\",\"position\":2,\"name\":\"Proyectos\",\"item\":\"https:\/\/www.ensemblekuraia.es\/project\/\"},{\"@type\":\"ListItem\",\"position\":3,\"name\":\"Artes Esc\u00e9nicas\",\"item\":\"https:\/\/www.ensemblekuraia.es\/project_category\/artes-escenicas\/\"},{\"@type\":\"ListItem\",\"position\":4,\"name\":\"Hurkus &#038; Laika\"}]},{\"@type\":\"WebSite\",\"@id\":\"https:\/\/www.ensemblekuraia.es\/#website\",\"url\":\"https:\/\/www.ensemblekuraia.es\/\",\"name\":\"Ensemble Kuraia\",\"description\":\"Ensemble Kuraia - Grupo de m\u00fasica contempor\u00e1nea de Bilbao \/ Bilboko musika garaikide taldea\",\"publisher\":{\"@id\":\"https:\/\/www.ensemblekuraia.es\/#organization\"},\"alternateName\":\"Ensemble Kuraia\",\"potentialAction\":[{\"@type\":\"SearchAction\",\"target\":{\"@type\":\"EntryPoint\",\"urlTemplate\":\"https:\/\/www.ensemblekuraia.es\/?s={search_term_string}\"},\"query-input\":{\"@type\":\"PropertyValueSpecification\",\"valueRequired\":true,\"valueName\":\"search_term_string\"}}],\"inLanguage\":\"en-US\"},{\"@type\":\"Organization\",\"@id\":\"https:\/\/www.ensemblekuraia.es\/#organization\",\"name\":\"Ensemble Kuraia\",\"alternateName\":\"Kuraia\",\"url\":\"https:\/\/www.ensemblekuraia.es\/\",\"logo\":{\"@type\":\"ImageObject\",\"inLanguage\":\"en-US\",\"@id\":\"https:\/\/www.ensemblekuraia.es\/#\/schema\/logo\/image\/\",\"url\":\"https:\/\/www.ensemblekuraia.es\/wp-content\/uploads\/2023\/08\/Logo-ensemble-kuaria-ng.png\",\"contentUrl\":\"https:\/\/www.ensemblekuraia.es\/wp-content\/uploads\/2023\/08\/Logo-ensemble-kuaria-ng.png\",\"width\":317,\"height\":43,\"caption\":\"Ensemble Kuraia\"},\"image\":{\"@id\":\"https:\/\/www.ensemblekuraia.es\/#\/schema\/logo\/image\/\"},\"sameAs\":[\"https:\/\/www.facebook.com\/EnsembleKuraia\",\"https:\/\/www.youtube.com\/@EnsembleKuraia\",\"https:\/\/soundcloud.com\/user-672186296\"]}]}<\/script>\n<!-- \/ Yoast SEO plugin. -->","yoast_head_json":{"title":"Hurkus & Laika - Ensemble Kuraia","robots":{"index":"noindex","follow":"follow"},"og_locale":"en_US","og_type":"article","og_title":"Hurkus & Laika - Ensemble Kuraia","og_description":"Hurkus &amp; LaikaPRESENTACI\u00d3N Este precioso espect\u00e1culo familiar, a caballo entre el concierto y el cuentacuentos, nos brinda la posibilidad de disfrutar de dos historias narradas con acompa\u00f1amiento coral y musical. Se trata, en definitiva, de una oportunidad \u00fanica para gozar de forma divertida con la belleza de la m\u00fasica y la palabra gracias a estos [&hellip;]","og_url":"https:\/\/www.ensemblekuraia.es\/project\/hurkus-laika\/","og_site_name":"Ensemble Kuraia","article_publisher":"https:\/\/www.facebook.com\/EnsembleKuraia","article_modified_time":"2023-09-07T08:30:31+00:00","og_image":[{"width":650,"height":919,"url":"https:\/\/www.ensemblekuraia.es\/wp-content\/uploads\/2023\/08\/hurkuserrementaria2020-018-mini.jpg","type":"image\/jpeg"}],"twitter_card":"summary_large_image","twitter_misc":{"Est. reading time":"6 minutes"},"schema":{"@context":"https:\/\/schema.org","@graph":[{"@type":"WebPage","@id":"https:\/\/www.ensemblekuraia.es\/project\/hurkus-laika\/","url":"https:\/\/www.ensemblekuraia.es\/project\/hurkus-laika\/","name":"Hurkus & Laika - Ensemble Kuraia","isPartOf":{"@id":"https:\/\/www.ensemblekuraia.es\/#website"},"primaryImageOfPage":{"@id":"https:\/\/www.ensemblekuraia.es\/project\/hurkus-laika\/#primaryimage"},"image":{"@id":"https:\/\/www.ensemblekuraia.es\/project\/hurkus-laika\/#primaryimage"},"thumbnailUrl":"https:\/\/www.ensemblekuraia.es\/wp-content\/uploads\/2023\/08\/hurkuserrementaria2020-018-mini.jpg","datePublished":"2023-08-22T15:59:11+00:00","dateModified":"2023-09-07T08:30:31+00:00","breadcrumb":{"@id":"https:\/\/www.ensemblekuraia.es\/project\/hurkus-laika\/#breadcrumb"},"inLanguage":"en-US","potentialAction":[{"@type":"ReadAction","target":["https:\/\/www.ensemblekuraia.es\/project\/hurkus-laika\/"]}]},{"@type":"ImageObject","inLanguage":"en-US","@id":"https:\/\/www.ensemblekuraia.es\/project\/hurkus-laika\/#primaryimage","url":"https:\/\/www.ensemblekuraia.es\/wp-content\/uploads\/2023\/08\/hurkuserrementaria2020-018-mini.jpg","contentUrl":"https:\/\/www.ensemblekuraia.es\/wp-content\/uploads\/2023\/08\/hurkuserrementaria2020-018-mini.jpg","width":650,"height":919,"caption":"HURKUS ERREMENTARIA"},{"@type":"BreadcrumbList","@id":"https:\/\/www.ensemblekuraia.es\/project\/hurkus-laika\/#breadcrumb","itemListElement":[{"@type":"ListItem","position":1,"name":"Portada","item":"https:\/\/www.ensemblekuraia.es\/en\/"},{"@type":"ListItem","position":2,"name":"Proyectos","item":"https:\/\/www.ensemblekuraia.es\/project\/"},{"@type":"ListItem","position":3,"name":"Artes Esc\u00e9nicas","item":"https:\/\/www.ensemblekuraia.es\/project_category\/artes-escenicas\/"},{"@type":"ListItem","position":4,"name":"Hurkus &#038; Laika"}]},{"@type":"WebSite","@id":"https:\/\/www.ensemblekuraia.es\/#website","url":"https:\/\/www.ensemblekuraia.es\/","name":"Ensemble Kuraia","description":"Ensemble Kuraia - Grupo de m\u00fasica contempor\u00e1nea de Bilbao \/ Bilboko musika garaikide taldea","publisher":{"@id":"https:\/\/www.ensemblekuraia.es\/#organization"},"alternateName":"Ensemble Kuraia","potentialAction":[{"@type":"SearchAction","target":{"@type":"EntryPoint","urlTemplate":"https:\/\/www.ensemblekuraia.es\/?s={search_term_string}"},"query-input":{"@type":"PropertyValueSpecification","valueRequired":true,"valueName":"search_term_string"}}],"inLanguage":"en-US"},{"@type":"Organization","@id":"https:\/\/www.ensemblekuraia.es\/#organization","name":"Ensemble Kuraia","alternateName":"Kuraia","url":"https:\/\/www.ensemblekuraia.es\/","logo":{"@type":"ImageObject","inLanguage":"en-US","@id":"https:\/\/www.ensemblekuraia.es\/#\/schema\/logo\/image\/","url":"https:\/\/www.ensemblekuraia.es\/wp-content\/uploads\/2023\/08\/Logo-ensemble-kuaria-ng.png","contentUrl":"https:\/\/www.ensemblekuraia.es\/wp-content\/uploads\/2023\/08\/Logo-ensemble-kuaria-ng.png","width":317,"height":43,"caption":"Ensemble Kuraia"},"image":{"@id":"https:\/\/www.ensemblekuraia.es\/#\/schema\/logo\/image\/"},"sameAs":["https:\/\/www.facebook.com\/EnsembleKuraia","https:\/\/www.youtube.com\/@EnsembleKuraia","https:\/\/soundcloud.com\/user-672186296"]}]}},"_links":{"self":[{"href":"https:\/\/www.ensemblekuraia.es\/en\/wp-json\/wp\/v2\/project\/2296","targetHints":{"allow":["GET"]}}],"collection":[{"href":"https:\/\/www.ensemblekuraia.es\/en\/wp-json\/wp\/v2\/project"}],"about":[{"href":"https:\/\/www.ensemblekuraia.es\/en\/wp-json\/wp\/v2\/types\/project"}],"author":[{"embeddable":true,"href":"https:\/\/www.ensemblekuraia.es\/en\/wp-json\/wp\/v2\/users\/4"}],"replies":[{"embeddable":true,"href":"https:\/\/www.ensemblekuraia.es\/en\/wp-json\/wp\/v2\/comments?post=2296"}],"version-history":[{"count":0,"href":"https:\/\/www.ensemblekuraia.es\/en\/wp-json\/wp\/v2\/project\/2296\/revisions"}],"wp:featuredmedia":[{"embeddable":true,"href":"https:\/\/www.ensemblekuraia.es\/en\/wp-json\/wp\/v2\/media\/1663"}],"wp:attachment":[{"href":"https:\/\/www.ensemblekuraia.es\/en\/wp-json\/wp\/v2\/media?parent=2296"}],"wp:term":[{"taxonomy":"project_category","embeddable":true,"href":"https:\/\/www.ensemblekuraia.es\/en\/wp-json\/wp\/v2\/project_category?post=2296"},{"taxonomy":"project_tag","embeddable":true,"href":"https:\/\/www.ensemblekuraia.es\/en\/wp-json\/wp\/v2\/project_tag?post=2296"}],"curies":[{"name":"wp","href":"https:\/\/api.w.org\/{rel}","templated":true}]}}