{"id":1905,"date":"2023-08-15T10:32:45","date_gmt":"2023-08-15T10:32:45","guid":{"rendered":"https:\/\/www.ensemblekuraia.es\/project\/luis-de-pablo-transit-and-evolution-to-the-21st-century\/"},"modified":"2023-09-07T08:29:07","modified_gmt":"2023-09-07T08:29:07","slug":"luis-de-pablo-transit-and-evolution-to-the-21st-century","status":"publish","type":"project","link":"https:\/\/www.ensemblekuraia.es\/en\/project\/luis-de-pablo-transit-and-evolution-to-the-21st-century\/","title":{"rendered":"Luis de Pablo \/ Transit and evolution to the 21st century"},"content":{"rendered":"<p>[et_pb_section fb_built=&#8221;1&#8243; admin_label=&#8221;Header&#8221; _builder_version=&#8221;4.21.0&#8243; _module_preset=&#8221;default&#8221; background_color=&#8221;#000000&#8243; use_background_color_gradient=&#8221;on&#8221; background_color_gradient_stops=&#8221;#aba119 0%|#ffffff 100%&#8221; background_enable_mask_style=&#8221;on&#8221; background_mask_style=&#8221;diagonal-bars&#8221; background_mask_transform=&#8221;rotate_90_degree&#8221; background_mask_size=&#8221;cover&#8221; background_mask_position=&#8221;top_center&#8221; collapsed=&#8221;off&#8221; global_colors_info=&#8221;{}&#8221;][et_pb_row _builder_version=&#8221;4.20.0&#8243; _module_preset=&#8221;default&#8221; global_colors_info=&#8221;{}&#8221;][et_pb_column type=&#8221;4_4&#8243; _builder_version=&#8221;4.20.0&#8243; _module_preset=&#8221;default&#8221; global_colors_info=&#8221;{}&#8221;][et_pb_text _builder_version=&#8221;4.21.0&#8243; _module_preset=&#8221;4e7d8f30-364a-4965-a3b0-7f82d9ef62ab&#8221; header_font=&#8221;Cormorant Garamond|600||on|||||&#8221; header_text_color=&#8221;#000000&#8243; header_font_size=&#8221;68px&#8221; header_letter_spacing=&#8221;0em&#8221; custom_margin=&#8221;||10px||false|false&#8221; header_font_tablet=&#8221;Cormorant Garamond|700||on|||||&#8221; header_font_phone=&#8221;Cormorant Garamond|700||on|||||&#8221; header_font_last_edited=&#8221;on|phone&#8221; header_font_size_tablet=&#8221;40px&#8221; header_font_size_phone=&#8221;30px&#8221; header_font_size_last_edited=&#8221;on|desktop&#8221; global_colors_info=&#8221;{}&#8221;]<\/p>\n<h1>Luis de Pablo \/ Transit and evolution to the 21st century<\/h1>\n<p>[\/et_pb_text][\/et_pb_column][\/et_pb_row][et_pb_row column_structure=&#8221;2_5,3_5&#8243; _builder_version=&#8221;4.20.0&#8243; _module_preset=&#8221;default&#8221; global_colors_info=&#8221;{}&#8221;][et_pb_column type=&#8221;2_5&#8243; _builder_version=&#8221;4.20.0&#8243; _module_preset=&#8221;default&#8221; global_colors_info=&#8221;{}&#8221;][et_pb_image src=&#8221;https:\/\/www.ensemblekuraia.es\/wp-content\/uploads\/2023\/08\/luisdepablo.jpg&#8221; alt=&#8221;Tribute to Luis De Pablo&#8221; title_text=&#8221;luisdepablo&#8221; show_in_lightbox=&#8221;on&#8221; use_overlay=&#8221;on&#8221; overlay_icon_color=&#8221;#000000&#8243; hover_overlay_color=&#8221;RGBA(255,255,255,0)&#8221; hover_icon=&#8221;&#xf00e;||fa||900&#8243; align=&#8221;center&#8221; force_fullwidth=&#8221;on&#8221; _builder_version=&#8221;4.21.0&#8243; _module_preset=&#8221;default&#8221; background_color=&#8221;rgba(0,0,0,0.04)&#8221; box_shadow_style=&#8221;preset4&#8243; box_shadow_horizontal=&#8221;0px&#8221; box_shadow_vertical=&#8221;0px&#8221; box_shadow_color=&#8221;rgba(0,0,0,0.05)&#8221; locked=&#8221;off&#8221; global_colors_info=&#8221;{}&#8221; transform_styles__hover_enabled=&#8221;on|hover&#8221; transform_scale__hover=&#8221;90%|90%&#8221; transform_scale__hover_enabled=&#8221;on|hover&#8221; transform_translate__hover_enabled=&#8221;on|desktop&#8221; transform_rotate__hover_enabled=&#8221;on|desktop&#8221; transform_skew__hover_enabled=&#8221;on|desktop&#8221; transform_origin__hover_enabled=&#8221;on|desktop&#8221; box_shadow_spread__hover=&#8221;30px&#8221; box_shadow_spread__hover_enabled=&#8221;on|hover&#8221;][\/et_pb_image][et_pb_image src=&#8221;https:\/\/www.ensemblekuraia.es\/wp-content\/uploads\/2023\/08\/museo.jpg&#8221; alt=&#8221;Tribute to Luis De Pablo&#8221; title_text=&#8221;museo&#8221; show_in_lightbox=&#8221;on&#8221; use_overlay=&#8221;on&#8221; overlay_icon_color=&#8221;#000000&#8243; hover_overlay_color=&#8221;RGBA(255,255,255,0)&#8221; hover_icon=&#8221;&#xf00e;||fa||900&#8243; align=&#8221;center&#8221; force_fullwidth=&#8221;on&#8221; _builder_version=&#8221;4.21.0&#8243; _module_preset=&#8221;default&#8221; background_color=&#8221;rgba(0,0,0,0.04)&#8221; box_shadow_style=&#8221;preset4&#8243; box_shadow_horizontal=&#8221;0px&#8221; box_shadow_vertical=&#8221;0px&#8221; box_shadow_color=&#8221;rgba(0,0,0,0.05)&#8221; locked=&#8221;off&#8221; global_colors_info=&#8221;{}&#8221; transform_styles__hover_enabled=&#8221;on|hover&#8221; transform_scale__hover=&#8221;90%|90%&#8221; transform_scale__hover_enabled=&#8221;on|hover&#8221; transform_translate__hover_enabled=&#8221;on|desktop&#8221; transform_rotate__hover_enabled=&#8221;on|desktop&#8221; transform_skew__hover_enabled=&#8221;on|desktop&#8221; transform_origin__hover_enabled=&#8221;on|desktop&#8221; box_shadow_spread__hover=&#8221;30px&#8221; box_shadow_spread__hover_enabled=&#8221;on|hover&#8221;][\/et_pb_image][\/et_pb_column][et_pb_column type=&#8221;3_5&#8243; _builder_version=&#8221;4.20.0&#8243; _module_preset=&#8221;default&#8221; global_colors_info=&#8221;{}&#8221;][et_pb_text _builder_version=&#8221;4.21.0&#8243; _module_preset=&#8221;ed1517fa-aa14-4962-ac88-5488177289ee&#8221; text_font_size=&#8221;16px&#8221; text_line_height=&#8221;1.8em&#8221; text_font_size_tablet=&#8221;15px&#8221; text_font_size_phone=&#8221;14px&#8221; text_font_size_last_edited=&#8221;on|desktop&#8221; global_colors_info=&#8221;{}&#8221;]<strong>DOCUMENTARY VIDEO (2000)<\/strong><\/p>\n<p>KURAIA Association, in co-operation with the Fundaci\u00f3n Autor (Author Foundation), has produced for its 70th Anniversary in the year 2000, the Documentary Luis de Pablo. Transit and evolution to the 21st century. <em><strong>Luis de Pablo. Transit and evolution to the 21st century<\/strong><\/em>  .<\/p>\n<p>KURAIA Association, in co-operation with the Fundaci\u00f3n Autor (Author Foundation), has produced for its 70th Anniversary in the year 2000, the Documentary Luis de Pablo. Transit and evolution to the 21st century.<\/p>\n<p>This tribute to <em>Luis de Pablo<\/em> has been possible also thanks to the co-operation of Vizcaya\u2019s Provincial Council, the Basque Government\u2019s Council for Culture, Bilbao\u2019s City Hall, Euskal Telebista (Basque Television, EITB), Guggenheim Museum Bilbao, Centro para la Difusi\u00f3n de la M\u00fasica contempor\u00e1nea (Spanish Contemporary Music Diffusion Centre, CDMC), BBK Bank Foundation and Tonos and Suvini Zerboni publishing houses. KURAIA Ensemble performs two works selected for this video. One of them belongs to Musician de Pablo\u2019s youth production and the other one to his maturity. The composer delivers, through them, a speech about the most outstanding aspects of his musical production and his live.<\/p>\n<p>With this document KURAIA wants to give a general, and at the same time specific, vision of Luis de Pablo\u2019s work, so that it can be interesting for the specialist but simultaneously entertaining and accessible for the general public, taking two of the most outstanding work of this production and, therefore, of the current Spanish music as a reference.<\/p>\n<p>Each part of the documentary finishes with a whole execution and a concert of the selected works.<\/p>\n<p><strong>Contents:<\/strong><\/p>\n<ul>\n<li>Primera Parte \u25ba POLAR (1962)<br \/>\n&nbsp;<br \/>\n<strong>Polar<\/strong> is a reference work in Musician De Pablo\u2019s production and Spanish music. It was the first Spanish work premiered in the historical Darmstadt meetings and conducted by Bruno Maderna in that event. Through practical examples taken directly from the rehearsals innovations will be shown, being this innovations the ones which place this work in the European avant- garde of the seventies.&nbsp;<\/p>\n<p>The composer will talk about his music from this period, his consolidation as music figure between difficulties and success, and the search for a personal and innovative language.<br \/>\n&nbsp;<br \/>\n<\/li>\n<li>Second Part \u25ba KIU FRAGMENTS (for flute and piano)<br \/>\n&nbsp;<\/p>\n<p style=\"text-align: center;\">Fantasia<br \/>\nAria<br \/>\nBurletta<br \/>\nAndante. Adagio. Final<\/p>\n<p>This is a chamber music work, written in the last few years, where all the main features of his creative maturity are reflected. en la cual se reflejan todos los rasgos principales de su madurez creativa. Seg\u00fan palabras del compositor:  <\/p>\n<p>\u201c<em>In this section the composer talks, with the reason of later times, about his changes, about the development of his musical poetry from the 70\u2019s until today, about his relationship with the new composers generations, about his projects, etc.   <\/em>\u201d<\/p>\n<p>The way of introducing the contents will be similar to the first part of the video: an interview that alternates key moments of his work during the rehearsals with the direct co-operation of the composer and the players.<\/li>\n<\/ul>\n<p><strong>Interpreters<\/strong>: <em>Ensemble KURAIA<\/em><\/p>\n<p><strong>CONDUCTOR:<\/strong> Juanjo Mena<\/p>\n<p><strong>INTERVIEW:<\/strong> Mar\u00eda Eugenia Luc<\/p>\n<p>This tribute to Luis de Pablo has been possible also thanks to the co-operation of Vizcaya\u2019s Provincial Council, the Basque Government\u2019s Council for Culture, Bilbao\u2019s City Hall, Euskal Telebista (Basque Television, EITB), Guggenheim Museum Bilbao, Centro para la Difusi\u00f3n de la M\u00fasica contempor\u00e1nea (Spanish Contemporary Music Diffusion Centre, CDMC), BBK Bank Foundation and Tonos and Suvini Zerboni publishing houses.[\/et_pb_text][\/et_pb_column][\/et_pb_row][et_pb_row _builder_version=&#8221;4.21.0&#8243; _module_preset=&#8221;default&#8221; column_structure=&#8221;1_5,3_5,1_5&#8243; background_color=&#8221;#000000&#8243; hover_enabled=&#8221;0&#8243; sticky_enabled=&#8221;0&#8243;][et_pb_column _builder_version=&#8221;4.21.0&#8243; _module_preset=&#8221;default&#8221; type=&#8221;1_5&#8243;][\/et_pb_column][et_pb_column _builder_version=&#8221;4.21.0&#8243; _module_preset=&#8221;default&#8221; type=&#8221;3_5&#8243;][et_pb_video_slider _builder_version=&#8221;4.21.0&#8243; _module_preset=&#8221;default&#8221; hover_enabled=&#8221;0&#8243; sticky_enabled=&#8221;0&#8243;][et_pb_video_slider_item _builder_version=&#8221;4.21.0&#8243; _module_preset=&#8221;default&#8221; show_image_overlay=&#8221;off&#8221; src=&#8221;https:\/\/www.youtube.com\/watch?v=wpU8fxmx8xw&#8221; image_src=&#8221;\/\/i.ytimg.com\/vi\/wpU8fxmx8xw\/hqdefault.jpg&#8221; hover_enabled=&#8221;0&#8243; sticky_enabled=&#8221;0&#8243;][\/et_pb_video_slider_item][\/et_pb_video_slider][\/et_pb_column][et_pb_column _builder_version=&#8221;4.21.0&#8243; _module_preset=&#8221;default&#8221; type=&#8221;1_5&#8243;][\/et_pb_column][\/et_pb_row][et_pb_row column_structure=&#8221;1_2,1_2&#8243; _builder_version=&#8221;4.20.0&#8243; _module_preset=&#8221;default&#8221; custom_padding=&#8221;0px||0px|||&#8221; locked=&#8221;off&#8221; global_colors_info=&#8221;{}&#8221;][et_pb_column type=&#8221;1_2&#8243; _builder_version=&#8221;4.20.0&#8243; _module_preset=&#8221;default&#8221; global_colors_info=&#8221;{}&#8221;][et_pb_text _builder_version=&#8221;4.21.0&#8243; _module_preset=&#8221;97d39b46-e6f8-4d9c-8c1b-a2c2e80380ac&#8221; header_4_font=&#8221;Inter|600||on|||||&#8221; header_4_font_size=&#8221;12px&#8221; header_4_letter_spacing=&#8221;0em&#8221; header_4_line_height=&#8221;1.4em&#8221; custom_margin=&#8221;||10px||false|false&#8221; locked=&#8221;off&#8221; global_colors_info=&#8221;{}&#8221;]<\/p>\n<h4>2000<\/h4>\n<p>[\/et_pb_text][\/et_pb_column][et_pb_column type=&#8221;1_2&#8243; _builder_version=&#8221;4.20.0&#8243; _module_preset=&#8221;default&#8221; global_colors_info=&#8221;{}&#8221;][et_pb_button button_text=&#8221;BUY&#8221; button_alignment=&#8221;right&#8221; button_alignment_tablet=&#8221;center&#8221; button_alignment_phone=&#8221;center&#8221; button_alignment_last_edited=&#8221;on|tablet&#8221; disabled_on=&#8221;on|on|on&#8221; _builder_version=&#8221;4.21.0&#8243; _module_preset=&#8221;f53dac6a-f342-4163-b115-dcd327bbef39&#8243; custom_button=&#8221;on&#8221; button_text_size=&#8221;14px&#8221; button_text_color=&#8221;#ffffff&#8221; button_bg_color=&#8221;#ABA119&#8243; button_border_width=&#8221;0px&#8221; button_border_radius=&#8221;0px&#8221; button_letter_spacing=&#8221;0.2em&#8221; button_font=&#8221;Cormorant Garamond|700||on|||||&#8221; custom_padding=&#8221;16px|24px|16px|24px|true|true&#8221; disabled=&#8221;on&#8221; locked=&#8221;off&#8221; global_colors_info=&#8221;{}&#8221;][\/et_pb_button][\/et_pb_column][\/et_pb_row][\/et_pb_section][et_pb_section fb_built=&#8221;1&#8243; _builder_version=&#8221;4.21.0&#8243; _module_preset=&#8221;default&#8221; custom_padding=&#8221;0px|||||&#8221; global_colors_info=&#8221;{}&#8221;][et_pb_row _builder_version=&#8221;4.21.0&#8243; _module_preset=&#8221;default&#8221; global_colors_info=&#8221;{}&#8221;][et_pb_column type=&#8221;4_4&#8243; _builder_version=&#8221;4.21.0&#8243; _module_preset=&#8221;default&#8221; global_colors_info=&#8221;{}&#8221;][et_pb_text _builder_version=&#8221;4.21.0&#8243; _module_preset=&#8221;afd346ae-a729-4f2e-aeb3-d500b62481e5&#8243; header_2_font=&#8221;Cormorant Garamond|||on|||||&#8221; header_2_font_size=&#8221;48px&#8221; header_2_letter_spacing=&#8221;0.2em&#8221; header_2_line_height=&#8221;1.2em&#8221; text_orientation=&#8221;center&#8221; custom_margin=&#8221;62px||34px|||&#8221; header_2_font_size_tablet=&#8221;32px&#8221; header_2_font_size_phone=&#8221;20px&#8221; header_2_font_size_last_edited=&#8221;on|desktop&#8221; global_colors_info=&#8221;{}&#8221;]<\/p>\n<h2>Other projects<\/h2>\n<p>[\/et_pb_text][et_pb_portfolio fullwidth=&#8221;off&#8221; posts_number=&#8221;4&#8243; include_categories=&#8221;23&#8243; show_categories=&#8221;off&#8221; _builder_version=&#8221;4.21.0&#8243; _module_preset=&#8221;default&#8221; global_colors_info=&#8221;{}&#8221;][\/et_pb_portfolio][\/et_pb_column][\/et_pb_row][\/et_pb_section]<\/p>\n","protected":false},"excerpt":{"rendered":"<p>Luis de Pablo \/ Transit and evolution to the 21st centuryDOCUMENTARY VIDEO (2000) KURAIA Association, in co-operation with the Fundaci\u00f3n Autor (Author Foundation), has produced for its 70th Anniversary in the year 2000, the Documentary Luis de Pablo. Transit and evolution to the 21st century. Luis de Pablo. Transit and evolution to the 21st century [&hellip;]<\/p>\n","protected":false},"author":4,"featured_media":1231,"comment_status":"closed","ping_status":"closed","template":"","meta":{"_et_pb_use_builder":"on","_et_pb_old_content":"","_et_gb_content_width":"","footnotes":""},"project_category":[32],"project_tag":[],"class_list":["post-1905","project","type-project","status-publish","has-post-thumbnail","hentry","project_category-discography"],"yoast_head":"<!-- This site is optimized with the Yoast SEO plugin v27.1.1 - https:\/\/yoast.com\/product\/yoast-seo-wordpress\/ -->\n<title>Luis de Pablo \/ Transit and evolution to the 21st century - Ensemble Kuraia<\/title>\n<meta name=\"robots\" content=\"noindex, follow\" \/>\n<meta property=\"og:locale\" content=\"en_US\" \/>\n<meta property=\"og:type\" content=\"article\" \/>\n<meta property=\"og:title\" content=\"Luis de Pablo \/ Transit and evolution to the 21st century - Ensemble Kuraia\" \/>\n<meta property=\"og:description\" content=\"Luis de Pablo \/ Transit and evolution to the 21st centuryDOCUMENTARY VIDEO (2000) KURAIA Association, in co-operation with the Fundaci\u00f3n Autor (Author Foundation), has produced for its 70th Anniversary in the year 2000, the Documentary Luis de Pablo. Transit and evolution to the 21st century. Luis de Pablo. Transit and evolution to the 21st century [&hellip;]\" \/>\n<meta property=\"og:url\" content=\"https:\/\/www.ensemblekuraia.es\/project\/luis-de-pablo-transito-y-evolucion-hacia-el-siglo-xxi\/\" \/>\n<meta property=\"og:site_name\" content=\"Ensemble Kuraia\" \/>\n<meta property=\"article:publisher\" content=\"https:\/\/www.facebook.com\/EnsembleKuraia\" \/>\n<meta property=\"article:modified_time\" content=\"2023-09-07T08:29:07+00:00\" \/>\n<meta property=\"og:image\" content=\"https:\/\/www.ensemblekuraia.es\/wp-content\/uploads\/2023\/08\/luisdepablo.jpg\" \/>\n\t<meta property=\"og:image:width\" content=\"291\" \/>\n\t<meta property=\"og:image:height\" content=\"319\" \/>\n\t<meta property=\"og:image:type\" content=\"image\/jpeg\" \/>\n<meta name=\"twitter:card\" content=\"summary_large_image\" \/>\n<meta name=\"twitter:label1\" content=\"Est. reading time\" \/>\n\t<meta name=\"twitter:data1\" content=\"8 minutes\" \/>\n<script type=\"application\/ld+json\" class=\"yoast-schema-graph\">{\"@context\":\"https:\/\/schema.org\",\"@graph\":[{\"@type\":\"WebPage\",\"@id\":\"https:\/\/www.ensemblekuraia.es\/project\/luis-de-pablo-transito-y-evolucion-hacia-el-siglo-xxi\/\",\"url\":\"https:\/\/www.ensemblekuraia.es\/project\/luis-de-pablo-transito-y-evolucion-hacia-el-siglo-xxi\/\",\"name\":\"Luis de Pablo \/ Transit and evolution to the 21st century - Ensemble Kuraia\",\"isPartOf\":{\"@id\":\"https:\/\/www.ensemblekuraia.es\/#website\"},\"primaryImageOfPage\":{\"@id\":\"https:\/\/www.ensemblekuraia.es\/project\/luis-de-pablo-transito-y-evolucion-hacia-el-siglo-xxi\/#primaryimage\"},\"image\":{\"@id\":\"https:\/\/www.ensemblekuraia.es\/project\/luis-de-pablo-transito-y-evolucion-hacia-el-siglo-xxi\/#primaryimage\"},\"thumbnailUrl\":\"https:\/\/www.ensemblekuraia.es\/wp-content\/uploads\/2023\/08\/luisdepablo.jpg\",\"datePublished\":\"2023-08-15T10:32:45+00:00\",\"dateModified\":\"2023-09-07T08:29:07+00:00\",\"breadcrumb\":{\"@id\":\"https:\/\/www.ensemblekuraia.es\/project\/luis-de-pablo-transito-y-evolucion-hacia-el-siglo-xxi\/#breadcrumb\"},\"inLanguage\":\"en-US\",\"potentialAction\":[{\"@type\":\"ReadAction\",\"target\":[\"https:\/\/www.ensemblekuraia.es\/project\/luis-de-pablo-transito-y-evolucion-hacia-el-siglo-xxi\/\"]}]},{\"@type\":\"ImageObject\",\"inLanguage\":\"en-US\",\"@id\":\"https:\/\/www.ensemblekuraia.es\/project\/luis-de-pablo-transito-y-evolucion-hacia-el-siglo-xxi\/#primaryimage\",\"url\":\"https:\/\/www.ensemblekuraia.es\/wp-content\/uploads\/2023\/08\/luisdepablo.jpg\",\"contentUrl\":\"https:\/\/www.ensemblekuraia.es\/wp-content\/uploads\/2023\/08\/luisdepablo.jpg\",\"width\":291,\"height\":319},{\"@type\":\"BreadcrumbList\",\"@id\":\"https:\/\/www.ensemblekuraia.es\/project\/luis-de-pablo-transito-y-evolucion-hacia-el-siglo-xxi\/#breadcrumb\",\"itemListElement\":[{\"@type\":\"ListItem\",\"position\":1,\"name\":\"Portada\",\"item\":\"https:\/\/www.ensemblekuraia.es\/en\/\"},{\"@type\":\"ListItem\",\"position\":2,\"name\":\"Proyectos\",\"item\":\"https:\/\/www.ensemblekuraia.es\/project\/\"},{\"@type\":\"ListItem\",\"position\":3,\"name\":\"Discography\",\"item\":\"https:\/\/www.ensemblekuraia.es\/en\/project_category\/discography\/\"},{\"@type\":\"ListItem\",\"position\":4,\"name\":\"Luis de Pablo \/ Transit and evolution to the 21st century\"}]},{\"@type\":\"WebSite\",\"@id\":\"https:\/\/www.ensemblekuraia.es\/#website\",\"url\":\"https:\/\/www.ensemblekuraia.es\/\",\"name\":\"Ensemble Kuraia\",\"description\":\"Ensemble Kuraia - Grupo de m\u00fasica contempor\u00e1nea de Bilbao \/ Bilboko musika garaikide taldea\",\"publisher\":{\"@id\":\"https:\/\/www.ensemblekuraia.es\/#organization\"},\"alternateName\":\"Ensemble Kuraia\",\"potentialAction\":[{\"@type\":\"SearchAction\",\"target\":{\"@type\":\"EntryPoint\",\"urlTemplate\":\"https:\/\/www.ensemblekuraia.es\/?s={search_term_string}\"},\"query-input\":{\"@type\":\"PropertyValueSpecification\",\"valueRequired\":true,\"valueName\":\"search_term_string\"}}],\"inLanguage\":\"en-US\"},{\"@type\":\"Organization\",\"@id\":\"https:\/\/www.ensemblekuraia.es\/#organization\",\"name\":\"Ensemble Kuraia\",\"alternateName\":\"Kuraia\",\"url\":\"https:\/\/www.ensemblekuraia.es\/\",\"logo\":{\"@type\":\"ImageObject\",\"inLanguage\":\"en-US\",\"@id\":\"https:\/\/www.ensemblekuraia.es\/#\/schema\/logo\/image\/\",\"url\":\"https:\/\/www.ensemblekuraia.es\/wp-content\/uploads\/2023\/08\/Logo-ensemble-kuaria-ng.png\",\"contentUrl\":\"https:\/\/www.ensemblekuraia.es\/wp-content\/uploads\/2023\/08\/Logo-ensemble-kuaria-ng.png\",\"width\":317,\"height\":43,\"caption\":\"Ensemble Kuraia\"},\"image\":{\"@id\":\"https:\/\/www.ensemblekuraia.es\/#\/schema\/logo\/image\/\"},\"sameAs\":[\"https:\/\/www.facebook.com\/EnsembleKuraia\",\"https:\/\/www.youtube.com\/@EnsembleKuraia\",\"https:\/\/soundcloud.com\/user-672186296\"]}]}<\/script>\n<!-- \/ Yoast SEO plugin. -->","yoast_head_json":{"title":"Luis de Pablo \/ Transit and evolution to the 21st century - Ensemble Kuraia","robots":{"index":"noindex","follow":"follow"},"og_locale":"en_US","og_type":"article","og_title":"Luis de Pablo \/ Transit and evolution to the 21st century - Ensemble Kuraia","og_description":"Luis de Pablo \/ Transit and evolution to the 21st centuryDOCUMENTARY VIDEO (2000) KURAIA Association, in co-operation with the Fundaci\u00f3n Autor (Author Foundation), has produced for its 70th Anniversary in the year 2000, the Documentary Luis de Pablo. Transit and evolution to the 21st century. Luis de Pablo. Transit and evolution to the 21st century [&hellip;]","og_url":"https:\/\/www.ensemblekuraia.es\/project\/luis-de-pablo-transito-y-evolucion-hacia-el-siglo-xxi\/","og_site_name":"Ensemble Kuraia","article_publisher":"https:\/\/www.facebook.com\/EnsembleKuraia","article_modified_time":"2023-09-07T08:29:07+00:00","og_image":[{"width":291,"height":319,"url":"https:\/\/www.ensemblekuraia.es\/wp-content\/uploads\/2023\/08\/luisdepablo.jpg","type":"image\/jpeg"}],"twitter_card":"summary_large_image","twitter_misc":{"Est. reading time":"8 minutes"},"schema":{"@context":"https:\/\/schema.org","@graph":[{"@type":"WebPage","@id":"https:\/\/www.ensemblekuraia.es\/project\/luis-de-pablo-transito-y-evolucion-hacia-el-siglo-xxi\/","url":"https:\/\/www.ensemblekuraia.es\/project\/luis-de-pablo-transito-y-evolucion-hacia-el-siglo-xxi\/","name":"Luis de Pablo \/ Transit and evolution to the 21st century - Ensemble Kuraia","isPartOf":{"@id":"https:\/\/www.ensemblekuraia.es\/#website"},"primaryImageOfPage":{"@id":"https:\/\/www.ensemblekuraia.es\/project\/luis-de-pablo-transito-y-evolucion-hacia-el-siglo-xxi\/#primaryimage"},"image":{"@id":"https:\/\/www.ensemblekuraia.es\/project\/luis-de-pablo-transito-y-evolucion-hacia-el-siglo-xxi\/#primaryimage"},"thumbnailUrl":"https:\/\/www.ensemblekuraia.es\/wp-content\/uploads\/2023\/08\/luisdepablo.jpg","datePublished":"2023-08-15T10:32:45+00:00","dateModified":"2023-09-07T08:29:07+00:00","breadcrumb":{"@id":"https:\/\/www.ensemblekuraia.es\/project\/luis-de-pablo-transito-y-evolucion-hacia-el-siglo-xxi\/#breadcrumb"},"inLanguage":"en-US","potentialAction":[{"@type":"ReadAction","target":["https:\/\/www.ensemblekuraia.es\/project\/luis-de-pablo-transito-y-evolucion-hacia-el-siglo-xxi\/"]}]},{"@type":"ImageObject","inLanguage":"en-US","@id":"https:\/\/www.ensemblekuraia.es\/project\/luis-de-pablo-transito-y-evolucion-hacia-el-siglo-xxi\/#primaryimage","url":"https:\/\/www.ensemblekuraia.es\/wp-content\/uploads\/2023\/08\/luisdepablo.jpg","contentUrl":"https:\/\/www.ensemblekuraia.es\/wp-content\/uploads\/2023\/08\/luisdepablo.jpg","width":291,"height":319},{"@type":"BreadcrumbList","@id":"https:\/\/www.ensemblekuraia.es\/project\/luis-de-pablo-transito-y-evolucion-hacia-el-siglo-xxi\/#breadcrumb","itemListElement":[{"@type":"ListItem","position":1,"name":"Portada","item":"https:\/\/www.ensemblekuraia.es\/en\/"},{"@type":"ListItem","position":2,"name":"Proyectos","item":"https:\/\/www.ensemblekuraia.es\/project\/"},{"@type":"ListItem","position":3,"name":"Discography","item":"https:\/\/www.ensemblekuraia.es\/en\/project_category\/discography\/"},{"@type":"ListItem","position":4,"name":"Luis de Pablo \/ Transit and evolution to the 21st century"}]},{"@type":"WebSite","@id":"https:\/\/www.ensemblekuraia.es\/#website","url":"https:\/\/www.ensemblekuraia.es\/","name":"Ensemble Kuraia","description":"Ensemble Kuraia - Grupo de m\u00fasica contempor\u00e1nea de Bilbao \/ Bilboko musika garaikide taldea","publisher":{"@id":"https:\/\/www.ensemblekuraia.es\/#organization"},"alternateName":"Ensemble Kuraia","potentialAction":[{"@type":"SearchAction","target":{"@type":"EntryPoint","urlTemplate":"https:\/\/www.ensemblekuraia.es\/?s={search_term_string}"},"query-input":{"@type":"PropertyValueSpecification","valueRequired":true,"valueName":"search_term_string"}}],"inLanguage":"en-US"},{"@type":"Organization","@id":"https:\/\/www.ensemblekuraia.es\/#organization","name":"Ensemble Kuraia","alternateName":"Kuraia","url":"https:\/\/www.ensemblekuraia.es\/","logo":{"@type":"ImageObject","inLanguage":"en-US","@id":"https:\/\/www.ensemblekuraia.es\/#\/schema\/logo\/image\/","url":"https:\/\/www.ensemblekuraia.es\/wp-content\/uploads\/2023\/08\/Logo-ensemble-kuaria-ng.png","contentUrl":"https:\/\/www.ensemblekuraia.es\/wp-content\/uploads\/2023\/08\/Logo-ensemble-kuaria-ng.png","width":317,"height":43,"caption":"Ensemble Kuraia"},"image":{"@id":"https:\/\/www.ensemblekuraia.es\/#\/schema\/logo\/image\/"},"sameAs":["https:\/\/www.facebook.com\/EnsembleKuraia","https:\/\/www.youtube.com\/@EnsembleKuraia","https:\/\/soundcloud.com\/user-672186296"]}]}},"_links":{"self":[{"href":"https:\/\/www.ensemblekuraia.es\/en\/wp-json\/wp\/v2\/project\/1905","targetHints":{"allow":["GET"]}}],"collection":[{"href":"https:\/\/www.ensemblekuraia.es\/en\/wp-json\/wp\/v2\/project"}],"about":[{"href":"https:\/\/www.ensemblekuraia.es\/en\/wp-json\/wp\/v2\/types\/project"}],"author":[{"embeddable":true,"href":"https:\/\/www.ensemblekuraia.es\/en\/wp-json\/wp\/v2\/users\/4"}],"replies":[{"embeddable":true,"href":"https:\/\/www.ensemblekuraia.es\/en\/wp-json\/wp\/v2\/comments?post=1905"}],"version-history":[{"count":0,"href":"https:\/\/www.ensemblekuraia.es\/en\/wp-json\/wp\/v2\/project\/1905\/revisions"}],"wp:featuredmedia":[{"embeddable":true,"href":"https:\/\/www.ensemblekuraia.es\/en\/wp-json\/wp\/v2\/media\/1231"}],"wp:attachment":[{"href":"https:\/\/www.ensemblekuraia.es\/en\/wp-json\/wp\/v2\/media?parent=1905"}],"wp:term":[{"taxonomy":"project_category","embeddable":true,"href":"https:\/\/www.ensemblekuraia.es\/en\/wp-json\/wp\/v2\/project_category?post=1905"},{"taxonomy":"project_tag","embeddable":true,"href":"https:\/\/www.ensemblekuraia.es\/en\/wp-json\/wp\/v2\/project_tag?post=1905"}],"curies":[{"name":"wp","href":"https:\/\/api.w.org\/{rel}","templated":true}]}}