{"id":2208,"date":"2023-08-21T08:45:33","date_gmt":"2023-08-21T08:45:33","guid":{"rendered":"https:\/\/www.ensemblekuraia.es\/concerts-and-tours\/"},"modified":"2026-03-02T12:33:22","modified_gmt":"2026-03-02T12:33:22","slug":"concerts-and-tours","status":"publish","type":"page","link":"https:\/\/www.ensemblekuraia.es\/en\/concerts-and-tours\/","title":{"rendered":"Concerts and Tours"},"content":{"rendered":"<p>[et_pb_section fb_built=&#8221;1&#8243; admin_label=&#8221;Header&#8221; _builder_version=&#8221;4.21.0&#8243; _module_preset=&#8221;default&#8221; use_background_color_gradient=&#8221;on&#8221; background_color_gradient_stops=&#8221;rgba(0,0,0,0.5) 0%|rgba(0,0,0,0.5) 100%&#8221; background_color_gradient_overlays_image=&#8221;on&#8221; background_image=&#8221;https:\/\/www.ensemblekuraia.es\/wp-content\/uploads\/2023\/09\/2208639.jpg&#8221; custom_padding=&#8221;4vw||4vw||true|false&#8221; collapsed=&#8221;off&#8221; global_colors_info=&#8221;{}&#8221;][et_pb_row _builder_version=&#8221;4.20.0&#8243; _module_preset=&#8221;default&#8221; global_colors_info=&#8221;{}&#8221;][et_pb_column type=&#8221;4_4&#8243; _builder_version=&#8221;4.20.0&#8243; _module_preset=&#8221;default&#8221; global_colors_info=&#8221;{}&#8221;][et_pb_text _builder_version=&#8221;4.25.0&#8243; _module_preset=&#8221;0691634e-971c-4f20-b84e-f7af88ca7aa6&#8243; header_font=&#8221;Cormorant Garamond|||on|||||&#8221; header_text_color=&#8221;#FFFFFF&#8221; header_font_size=&#8221;70px&#8221; header_letter_spacing=&#8221;0em&#8221; text_orientation=&#8221;center&#8221; custom_margin=&#8221;||-2px|||&#8221; header_font_size_tablet=&#8221;40px&#8221; header_font_size_phone=&#8221;24px&#8221; header_font_size_last_edited=&#8221;on|desktop&#8221; global_colors_info=&#8221;{}&#8221;]<\/p>\n<h1>CONCERTS AND TOURS<\/h1>\n<p>[\/et_pb_text][\/et_pb_column][\/et_pb_row][\/et_pb_section][et_pb_section fb_built=&#8221;1&#8243; admin_label=&#8221;ACTUAL TEMPORADA CONCIERTOS&#8221; _builder_version=&#8221;4.20.0&#8243; _module_preset=&#8221;default&#8221; background_color=&#8221;#000000&#8243; collapsed=&#8221;off&#8221; global_colors_info=&#8221;{}&#8221;][et_pb_row column_structure=&#8221;1_2,1_2&#8243; _builder_version=&#8221;4.21.0&#8243; _module_preset=&#8221;default&#8221; background_enable_color=&#8221;off&#8221; custom_padding=&#8221;2px||2px||true|false&#8221; global_colors_info=&#8221;{}&#8221;][et_pb_column type=&#8221;1_2&#8243; _builder_version=&#8221;4.21.0&#8243; _module_preset=&#8221;default&#8221; background_enable_color=&#8221;off&#8221; global_colors_info=&#8221;{}&#8221;][et_pb_text admin_label=&#8221;T\u00edtulo&#8221; _builder_version=&#8221;4.27.4&#8243; _module_preset=&#8221;6f6bc3d5-0be1-40f8-80c9-5e7237d9ee3b&#8221; header_2_font=&#8221;Cormorant Garamond|||on|||||&#8221; header_2_text_color=&#8221;#FFFFFF&#8221; header_2_font_size=&#8221;32px&#8221; header_2_letter_spacing=&#8221;0.2em&#8221; header_2_line_height=&#8221;1.2em&#8221; header_2_font_size_tablet=&#8221;32px&#8221; header_2_font_size_phone=&#8221;20px&#8221; header_2_font_size_last_edited=&#8221;on|desktop&#8221; global_colors_info=&#8221;{}&#8221;]<\/p>\n<h2>Season 2025\/26<\/h2>\n<p>[\/et_pb_text][et_pb_text admin_label=&#8221;Texto introducci\u00f3n&#8221; _builder_version=&#8221;4.27.6&#8243; _module_preset=&#8221;d7c0b7a5-a9b1-413d-8724-514b8a035576&#8243; text_text_color=&#8221;#FFFFFF&#8221; text_font_size=&#8221;16px&#8221; text_line_height=&#8221;1.8em&#8221; text_font_size_tablet=&#8221;15px&#8221; text_font_size_phone=&#8221;14px&#8221; text_font_size_last_edited=&#8221;on|desktop&#8221; global_colors_info=&#8221;{}&#8221;]<\/p>\n<p>The <strong>Ensemble Kuraia<\/strong> of Bilbao will participate in many concerts and activities during this season, which you can consult here<\/p>\n<p>[\/et_pb_text][\/et_pb_column][et_pb_column type=&#8221;1_2&#8243; _builder_version=&#8221;4.21.0&#8243; _module_preset=&#8221;default&#8221; background_enable_color=&#8221;off&#8221; global_colors_info=&#8221;{}&#8221;][et_pb_image src=&#8221;https:\/\/www.ensemblekuraia.es\/wp-content\/uploads\/2023\/09\/2208663.jpg&#8221; alt=&#8221;Photo of Ensemble Kuraia in concert&#8221; show_in_lightbox=&#8221;on&#8221; _builder_version=&#8221;4.22.1&#8243; _module_preset=&#8221;default&#8221; global_colors_info=&#8221;{}&#8221;][\/et_pb_image][\/et_pb_column][\/et_pb_row][et_pb_row _builder_version=&#8221;4.21.0&#8243; _module_preset=&#8221;default&#8221; background_color=&#8221;#FFFFFF&#8221; global_colors_info=&#8221;{}&#8221;][et_pb_column type=&#8221;4_4&#8243; _builder_version=&#8221;4.21.0&#8243; _module_preset=&#8221;default&#8221; global_colors_info=&#8221;{}&#8221;][et_pb_text admin_label=&#8221;Contenido completo de giras y conciertos&#8221; _builder_version=&#8221;4.27.6&#8243; _module_preset=&#8221;d7c0b7a5-a9b1-413d-8724-514b8a035576&#8243; text_text_color=&#8221;#000000&#8243; text_font_size=&#8221;15px&#8221; text_line_height=&#8221;1.8em&#8221; header_3_font=&#8221;Cormorant Garamond|700||on|||||&#8221; header_3_text_color=&#8221;#807914&#8243; custom_padding=&#8221;19px|38px|19px|38px|true|true&#8221; text_font_size_tablet=&#8221;15px&#8221; text_font_size_phone=&#8221;14px&#8221; text_font_size_last_edited=&#8221;on|desktop&#8221; global_colors_info=&#8221;{}&#8221;]<\/p>\n<h4>2025<\/h4>\n<h3>AUGUST<\/h3>\n<p><strong>20 august at 8,30 pm.<\/strong><br \/>Concert. Iglesia de la Encarnaci\u00f3n (Bilbao)<br \/>26th Clasic Music Cycle in Aste Nagusia <\/p>\n<h3>SEPTEMBER<\/h3>\n<p><strong>6 september at 8,30 pm.<\/strong><br \/>\u201cChillida, the Sea, the Music \u201d<br \/>Chillida-Leku Museum (Hernani)<\/p>\n<p><strong>29 september at 7 pm.<\/strong><br \/>Concert. Conservatorio \u201cJ. C. Arriaga\u201d (Bilbao). <\/p>\n<h3>OCTOBER<\/h3>\n<p><strong>21 october at 8 pm..<\/strong><br \/>Concert in Antwerp (Belgium). Flenbasque 2025. DeSingel International Arts Center (Witte Zaal)  <\/p>\n<h3>NOVEMBER<\/h3>\n<p><strong>8 november at 7,30 pm.<\/strong><br \/>Concert in Bernaola Cycle. Conservatorio \u201cJ. Guridi\u201d (Vitoria). <\/p>\n<p>&nbsp;<\/p>\n<h4>2026<\/h4>\n<h3>FEBRUARY<\/h3>\n<p><strong>21 february at 7 pm.<\/strong><br \/>Concert. Conservatorio \u201cJ. C. Arriaga\u201d (Bilbao). <\/p>\n<p><strong>28 february at 12 pm.<\/strong><br \/>\u201cEspacio de nuevos creadores\u201d<br \/>Concert at CSMN (Pamplona)<\/p>\n<h3>MARCH<\/h3>\n<p><strong>Italian tour<\/strong><\/p>\n<p><strong>Sunday 29 March at 9pm<\/strong><br \/>Torrione San Giovanni (Ferrara)<\/p>\n<p><strong>Monday, 30 March from 3 p.m. to 7 p.m<\/strong><br \/>Conservatorio \u201cA. Buzzolla\u201d (Adria). Workshop and concert <\/p>\n<p><strong>Tuesday, 31 March at 8:30 p.m.<\/strong><br \/>Church of Santa Cristina (Bologna)<\/p>\n<p>Works by Francisco Dominguez, Juan de Dios Garc\u00eda Aguilera, Mar\u00eda Eugenia Luc, Pedro Gonz\u00e1lez \u00c1lvarez, Mikel Chamizo.<\/p>\n<p>[\/et_pb_text][\/et_pb_column][\/et_pb_row][\/et_pb_section][et_pb_section fb_built=&#8221;1&#8243; admin_label=&#8221;HIST\u00d3RICO&#8221; _builder_version=&#8221;4.21.0&#8243; _module_preset=&#8221;default&#8221; background_color=&#8221;RGBA(171,161,25,0.8)&#8221; background_image=&#8221;https:\/\/www.ensemblekuraia.es\/wp-content\/uploads\/2023\/09\/2208639.jpg&#8221; background_size=&#8221;custom&#8221; background_image_width=&#8221;44%&#8221; background_position=&#8221;center_left&#8221; background_last_edited=&#8221;on|phone&#8221; background_enable_image_tablet=&#8221;off&#8221; global_module=&#8221;2446&#8243; saved_tabs=&#8221;all&#8221; global_colors_info=&#8221;{}&#8221;][et_pb_row column_structure=&#8221;1_2,1_2&#8243; _builder_version=&#8221;4.21.0&#8243; _module_preset=&#8221;default&#8221; global_colors_info=&#8221;{}&#8221;][et_pb_column type=&#8221;1_2&#8243; _builder_version=&#8221;4.21.0&#8243; _module_preset=&#8221;default&#8221; global_colors_info=&#8221;{}&#8221;][\/et_pb_column][et_pb_column type=&#8221;1_2&#8243; _builder_version=&#8221;4.21.0&#8243; _module_preset=&#8221;default&#8221; global_colors_info=&#8221;{}&#8221;][et_pb_text admin_label=&#8221;T\u00edtulo&#8221; _builder_version=&#8221;4.21.0&#8243; _module_preset=&#8221;default&#8221; header_2_font=&#8221;Cormorant Garamond|500||on|||||&#8221; header_2_text_align=&#8221;center&#8221; header_2_text_color=&#8221;#000000&#8243; header_2_font_size=&#8221;32px&#8221; header_2_letter_spacing=&#8221;0.2em&#8221; header_2_line_height=&#8221;1.5em&#8221; global_colors_info=&#8221;{}&#8221;]<\/p>\n<h2 style=\"text-align: center;\">History<\/h2>\n<p style=\"text-align: center;\">Concerts, tours, cycles and all the activities of Ensemble Kuraia year by year.<\/p>\n<p>[\/et_pb_text][et_pb_button button_url=&#8221;https:\/\/www.ensemblekuraia.es\/en\/historico\/&#8221; button_text=&#8221;CHECK OUR YEARLY ACTIVITY&#8221; button_alignment=&#8221;center&#8221; admin_label=&#8221;Bot\u00f3n a Hist\u00f3rico&#8221; _builder_version=&#8221;4.21.0&#8243; _module_preset=&#8221;1a7ebcdf-74cf-49d0-a7ba-2c93f24e0d00&#8243; custom_button=&#8221;on&#8221; button_text_size=&#8221;14px&#8221; button_text_color=&#8221;#000000&#8243; button_bg_color=&#8221;#aba119&#8243; button_border_width=&#8221;0px&#8221; button_border_radius=&#8221;0px&#8221; button_letter_spacing=&#8221;0.2em&#8221; button_font=&#8221;Cormorant Garamond|700||on|||||&#8221; custom_padding=&#8221;16px|24px|16px|24px|true|true&#8221; global_colors_info=&#8221;{}&#8221;][\/et_pb_button][\/et_pb_column][\/et_pb_row][\/et_pb_section][et_pb_section fb_built=&#8221;1&#8243; admin_label=&#8221;MEGA FRASE&#8221; _builder_version=&#8221;4.22.1&#8243; _module_preset=&#8221;default&#8221; background_color=&#8221;#ffffff&#8221; use_background_color_gradient=&#8221;on&#8221; background_color_gradient_stops=&#8221;rgba(255,255,255,0.47) 0%|rgba(255,255,255,0.47) 100%&#8221; background_image=&#8221;https:\/\/www.ensemblekuraia.es\/wp-content\/uploads\/2023\/08\/Retrato-Mel-04_lona12-e1694079982639.jpg&#8221; background_position=&#8221;top_left&#8221; background_blend=&#8221;screen&#8221; custom_padding=&#8221;12vw||12vw||true|false&#8221; background_color_tablet=&#8221;rgba(255,255,252,0.84)&#8221; background_last_edited=&#8221;on|tablet&#8221; background_enable_color_tablet=&#8221;on&#8221; background_position_tablet=&#8221;center&#8221; background_position_phone=&#8221;center&#8221; background_blend_tablet=&#8221;overlay&#8221; global_module=&#8221;1398&#8243; saved_tabs=&#8221;all&#8221; collapsed=&#8221;on&#8221; global_colors_info=&#8221;{}&#8221;][et_pb_row custom_padding_last_edited=&#8221;on|tablet&#8221; _builder_version=&#8221;4.21.0&#8243; _module_preset=&#8221;default&#8221; custom_padding=&#8221;|120px||120px|false|true&#8221; custom_padding_tablet=&#8221;|0%||0%|false|true&#8221; custom_padding_phone=&#8221;||||false|false&#8221; global_colors_info=&#8221;{}&#8221;][et_pb_column type=&#8221;4_4&#8243; _builder_version=&#8221;4.20.0&#8243; _module_preset=&#8221;default&#8221; global_colors_info=&#8221;{}&#8221;][et_pb_text admin_label=&#8221;T\u00edtulo&#8221; _builder_version=&#8221;4.21.0&#8243; _module_preset=&#8221;6f6bc3d5-0be1-40f8-80c9-5e7237d9ee3b&#8221; header_2_font=&#8221;Cormorant Garamond|||on|||||&#8221; header_2_font_size=&#8221;48px&#8221; header_2_letter_spacing=&#8221;0.2em&#8221; header_2_line_height=&#8221;1.2em&#8221; text_orientation=&#8221;center&#8221; custom_margin=&#8221;||10px||false|false&#8221; header_2_font_size_tablet=&#8221;32px&#8221; header_2_font_size_phone=&#8221;20px&#8221; header_2_font_size_last_edited=&#8221;on|desktop&#8221; global_colors_info=&#8221;{}&#8221;]<\/p>\n<h2><strong>Mar\u00eda Eugenia Luc<\/strong><\/h2>\n<p>[\/et_pb_text][et_pb_text admin_label=&#8221;FRASE&#8221; _builder_version=&#8221;4.21.0&#8243; _module_preset=&#8221;39c311a7-7753-422a-9bff-4e462bb6e4f7&#8243; text_font_size=&#8221;20px&#8221; text_line_height=&#8221;1.8em&#8221; text_orientation=&#8221;center&#8221; text_font_size_tablet=&#8221;16px&#8221; text_font_size_phone=&#8221;14px&#8221; text_font_size_last_edited=&#8221;on|desktop&#8221; global_colors_info=&#8221;{}&#8221;]<\/p>\n<p>Our priority is to <strong>disseminate the works of the composers of our time<\/strong> and to provide them with a professional ensemble of excellent quality with which to work closely.<\/p>\n<p>[\/et_pb_text][et_pb_button button_url=&#8221;#contacto&#8221; button_text=&#8221;CONTACT WITH US&#8221; button_alignment=&#8221;center&#8221; admin_label=&#8221;Bot\u00f3n a Contacto&#8221; _builder_version=&#8221;4.21.0&#8243; _module_preset=&#8221;1a7ebcdf-74cf-49d0-a7ba-2c93f24e0d00&#8243; custom_button=&#8221;on&#8221; button_text_size=&#8221;14px&#8221; button_text_color=&#8221;#000000&#8243; button_bg_color=&#8221;#aba119&#8243; button_border_width=&#8221;0px&#8221; button_border_radius=&#8221;0px&#8221; button_letter_spacing=&#8221;0.2em&#8221; button_font=&#8221;Cormorant Garamond|700||on|||||&#8221; custom_padding=&#8221;16px|24px|16px|24px|true|true&#8221; global_colors_info=&#8221;{}&#8221;][\/et_pb_button][\/et_pb_column][\/et_pb_row][\/et_pb_section][et_pb_section fb_built=&#8221;1&#8243; admin_label=&#8221;PROYECTOS&#8221; _builder_version=&#8221;4.21.0&#8243; _module_preset=&#8221;default&#8221; custom_padding=&#8221;0px|||||&#8221; global_colors_info=&#8221;{}&#8221;][et_pb_row _builder_version=&#8221;4.21.0&#8243; _module_preset=&#8221;default&#8221; global_colors_info=&#8221;{}&#8221;][et_pb_column type=&#8221;4_4&#8243; _builder_version=&#8221;4.21.0&#8243; _module_preset=&#8221;default&#8221; global_colors_info=&#8221;{}&#8221;][et_pb_text admin_label=&#8221;T\u00edtulo&#8221; _builder_version=&#8221;4.21.0&#8243; _module_preset=&#8221;afd346ae-a729-4f2e-aeb3-d500b62481e5&#8243; header_2_font=&#8221;Cormorant Garamond|||on|||||&#8221; header_2_font_size=&#8221;48px&#8221; header_2_letter_spacing=&#8221;0.2em&#8221; header_2_line_height=&#8221;1.2em&#8221; text_orientation=&#8221;center&#8221; custom_margin=&#8221;62px||34px|||&#8221; header_2_font_size_tablet=&#8221;32px&#8221; header_2_font_size_phone=&#8221;20px&#8221; header_2_font_size_last_edited=&#8221;on|desktop&#8221; global_colors_info=&#8221;{}&#8221;]<\/p>\n<h2>Other proyects<\/h2>\n<p>[\/et_pb_text][et_pb_portfolio fullwidth=&#8221;off&#8221; posts_number=&#8221;4&#8243; include_categories=&#8221;current&#8221; show_title=&#8221;off&#8221; show_categories=&#8221;off&#8221; admin_label=&#8221;Lista de proyectos&#8221; _builder_version=&#8221;4.22.1&#8243; _module_preset=&#8221;default&#8221; global_colors_info=&#8221;{}&#8221;][\/et_pb_portfolio][\/et_pb_column][\/et_pb_row][\/et_pb_section]<\/p>\n","protected":false},"excerpt":{"rendered":"<p>CONCERTS AND TOURSSeason 2025\/26The Ensemble Kuraia of Bilbao will participate in many concerts and activities during this season, which you can consult here2025 AUGUST 20 august at 8,30 pm.Concert. Iglesia de la Encarnaci\u00f3n (Bilbao)26th Clasic Music Cycle in Aste Nagusia SEPTEMBER 6 september at 8,30 pm.\u201cChillida, the Sea, the Music \u201dChillida-Leku Museum (Hernani) 29 september [&hellip;]<\/p>\n","protected":false},"author":4,"featured_media":0,"parent":0,"menu_order":0,"comment_status":"closed","ping_status":"closed","template":"","meta":{"_et_pb_use_builder":"on","_et_pb_old_content":"","_et_gb_content_width":"","footnotes":""},"class_list":["post-2208","page","type-page","status-publish","hentry"],"yoast_head":"<!-- This site is optimized with the Yoast SEO plugin v27.1.1 - https:\/\/yoast.com\/product\/yoast-seo-wordpress\/ -->\n<title>Concerts and Tours - Ensemble Kuraia<\/title>\n<meta name=\"description\" content=\"The Ensemble Kuraia of Bilbao will participate in many concerts and activities during this season, which you can consult here\" \/>\n<meta name=\"robots\" content=\"index, follow, max-snippet:-1, max-image-preview:large, max-video-preview:-1\" \/>\n<link rel=\"canonical\" href=\"https:\/\/www.ensemblekuraia.es\/en\/concerts-and-tours\/\" \/>\n<meta property=\"og:locale\" content=\"en_US\" \/>\n<meta property=\"og:type\" content=\"article\" \/>\n<meta property=\"og:title\" content=\"Concerts and Tours - Ensemble Kuraia\" \/>\n<meta property=\"og:description\" content=\"The Ensemble Kuraia of Bilbao will participate in many concerts and activities during this season, which you can consult here\" \/>\n<meta property=\"og:url\" content=\"https:\/\/www.ensemblekuraia.es\/en\/concerts-and-tours\/\" \/>\n<meta property=\"og:site_name\" content=\"Ensemble Kuraia\" \/>\n<meta property=\"article:publisher\" content=\"https:\/\/www.facebook.com\/EnsembleKuraia\" \/>\n<meta property=\"article:modified_time\" content=\"2026-03-02T12:33:22+00:00\" \/>\n<meta property=\"og:image\" content=\"https:\/\/www.ensemblekuraia.es\/wp-content\/uploads\/2023\/09\/2208663.jpg\" \/>\n\t<meta property=\"og:image:width\" content=\"1500\" \/>\n\t<meta property=\"og:image:height\" content=\"1000\" \/>\n\t<meta property=\"og:image:type\" content=\"image\/jpeg\" \/>\n<meta name=\"twitter:card\" content=\"summary_large_image\" \/>\n<meta name=\"twitter:label1\" content=\"Est. reading time\" \/>\n\t<meta name=\"twitter:data1\" content=\"3 minutes\" \/>\n<script type=\"application\/ld+json\" class=\"yoast-schema-graph\">{\"@context\":\"https:\/\/schema.org\",\"@graph\":[{\"@type\":\"WebPage\",\"@id\":\"https:\/\/www.ensemblekuraia.es\/en\/concerts-and-tours\/\",\"url\":\"https:\/\/www.ensemblekuraia.es\/en\/concerts-and-tours\/\",\"name\":\"Concerts and Tours - Ensemble Kuraia\",\"isPartOf\":{\"@id\":\"https:\/\/www.ensemblekuraia.es\/#website\"},\"datePublished\":\"2023-08-21T08:45:33+00:00\",\"dateModified\":\"2026-03-02T12:33:22+00:00\",\"description\":\"The Ensemble Kuraia of Bilbao will participate in many concerts and activities during this season, which you can consult here\",\"breadcrumb\":{\"@id\":\"https:\/\/www.ensemblekuraia.es\/en\/concerts-and-tours\/#breadcrumb\"},\"inLanguage\":\"en-US\",\"potentialAction\":[{\"@type\":\"ReadAction\",\"target\":[\"https:\/\/www.ensemblekuraia.es\/en\/concerts-and-tours\/\"]}]},{\"@type\":\"BreadcrumbList\",\"@id\":\"https:\/\/www.ensemblekuraia.es\/en\/concerts-and-tours\/#breadcrumb\",\"itemListElement\":[{\"@type\":\"ListItem\",\"position\":1,\"name\":\"Portada\",\"item\":\"https:\/\/www.ensemblekuraia.es\/en\/\"},{\"@type\":\"ListItem\",\"position\":2,\"name\":\"Concerts and Tours\"}]},{\"@type\":\"WebSite\",\"@id\":\"https:\/\/www.ensemblekuraia.es\/#website\",\"url\":\"https:\/\/www.ensemblekuraia.es\/\",\"name\":\"Ensemble Kuraia\",\"description\":\"Ensemble Kuraia - Grupo de m\u00fasica contempor\u00e1nea de Bilbao \/ Bilboko musika garaikide taldea\",\"publisher\":{\"@id\":\"https:\/\/www.ensemblekuraia.es\/#organization\"},\"alternateName\":\"Ensemble Kuraia\",\"potentialAction\":[{\"@type\":\"SearchAction\",\"target\":{\"@type\":\"EntryPoint\",\"urlTemplate\":\"https:\/\/www.ensemblekuraia.es\/?s={search_term_string}\"},\"query-input\":{\"@type\":\"PropertyValueSpecification\",\"valueRequired\":true,\"valueName\":\"search_term_string\"}}],\"inLanguage\":\"en-US\"},{\"@type\":\"Organization\",\"@id\":\"https:\/\/www.ensemblekuraia.es\/#organization\",\"name\":\"Ensemble Kuraia\",\"alternateName\":\"Kuraia\",\"url\":\"https:\/\/www.ensemblekuraia.es\/\",\"logo\":{\"@type\":\"ImageObject\",\"inLanguage\":\"en-US\",\"@id\":\"https:\/\/www.ensemblekuraia.es\/#\/schema\/logo\/image\/\",\"url\":\"https:\/\/www.ensemblekuraia.es\/wp-content\/uploads\/2023\/08\/Logo-ensemble-kuaria-ng.png\",\"contentUrl\":\"https:\/\/www.ensemblekuraia.es\/wp-content\/uploads\/2023\/08\/Logo-ensemble-kuaria-ng.png\",\"width\":317,\"height\":43,\"caption\":\"Ensemble Kuraia\"},\"image\":{\"@id\":\"https:\/\/www.ensemblekuraia.es\/#\/schema\/logo\/image\/\"},\"sameAs\":[\"https:\/\/www.facebook.com\/EnsembleKuraia\",\"https:\/\/www.youtube.com\/@EnsembleKuraia\",\"https:\/\/soundcloud.com\/user-672186296\"]}]}<\/script>\n<!-- \/ Yoast SEO plugin. -->","yoast_head_json":{"title":"Concerts and Tours - Ensemble Kuraia","description":"The Ensemble Kuraia of Bilbao will participate in many concerts and activities during this season, which you can consult here","robots":{"index":"index","follow":"follow","max-snippet":"max-snippet:-1","max-image-preview":"max-image-preview:large","max-video-preview":"max-video-preview:-1"},"canonical":"https:\/\/www.ensemblekuraia.es\/en\/concerts-and-tours\/","og_locale":"en_US","og_type":"article","og_title":"Concerts and Tours - Ensemble Kuraia","og_description":"The Ensemble Kuraia of Bilbao will participate in many concerts and activities during this season, which you can consult here","og_url":"https:\/\/www.ensemblekuraia.es\/en\/concerts-and-tours\/","og_site_name":"Ensemble Kuraia","article_publisher":"https:\/\/www.facebook.com\/EnsembleKuraia","article_modified_time":"2026-03-02T12:33:22+00:00","og_image":[{"width":1500,"height":1000,"url":"https:\/\/www.ensemblekuraia.es\/wp-content\/uploads\/2023\/09\/2208663.jpg","type":"image\/jpeg"}],"twitter_card":"summary_large_image","twitter_misc":{"Est. reading time":"3 minutes"},"schema":{"@context":"https:\/\/schema.org","@graph":[{"@type":"WebPage","@id":"https:\/\/www.ensemblekuraia.es\/en\/concerts-and-tours\/","url":"https:\/\/www.ensemblekuraia.es\/en\/concerts-and-tours\/","name":"Concerts and Tours - Ensemble Kuraia","isPartOf":{"@id":"https:\/\/www.ensemblekuraia.es\/#website"},"datePublished":"2023-08-21T08:45:33+00:00","dateModified":"2026-03-02T12:33:22+00:00","description":"The Ensemble Kuraia of Bilbao will participate in many concerts and activities during this season, which you can consult here","breadcrumb":{"@id":"https:\/\/www.ensemblekuraia.es\/en\/concerts-and-tours\/#breadcrumb"},"inLanguage":"en-US","potentialAction":[{"@type":"ReadAction","target":["https:\/\/www.ensemblekuraia.es\/en\/concerts-and-tours\/"]}]},{"@type":"BreadcrumbList","@id":"https:\/\/www.ensemblekuraia.es\/en\/concerts-and-tours\/#breadcrumb","itemListElement":[{"@type":"ListItem","position":1,"name":"Portada","item":"https:\/\/www.ensemblekuraia.es\/en\/"},{"@type":"ListItem","position":2,"name":"Concerts and Tours"}]},{"@type":"WebSite","@id":"https:\/\/www.ensemblekuraia.es\/#website","url":"https:\/\/www.ensemblekuraia.es\/","name":"Ensemble Kuraia","description":"Ensemble Kuraia - Grupo de m\u00fasica contempor\u00e1nea de Bilbao \/ Bilboko musika garaikide taldea","publisher":{"@id":"https:\/\/www.ensemblekuraia.es\/#organization"},"alternateName":"Ensemble Kuraia","potentialAction":[{"@type":"SearchAction","target":{"@type":"EntryPoint","urlTemplate":"https:\/\/www.ensemblekuraia.es\/?s={search_term_string}"},"query-input":{"@type":"PropertyValueSpecification","valueRequired":true,"valueName":"search_term_string"}}],"inLanguage":"en-US"},{"@type":"Organization","@id":"https:\/\/www.ensemblekuraia.es\/#organization","name":"Ensemble Kuraia","alternateName":"Kuraia","url":"https:\/\/www.ensemblekuraia.es\/","logo":{"@type":"ImageObject","inLanguage":"en-US","@id":"https:\/\/www.ensemblekuraia.es\/#\/schema\/logo\/image\/","url":"https:\/\/www.ensemblekuraia.es\/wp-content\/uploads\/2023\/08\/Logo-ensemble-kuaria-ng.png","contentUrl":"https:\/\/www.ensemblekuraia.es\/wp-content\/uploads\/2023\/08\/Logo-ensemble-kuaria-ng.png","width":317,"height":43,"caption":"Ensemble Kuraia"},"image":{"@id":"https:\/\/www.ensemblekuraia.es\/#\/schema\/logo\/image\/"},"sameAs":["https:\/\/www.facebook.com\/EnsembleKuraia","https:\/\/www.youtube.com\/@EnsembleKuraia","https:\/\/soundcloud.com\/user-672186296"]}]}},"_links":{"self":[{"href":"https:\/\/www.ensemblekuraia.es\/en\/wp-json\/wp\/v2\/pages\/2208","targetHints":{"allow":["GET"]}}],"collection":[{"href":"https:\/\/www.ensemblekuraia.es\/en\/wp-json\/wp\/v2\/pages"}],"about":[{"href":"https:\/\/www.ensemblekuraia.es\/en\/wp-json\/wp\/v2\/types\/page"}],"author":[{"embeddable":true,"href":"https:\/\/www.ensemblekuraia.es\/en\/wp-json\/wp\/v2\/users\/4"}],"replies":[{"embeddable":true,"href":"https:\/\/www.ensemblekuraia.es\/en\/wp-json\/wp\/v2\/comments?post=2208"}],"version-history":[{"count":7,"href":"https:\/\/www.ensemblekuraia.es\/en\/wp-json\/wp\/v2\/pages\/2208\/revisions"}],"predecessor-version":[{"id":3521,"href":"https:\/\/www.ensemblekuraia.es\/en\/wp-json\/wp\/v2\/pages\/2208\/revisions\/3521"}],"wp:attachment":[{"href":"https:\/\/www.ensemblekuraia.es\/en\/wp-json\/wp\/v2\/media?parent=2208"}],"curies":[{"name":"wp","href":"https:\/\/api.w.org\/{rel}","templated":true}]}}