{"id":2147,"date":"2023-08-15T15:55:40","date_gmt":"2023-08-15T15:55:40","guid":{"rendered":"https:\/\/www.ensemblekuraia.es\/contemporary-music-encounters\/"},"modified":"2025-08-31T17:20:24","modified_gmt":"2025-08-31T17:20:24","slug":"contemporary-music-encounters","status":"publish","type":"page","link":"https:\/\/www.ensemblekuraia.es\/en\/contemporary-music-encounters\/","title":{"rendered":"Contemporary Music Encounters"},"content":{"rendered":"<p>[et_pb_section fb_built=&#8221;1&#8243; admin_label=&#8221;Header&#8221; _builder_version=&#8221;4.21.0&#8243; _module_preset=&#8221;default&#8221; use_background_color_gradient=&#8221;on&#8221; background_color_gradient_stops=&#8221;rgba(0,0,0,0.5) 0%|rgba(0,0,0,0.5) 100%&#8221; background_color_gradient_overlays_image=&#8221;on&#8221; background_image=&#8221;https:\/\/www.ensemblekuraia.es\/wp-content\/uploads\/2023\/08\/Ensemble-Kuraia-5.jpg&#8221; custom_padding=&#8221;4vw||4vw||true|false&#8221; collapsed=&#8221;off&#8221; global_colors_info=&#8221;{}&#8221;][et_pb_row _builder_version=&#8221;4.20.0&#8243; _module_preset=&#8221;default&#8221; global_colors_info=&#8221;{}&#8221;][et_pb_column type=&#8221;4_4&#8243; _builder_version=&#8221;4.20.0&#8243; _module_preset=&#8221;default&#8221; global_colors_info=&#8221;{}&#8221;][et_pb_text _builder_version=&#8221;4.21.0&#8243; _module_preset=&#8221;0691634e-971c-4f20-b84e-f7af88ca7aa6&#8243; header_font=&#8221;Cormorant Garamond|||on|||||&#8221; header_text_color=&#8221;#FFFFFF&#8221; header_font_size=&#8221;70px&#8221; header_letter_spacing=&#8221;0em&#8221; text_orientation=&#8221;center&#8221; custom_margin=&#8221;||-2px|||&#8221; header_font_size_tablet=&#8221;40px&#8221; header_font_size_phone=&#8221;24px&#8221; header_font_size_last_edited=&#8221;on|desktop&#8221; global_colors_info=&#8221;{}&#8221;]<\/p>\n<h1>CONTEMPORARY MUSIC ENCOUNTERS<\/h1>\n<p>[\/et_pb_text][\/et_pb_column][\/et_pb_row][\/et_pb_section][et_pb_section fb_built=&#8221;1&#8243; admin_label=&#8221;CONTENIDO DEL CICLO ACTUAL&#8221; _builder_version=&#8221;4.27.0&#8243; _module_preset=&#8221;default&#8221; background_color=&#8221;#000000&#8243; collapsed=&#8221;off&#8221; global_colors_info=&#8221;{}&#8221;][et_pb_row column_structure=&#8221;1_2,1_2&#8243; _builder_version=&#8221;4.27.0&#8243; _module_preset=&#8221;default&#8221; background_enable_color=&#8221;off&#8221; custom_padding=&#8221;32px||32px||true|false&#8221; global_colors_info=&#8221;{}&#8221;][et_pb_column type=&#8221;1_2&#8243; _builder_version=&#8221;4.21.0&#8243; _module_preset=&#8221;default&#8221; background_enable_color=&#8221;off&#8221; global_colors_info=&#8221;{}&#8221;][et_pb_text admin_label=&#8221;Temporada&#8221; _builder_version=&#8221;4.27.4&#8243; _module_preset=&#8221;44c54ed0-5a37-4743-ab8c-f83fe8aa0d7a&#8221; header_2_font=&#8221;Cormorant Garamond||||||||&#8221; header_2_text_align=&#8221;left&#8221; header_2_text_color=&#8221;#ffffff&#8221; header_2_font_size=&#8221;32px&#8221; header_2_letter_spacing=&#8221;0.2em&#8221; header_4_font=&#8221;Inter|600||on|||||&#8221; header_4_text_color=&#8221;#FFFFFF&#8221; header_4_font_size=&#8221;12px&#8221; header_4_letter_spacing=&#8221;0.5em&#8221; header_4_line_height=&#8221;1.4em&#8221; text_orientation=&#8221;center&#8221; module_alignment=&#8221;left&#8221; custom_margin=&#8221;||0px||false|false&#8221; global_colors_info=&#8221;{}&#8221;]<\/p>\n<h2>SEASON 2025-26<\/h2>\n<p>[\/et_pb_text][et_pb_text admin_label=&#8221;T\u00edtulo&#8221; _builder_version=&#8221;4.27.4&#8243; _module_preset=&#8221;6f6bc3d5-0be1-40f8-80c9-5e7237d9ee3b&#8221; header_2_font=&#8221;Cormorant Garamond|||on|||||&#8221; header_2_text_color=&#8221;#FFFFFF&#8221; header_2_font_size=&#8221;32px&#8221; header_2_letter_spacing=&#8221;0.2em&#8221; header_2_line_height=&#8221;1.2em&#8221; header_3_font=&#8221;Cormorant Garamond||||||||&#8221; header_3_text_align=&#8221;center&#8221; header_3_text_color=&#8221;#FFFFFF&#8221; header_3_font_size=&#8221;28px&#8221; custom_margin=&#8221;20px||||false|false&#8221; header_2_font_size_tablet=&#8221;32px&#8221; header_2_font_size_phone=&#8221;20px&#8221; header_2_font_size_last_edited=&#8221;on|desktop&#8221; global_colors_info=&#8221;{}&#8221;]<\/p>\n<h3 style=\"text-align: left;\">\u201c32nd Contemporary Music Encounters\u201d<\/h3>\n<p>[\/et_pb_text][et_pb_text admin_label=&#8221;Breve texto general&#8221; _builder_version=&#8221;4.27.4&#8243; _module_preset=&#8221;d7c0b7a5-a9b1-413d-8724-514b8a035576&#8243; text_text_color=&#8221;#FFFFFF&#8221; text_font_size=&#8221;16px&#8221; text_line_height=&#8221;1.8em&#8221; text_font_size_tablet=&#8221;15px&#8221; text_font_size_phone=&#8221;14px&#8221; text_font_size_last_edited=&#8221;on|desktop&#8221; global_colors_info=&#8221;{}&#8221;]<\/p>\n<p>Under this title the <strong>Ensemble Kuraia<\/strong> of Bilbao organizes a season of twelve concerts.<br \/>The program will give a very varied sample of avant-garde musical creation.<\/p>\n<p>[\/et_pb_text][et_pb_button button_url=&#8221;https:\/\/www.ensemblekuraia.es\/wp-content\/uploads\/2025\/08\/general-Kuraia-2025_26_Cast.jpg&#8221; url_new_window=&#8221;on&#8221; button_text=&#8221;DOWNLOAD PROGRAM IN PDF&#8221; admin_label=&#8221;Bot\u00f3n Programa&#8221; _builder_version=&#8221;4.27.4&#8243; _module_preset=&#8221;33cfa65e-f30c-4b74-9311-c8350efb7d2e&#8221; custom_button=&#8221;on&#8221; button_text_size=&#8221;14px&#8221; button_text_color=&#8221;#000000&#8243; button_bg_color=&#8221;#FFFFFF&#8221; button_border_width=&#8221;0px&#8221; button_border_radius=&#8221;0px&#8221; button_letter_spacing=&#8221;0.2em&#8221; button_font=&#8221;Cormorant Garamond|700||on|||||&#8221; custom_padding=&#8221;16px|24px|16px|24px|true|true&#8221; global_colors_info=&#8221;{}&#8221;][\/et_pb_button][\/et_pb_column][et_pb_column type=&#8221;1_2&#8243; _builder_version=&#8221;4.21.0&#8243; _module_preset=&#8221;default&#8221; background_enable_color=&#8221;off&#8221; global_colors_info=&#8221;{}&#8221;][et_pb_image src=&#8221;https:\/\/www.ensemblekuraia.es\/wp-content\/uploads\/2025\/08\/general-Kuraia-2025_26_Cast.jpg&#8221; alt=&#8221;ensemble kuraia 2025\/26&#8243; title_text=&#8221;general Kuraia 2025_26_Cast&#8221; show_in_lightbox=&#8221;on&#8221; admin_label=&#8221;Imagen \/ Cartel promo&#8221; _builder_version=&#8221;4.27.4&#8243; _module_preset=&#8221;default&#8221; global_colors_info=&#8221;{}&#8221;][\/et_pb_image][\/et_pb_column][\/et_pb_row][et_pb_row _builder_version=&#8221;4.27.4&#8243; _module_preset=&#8221;default&#8221; background_color=&#8221;#FFFFFF&#8221; global_colors_info=&#8221;{}&#8221;][et_pb_column type=&#8221;4_4&#8243; _builder_version=&#8221;4.27.4&#8243; _module_preset=&#8221;default&#8221; global_colors_info=&#8221;{}&#8221;][et_pb_text admin_label=&#8221;Texto ciclo actual&#8221; _builder_version=&#8221;4.27.4&#8243; _module_preset=&#8221;d7c0b7a5-a9b1-413d-8724-514b8a035576&#8243; text_text_color=&#8221;#000000&#8243; text_font_size=&#8221;15px&#8221; text_line_height=&#8221;1.8em&#8221; header_2_font=&#8221;Cormorant Garamond|||on|||||&#8221; header_2_text_align=&#8221;center&#8221; header_3_font=&#8221;Cormorant Garamond|700||on|||||&#8221; header_3_text_color=&#8221;#807914&#8243; custom_margin=&#8221;||13px||false|false&#8221; custom_padding=&#8221;18px|38px|18px|38px|true|true&#8221; hover_enabled=&#8221;0&#8243; text_font_size_tablet=&#8221;15px&#8221; text_font_size_phone=&#8221;14px&#8221; text_font_size_last_edited=&#8221;on|desktop&#8221; global_colors_info=&#8221;{}&#8221; sticky_enabled=&#8221;0&#8243;]<\/p>\n<h2 style=\"text-align: center;\">From 6 september 2025 to 28 february 2026<\/h2>\n<p>&nbsp;<\/p>\n<h3>Opening concert: Chillida, the Sea, the Music<br \/>Place: Chillida-Leku Museum (Hernani)<\/h3>\n<p>Saturday 6\/09 at 8,30 pm.<br \/>Music and digital art performance based on original texts by Eduardo Chillida.<br \/>Ensemble Kuraia and Elektr.ART<br \/>Language: Basque and Spanish.<br \/>Tickets on sale at the Chillida-Leku website and box office.<\/p>\n<h3>Concert 2: Flenbasque Contemporary Music. Zvezdoliki | Antwerp Chamber Music Collective (Belgium) and Kuraia Ensemble <\/h3>\n<p>Place: Conservatorio \u201cJ. C. Arriaga\u201d (Bilbao)<br \/>Monday 29\/09 at 7 pm.<br \/>Works by flemish and basque composers<br \/>Free entrance<br \/>Supported by Instituto Vasco Etxepare and Flanders State of the Art<\/p>\n<h3>Concert 3: Plural Ensemble<\/h3>\n<p>Place: Conservatorio \u201cJ. C. Arriaga\u201d (Bilbao)<br \/>Monday 13\/10 at 7 pm.<br \/>Works by Arias, Benjamin, Smyth, Halffter, Britten, D\u00edaz De La Fuente<br \/>Free entrance<\/p>\n<h3>Concert 4: Tr\u00edo Musicalis<\/h3>\n<p>Place: Conservatorio \u201cJ. C. Arriaga\u201d (Bilbao)<br \/>Monday 3\/11 at 7 pm.<br \/>Works by Milhaud, Garc\u00eda, L\u00f3pez de Rego, Sotelo, Stravinsky<br \/>Free entrance<\/p>\n<h3>Concert 5: Ensemble Kuraia<\/h3>\n<p>Place: Conservatorio \u201cJ. Guridi\u201d (Vitoria-Gasteiz)<br \/>Saturday 8\/11 at 7,30 pm.<br \/>Works by Bernaola, Luc, Mart\u00ednez, Ligeti, Zhou Tian<br \/>Free entrance<br \/>Colaboration with Bernaola Zikloa<\/p>\n<h3>Concert 6: Ensemble Kuraia<\/h3>\n<p>Place: Conservatorio \u201cJ. C. Arriaga\u201d (Bilbao)<br \/>Monday 17\/11 at 7 pm.<br \/>Works by Chamizo, Luc, Mart\u00ednez, Ligeti, Zhou Tian<br \/>Free entrance<\/p>\n<h3>Concert 7: Magna brass quintet<\/h3>\n<p>Place: Guggenheim Bilbao Museum<br \/>Saturday 13\/12 at 6 pm.<br \/>Works by Valero-Castells, Garc\u00eda Rom\u00e1n, Egea, Moll\u00e1, Pascual Vilaplana, Villaescua<br \/>Tickets on sale at the museum website and box office.<\/p>\n<h3>Concert 8: Sinkro Ensemble<\/h3>\n<p>Place: Conservatorio \u201cJ. C. Arriaga\u201d (Bilbao)<br \/>Monday 12\/1\/2026 at 7 pm.<br \/>Works by basque composers<br \/>Free entrance<br \/>Colaboration with Bernaola Zikloa<\/p>\n<h3>Concert 9: Istantanea Ensemble (Italia)<\/h3>\n<p>Place: Conservatorio \u201cJ. C. Arriaga\u201d (Bilbao)<br \/>Monday 2\/2\/2026 at 7 pm.<br \/>Works by italian composers<br \/>Free entrance<\/p>\n<h3>Concert 10: Istantanea Ensemble (Italia)<\/h3>\n<p>Place: CSMN, Pamplona<br \/>Tuesday 3\/2\/2026 at 6 pm.<br \/>Works by italian composers<br \/>Free entrance<\/p>\n<h3>Concert 11: Isabel Anaya and the Prize Fundaci\u00f3n SGAE Euskadi<\/h3>\n<p>Place: Conservatorio \u201cJ. C. Arriaga\u201d (Bilbao)<br \/>Saturday 21\/2\/2026 at 7 pm.<br \/>Works by Lutoslawsky, Montero Rey, Luc, Gonz\u00e1lez \u00c1lvarez<br \/>Free entrance<\/p>\n<h3>Closing concert: Espacio de nuevos creadores<\/h3>\n<p>Place: CSMN, Pamplona<br \/>Saturday 28\/2\/2026 at 12 pm.<br \/>Works by youngs basque composers.<br \/>Free entrance<\/p>\n<h2 style=\"text-align: center;\">EDUCATIONAL ACTIVITIES<\/h2>\n<p>&nbsp;<\/p>\n<h3>PERCUSSION MASTER CLASS<\/h3>\n<p>Jabi Alonso (teacher), Conservatorio \u201cJ. C. Arriaga\u201d de Bilbao<br \/>November<\/p>\n<h3>OBOE MASTER CLASS<\/h3>\n<p>Laura Marcos (teacher)<br \/>Conservatorio \u201cJ. C. Arriaga\u201d de Bilbao<br \/>November<\/p>\n<h3>HORN MASTER CLASS<\/h3>\n<p>Luis Fernando N\u00fa\u00f1ez (teacher)<br \/>Conservatorio \u201cJ. C. Arriaga\u201d de Bilbao<br \/>February 2026<\/p>\n<h3>MEETING WITH ISTANTANEA ENSEMBLE<\/h3>\n<p>\u201cEl colectivo musical: desarrollo y efectividad\u201d<br \/>CSMN, Pamplona<br \/>3 february 2026 at 4 pm.<\/p>\n<h3>COMPOSERS WORKSHOP<\/h3>\n<p>Ensemble Kuraia<br \/>14-15-22 february 2026<br \/>Conservatorio Leioa and CSMN de Pamplona<\/p>\n<p>[\/et_pb_text][\/et_pb_column][\/et_pb_row][\/et_pb_section][et_pb_section fb_built=&#8221;1&#8243; admin_label=&#8221;HIST\u00d3RICO&#8221; _builder_version=&#8221;4.21.0&#8243; _module_preset=&#8221;default&#8221; background_color=&#8221;RGBA(171,161,25,0.8)&#8221; background_image=&#8221;https:\/\/www.ensemblekuraia.es\/wp-content\/uploads\/2023\/09\/2208639.jpg&#8221; background_size=&#8221;custom&#8221; background_image_width=&#8221;44%&#8221; background_position=&#8221;center_left&#8221; background_last_edited=&#8221;on|phone&#8221; background_enable_image_tablet=&#8221;off&#8221; global_module=&#8221;2446&#8243; saved_tabs=&#8221;all&#8221; global_colors_info=&#8221;{}&#8221;][et_pb_row column_structure=&#8221;1_2,1_2&#8243; _builder_version=&#8221;4.21.0&#8243; _module_preset=&#8221;default&#8221; global_colors_info=&#8221;{}&#8221;][et_pb_column type=&#8221;1_2&#8243; _builder_version=&#8221;4.21.0&#8243; _module_preset=&#8221;default&#8221; global_colors_info=&#8221;{}&#8221;][\/et_pb_column][et_pb_column type=&#8221;1_2&#8243; _builder_version=&#8221;4.21.0&#8243; _module_preset=&#8221;default&#8221; global_colors_info=&#8221;{}&#8221;][et_pb_text admin_label=&#8221;T\u00edtulo&#8221; _builder_version=&#8221;4.21.0&#8243; _module_preset=&#8221;default&#8221; header_2_font=&#8221;Cormorant Garamond|500||on|||||&#8221; header_2_text_align=&#8221;center&#8221; header_2_text_color=&#8221;#000000&#8243; header_2_font_size=&#8221;32px&#8221; header_2_letter_spacing=&#8221;0.2em&#8221; header_2_line_height=&#8221;1.5em&#8221; global_colors_info=&#8221;{}&#8221;]<\/p>\n<h2 style=\"text-align: center;\">History<\/h2>\n<p style=\"text-align: center;\">Concerts, tours, cycles and all the activities of Ensemble Kuraia year by year.<\/p>\n<p>[\/et_pb_text][et_pb_button button_url=&#8221;https:\/\/www.ensemblekuraia.es\/en\/historico\/&#8221; button_text=&#8221;CHECK OUR YEARLY ACTIVITY&#8221; button_alignment=&#8221;center&#8221; admin_label=&#8221;Bot\u00f3n a Hist\u00f3rico&#8221; _builder_version=&#8221;4.21.0&#8243; _module_preset=&#8221;1a7ebcdf-74cf-49d0-a7ba-2c93f24e0d00&#8243; custom_button=&#8221;on&#8221; button_text_size=&#8221;14px&#8221; button_text_color=&#8221;#000000&#8243; button_bg_color=&#8221;#aba119&#8243; button_border_width=&#8221;0px&#8221; button_border_radius=&#8221;0px&#8221; button_letter_spacing=&#8221;0.2em&#8221; button_font=&#8221;Cormorant Garamond|700||on|||||&#8221; custom_padding=&#8221;16px|24px|16px|24px|true|true&#8221; global_colors_info=&#8221;{}&#8221;][\/et_pb_button][\/et_pb_column][\/et_pb_row][\/et_pb_section][et_pb_section fb_built=&#8221;1&#8243; admin_label=&#8221;MEGA FRASE&#8221; _builder_version=&#8221;4.22.1&#8243; _module_preset=&#8221;default&#8221; background_color=&#8221;#ffffff&#8221; use_background_color_gradient=&#8221;on&#8221; background_color_gradient_stops=&#8221;rgba(255,255,255,0.47) 0%|rgba(255,255,255,0.47) 100%&#8221; background_image=&#8221;https:\/\/www.ensemblekuraia.es\/wp-content\/uploads\/2023\/08\/Retrato-Mel-04_lona12-e1694079982639.jpg&#8221; background_position=&#8221;top_left&#8221; background_blend=&#8221;screen&#8221; custom_padding=&#8221;12vw||12vw||true|false&#8221; background_color_tablet=&#8221;rgba(255,255,252,0.84)&#8221; background_last_edited=&#8221;on|tablet&#8221; background_enable_color_tablet=&#8221;on&#8221; background_position_tablet=&#8221;center&#8221; background_position_phone=&#8221;center&#8221; background_blend_tablet=&#8221;overlay&#8221; global_module=&#8221;1398&#8243; saved_tabs=&#8221;all&#8221; collapsed=&#8221;on&#8221; global_colors_info=&#8221;{}&#8221;][et_pb_row custom_padding_last_edited=&#8221;on|tablet&#8221; _builder_version=&#8221;4.21.0&#8243; _module_preset=&#8221;default&#8221; custom_padding=&#8221;|120px||120px|false|true&#8221; custom_padding_tablet=&#8221;|0%||0%|false|true&#8221; custom_padding_phone=&#8221;||||false|false&#8221; global_colors_info=&#8221;{}&#8221;][et_pb_column type=&#8221;4_4&#8243; _builder_version=&#8221;4.20.0&#8243; _module_preset=&#8221;default&#8221; global_colors_info=&#8221;{}&#8221;][et_pb_text admin_label=&#8221;T\u00edtulo&#8221; _builder_version=&#8221;4.21.0&#8243; _module_preset=&#8221;6f6bc3d5-0be1-40f8-80c9-5e7237d9ee3b&#8221; header_2_font=&#8221;Cormorant Garamond|||on|||||&#8221; header_2_font_size=&#8221;48px&#8221; header_2_letter_spacing=&#8221;0.2em&#8221; header_2_line_height=&#8221;1.2em&#8221; text_orientation=&#8221;center&#8221; custom_margin=&#8221;||10px||false|false&#8221; header_2_font_size_tablet=&#8221;32px&#8221; header_2_font_size_phone=&#8221;20px&#8221; header_2_font_size_last_edited=&#8221;on|desktop&#8221; global_colors_info=&#8221;{}&#8221;]<\/p>\n<h2><strong>Mar\u00eda Eugenia Luc<\/strong><\/h2>\n<p>[\/et_pb_text][et_pb_text admin_label=&#8221;FRASE&#8221; _builder_version=&#8221;4.21.0&#8243; _module_preset=&#8221;39c311a7-7753-422a-9bff-4e462bb6e4f7&#8243; text_font_size=&#8221;20px&#8221; text_line_height=&#8221;1.8em&#8221; text_orientation=&#8221;center&#8221; text_font_size_tablet=&#8221;16px&#8221; text_font_size_phone=&#8221;14px&#8221; text_font_size_last_edited=&#8221;on|desktop&#8221; global_colors_info=&#8221;{}&#8221;]<\/p>\n<p>Our priority is to <strong>disseminate the works of the composers of our time<\/strong> and to provide them with a professional ensemble of excellent quality with which to work closely.<\/p>\n<p>[\/et_pb_text][et_pb_button button_url=&#8221;#contacto&#8221; button_text=&#8221;CONTACT WITH US&#8221; button_alignment=&#8221;center&#8221; admin_label=&#8221;Bot\u00f3n a Contacto&#8221; _builder_version=&#8221;4.21.0&#8243; _module_preset=&#8221;1a7ebcdf-74cf-49d0-a7ba-2c93f24e0d00&#8243; custom_button=&#8221;on&#8221; button_text_size=&#8221;14px&#8221; button_text_color=&#8221;#000000&#8243; button_bg_color=&#8221;#aba119&#8243; button_border_width=&#8221;0px&#8221; button_border_radius=&#8221;0px&#8221; button_letter_spacing=&#8221;0.2em&#8221; button_font=&#8221;Cormorant Garamond|700||on|||||&#8221; custom_padding=&#8221;16px|24px|16px|24px|true|true&#8221; global_colors_info=&#8221;{}&#8221;][\/et_pb_button][\/et_pb_column][\/et_pb_row][\/et_pb_section][et_pb_section fb_built=&#8221;1&#8243; _builder_version=&#8221;4.21.0&#8243; _module_preset=&#8221;default&#8221; custom_padding=&#8221;0px|||||&#8221; global_colors_info=&#8221;{}&#8221;][et_pb_row _builder_version=&#8221;4.21.0&#8243; _module_preset=&#8221;default&#8221; global_colors_info=&#8221;{}&#8221;][et_pb_column type=&#8221;4_4&#8243; _builder_version=&#8221;4.21.0&#8243; _module_preset=&#8221;default&#8221; global_colors_info=&#8221;{}&#8221;][et_pb_text _builder_version=&#8221;4.21.0&#8243; _module_preset=&#8221;afd346ae-a729-4f2e-aeb3-d500b62481e5&#8243; header_2_font=&#8221;Cormorant Garamond|||on|||||&#8221; header_2_font_size=&#8221;48px&#8221; header_2_letter_spacing=&#8221;0.2em&#8221; header_2_line_height=&#8221;1.2em&#8221; text_orientation=&#8221;center&#8221; custom_margin=&#8221;62px||34px|||&#8221; header_2_font_size_tablet=&#8221;32px&#8221; header_2_font_size_phone=&#8221;20px&#8221; header_2_font_size_last_edited=&#8221;on|desktop&#8221; global_colors_info=&#8221;{}&#8221;]<\/p>\n<h2>Other proyects<\/h2>\n<p>[\/et_pb_text][et_pb_portfolio fullwidth=&#8221;off&#8221; posts_number=&#8221;4&#8243; include_categories=&#8221;current&#8221; show_title=&#8221;off&#8221; show_categories=&#8221;off&#8221; _builder_version=&#8221;4.22.1&#8243; _module_preset=&#8221;default&#8221; global_colors_info=&#8221;{}&#8221;][\/et_pb_portfolio][\/et_pb_column][\/et_pb_row][\/et_pb_section]<\/p>\n","protected":false},"excerpt":{"rendered":"<p>CONTEMPORARY MUSIC ENCOUNTERS SEASON 2025-26\u201c32nd Contemporary Music Encounters\u201dUnder this title the Ensemble Kuraia of Bilbao organizes a season of twelve concerts.The program will give a very varied sample of avant-garde musical creation.From 6 september 2025 to 28 february 2026 &nbsp; Opening concert: Chillida, the Sea, the MusicPlace: Chillida-Leku Museum (Hernani) Saturday 6\/09 at 8,30 pm.Music [&hellip;]<\/p>\n","protected":false},"author":4,"featured_media":0,"parent":0,"menu_order":0,"comment_status":"closed","ping_status":"closed","template":"","meta":{"_et_pb_use_builder":"on","_et_pb_old_content":"","_et_gb_content_width":"","footnotes":""},"class_list":["post-2147","page","type-page","status-publish","hentry"],"yoast_head":"<!-- This site is optimized with the Yoast SEO plugin v27.1.1 - https:\/\/yoast.com\/product\/yoast-seo-wordpress\/ -->\n<title>Contemporary Music Encounters - Ensemble Kuraia<\/title>\n<meta name=\"description\" content=\"Ensemble Kuraia organizes every year the cycle &quot;Encounters of Contemporary Music&quot; in Bilbao .\" \/>\n<meta name=\"robots\" content=\"index, follow, max-snippet:-1, max-image-preview:large, max-video-preview:-1\" \/>\n<link rel=\"canonical\" href=\"https:\/\/www.ensemblekuraia.es\/en\/contemporary-music-encounters\/\" \/>\n<meta property=\"og:locale\" content=\"en_US\" \/>\n<meta property=\"og:type\" content=\"article\" \/>\n<meta property=\"og:title\" content=\"Contemporary Music Encounters - Ensemble Kuraia\" \/>\n<meta property=\"og:description\" content=\"Ensemble Kuraia organizes every year the cycle &quot;Encounters of Contemporary Music&quot; in Bilbao .\" \/>\n<meta property=\"og:url\" content=\"https:\/\/www.ensemblekuraia.es\/en\/contemporary-music-encounters\/\" \/>\n<meta property=\"og:site_name\" content=\"Ensemble Kuraia\" \/>\n<meta property=\"article:publisher\" content=\"https:\/\/www.facebook.com\/EnsembleKuraia\" \/>\n<meta property=\"article:modified_time\" content=\"2025-08-31T17:20:24+00:00\" \/>\n<meta property=\"og:image\" content=\"https:\/\/www.ensemblekuraia.es\/wp-content\/uploads\/2023\/09\/2208663.jpg\" \/>\n\t<meta property=\"og:image:width\" content=\"1500\" \/>\n\t<meta property=\"og:image:height\" content=\"1000\" \/>\n\t<meta property=\"og:image:type\" content=\"image\/jpeg\" \/>\n<meta name=\"twitter:card\" content=\"summary_large_image\" \/>\n<meta name=\"twitter:label1\" content=\"Est. reading time\" \/>\n\t<meta name=\"twitter:data1\" content=\"4 minutes\" \/>\n<script type=\"application\/ld+json\" class=\"yoast-schema-graph\">{\"@context\":\"https:\/\/schema.org\",\"@graph\":[{\"@type\":\"WebPage\",\"@id\":\"https:\/\/www.ensemblekuraia.es\/en\/contemporary-music-encounters\/\",\"url\":\"https:\/\/www.ensemblekuraia.es\/en\/contemporary-music-encounters\/\",\"name\":\"Contemporary Music Encounters - Ensemble Kuraia\",\"isPartOf\":{\"@id\":\"https:\/\/www.ensemblekuraia.es\/#website\"},\"datePublished\":\"2023-08-15T15:55:40+00:00\",\"dateModified\":\"2025-08-31T17:20:24+00:00\",\"description\":\"Ensemble Kuraia organizes every year the cycle \\\"Encounters of Contemporary Music\\\" in Bilbao .\",\"breadcrumb\":{\"@id\":\"https:\/\/www.ensemblekuraia.es\/en\/contemporary-music-encounters\/#breadcrumb\"},\"inLanguage\":\"en-US\",\"potentialAction\":[{\"@type\":\"ReadAction\",\"target\":[\"https:\/\/www.ensemblekuraia.es\/en\/contemporary-music-encounters\/\"]}]},{\"@type\":\"BreadcrumbList\",\"@id\":\"https:\/\/www.ensemblekuraia.es\/en\/contemporary-music-encounters\/#breadcrumb\",\"itemListElement\":[{\"@type\":\"ListItem\",\"position\":1,\"name\":\"Portada\",\"item\":\"https:\/\/www.ensemblekuraia.es\/en\/\"},{\"@type\":\"ListItem\",\"position\":2,\"name\":\"Contemporary Music Encounters\"}]},{\"@type\":\"WebSite\",\"@id\":\"https:\/\/www.ensemblekuraia.es\/#website\",\"url\":\"https:\/\/www.ensemblekuraia.es\/\",\"name\":\"Ensemble Kuraia\",\"description\":\"Ensemble Kuraia - Grupo de m\u00fasica contempor\u00e1nea de Bilbao \/ Bilboko musika garaikide taldea\",\"publisher\":{\"@id\":\"https:\/\/www.ensemblekuraia.es\/#organization\"},\"alternateName\":\"Ensemble Kuraia\",\"potentialAction\":[{\"@type\":\"SearchAction\",\"target\":{\"@type\":\"EntryPoint\",\"urlTemplate\":\"https:\/\/www.ensemblekuraia.es\/?s={search_term_string}\"},\"query-input\":{\"@type\":\"PropertyValueSpecification\",\"valueRequired\":true,\"valueName\":\"search_term_string\"}}],\"inLanguage\":\"en-US\"},{\"@type\":\"Organization\",\"@id\":\"https:\/\/www.ensemblekuraia.es\/#organization\",\"name\":\"Ensemble Kuraia\",\"alternateName\":\"Kuraia\",\"url\":\"https:\/\/www.ensemblekuraia.es\/\",\"logo\":{\"@type\":\"ImageObject\",\"inLanguage\":\"en-US\",\"@id\":\"https:\/\/www.ensemblekuraia.es\/#\/schema\/logo\/image\/\",\"url\":\"https:\/\/www.ensemblekuraia.es\/wp-content\/uploads\/2023\/08\/Logo-ensemble-kuaria-ng.png\",\"contentUrl\":\"https:\/\/www.ensemblekuraia.es\/wp-content\/uploads\/2023\/08\/Logo-ensemble-kuaria-ng.png\",\"width\":317,\"height\":43,\"caption\":\"Ensemble Kuraia\"},\"image\":{\"@id\":\"https:\/\/www.ensemblekuraia.es\/#\/schema\/logo\/image\/\"},\"sameAs\":[\"https:\/\/www.facebook.com\/EnsembleKuraia\",\"https:\/\/www.youtube.com\/@EnsembleKuraia\",\"https:\/\/soundcloud.com\/user-672186296\"]}]}<\/script>\n<!-- \/ Yoast SEO plugin. -->","yoast_head_json":{"title":"Contemporary Music Encounters - Ensemble Kuraia","description":"Ensemble Kuraia organizes every year the cycle \"Encounters of Contemporary Music\" in Bilbao .","robots":{"index":"index","follow":"follow","max-snippet":"max-snippet:-1","max-image-preview":"max-image-preview:large","max-video-preview":"max-video-preview:-1"},"canonical":"https:\/\/www.ensemblekuraia.es\/en\/contemporary-music-encounters\/","og_locale":"en_US","og_type":"article","og_title":"Contemporary Music Encounters - Ensemble Kuraia","og_description":"Ensemble Kuraia organizes every year the cycle \"Encounters of Contemporary Music\" in Bilbao .","og_url":"https:\/\/www.ensemblekuraia.es\/en\/contemporary-music-encounters\/","og_site_name":"Ensemble Kuraia","article_publisher":"https:\/\/www.facebook.com\/EnsembleKuraia","article_modified_time":"2025-08-31T17:20:24+00:00","og_image":[{"width":1500,"height":1000,"url":"https:\/\/www.ensemblekuraia.es\/wp-content\/uploads\/2023\/09\/2208663.jpg","type":"image\/jpeg"}],"twitter_card":"summary_large_image","twitter_misc":{"Est. reading time":"4 minutes"},"schema":{"@context":"https:\/\/schema.org","@graph":[{"@type":"WebPage","@id":"https:\/\/www.ensemblekuraia.es\/en\/contemporary-music-encounters\/","url":"https:\/\/www.ensemblekuraia.es\/en\/contemporary-music-encounters\/","name":"Contemporary Music Encounters - Ensemble Kuraia","isPartOf":{"@id":"https:\/\/www.ensemblekuraia.es\/#website"},"datePublished":"2023-08-15T15:55:40+00:00","dateModified":"2025-08-31T17:20:24+00:00","description":"Ensemble Kuraia organizes every year the cycle \"Encounters of Contemporary Music\" in Bilbao .","breadcrumb":{"@id":"https:\/\/www.ensemblekuraia.es\/en\/contemporary-music-encounters\/#breadcrumb"},"inLanguage":"en-US","potentialAction":[{"@type":"ReadAction","target":["https:\/\/www.ensemblekuraia.es\/en\/contemporary-music-encounters\/"]}]},{"@type":"BreadcrumbList","@id":"https:\/\/www.ensemblekuraia.es\/en\/contemporary-music-encounters\/#breadcrumb","itemListElement":[{"@type":"ListItem","position":1,"name":"Portada","item":"https:\/\/www.ensemblekuraia.es\/en\/"},{"@type":"ListItem","position":2,"name":"Contemporary Music Encounters"}]},{"@type":"WebSite","@id":"https:\/\/www.ensemblekuraia.es\/#website","url":"https:\/\/www.ensemblekuraia.es\/","name":"Ensemble Kuraia","description":"Ensemble Kuraia - Grupo de m\u00fasica contempor\u00e1nea de Bilbao \/ Bilboko musika garaikide taldea","publisher":{"@id":"https:\/\/www.ensemblekuraia.es\/#organization"},"alternateName":"Ensemble Kuraia","potentialAction":[{"@type":"SearchAction","target":{"@type":"EntryPoint","urlTemplate":"https:\/\/www.ensemblekuraia.es\/?s={search_term_string}"},"query-input":{"@type":"PropertyValueSpecification","valueRequired":true,"valueName":"search_term_string"}}],"inLanguage":"en-US"},{"@type":"Organization","@id":"https:\/\/www.ensemblekuraia.es\/#organization","name":"Ensemble Kuraia","alternateName":"Kuraia","url":"https:\/\/www.ensemblekuraia.es\/","logo":{"@type":"ImageObject","inLanguage":"en-US","@id":"https:\/\/www.ensemblekuraia.es\/#\/schema\/logo\/image\/","url":"https:\/\/www.ensemblekuraia.es\/wp-content\/uploads\/2023\/08\/Logo-ensemble-kuaria-ng.png","contentUrl":"https:\/\/www.ensemblekuraia.es\/wp-content\/uploads\/2023\/08\/Logo-ensemble-kuaria-ng.png","width":317,"height":43,"caption":"Ensemble Kuraia"},"image":{"@id":"https:\/\/www.ensemblekuraia.es\/#\/schema\/logo\/image\/"},"sameAs":["https:\/\/www.facebook.com\/EnsembleKuraia","https:\/\/www.youtube.com\/@EnsembleKuraia","https:\/\/soundcloud.com\/user-672186296"]}]}},"_links":{"self":[{"href":"https:\/\/www.ensemblekuraia.es\/en\/wp-json\/wp\/v2\/pages\/2147","targetHints":{"allow":["GET"]}}],"collection":[{"href":"https:\/\/www.ensemblekuraia.es\/en\/wp-json\/wp\/v2\/pages"}],"about":[{"href":"https:\/\/www.ensemblekuraia.es\/en\/wp-json\/wp\/v2\/types\/page"}],"author":[{"embeddable":true,"href":"https:\/\/www.ensemblekuraia.es\/en\/wp-json\/wp\/v2\/users\/4"}],"replies":[{"embeddable":true,"href":"https:\/\/www.ensemblekuraia.es\/en\/wp-json\/wp\/v2\/comments?post=2147"}],"version-history":[{"count":3,"href":"https:\/\/www.ensemblekuraia.es\/en\/wp-json\/wp\/v2\/pages\/2147\/revisions"}],"predecessor-version":[{"id":3447,"href":"https:\/\/www.ensemblekuraia.es\/en\/wp-json\/wp\/v2\/pages\/2147\/revisions\/3447"}],"wp:attachment":[{"href":"https:\/\/www.ensemblekuraia.es\/en\/wp-json\/wp\/v2\/media?parent=2147"}],"curies":[{"name":"wp","href":"https:\/\/api.w.org\/{rel}","templated":true}]}}